{"id":32,"date":"2022-05-09T15:34:11","date_gmt":"2022-05-09T13:34:11","guid":{"rendered":"https:\/\/semmelweis.hu\/baratikor\/?page_id=32"},"modified":"2023-06-30T10:07:13","modified_gmt":"2023-06-30T08:07:13","slug":"alapszabaly","status":"publish","type":"page","link":"https:\/\/semmelweis.hu\/baratikor\/dokumentumtar\/alapszabaly\/","title":{"rendered":"Alapszab\u00e1ly"},"content":{"rendered":"<h1 align=\"center\">A Semmelweis Egyetem Bar\u00e1ti K\u00f6r\u00e9nek Alapszab\u00e1lya<\/h1>\n<h2 align=\"center\">BUDAPEST<br \/>\n2003<\/h2>\n<p><b>\u00c1ltal\u00e1nos rendelkez\u00e9sek<\/b><\/p>\n<p><b>1. \u00a7<\/b><\/p>\n<p>(1) A Semmelweis Egyetem Bar\u00e1ti K\u00f6re (a tov\u00e1bbiakban: Bar\u00e1ti K\u00f6r) \u00f6n\u00e1ll\u00f3 egyes\u00fclet, jogi szem\u00e9ly, neve<\/p>\n<div>angolul: Association of Friends of Semmelweis University,<br \/>\nn\u00e9met\u00fcl:Freundeskreis von Semmelweis Universit\u00e4t,<br \/>\nlatinul:Societas amicorum Universitatis de Semmelweis nominatae.<\/div>\n<div>\u00a0<\/div>\n<div>(2) A Bar\u00e1ti K\u00f6r sz\u00e9khelye: Budapest, VIII., \u00dcll\u0151i \u00fat 26. | (Internet c\u00edme: semmelweis.hu\/baratikor<a href=\"http:\/\/semmelweis.hu\/baratikor\">)<\/a><\/div>\n<p>(3) A Bar\u00e1ti K\u00f6r b\u00e9lyegz\u0151j\u00e9nek lenyomata: a Semmelweis Egyetem c\u00edmere k\u00f6r\u00fcl k\u00f6riratban &#8222;Semmelweis Egyetem Bar\u00e1ti K\u00f6r Budapest&#8221;, alatta az 1989. \u00e9vsz\u00e1m.<\/p>\n<p>2. \u00a7<\/p>\n<p>(1) A Bar\u00e1ti K\u00f6r hivatalos nyelve a magyar.<\/p>\n<p>(2) A Bar\u00e1ti K\u00f6r tagjaival val\u00f3 kapcsolattart\u00e1s megk\u00f6nny\u00edt\u00e9se \u00e9rdek\u00e9ben, valamint k\u00fcl\u00f6n meghat\u00e1rozott rendezv\u00e9nyeken az Egyetem m\u00e1s oktat\u00e1si nyelvei (angol, n\u00e9met) is haszn\u00e1lhat\u00f3k.<\/p>\n<p><b>A BAR\u00c1TI K\u00d6R C\u00c9LJA \u00c9S TEV\u00c9KENYS\u00c9GE<\/b><\/p>\n<p><b>3. \u00a7<\/b><\/p>\n<p>(1) A Bar\u00e1ti K\u00f6r c\u00e9lja, hogy el\u0151seg\u00edtse a Semmelweis Egyetem Alap\u00edt\u00f3 Okirat\u00e1ban, valamint Szervezeti \u00e9s M\u0171k\u00f6d\u00e9si Szab\u00e1lyzat\u00e1ban meghat\u00e1rozott feladatok v\u00e9grehajt\u00e1s\u00e1t.<\/p>\n<p>(2) A Bar\u00e1ti K\u00f6r \u2013 a Semmelweis Egyetem (a tov\u00e1bbiakban: Egyetem) oktat\u00f3ival, kutat\u00f3ival \u00e9s hallgat\u00f3ival szorosan egy\u00fcttm\u0171k\u00f6dve<\/p>\n<div>a) felt\u00e1rja \u00e9s \u00e1polja az Egyetem \u00e9rt\u00e9kes hagyom\u00e1nyait, kiemelked\u0151 tan\u00edtv\u00e1nyainak, tan\u00e1rainak, tud\u00f3sainak munk\u00e1ss\u00e1g\u00e1t,<br \/>\nb) r\u00e9szt vesz az oktat\u00f3-nevel\u0151, a tudom\u00e1nyos kutat\u00f3 \u00e9s fejleszt\u0151, a gy\u00f3gy\u00edt\u00f3, a betegs\u00e9gmegel\u0151z\u0151 \u00e9s eg\u00e9szs\u00e9gmeg\u0151rz\u0151 tev\u00e9kenys\u00e9g, tov\u00e1bb\u00e1 e tev\u00e9kenys\u00e9get folytat\u00f3 dolgoz\u00f3k t\u00e1rsadalmi elismerts\u00e9g\u00e9nek n\u00f6vel\u00e9s\u00e9ben,<br \/>\nc) seg\u00edti a szakmai k\u00e9pz\u00e9s \u00e9s tov\u00e1bbk\u00e9pz\u00e9s korszer\u0171s\u00edt\u00e9s\u00e9t,<br \/>\nd) el\u0151seg\u00edti az elm\u00e9leti tud\u00e1s \u00e9s a gyakorlati alkalmaz\u00e1s szorosabb\u00e1 v\u00e1l\u00e1s\u00e1t a gy\u00f3gy\u00edt\u00f3, a megel\u0151z\u0151, a testnevel\u0151 \u00e9s az eg\u00e9szs\u00e9g\u00fcgyi szervez\u0151 munka ter\u00fclet\u00e9n,<br \/>\ne) el\u0151seg\u00edti a hazai \u00e9s nemzetk\u00f6zi tapasztalatok megismer\u00e9s\u00e9t, az egyetemi eredm\u00e9nyek hazai \u00e9s nemzetk\u00f6zi megismertet\u00e9s\u00e9t, hallgat\u00f3k \u00e9s szakemberek hazai \u00e9s nemzetk\u00f6zi kapcsolatainak \u00e9p\u00edt\u00e9s\u00e9t,<br \/>\nf) t\u00e1mogatja az egyetemi k\u00f6zm\u0171vel\u0151d\u00e9si \u00e9s sporttev\u00e9kenys\u00e9get,<br \/>\ng) seg\u00edts\u00e9get ny\u00fajt az Egyetem m\u0171k\u00f6d\u00e9se t\u00e1rgyi felt\u00e9teleinek jav\u00edt\u00e1s\u00e1hoz,<br \/>\nh) serkenti \u00e9s \u00e1polja a kreat\u00edv bar\u00e1ts\u00e1g szellem\u00e9t az Egyetemen.<\/div>\n<p>&nbsp;<\/p>\n<p><b>4. \u00a7<\/b><\/p>\n<p>(1) A Bar\u00e1ti K\u00f6r c\u00e9ljainak el\u00e9r\u00e9se \u00e9rdek\u00e9ben<\/p>\n<div>a) tal\u00e1lkoz\u00f3kat (klubest\u00e9k, \u00e9vfolyamtal\u00e1lkoz\u00f3k, stb), tudom\u00e1nyos \u00f6sszej\u00f6veteleket, int\u00e9zm\u00e9ny-l\u00e1togat\u00e1sokat szervez,<br \/>\nb) a t\u00e1j\u00e9koztat\u00e1s korszer\u0171 eszk\u00f6zeivel seg\u00edti az Egyetem hazai \u00e9s k\u00fclf\u00f6ldi kapcsolatainak fejleszt\u00e9s\u00e9t,<br \/>\nc) egy\u00fcttm\u0171k\u00f6d\u00e9si meg\u00e1llapod\u00e1st k\u00f6thet szervekkel, szervezetekkel, m\u00e1s fels\u0151oktat\u00e1si int\u00e9zm\u00e9nyek bar\u00e1ti k\u00f6reivel,<br \/>\nd) alap\u00edtv\u00e1nyokat hozhat l\u00e9tre.<\/div>\n<p>&nbsp;<\/p>\n<p><b>5. \u00a7<\/b><\/p>\n<p>(1) Az Egyes\u00fclet k\u00f6zvetlen politikai tev\u00e9kenys\u00e9get nem folytat, p\u00e1rtokt\u00f3l f\u00fcggetlen, azoknak anyagi t\u00e1mogat\u00e1st nem ny\u00fajt. Orsz\u00e1ggy\u0171l\u00e9si \u00e9s \u00f6nkorm\u00e1nyzati k\u00e9pvisel\u0151 v\u00e1laszt\u00e1son jel\u00f6ltet nem \u00e1ll\u00edt, annak tev\u00e9kenys\u00e9g\u00e9t, megv\u00e1laszt\u00e1s\u00e1t nem t\u00e1mogatja.<\/p>\n<p><b>TAGS\u00c1G<\/b><\/p>\n<p><b>6. \u00a7<\/b><\/p>\n<p>(1) A Bar\u00e1ti K\u00f6r rendes tagja lehet minden magyar vagy k\u00fclf\u00f6ldi szem\u00e9ly, k\u00fcl\u00f6n\u00f6sen az Egyetem (\u00e9s jogel\u0151djeinek) volt, illetve jelenlegi hallgat\u00f3ja, aki a jelen Alapszab\u00e1ly rendelkez\u00e9seit mag\u00e1ra n\u00e9zve k\u00f6telez\u0151en elfogadja.<\/p>\n<p>(2) A Bar\u00e1ti K\u00f6rnek \u2013 a Vezet\u0151s\u00e9ggel k\u00fcl\u00f6n k\u00f6t\u00f6tt meg\u00e1llapod\u00e1s alapj\u00e1n \u2013 magyar, k\u00fclf\u00f6ldi ill. nemzetk\u00f6zi szervezet \u00e9s int\u00e9zm\u00e9ny tagja is lehet, jogaikat k\u00e9pvisel\u0151ik \u00fatj\u00e1n gyakorolj\u00e1k.<\/p>\n<p>(3) A Bar\u00e1ti K\u00f6rbe a bel\u00e9p\u00e9si nyilatkozat c\u00e9lj\u00e1ra rendszeres\u00edtett \u0171rlap kit\u00f6lt\u00e9s\u00e9vel \u00e9s annak al\u00e1\u00edr\u00e1s\u00e1val lehet bel\u00e9pni; a tags\u00e1gi jogok gyakorl\u00e1s\u00e1nak kezd\u0151 id\u0151pontja az al\u00e1\u00edr\u00e1s d\u00e1tuma.<\/p>\n<p>(4) Az a tag, aki bel\u00e9p\u00e9si nyilatkozat\u00e1t az alakul\u00f3 k\u00f6zgy\u0171l\u00e9sen adta le, vagy az alakul\u00f3 k\u00f6zgy\u0171l\u00e9sre k\u00fcldte be, a Bar\u00e1ti K\u00f6r alap\u00edt\u00f3 tagj\u00e1nak tekintend\u0151.<\/p>\n<p>(5) A Bar\u00e1ti K\u00f6rbe val\u00f3 felv\u00e9tel elutas\u00edt\u00e1s\u00e1t indokolni kell, a felv\u00e9teli k\u00e9relem elutas\u00edt\u00e1sa ellen a jelentkez\u0151 a Vezet\u0151s\u00e9ghez panasszal \u00e9lhet.<\/p>\n<p><b>A TAGOK JOGAI \u00c9S K\u00d6TELESS\u00c9GEI<\/b><\/p>\n<p><b>7. \u00a7<\/b><\/p>\n<p><b>A Bar\u00e1ti K\u00f6r tagjainak jogai:<\/b><\/p>\n<p>(1) V\u00e1laszthat, \u00e9s a Bar\u00e1ti K\u00f6r b\u00e1rmelyik tiszts\u00e9g\u00e9re megv\u00e1laszthat\u00f3.<\/p>\n<p>(2) Teljes joggal r\u00e9szt vehet a Bar\u00e1ti K\u00f6r K\u00f6zgy\u0171l\u00e9s\u00e9n, tan\u00e1cskoz\u00e1si joggal a Vezet\u0151s\u00e9g \u00fcl\u00e9sein.<\/p>\n<p>(3) Javaslattal \u00e9lhet a Bar\u00e1ti K\u00f6r c\u00e9ljainak megval\u00f3s\u00edt\u00e1sa \u00e9rdek\u00e9ben sz\u00f3ban vagy \u00edr\u00e1sban.<\/p>\n<p>(4) R\u00e9szt vehet a Bar\u00e1ti K\u00f6r rendezv\u00e9nyein, \u00e9lhet a tags\u00e1g \u00e1ltal ny\u00fajtott esetleges kedvezm\u00e9nyekkel.<\/p>\n<p><b>8. \u00a7<\/b><\/p>\n<p><b>A Bar\u00e1ti K\u00f6r tagjainak k\u00f6teless\u00e9gei:<\/b><\/p>\n<p>(1) Az Alapszab\u00e1ly rendelkez\u00e9seinek, valamint a Vezet\u0151s\u00e9g \u00e9s a K\u00f6zgy\u0171l\u00e9s hat\u00e1rozatainak betart\u00e1sa.<\/p>\n<p>(2) A Bar\u00e1ti K\u00f6r c\u00e9ljai megval\u00f3sul\u00e1s\u00e1nak el\u0151mozd\u00edt\u00e1sa.<\/p>\n<p>(3) Az \u00e9ves tagd\u00edj befizet\u00e9se.<\/p>\n<p><b>A TAGS\u00c1G MEGSZ\u0170N\u00c9SE<\/b><\/p>\n<p><b>9. \u00a7<\/b><\/p>\n<p>(1) A tags\u00e1g megsz\u0171nik<\/p>\n<div>a) kil\u00e9p\u00e9ssel,<br \/>\nb) t\u00f6rl\u00e9ssel,<br \/>\nc) kiz\u00e1r\u00e1ssal,<br \/>\nd) elhal\u00e1loz\u00e1s eset\u00e9n, tov\u00e1bb\u00e1<br \/>\ne) a 6. \u00a7 (2) bekezd\u00e9s\u00e9ben eml\u00edtett meg\u00e1llapod\u00e1s felmond\u00e1s\u00e1val vagy megsz\u00fcntet\u00e9s\u00e9vel.<\/div>\n<p>&nbsp;<\/p>\n<p>(2) A tag \u00edr\u00e1sban b\u00e1rmikor bejelentheti, hogy a Bar\u00e1ti K\u00f6r tagjainak sor\u00e1b\u00f3l kil\u00e9p.<\/p>\n<p>(3) Azt a tagot, aki tagd\u00edjfizet\u00e9si k\u00f6telezetts\u00e9g\u00e9t felsz\u00f3l\u00edt\u00e1s ellen\u00e9re nem teljes\u00edti (nem k\u00e9r halaszt\u00e1st, vagy nem k\u00e9ri a tagd\u00edjfizet\u00e9s m\u00e9lt\u00e1nyoss\u00e1gb\u00f3l val\u00f3 elenged\u00e9s\u00e9t), t\u00f6r\u00f6lni kell a tagn\u00e9vsorb\u00f3l.<\/p>\n<p>(4) T\u00f6r\u00f6lni kell azt a tagot, aki ellen sz\u00e1nd\u00e9kos b\u0171ncselekm\u00e9ny miatt v\u00e9grehajthat\u00f3 szabads\u00e1gveszt\u00e9st elrendel\u0151 joger\u0151s \u00edt\u00e9letet hoztak.<\/p>\n<p>(5) Azt a tagot, aki az Alapszab\u00e1lyt ism\u00e9telten vagy s\u00falyosan megs\u00e9rti, vagy fegyelmezetlen magatart\u00e1st tan\u00fas\u00edt, fegyelmi elj\u00e1r\u00e1s lefolytat\u00e1s\u00e1val ki lehet z\u00e1rni. Az a tag, aki fegyelmi elj\u00e1r\u00e1s megind\u00edt\u00e1sa ut\u00e1n l\u00e9pett ki, vagy akit fegyelmi hat\u00e1rozattal z\u00e1rtak ki a Bar\u00e1ti K\u00f6r tagjai sor\u00e1b\u00f3l, csak a Vezet\u0151s\u00e9g k\u00fcl\u00f6n hat\u00e1rozat\u00e1val v\u00e1lhat \u00fajb\u00f3l a K\u00f6r tagj\u00e1v\u00e1.<\/p>\n<p><b>A BAR\u00c1TI K\u00d6R SZERVEZETE<\/b><\/p>\n<p><b>10. \u00a7<\/b><\/p>\n<p><b>A Bar\u00e1ti K\u00f6r szervei:<\/b><\/p>\n<p>a) K\u00f6zgy\u0171l\u00e9s,<\/p>\n<p>b) Eln\u00f6k,<\/p>\n<p>c) Vezet\u0151s\u00e9g<\/p>\n<p>d) Fel\u00fcgyel\u0151 Bizotts\u00e1g.<\/p>\n<p><b>K\u00d6ZGY\u0170L\u00c9S<\/b><\/p>\n<p><b>11. \u00a7<\/b><\/p>\n<p>(1) A K\u00f6zgy\u0171l\u00e9s a Bar\u00e1ti K\u00f6r legf\u0151bb szerve, a tagok \u00f6sszess\u00e9ge, amely a Bar\u00e1ti K\u00f6rt \u00e9rint\u0151 minden \u00fcgyben d\u00f6nthet.<\/p>\n<p>(2) A K\u00f6zgy\u0171l\u00e9s kiz\u00e1r\u00f3lagos hat\u00e1sk\u00f6re:<\/p>\n<div>a) az Alapszab\u00e1ly elfogad\u00e1sa \u00e9s m\u00f3dos\u00edt\u00e1sa,<br \/>\nb) d\u00f6nt\u00e9s a megsz\u0171n\u00e9s, az \u00e1talakul\u00e1s, az egyes\u00fcl\u00e9s, a beolvad\u00e1s, a sz\u00e9tv\u00e1l\u00e1s k\u00e9rd\u00e9seiben,<br \/>\nc) a tagd\u00edj \u00f6sszeg\u00e9nek meg\u00e1llap\u00edt\u00e1sa, az \u00e9ves k\u00f6lts\u00e9gvet\u00e9s elfogad\u00e1sa,<br \/>\nd) a Bar\u00e1ti K\u00f6r Eln\u00f6k\u00e9nek, Vezet\u0151s\u00e9g\u00e9nek \u00e9s Fel\u00fcgyel\u0151 Bizotts\u00e1g\u00e1nak megv\u00e1laszt\u00e1sa,<br \/>\ne) a Bar\u00e1ti K\u00f6r szerveinek d\u00f6nt\u00e9sei ellen beny\u00fajtott fellebbez\u00e9sek, panaszok elb\u00edr\u00e1l\u00e1sa, amennyiben az Alapszab\u00e1ly a d\u00f6nt\u00e9st m\u00e1s szerv hat\u00e1sk\u00f6r\u00e9be nem utalja,<br \/>\nf) a Bar\u00e1ti K\u00f6r \u00e1ltal adom\u00e1nyozhat\u00f3 kit\u00fcntet\u00e9sek alap\u00edt\u00e1sa \u00e9s adom\u00e1nyoz\u00e1si felt\u00e9teleinek meg\u00e1llap\u00edt\u00e1sa,<br \/>\ng) a tagok K\u00f6zgy\u0171l\u00e9shez int\u00e9zett ind\u00edtv\u00e1nyainak megt\u00e1rgyal\u00e1sa.<\/div>\n<p>&nbsp;<\/p>\n<p><b>12. \u00a7<\/b><\/p>\n<p>(1) A K\u00f6zgy\u0171l\u00e9st sz\u00fcks\u00e9g szerint, de legal\u00e1bb \u00e9vente egyszer \u00f6ssze kell h\u00edvni.<\/p>\n<p>(2) A K\u00f6zgy\u0171l\u00e9st \u00f6ssze kell h\u00edvni akkor is, ha a tagok egyharmada a napirend megjel\u00f6l\u00e9s\u00e9vel ezt \u00edr\u00e1sban k\u00e9ri, vagy azt a Vezet\u0151s\u00e9g \u00edr\u00e1sban ind\u00edtv\u00e1nyozza.<\/p>\n<p>(3) A K\u00f6zgy\u0171l\u00e9sen szavazati joggal vesznek r\u00e9szt a tagok, \u00e9s a 6. \u00a7 (2) bekezd\u00e9s\u00e9ben eml\u00edtett szervek k\u00e9pvisel\u0151i.<\/p>\n<p>(4) A Vezet\u0151s\u00e9g a K\u00f6zgy\u0171l\u00e9sre tan\u00e1cskoz\u00e1si joggal m\u00e1s szem\u00e9lyeket is megh\u00edvhat.<\/p>\n<p>(5) A K\u00f6zgy\u0171l\u00e9s hely\u00e9t, idej\u00e9t, valamint napirendj\u00e9t a kit\u0171z\u00f6tt id\u0151pont el\u0151tt 15 nappal meg kell hirdetni.<\/p>\n<p>(6) A K\u00f6zgy\u0171l\u00e9s hat\u00e1rozatk\u00e9pes, ha azon a tagok legal\u00e1bb fele jelen van.<\/p>\n<p>(7) Hat\u00e1rozatk\u00e9ptelens\u00e9g eset\u00e9n a K\u00f6zgy\u0171l\u00e9st azonos napirenddel legk\u00e9s\u0151bb egy h\u00f3napon bel\u00fcl \u00fajra \u00f6ssze kell h\u00edvni, a megism\u00e9telt K\u00f6zgy\u0171l\u00e9s a megjelentek sz\u00e1m\u00e1ra val\u00f3 tekintet n\u00e9lk\u00fcl hat\u00e1rozatk\u00e9pes.<\/p>\n<p>(8) A K\u00f6zgy\u0171l\u00e9sen minden tagnak egy szavazata van.<\/p>\n<p>(9) A K\u00f6zgy\u0171l\u00e9s hat\u00e1rozatait egyszer\u0171 sz\u00f3t\u00f6bbs\u00e9ggel hozza. Szavazategyenl\u0151s\u00e9g eset\u00e9n az Eln\u00f6k szavazata d\u00f6nt.<\/p>\n<p>(10) Szem\u00e9lyi, illetve az Alapszab\u00e1lyt \u00e9rint\u0151 k\u00e9rd\u00e9sekben a K\u00f6zgy\u0171l\u00e9sen a hat\u00e1rozathozatalhoz k\u00e9tharmados sz\u00f3t\u00f6bbs\u00e9g sz\u00fcks\u00e9ges.<\/p>\n<p>(11) A K\u00f6zgy\u0171l\u00e9s hat\u00e1rozatait ny\u00edlt szavaz\u00e1ssal hozza, kiv\u00e9ve a tiszts\u00e9gvisel\u0151k megv\u00e1laszt\u00e1s\u00e1t, illetve amikor a K\u00f6zgy\u0171l\u00e9s titkos szavaz\u00e1st hat\u00e1roz el.<\/p>\n<p><b>13. \u00a7<\/b><\/p>\n<p>(1) A K\u00f6zgy\u0171l\u00e9st a Bar\u00e1ti K\u00f6r Eln\u00f6ke vezeti, a vit\u00e1ban a K\u00f6zgy\u0171l\u00e9s minden r\u00e9sztvev\u0151je felsz\u00f3lalhat.<\/p>\n<p>(2) A K\u00f6zgy\u0171l\u00e9sr\u0151l jegyz\u0151k\u00f6nyvet kell k\u00e9sz\u00edteni, amelyet a Bar\u00e1ti K\u00f6r Eln\u00f6ke, a jegyz\u0151k\u00f6nyvvezet\u0151, valamint a K\u00f6zgy\u0171l\u00e9s \u00e1ltal kijel\u00f6lt k\u00e9t hiteles\u00edt\u0151 \u00edr al\u00e1.<\/p>\n<p>(3) A hiteles\u00edtett jegyz\u0151k\u00f6nyvet meg kell \u0151rizni, a jegyz\u0151k\u00f6nyv a tagok sz\u00e1m\u00e1ra betekinthet\u0151; 5 \u00e9v eltelt\u00e9vel az Egyetem Lev\u00e9lt\u00e1r\u00e1ban helyezend\u0151 el.<\/p>\n<p><b>A BAR\u00c1TI K\u00d6R ELN\u00d6KE<\/b><\/p>\n<p><b>14. \u00a7<\/b><\/p>\n<p>(1) Az Eln\u00f6k a Bar\u00e1ti K\u00f6r jogi \u00e9s t\u00e1rsadalmi k\u00e9pvisel\u0151je, ilyen min\u0151s\u00e9g\u00e9ben ir\u00e1ny\u00edtja a titk\u00e1rs\u00e1got, \u00e9s \u00f6sszehangolja a Bar\u00e1ti K\u00f6r Vezet\u0151s\u00e9g\u00e9nek munk\u00e1j\u00e1t.<\/p>\n<p>(2) Az Eln\u00f6k\u00f6t a K\u00f6zgy\u0171l\u00e9s 3 \u00e9ves id\u0151tartamra v\u00e1lasztja, az Eln\u00f6k \u00fajra v\u00e1laszthat\u00f3.<\/p>\n<p>(3) Az Eln\u00f6k besz\u00e1mol\u00e1ssal tartozik a K\u00f6zgy\u0171l\u00e9snek.<\/p>\n<p>(4) Az Eln\u00f6k\u00f6t akad\u00e1lyoztat\u00e1sa eset\u00e9n a Titk\u00e1r, illetve az Eln\u00f6k \u00e1ltal felk\u00e9rt \u00e9s megb\u00edzott vezet\u0151s\u00e9gi tag helyettes\u00edti.<\/p>\n<p>(5) Az Eln\u00f6k munk\u00e1j\u00e1nak seg\u00edt\u00e9s\u00e9re a K\u00f6zgy\u0171l\u00e9s a Vezet\u0151s\u00e9g tagjai k\u00f6z\u00fcl aleln\u00f6k\u00f6t, illetve aleln\u00f6k\u00f6ket is v\u00e1laszthat.<\/p>\n<p><b>VEZET\u0150S\u00c9G<\/b><\/p>\n<p><b>15. \u00a7<\/b><\/p>\n<p>(1) A Vezet\u0151s\u00e9g a Bar\u00e1ti K\u00f6r v\u00e9grehajt\u00f3 szerve.<\/p>\n<p>(2) A Vezet\u0151s\u00e9g tagjai:<\/p>\n<div>a) Titk\u00e1r,<br \/>\nb) P\u00e9nzt\u00e1ros,<br \/>\nc) El\u0151z\u0151 eln\u00f6k,<br \/>\nd) El\u0151z\u0151 titk\u00e1r,<br \/>\ne) Vezet\u0151s\u00e9gi tagok.<\/div>\n<p>&nbsp;<\/p>\n<p>(3) A Vezet\u0151s\u00e9g tagjait a K\u00f6zgy\u0171l\u00e9s titkos szavaz\u00e1ssal, h\u00e1rom \u00e9ves id\u0151tartamra v\u00e1lasztja meg. Az El\u0151z\u0151 eln\u00f6k \u00e9s az El\u0151z\u0151 titk\u00e1r hivatalb\u00f3l, tiszts\u00e9g\u00fck alapj\u00e1n v\u00e1lnak a Vezet\u0151s\u00e9g tagjaiv\u00e1.<\/p>\n<p>(4) A K\u00f6zgy\u0171l\u00e9s a Titk\u00e1ron \u00e9s a P\u00e9nzt\u00e1roson k\u00edv\u00fcl a Vezet\u0151s\u00e9gbe legfeljebb 30 tov\u00e1bbi tagot v\u00e1laszt.<\/p>\n<p>(5) A Vezet\u0151s\u00e9g tagjai \u00fajra v\u00e1laszthat\u00f3k.<\/p>\n<p>(6) A Vezet\u0151s\u00e9g Tiszteletbeli eln\u00f6k, Tiszteletbeli vezet\u0151s\u00e9gi tag megv\u00e1laszt\u00e1s\u00e1t is javasolhatja a K\u00f6zgy\u0171l\u00e9snek.<\/p>\n<p><b>TITK\u00c1R<\/b><\/p>\n<p><b>16. \u00a7<\/b><\/p>\n<p>(1) A Bar\u00e1ti K\u00f6r Titk\u00e1ra gondoskodik a test\u00fcleti szervek el\u00e9 ker\u00fcl\u0151 el\u0151terjeszt\u00e9sek kidolgoz\u00e1s\u00e1r\u00f3l, a Bar\u00e1ti K\u00f6r szervei hat\u00e1rozatainak v\u00e9grehajt\u00e1s\u00e1r\u00f3l,<\/p>\n<div>a) az Eln\u00f6kkel egy\u00fcttm\u0171k\u00f6dve ir\u00e1ny\u00edtja a Bar\u00e1ti K\u00f6r titk\u00e1rs\u00e1g\u00e1nak munk\u00e1j\u00e1t,<br \/>\nb) a P\u00e9nzt\u00e1rossal egy\u00fcttesen felel\u0151s a vagyoni eszk\u00f6z\u00f6knek az Alapszab\u00e1ly \u00e9s a j\u00f3v\u00e1hagyott k\u00f6lts\u00e9gvet\u00e9s szerinti c\u00e9lokra val\u00f3 felhaszn\u00e1l\u00e1s\u00e1\u00e9rt.<\/div>\n<p>&nbsp;<\/p>\n<p>(2) R\u00e9szletes feladatait \u00e9s hat\u00e1sk\u00f6r\u00e9t a Vezet\u0151s\u00e9g \u00e1ltal j\u00f3v\u00e1hagyott \u00fcgyrend tartalmazza.<\/p>\n<p>(3) A Titk\u00e1r a K\u00f6zgy\u0171l\u00e9snek, k\u00e9t \u00fcl\u00e9se k\u00f6z\u00f6tt pedig az Eln\u00f6knek tartozik felel\u0151ss\u00e9ggel.<\/p>\n<p>(4) A Titk\u00e1r munk\u00e1j\u00e1nak seg\u00edt\u00e9s\u00e9re a K\u00f6zgy\u0171l\u00e9s a Vezet\u0151s\u00e9g tagjai k\u00f6z\u00fcl \u00fcgyvezet\u0151 titk\u00e1rt, illetve \u00fcgyvezet\u0151 titk\u00e1rokat is v\u00e1laszthat.<\/p>\n<p><b>P\u00c9NZT\u00c1ROS<\/b><\/p>\n<p><b>17. \u00a7<\/b><\/p>\n<p>(1) A P\u00e9nzt\u00e1ros felel\u0151s a k\u00f6lts\u00e9gvet\u00e9s el\u0151k\u00e9sz\u00edt\u00e9s\u00e9\u00e9rt ill. v\u00e9grehajt\u00e1s\u00e1\u00e9rt, a Bar\u00e1ti K\u00f6r gazdas\u00e1gi egyens\u00falya fennmarad\u00e1s\u00e1\u00e9rt.<\/p>\n<p>(2) R\u00e9szletes feladatait \u00e9s hat\u00e1sk\u00f6r\u00e9t a Vezet\u0151s\u00e9g \u00e1ltal j\u00f3v\u00e1hagyott \u00fcgyrend tartalmazza.<\/p>\n<p>(3) A P\u00e9nzt\u00e1ros a K\u00f6zgy\u0171l\u00e9snek, annak k\u00e9t \u00fcl\u00e9se k\u00f6z\u00f6tt pedig az Eln\u00f6knek tartozik felel\u0151ss\u00e9ggel.<\/p>\n<p><b>FEL\u00dcGYEL\u0150 BIZOTTS\u00c1G<\/b><\/p>\n<p><b>18. \u00a7<\/b><\/p>\n<p>(1) A Fel\u00fcgyel\u0151 Bizotts\u00e1g h\u00e1rom tagj\u00e1t a K\u00f6zgy\u0171l\u00e9s h\u00e1rom \u00e9vre v\u00e1lasztja.<\/p>\n<p>(2) A Fel\u00fcgyel\u0151 Bizotts\u00e1g ellen\u0151rzi a Bar\u00e1ti K\u00f6r gazd\u00e1lkod\u00e1s\u00e1t, \u00e9s az Alapszab\u00e1lynak megfelel\u0151 m\u0171k\u00f6d\u00e9s\u00e9t.<\/p>\n<p>(3) A Fel\u00fcgyel\u0151 Bizotts\u00e1g a Bar\u00e1ti K\u00f6r K\u00f6zgy\u0171l\u00e9s\u00e9nek felel\u0151s, \u00e9s \u00e9vente egyszer a K\u00f6zgy\u0171l\u00e9s el\u0151tt sz\u00e1mol be tev\u00e9kenys\u00e9g\u00e9r\u0151l.<\/p>\n<p>(4) A Fel\u00fcgyel\u0151 Bizotts\u00e1g tagjai a Bar\u00e1ti K\u00f6rben egy\u00e9b tiszts\u00e9get nem viselhetnek.<\/p>\n<p><b>A TAGD\u00cdJ<\/b><\/p>\n<p><b>19. \u00a7<\/b><\/p>\n<p>(1) A tagd\u00edj \u00f6sszeg\u00e9t a K\u00f6zgy\u0171l\u00e9s \u00e1llap\u00edtja meg.<\/p>\n<p>(2) A tagd\u00edj fedezi a Bar\u00e1ti K\u00f6r m\u0171k\u00f6d\u00e9s\u00e9nek felt\u00e9teleit \u00e9s c\u00e9ljai teljes\u00edt\u00e9s\u00e9t:<\/p>\n<div>a) a rendszeres \u00e9rtes\u00edt\u0151k, k\u00f6rlevelek k\u00f6lts\u00e9geit,<br \/>\nb) a Bar\u00e1ti K\u00f6r klubd\u00e9lut\u00e1njainak, rendezv\u00e9nyeinek k\u00f6lts\u00e9geit,<br \/>\nc) a Vezet\u0151s\u00e9g javaslat\u00e1ra, a K\u00f6zgy\u0171l\u00e9s \u00e1ltal elfogadott k\u00f6z\u00e9rdek\u0171 egyetemi c\u00e9lok megval\u00f3s\u00edt\u00e1s\u00e1t.<\/div>\n<p>&nbsp;<\/p>\n<p>(3) A Bar\u00e1ti K\u00f6r vagyona &#8211; megsz\u0171n\u00e9s eset\u00e9n &#8211; a Semmelweis Egyetemre sz\u00e1ll \u00e1t.<\/p>\n<p><b>TITK\u00c1RS\u00c1G<\/b><\/p>\n<p><b>20. \u00a7<\/b><\/p>\n<p>(1) A Bar\u00e1ti K\u00f6r adminisztrat\u00edv h\u00e1tter\u00e9t a Bar\u00e1ti K\u00f6r Titk\u00e1rs\u00e1ga ny\u00fajtja.<\/p>\n<p>(2) A Semmelweis Egyetemmel fenn\u00e1ll\u00f3 meg\u00e1llapod\u00e1s \u00e9rtelm\u00e9ben a Titk\u00e1rs\u00e1g \u00fcgyviv\u0151je az Egyetem k\u00f6zalkalmazottja, kinevez\u00e9s\u00e9re a Bar\u00e1ti K\u00f6r Eln\u00f6ke tesz javaslatot az Egyetem illet\u00e9kes vezet\u0151j\u00e9nek.<\/p>\n<p><b>Z\u00c1R\u00d3 \u00c9S HAT\u00c1LYBA L\u00c9PTET\u0150 RENDELKEZ\u00c9SEK<\/b><\/p>\n<p><b>21. \u00a7<\/b><\/p>\n<p>(1) Jelen Alapszab\u00e1lyban nem szab\u00e1lyozott k\u00e9rd\u00e9sekben a Polg\u00e1ri T\u00f6rv\u00e9nyk\u00f6nyvr\u0151l sz\u00f3l\u00f3 1959. \u00e9vi IV. t\u00f6rv\u00e9ny, \u00e9s az egyes\u00fcl\u00e9si jogr\u00f3l sz\u00f3l\u00f31989. \u00e9vi II. t\u00f6rv\u00e9ny rendelkez\u00e9sei ir\u00e1nyad\u00f3k.<\/p>\n<p>(2) Jelen Alapszab\u00e1lyt a Bar\u00e1ti K\u00f6r 2003. december 8-\u00e1n tartott K\u00f6zgy\u0171l\u00e9se fogadta el, e napt\u00f3l hat\u00e1lyba l\u00e9p, egyidej\u0171leg az el\u0151z\u0151 Alapszab\u00e1ly hat\u00e1ly\u00e1t veszti.<\/p>\n<p><i>Kieg\u00e9sz\u00edt\u00e9s 1:<\/i> az eredeti Alapszab\u00e1ly m\u00f3dos\u00edt\u00e1sa elfogadva a Bar\u00e1ti K\u00f6r 1992. \u00e1prilis 29-\u00e9n tartott K\u00f6zgy\u0171l\u00e9s\u00e9n.<\/p>\n<p><i>Kieg\u00e9sz\u00edt\u00e9s 2:<\/i> a m\u00f3dos\u00edtott Alapszab\u00e1ly \u00fajabb m\u00f3dos\u00edt\u00e1sa elfogadva a Bar\u00e1ti K\u00f6r 2001. \u00e1prilis 25-\u00e9n tartott K\u00f6zgy\u0171l\u00e9s\u00e9n.<\/p>\n<p><i>Kieg\u00e9sz\u00edt\u00e9s 3:<\/i> az Alapszab\u00e1ly 15. \u00a7 (5), (6) bekezd\u00e9s\u00e9nek m\u00f3dos\u00edt\u00e1s\u00e1t a Bar\u00e1ti K\u00f6r 2008. november 26-\u00e1n tartott K\u00f6zgy\u0171l\u00e9s\u00e9n fogadta el.<\/p>\n","protected":false},"excerpt":{"rendered":"<p>A Semmelweis Egyetem Bar\u00e1ti K\u00f6r\u00e9nek Alapszab\u00e1lya BUDAPEST 2003 \u00c1ltal\u00e1nos rendelkez\u00e9sek 1. \u00a7 (1) A Semmelweis Egyetem Bar\u00e1ti K\u00f6re (a tov\u00e1bbiakban: Bar\u00e1ti K\u00f6r) \u00f6n\u00e1ll\u00f3 egyes\u00fclet, jogi szem\u00e9ly, neve angolul: Association of Friends of Semmelweis University, n\u00e9met\u00fcl:Freundeskreis von Semmelweis Universit\u00e4t, latinul:Societas amicorum Universitatis de Semmelweis nominatae. \u00a0 (2) A Bar\u00e1ti K\u00f6r sz\u00e9khelye: Budapest, VIII., \u00dcll\u0151i \u00fat 26. &hellip;<\/p>\n","protected":false},"author":282,"featured_media":0,"parent":101,"menu_order":3,"comment_status":"closed","ping_status":"closed","template":"","meta":{"_acf_changed":false,"footnotes":""},"categories":[],"tags":[],"class_list":["post-32","page","type-page","status-publish","hentry"],"acf":[],"_links":{"self":[{"href":"https:\/\/semmelweis.hu\/baratikor\/wp-json\/wp\/v2\/pages\/32","targetHints":{"allow":["GET"]}}],"collection":[{"href":"https:\/\/semmelweis.hu\/baratikor\/wp-json\/wp\/v2\/pages"}],"about":[{"href":"https:\/\/semmelweis.hu\/baratikor\/wp-json\/wp\/v2\/types\/page"}],"author":[{"embeddable":true,"href":"https:\/\/semmelweis.hu\/baratikor\/wp-json\/wp\/v2\/users\/282"}],"replies":[{"embeddable":true,"href":"https:\/\/semmelweis.hu\/baratikor\/wp-json\/wp\/v2\/comments?post=32"}],"version-history":[{"count":7,"href":"https:\/\/semmelweis.hu\/baratikor\/wp-json\/wp\/v2\/pages\/32\/revisions"}],"predecessor-version":[{"id":4342,"href":"https:\/\/semmelweis.hu\/baratikor\/wp-json\/wp\/v2\/pages\/32\/revisions\/4342"}],"up":[{"embeddable":true,"href":"https:\/\/semmelweis.hu\/baratikor\/wp-json\/wp\/v2\/pages\/101"}],"wp:attachment":[{"href":"https:\/\/semmelweis.hu\/baratikor\/wp-json\/wp\/v2\/media?parent=32"}],"wp:term":[{"taxonomy":"category","embeddable":true,"href":"https:\/\/semmelweis.hu\/baratikor\/wp-json\/wp\/v2\/categories?post=32"},{"taxonomy":"post_tag","embeddable":true,"href":"https:\/\/semmelweis.hu\/baratikor\/wp-json\/wp\/v2\/tags?post=32"}],"curies":[{"name":"wp","href":"https:\/\/api.w.org\/{rel}","templated":true}]}}