{"id":2270,"date":"2023-01-04T15:02:24","date_gmt":"2023-01-04T14:02:24","guid":{"rendered":"https:\/\/semmelweis.hu\/baratikor\/?page_id=2270"},"modified":"2023-10-12T16:52:55","modified_gmt":"2023-10-12T14:52:55","slug":"tombol-terez","status":"publish","type":"page","link":"https:\/\/semmelweis.hu\/baratikor\/galeria\/teljes-nevlista\/tombol-terez\/","title":{"rendered":"T\u00f6mb\u00f6l Ter\u00e9z"},"content":{"rendered":"<p style=\"text-align: justify\"><strong><a href=\"https:\/\/semmelweis.hu\/baratikor\/files\/2023\/07\/Tombol-Terez3_jav.jpg\"><img loading=\"lazy\" decoding=\"async\" class=\"alignleft size-medium wp-image-5153\" src=\"https:\/\/semmelweis.hu\/baratikor\/files\/2023\/07\/Tombol-Terez3_jav-351x400.jpg\" alt=\"\" width=\"351\" height=\"400\" srcset=\"https:\/\/semmelweis.hu\/baratikor\/files\/2023\/07\/Tombol-Terez3_jav-351x400.jpg 351w, https:\/\/semmelweis.hu\/baratikor\/files\/2023\/07\/Tombol-Terez3_jav.jpg 409w\" sizes=\"auto, (max-width: 351px) 100vw, 351px\" \/><\/a>(<\/strong><strong>P\u00e1pa, 1925. janu\u00e1r 1.<\/strong><strong> \u2013 Budapest, 2015. \u00e1prilis 7.)<\/strong><\/p>\n<p style=\"text-align: justify\"><strong>Tansz\u00e9k: <\/strong>Anat\u00f3miai, Sz\u00f6vet- \u00e9s Fejl\u0151d\u00e9stani Int\u00e9zet (mb.) 1977-1980, 1980-1994.<\/p>\n<p style=\"text-align: justify\"><strong>Viselt egyetemi m\u00e9lt\u00f3s\u00e1g: <\/strong>\u00c1OK d\u00e9k\u00e1nhelyettes 1973-1979, oktat\u00e1si rektorhelyettes 1979-1985.<\/p>\n<p style=\"text-align: justify\">\u00d6tgyermekes parasztcsal\u00e1db\u00f3l sz\u00e1rmazott, \u00e9desapja 19 hold f\u00f6ld\u00f6n gazd\u00e1lkodott. Elemi \u00e9s k\u00f6z\u00e9piskol\u00e1it P\u00e1p\u00e1n v\u00e9gezte, 1946 december\u00e9ben \u00e9retts\u00e9gizett. 1946 szeptember\u00e9t\u0151l b\u00f6lcs\u00e9szhallgat\u00f3k\u00e9nt a Gy\u0151rffy Koll\u00e9gium tagja lett, de a k\u00f6vetkez\u0151 tan\u00e9vben \u00e1tvett\u00e9k az egyetem Orvostudom\u00e1nyi Kar\u00e1ra. Orvostanhallgat\u00f3k\u00e9nt a P\u00e1pai P\u00e1riz Ferenc Koll\u00e9gium tagja lett. M\u00e1sod\u00e9ves kor\u00e1ban, 1948-ban externistak\u00e9nt ker\u00fclt be az I. sz. Anat\u00f3miai Int\u00e9zetbe. 1953. augusztus 3-\u00e1n avatt\u00e1k orvoss\u00e1, ekkor gyakornoki \u00e1ll\u00e1st kapott az int\u00e9zetben. 1954 janu\u00e1rj\u00e1t\u00f3l 1962-ig tan\u00e1rseg\u00e9d, majd 1970. j\u00fanius 30-ig adjunktus volt. 1969-ben kandid\u00e1tusi fokozatot szerzett. 1970. j\u00falius 1-j\u00e9n docensi, 1972. j\u00falius 1-j\u00e9n egyetemi tan\u00e1ri kinevez\u00e9st kapott. 1977. j\u00falius 1-j\u00e9n, a nyugalomba vonult Szent\u00e1gothai professzor ut\u00f3djak\u00e9nt megb\u00edzt\u00e1k az int\u00e9zet vezet\u00e9s\u00e9vel. 1980. \u00e1prilis 28-\u00e1n \u00e9rte el az orvostudom\u00e1nyok doktora fokozatot. 1980. j\u00falius 1-j\u00e9n kapta meg tansz\u00e9kvezet\u0151 egyetemi tan\u00e1ri kinevez\u00e9s\u00e9t. 1982 december\u00e9t\u0151l 4 h\u00f3napos tanulm\u00e1nyutat tett az angol Medical Research Council London Institute of Medical Sciences Developmental Neurobiology Unit int\u00e9zetben. 1984 j\u00falius\u00e1ban amerikai egyetemeken (Harvard, Yale, Virginiai Egyetem) tartott el\u0151ad\u00e1sokat.<\/p>\n<p style=\"text-align: justify\">Tudom\u00e1nyos munk\u00e1ss\u00e1ga sor\u00e1n kezdetben kering\u00e9si probl\u00e9m\u00e1kkal, nyirok- \u00e9s \u00e9rrendszeri kutat\u00e1sokkal foglalkozott. 1963-ban, Szent\u00e1gothai J\u00e1nos ir\u00e1ny\u00edt\u00e1sa mellett t\u00e9rt \u00e1t a k\u00f6zponti idegrendszer kutat\u00e1s\u00e1ra, a thalamus specifikus magjainak sejt- \u00e9s roststrukt\u00far\u00e1j\u00e1t, valamint intranukle\u00e1ris synaptikus organiz\u00e1ci\u00f3j\u00e1t tanulm\u00e1nyozta. A \u201980-as \u00e9vekben az egyes magokhoz tartoz\u00f3 k\u00e9rgi ter\u00fcletek Golgi \u00e9s elektronmikroszk\u00f3pos architekt\u00far\u00e1j\u00e1t vizsg\u00e1lta.<\/p>\n<p style=\"text-align: justify\">1947-t\u0151l vett r\u00e9szt a munk\u00e1smozgalomban, tagja volt az MKP-nak, majd az MDP-nek, de tags\u00e1g\u00e1t az \u00fajj\u00e1alakult MSZMP-be csak 1961-ben \u00faj\u00edtotta meg. 1965-1980 k\u00f6z\u00f6tt alapszervi p\u00e1rttitk\u00e1r. 1975-1980 k\u00f6z\u00f6tt tagja volt az MSZMP Budapesti P\u00e1rtbizotts\u00e1g\u00e1nak, majd 1980-t\u00f3l a mellette m\u0171k\u00f6d\u0151 Agit\u00e1ci\u00f3s \u00e9s Propaganda Bizotts\u00e1gnak, illetve az Eg\u00e9szs\u00e9g\u00fcgyi Dolgoz\u00f3k Szakszervezete (tags\u00e1gi viszony 1953-t\u00f3l) K\u00f6zponti N\u0151bizotts\u00e1g\u00e1nak. Megalakul\u00e1sa, 1975 \u00f3ta l\u00e1tta el az Eg\u00e9szs\u00e9g\u00fcgyi Int\u00e9zm\u00e9nyi Felv\u00e9teli El\u0151k\u00e9sz\u00edt\u0151 Bizotts\u00e1g (FEB) eln\u00f6ki feladatait. Az egyetem ir\u00e1ny\u00edt\u00e1s\u00e1ban is szerepet v\u00e1llalt. Sz\u00e9cs\u00e9ny Andor rektor mellett k\u00e9t cikluson kereszt\u00fcl l\u00e1tta el az oktat\u00e1si rektorhelyettes feladatait. Ekkor ker\u00fclt sor k\u00e9t kar (\u00c1OK \u00e9s FOK) tanulm\u00e1nyi reformjaira, az orosz mellett egy 2. idegen nyelv, valamint a pszichol\u00f3gia \u00e9s a szociol\u00f3gia oktat\u00e1s\u00e1nak bevezet\u00e9s\u00e9re. Ezzel kapcsolatosan \u00faj tanulm\u00e1nyi- \u00e9s vizsgaszab\u00e1lyzat k\u00e9sz\u00fclt, de m\u00e1s szab\u00e1lyalkot\u00e1sban (demonstr\u00e1tori, doktori) is r\u00e9szt vett. Az egyetem ekkor vette \u00e1t az ELTE-t\u0151l a k\u00fclf\u00f6ldi hallgat\u00f3k magyar nyelvoktat\u00e1s\u00e1t. Sikerrel rendezte az elhanyagolt koll\u00e9giumok \u00e9s a hallgat\u00f3i \u00e9tkeztet\u00e9s helyzet\u00e9t.<\/p>\n<p style=\"text-align: justify\">T\u00f6bb szakmai egyes\u00fcletnek volt tagja: Magyar Anat\u00f3musok, Hisztol\u00f3gusok \u00e9s Embriol\u00f3gusok T\u00e1rsas\u00e1ga (vezet\u0151s\u00e9gi tag), Magyar EEG T\u00e1rsas\u00e1g, Magyar Pathol\u00f3gusok T\u00e1rsas\u00e1ga, Magyar \u00c9lettani T\u00e1rsas\u00e1g, ENA, ISDN.<\/p>\n<p style=\"text-align: justify\">P\u00e1ly\u00e1ja sor\u00e1n az al\u00e1bbi elismer\u00e9sekben r\u00e9szes\u00fclt: Munka \u00c9rdemrend ez\u00fcst fokozata (1968), BOTE kiv\u00e1l\u00f3 oktat\u00f3ja (1969), E\u00fc. kiv\u00e1l\u00f3 munk\u00e1\u00e9rt (1977), Munka \u00c9rdemrend arany fokozata (1980), Ifj\u00fas\u00e1g\u00e9rt \u00c9rdem\u00e9rem (1983), Eg\u00e9szs\u00e9g\u00fcgyi miniszter d\u00edszoklevele (2005).<\/p>\n<p style=\"text-align: justify\"><strong>F\u0151bb munk\u00e1i:<\/strong> \u00datmutat\u00f3 boncol\u00e1si gyakorlatokhoz (Vajda J\u00e1nossal \u00e9s Z. Szab\u00f3 L\u00e1szl\u00f3val). Bp., 1962., 1967., 1971., 1975., 1978., 1982., 1985., 1996.; A thalamus specifikus magjainak synapticus architekt\u00far\u00e1ja. Kandid\u00e1tusi \u00e9rtekez\u00e9s. MTA, TMB. Bp., 1968.; Interneuronok. Doktori \u00e9rtekez\u00e9s. MTA, TMB. Bp., 1978.; T\u00e1janat\u00f3mia. Egyetemi tank\u00f6nyv (szerk.). Bp., 1987., 1991., 2001., angolul 1998., n\u00e9met\u00fcl 2000., 2008.; T\u00e1janat\u00f3mia (Csillik Bertalannal \u00e9s Kubik Istv\u00e1nnal). Bp., 2006., 2017., angolul 2008.<\/p>\n<p style=\"text-align: justify\"><strong>Nyughelye:<\/strong> P\u00e1pa, Als\u00f3v\u00e1rosi temet\u0151, 9\/F parcella, 1. sor 5. s\u00edrhely.<\/p>\n\r\n        [slb_exclude]\r\n        <div class=\"row galeria-wrapper mx-0 h-auto\">\r\n            <div class=\"col-9 pl-0 pr-2\">\r\n            <span class=\"gallery-item frame\">\r\n\t\t\t\t<div class=\"galeria-left-img\"><a href=\"https:\/\/semmelweis.hu\/baratikor\/files\/2023\/07\/Tombol-Terez2_jav.jpg\"><img src=https:\/\/semmelweis.hu\/baratikor\/files\/2023\/07\/Tombol-Terez2_jav.jpg  \r\n                            alt=\"\" \r\n                            class=\"attachment-sote-gallery-big size-sote-gallery-big\" \r\n                            srcset=\"https:\/\/semmelweis.hu\/baratikor\/files\/2023\/07\/Tombol-Terez2_jav-290x400.jpg 290w, https:\/\/semmelweis.hu\/baratikor\/files\/2023\/07\/Tombol-Terez2_jav.jpg 725w\" ><\/a><\/div>\r\n            <\/span>\r\n\r\n            <\/div>\r\n\r\n\t\t\t<div class=\"col-3 pl-0 pr-0\">\r\n\t\t\t\t<div class=\"galeria-right-img d-flex justify-content-between flex-column h-100 w-100 px-0 mx-0 \">\r\n                <div class=\"galeria-box\">\r\n\t\t\t\t\t<h3 class=\"galeria-title\">Gal\u00e9ria<\/h3>\r\n\t\t\t\t\t<div class=\"galeria-subtitle\">\r\n\r\n\t\t\t\t\t\t<div class=\"galeria-page-counter\"><span>6<\/span>k\u00e9p<\/div>\r\n                    <\/div> <\/div>\r\n                    <span class=\"gallery-item frame d-none d-md-flex\">\r\n\t\t\t\t\t<div class=\"galeria-small-img mt-0\"><a href=\"https:\/\/semmelweis.hu\/baratikor\/files\/2023\/07\/Tombol-Terez-1999-2004_jav.jpg\"><img src=https:\/\/semmelweis.hu\/baratikor\/files\/2023\/07\/Tombol-Terez-1999-2004_jav.jpg \r\n                                alt=\"\"  \r\n                                class=\"attachment-sote-gallery-small size-sote-gallery-small\" \r\n                                srcset=\"https:\/\/semmelweis.hu\/baratikor\/files\/2023\/07\/Tombol-Terez-1999-2004_jav-257x400.jpg 257w, https:\/\/semmelweis.hu\/baratikor\/files\/2023\/07\/Tombol-Terez-1999-2004_jav.jpg 643w\" ><\/a><\/div>\r\n                    <\/span>\r\n                    <span class=\"gallery-item frame d-none d-md-flex\">\r\n\t\t\t\t\t<div class=\"galeria-small-img mt-0\"><a href=\"https:\/\/semmelweis.hu\/baratikor\/files\/2023\/07\/Tombol-Terez_jav.jpg\"><img src=https:\/\/semmelweis.hu\/baratikor\/files\/2023\/07\/Tombol-Terez_jav.jpg \r\n                                alt=\"\" \r\n                                class=\"attachment-sote-gallery-small size-sote-gallery-small\" \r\n                                srcset=\"https:\/\/semmelweis.hu\/baratikor\/files\/2023\/07\/Tombol-Terez_jav-319x400.jpg 319w, https:\/\/semmelweis.hu\/baratikor\/files\/2023\/07\/Tombol-Terez_jav-768x962.jpg 768w, https:\/\/semmelweis.hu\/baratikor\/files\/2023\/07\/Tombol-Terez_jav-753x944.jpg 753w, https:\/\/semmelweis.hu\/baratikor\/files\/2023\/07\/Tombol-Terez_jav.jpg 798w\" ><\/a><\/div>\r\n                    <\/span>\r\n\r\n                <\/div>\r\n\r\n            <\/div>\r\n\r\n            <span class=\"gallery-item\"><div class=\"hidden\"><a href=\"https:\/\/semmelweis.hu\/baratikor\/files\/2023\/07\/Tombol-Terez1_jav.jpg\">\r\n        <img src=https:\/\/semmelweis.hu\/baratikor\/files\/2023\/07\/Tombol-Terez1_jav.jpg alt=\"\" class=\"attachment-sote-gallery-big size-sote-gallery-big\" srcset=\"https:\/\/semmelweis.hu\/baratikor\/files\/2023\/07\/Tombol-Terez1_jav-255x400.jpg 255w, https:\/\/semmelweis.hu\/baratikor\/files\/2023\/07\/Tombol-Terez1_jav.jpg 638w\" >\r\n        <\/a><\/div><\/span><span class=\"gallery-item\"><div class=\"hidden\"><a href=\"https:\/\/semmelweis.hu\/baratikor\/files\/2023\/07\/Tombol-Terez3_jav.jpg\">\r\n        <img src=https:\/\/semmelweis.hu\/baratikor\/files\/2023\/07\/Tombol-Terez3_jav.jpg alt=\"\" class=\"attachment-sote-gallery-big size-sote-gallery-big\" srcset=\"https:\/\/semmelweis.hu\/baratikor\/files\/2023\/07\/Tombol-Terez3_jav-351x400.jpg 351w, https:\/\/semmelweis.hu\/baratikor\/files\/2023\/07\/Tombol-Terez3_jav.jpg 409w\" >\r\n        <\/a><\/div><\/span><span class=\"gallery-item\"><div class=\"hidden\"><a href=\"https:\/\/semmelweis.hu\/baratikor\/files\/2023\/07\/Tombol-Terez4.jpeg_jav.jpg\">\r\n        <img src=https:\/\/semmelweis.hu\/baratikor\/files\/2023\/07\/Tombol-Terez4.jpeg_jav.jpg alt=\"\" class=\"attachment-sote-gallery-big size-sote-gallery-big\" srcset=\"https:\/\/semmelweis.hu\/baratikor\/files\/2023\/07\/Tombol-Terez4.jpeg_jav-305x400.jpg 305w, https:\/\/semmelweis.hu\/baratikor\/files\/2023\/07\/Tombol-Terez4.jpeg_jav.jpg 457w\" >\r\n        <\/a><\/div><\/span>\r\n            <\/div>\r\n\r\n            [\/slb_exclude]\r\n\t\n","protected":false},"excerpt":{"rendered":"<p><a href=\"https:\/\/semmelweis.hu\/baratikor\/files\/2023\/07\/Tombol-Terez3_jav.jpg\"><\/a> (P\u00e1pa, 1925. janu\u00e1r 1. \u2013 Budapest, 2015. \u00e1prilis 7.) Tansz\u00e9k: Anat\u00f3miai, Sz\u00f6vet- \u00e9s Fejl\u0151d\u00e9stani Int\u00e9zet (mb.) 1977-1980, 1980-1994. Viselt egyetemi m\u00e9lt\u00f3s\u00e1g: \u00c1OK d\u00e9k\u00e1nhelyettes 1973-1979, oktat\u00e1si rektorhelyettes 1979-1985. \u00d6tgyermekes parasztcsal\u00e1db\u00f3l sz\u00e1rmazott, \u00e9desapja 19 hold f\u00f6ld\u00f6n gazd\u00e1lkodott. Elemi \u00e9s k\u00f6z\u00e9piskol\u00e1it P\u00e1p\u00e1n v\u00e9gezte, 1946 december\u00e9ben \u00e9retts\u00e9gizett. 1946 szeptember\u00e9t\u0151l b\u00f6lcs\u00e9szhallgat\u00f3k\u00e9nt a Gy\u0151rffy Koll\u00e9gium tagja lett, de a k\u00f6vetkez\u0151 tan\u00e9vben &hellip;<\/p>\n","protected":false},"author":282,"featured_media":5458,"parent":347,"menu_order":0,"comment_status":"closed","ping_status":"closed","template":"template-fullwidth.php","meta":{"_acf_changed":false,"footnotes":""},"categories":[77,14],"tags":[],"class_list":["post-2270","page","type-page","status-publish","has-post-thumbnail","hentry","category-kegyeleti-adattar","category-teljes-nevlista"],"acf":[],"_links":{"self":[{"href":"https:\/\/semmelweis.hu\/baratikor\/wp-json\/wp\/v2\/pages\/2270","targetHints":{"allow":["GET"]}}],"collection":[{"href":"https:\/\/semmelweis.hu\/baratikor\/wp-json\/wp\/v2\/pages"}],"about":[{"href":"https:\/\/semmelweis.hu\/baratikor\/wp-json\/wp\/v2\/types\/page"}],"author":[{"embeddable":true,"href":"https:\/\/semmelweis.hu\/baratikor\/wp-json\/wp\/v2\/users\/282"}],"replies":[{"embeddable":true,"href":"https:\/\/semmelweis.hu\/baratikor\/wp-json\/wp\/v2\/comments?post=2270"}],"version-history":[{"count":3,"href":"https:\/\/semmelweis.hu\/baratikor\/wp-json\/wp\/v2\/pages\/2270\/revisions"}],"predecessor-version":[{"id":5157,"href":"https:\/\/semmelweis.hu\/baratikor\/wp-json\/wp\/v2\/pages\/2270\/revisions\/5157"}],"up":[{"embeddable":true,"href":"https:\/\/semmelweis.hu\/baratikor\/wp-json\/wp\/v2\/pages\/347"}],"wp:featuredmedia":[{"embeddable":true,"href":"https:\/\/semmelweis.hu\/baratikor\/wp-json\/wp\/v2\/media\/5458"}],"wp:attachment":[{"href":"https:\/\/semmelweis.hu\/baratikor\/wp-json\/wp\/v2\/media?parent=2270"}],"wp:term":[{"taxonomy":"category","embeddable":true,"href":"https:\/\/semmelweis.hu\/baratikor\/wp-json\/wp\/v2\/categories?post=2270"},{"taxonomy":"post_tag","embeddable":true,"href":"https:\/\/semmelweis.hu\/baratikor\/wp-json\/wp\/v2\/tags?post=2270"}],"curies":[{"name":"wp","href":"https:\/\/api.w.org\/{rel}","templated":true}]}}