{"id":2162,"date":"2023-01-04T13:39:00","date_gmt":"2023-01-04T12:39:00","guid":{"rendered":"https:\/\/semmelweis.hu\/baratikor\/?page_id=2162"},"modified":"2023-10-12T11:53:55","modified_gmt":"2023-10-12T09:53:55","slug":"petrovszkij-borisz-vasziljevics","status":"publish","type":"page","link":"https:\/\/semmelweis.hu\/baratikor\/galeria\/teljes-nevlista\/petrovszkij-borisz-vasziljevics\/","title":{"rendered":"Petrovszkij, Borisz Vasziljevics"},"content":{"rendered":"<p style=\"text-align: justify\"><strong> <a href=\"https:\/\/semmelweis.hu\/baratikor\/files\/2023\/07\/Petrovszkij-Borisz.jpg\"><img loading=\"lazy\" decoding=\"async\" class=\"alignleft size-medium wp-image-4905\" src=\"https:\/\/semmelweis.hu\/baratikor\/files\/2023\/07\/Petrovszkij-Borisz-279x400.jpg\" alt=\"\" width=\"279\" height=\"400\" srcset=\"https:\/\/semmelweis.hu\/baratikor\/files\/2023\/07\/Petrovszkij-Borisz-279x400.jpg 279w, https:\/\/semmelweis.hu\/baratikor\/files\/2023\/07\/Petrovszkij-Borisz.jpg 698w\" sizes=\"auto, (max-width: 279px) 100vw, 279px\" \/><\/a>(Jesszentuki<\/strong><strong>, Sztavropoli k\u00f6rzet, 1908. j\u00fanius 27.<\/strong><strong> \u2013 Moszkva, 2004. m\u00e1jus 4.)<\/strong><\/p>\n<p style=\"text-align: justify\"><strong>Tansz\u00e9k: <\/strong>III. sz. Seb\u00e9szeti Klinika 1949-1951.<\/p>\n<p style=\"text-align: justify\">\u00c9desapja orvos volt a Kauk\u00e1zus l\u00e1bain\u00e1l fekv\u0151 gy\u00f3gyf\u00fcrd\u0151helyen, Jesszentukiban. Kilenc\u00e9ves kor\u00e1ban a csal\u00e1d a k\u00f6zeli Kislovodszkra k\u00f6lt\u00f6z\u00f6tt, \u00edgy iskol\u00e1it is ott v\u00e9gezte. A Moszkvai Egyetem Orvosi Kar\u00e1ra iratkozott be. M\u00e1r az alapk\u00e9pz\u00e9s idej\u00e9n a seb\u00e9szet fel\u00e9 vonz\u00f3dott, ez\u00e9rt elm\u00e9ly\u00fclten tanulm\u00e1nyozta az anat\u00f3mi\u00e1t \u00e9s az \u00e9lettant. Az egyetem ut\u00e1n a Pirogov Seb\u00e9szk\u00e9pz\u0151 Int\u00e9zetbe ker\u00fclt, ahol a k\u00e9s\u0151bbi akad\u00e9mikus, Nyikolaj Burdenko \u00e9s a n\u00e9peg\u00e9szs\u00e9g\u00fcgyi biztos, Semasko voltak tan\u00e1rai. V\u00e9gz\u00e9se ut\u00e1n a podolszki k\u00f6rzeti k\u00f3rh\u00e1zban dolgozott seb\u00e9szk\u00e9nt. 1932-ben a Peter Herzen vezette Moszkvai R\u00e1kkutat\u00f3 Int\u00e9zet tudom\u00e1nyos munkat\u00e1rsa lett, ahol a mellr\u00e1k \u00e9s a v\u00e9r\u00e1t\u00f6mleszt\u00e9s k\u00e9rd\u00e9seivel foglalkozott. Els\u0151 tudom\u00e1nyos k\u00f6zlem\u00e9nye 1937-ben jelent meg a r\u00e1k seb\u00e9szeti kezel\u00e9s\u00e9r\u0151l. Ekkor v\u00e9dte meg kandid\u00e1tusi \u00e9rtekez\u00e9s\u00e9t a v\u00e9r\u00e1t\u00f6mleszt\u00e9s t\u00e9mak\u00f6r\u00e9ben. 1939 tel\u00e9n katonaorvosk\u00e9nt vett r\u00e9szt a Finnorsz\u00e1g elleni t\u00e9li h\u00e1bor\u00faban, ahol b\u0151s\u00e9ges alkalma ny\u00edlt t\u00e1bori seb\u00e9szi tapasztalatok szerz\u00e9s\u00e9re. Ezeknek j\u00f3 haszn\u00e1t vette a Nagy Honv\u00e9d\u0151 H\u00e1bor\u00faban, melyet v\u00e9gigszolg\u00e1lt. 1944-ben tansz\u00e9kvezet\u0151i kinevez\u00e9st kapott a leningr\u00e1di katonaorvosi akad\u00e9mi\u00e1ra. 1945 okt\u00f3ber\u00e9ben a Szovjetuni\u00f3 Tudom\u00e1nyos Akad\u00e9mi\u00e1ja Klinikai \u00e9s K\u00eds\u00e9rleti Seb\u00e9szeti Int\u00e9zet\u00e9nek igazgat\u00f3helyettese lett. 1947-ben v\u00e9dte meg doktori disszert\u00e1ci\u00f3j\u00e1t Az \u00e9rrendszert roncsolt l\u00f6v\u00e9si s\u00e9r\u00fcl\u00e9sek seb\u00e9szi ell\u00e1t\u00e1sa t\u00e9mak\u00f6rben. Korm\u00e1nymegb\u00edz\u00e1s alapj\u00e1n szerkesztette a 19 k\u00f6tetes \u00f6sszefoglal\u00f3 munk\u00e1t, A szovjet orvostudom\u00e1ny tapasztalatai a Nagy Honv\u00e9d\u0151 H\u00e1bor\u00faban c\u00edmmel. Ugyancsak korm\u00e1nymegb\u00edz\u00e1ssal \u00e9rkezett 1949-ben haz\u00e1nkba, ahol egyetem\u00fcnk (akkori nev\u00e9n P\u00e1zm\u00e1ny P\u00e9ter Tudom\u00e1nyegyetem) III. sz. Seb\u00e9szeti Klinik\u00e1j\u00e1n lett okt\u00f3ber 11-\u00e9n vend\u00e9gprofesszor, egyben klinikaigazgat\u00f3. A Kolt\u00f3i Anna Baleseti K\u00f3rh\u00e1zban (ma Orsz\u00e1gos Baleseti \u00e9s S\u00fcrg\u0151ss\u00e9gi K\u00f6zpont) m\u0171k\u00f6d\u0151 klinik\u00e1t teljesen \u00e1tszervezte, \u00faj munkam\u00f3dszereket vezetett be. Munk\u00e1j\u00e1nak egyik eredm\u00e9nye volt a hazai traumatol\u00f3giai oszt\u00e1lyok megszervez\u00e9se, a szervezett v\u00e9rell\u00e1t\u00e1s, a tetanus komplex kezel\u00e9s\u00e9nek bevezet\u00e9se. R\u00f6vid magyarorsz\u00e1gi tev\u00e9kenys\u00e9ge sor\u00e1n siker\u00fclt \u00faj t\u00edpus\u00fa seb\u00e9szi iskol\u00e1t nevelnie, olyan tan\u00edtv\u00e1nyokkal, mint Littman Imre, Marton Tibor, Rub\u00e1nyi P\u00e1l, Solt\u00e9sz Lajos, Sz\u00e1nt\u00f3 Gy\u00f6rgy vagy Sz\u00e9cs\u00e9ny Andor k\u00e9s\u0151bbi egyetemi tan\u00e1rok. 1951-ben t\u00e9rt vissza a Szovjetuni\u00f3ba a Moszkvai Pirogov Orvostudom\u00e1nyi Egyetemre, a Klinikai Seb\u00e9szeti Tansz\u00e9k \u00e9l\u00e9re. 1956-ban a Moszkvai Szecsenov Orvostudom\u00e1nyi Egyetem Seb\u00e9szeti Tansz\u00e9k\u00e9nek vezet\u0151j\u00e9v\u00e9 nevezt\u00e9k ki. 1957-ben lett tagja a Szovjetuni\u00f3 Tudom\u00e1nyos Akad\u00e9mi\u00e1j\u00e1nak. 1965-ben vette \u00e1t a Szovjetuni\u00f3 Eg\u00e9szs\u00e9g\u00fcgyi Miniszt\u00e9rium\u00e1nak vezet\u00e9s\u00e9t, ahol 1980-ig szolg\u00e1lt. Miniszteri m\u0171k\u00f6d\u00e9se alatt kapcsolatokat \u00e9p\u00edtett sz\u00e1mos nyugati orsz\u00e1ggal, szakos\u00edtott kutat\u00f3int\u00e9zetek h\u00e1l\u00f3zat\u00e1t hozt\u00e1k l\u00e9tre, orsz\u00e1gszerte korszer\u0171 eg\u00e9szs\u00e9g\u00fcgyi l\u00e9tes\u00edtm\u00e9nyek \u00e9p\u00fcltek, \u00e9s v\u00e9grehajtott\u00e1k az orvosk\u00e9pz\u00e9s reformj\u00e1t, \u00faj szakir\u00e1nyok bevezet\u00e9s\u00e9vel az egyetemeken. Miniszteri munk\u00e1ja mellett nyug\u00e1llom\u00e1nyba vonul\u00e1s\u00e1ig tov\u00e1bbra is vezette egyetemi tansz\u00e9k\u00e9t.<\/p>\n<p style=\"text-align: justify\">M\u00e1r egyetemi hallgat\u00f3 kor\u00e1ban bel\u00e9pett a szakszervezetbe \u00e9s a Komszomolba. 1942-ben csatlakozott az SZKP-hoz. 1966-1981 k\u00f6z\u00f6tt tagja volt a p\u00e1rt K\u00f6zponti Bizotts\u00e1g\u00e1nak \u00e9s a Szovjetuni\u00f3 Legfels\u0151 Tan\u00e1cs\u00e1nak.<\/p>\n<p style=\"text-align: justify\">Sz\u00e1mtalan kit\u00fcntet\u00e9se k\u00f6z\u00fcl kiemelkedik a Lenin-d\u00edj (1960) \u00e9s az \u00c1llami d\u00edj. 1965-ben a Magyar Tudom\u00e1nyos Akad\u00e9mia tiszteleti tagg\u00e1, 1967-ben a BOTE els\u0151 d\u00edszdoktor\u00e1v\u00e1 v\u00e1lasztotta.<\/p>\n<p style=\"text-align: justify\"><strong>Nyughelye: <\/strong>Moszkva, Novogyevicsi temet\u0151.<\/p>\n\r\n        [slb_exclude]\r\n        <div class=\"row galeria-wrapper mx-0 h-auto\">\r\n            <div class=\"col-9 pl-0 pr-2\">\r\n            <span class=\"gallery-item frame\">\r\n\t\t\t\t<div class=\"galeria-left-img\"><a href=\"https:\/\/semmelweis.hu\/baratikor\/files\/2023\/07\/Petrovszkij-Borisz.jpg\"><img src=https:\/\/semmelweis.hu\/baratikor\/files\/2023\/07\/Petrovszkij-Borisz.jpg  \r\n                            alt=\"\" \r\n                            class=\"attachment-sote-gallery-big size-sote-gallery-big\" \r\n                            srcset=\"https:\/\/semmelweis.hu\/baratikor\/files\/2023\/07\/Petrovszkij-Borisz-279x400.jpg 279w, https:\/\/semmelweis.hu\/baratikor\/files\/2023\/07\/Petrovszkij-Borisz.jpg 698w\" ><\/a><\/div>\r\n            <\/span>\r\n\r\n            <\/div>\r\n\r\n\t\t\t<div class=\"col-3 pl-0 pr-0\">\r\n\t\t\t\t<div class=\"galeria-right-img d-flex justify-content-between flex-column h-100 w-100 px-0 mx-0 \">\r\n                <div class=\"galeria-box\">\r\n\t\t\t\t\t<h3 class=\"galeria-title\">Gal\u00e9ria<\/h3>\r\n\t\t\t\t\t<div class=\"galeria-subtitle\">\r\n\r\n\t\t\t\t\t\t<div class=\"galeria-page-counter\"><span>8<\/span>k\u00e9p<\/div>\r\n                    <\/div> <\/div>\r\n                    <span class=\"gallery-item frame d-none d-md-flex\">\r\n\t\t\t\t\t<div class=\"galeria-small-img mt-0\"><a href=\"https:\/\/semmelweis.hu\/baratikor\/files\/2023\/07\/akademik-petrovskij-boris-vasilevich-biografiya-vklad-v-medicinu_7.jpg\"><img src=https:\/\/semmelweis.hu\/baratikor\/files\/2023\/07\/akademik-petrovskij-boris-vasilevich-biografiya-vklad-v-medicinu_7.jpg \r\n                                alt=\"\"  \r\n                                class=\"attachment-sote-gallery-small size-sote-gallery-small\" \r\n                                srcset=\"\" ><\/a><\/div>\r\n                    <\/span>\r\n                    <span class=\"gallery-item frame d-none d-md-flex\">\r\n\t\t\t\t\t<div class=\"galeria-small-img mt-0\"><a href=\"https:\/\/semmelweis.hu\/baratikor\/files\/2023\/07\/akademik-petrovskij-boris-vasilevich-biografiya-vklad-v-medicinu_6.jpg\"><img src=https:\/\/semmelweis.hu\/baratikor\/files\/2023\/07\/akademik-petrovskij-boris-vasilevich-biografiya-vklad-v-medicinu_6.jpg \r\n                                alt=\"\" \r\n                                class=\"attachment-sote-gallery-small size-sote-gallery-small\" \r\n                                srcset=\"https:\/\/semmelweis.hu\/baratikor\/files\/2023\/07\/akademik-petrovskij-boris-vasilevich-biografiya-vklad-v-medicinu_6-400x304.jpg 400w, https:\/\/semmelweis.hu\/baratikor\/files\/2023\/07\/akademik-petrovskij-boris-vasilevich-biografiya-vklad-v-medicinu_6.jpg 415w\" ><\/a><\/div>\r\n                    <\/span>\r\n\r\n                <\/div>\r\n\r\n            <\/div>\r\n\r\n            <span class=\"gallery-item\"><div class=\"hidden\"><a href=\"https:\/\/semmelweis.hu\/baratikor\/files\/2023\/07\/akademik-petrovskij-boris-vasilevich-biografiya-vklad-v-medicinu_5b.jpg\">\r\n        <img src=https:\/\/semmelweis.hu\/baratikor\/files\/2023\/07\/akademik-petrovskij-boris-vasilevich-biografiya-vklad-v-medicinu_5b.jpg alt=\"\" class=\"attachment-sote-gallery-big size-sote-gallery-big\" srcset=\"\" >\r\n        <\/a><\/div><\/span><span class=\"gallery-item\"><div class=\"hidden\"><a href=\"https:\/\/semmelweis.hu\/baratikor\/files\/2023\/07\/akademik-petrovskij-boris-vasilevich-biografiya-vklad-v-medicinu_4b.jpg\">\r\n        <img src=https:\/\/semmelweis.hu\/baratikor\/files\/2023\/07\/akademik-petrovskij-boris-vasilevich-biografiya-vklad-v-medicinu_4b.jpg alt=\"\" class=\"attachment-sote-gallery-big size-sote-gallery-big\" srcset=\"\" >\r\n        <\/a><\/div><\/span><span class=\"gallery-item\"><div class=\"hidden\"><a href=\"https:\/\/semmelweis.hu\/baratikor\/files\/2023\/07\/akademik-petrovskij-boris-vasilevich-biografiya-vklad-v-medicinu_3.jpg\">\r\n        <img src=https:\/\/semmelweis.hu\/baratikor\/files\/2023\/07\/akademik-petrovskij-boris-vasilevich-biografiya-vklad-v-medicinu_3.jpg alt=\"\" class=\"attachment-sote-gallery-big size-sote-gallery-big\" srcset=\"\" >\r\n        <\/a><\/div><\/span><span class=\"gallery-item\"><div class=\"hidden\"><a href=\"https:\/\/semmelweis.hu\/baratikor\/files\/2023\/07\/akademik-petrovskij-boris-vasilevich-biografiya-vklad-v-medicinu_2.jpg\">\r\n        <img src=https:\/\/semmelweis.hu\/baratikor\/files\/2023\/07\/akademik-petrovskij-boris-vasilevich-biografiya-vklad-v-medicinu_2.jpg alt=\"\" class=\"attachment-sote-gallery-big size-sote-gallery-big\" srcset=\"\" >\r\n        <\/a><\/div><\/span><span class=\"gallery-item\"><div class=\"hidden\"><a href=\"https:\/\/semmelweis.hu\/baratikor\/files\/2023\/07\/akademik-petrovskij-boris-vasilevich-biografiya-vklad-v-medicinu.jpg\">\r\n        <img src=https:\/\/semmelweis.hu\/baratikor\/files\/2023\/07\/akademik-petrovskij-boris-vasilevich-biografiya-vklad-v-medicinu.jpg alt=\"\" class=\"attachment-sote-gallery-big size-sote-gallery-big\" srcset=\"https:\/\/semmelweis.hu\/baratikor\/files\/2023\/07\/akademik-petrovskij-boris-vasilevich-biografiya-vklad-v-medicinu-400x301.jpg 400w, https:\/\/semmelweis.hu\/baratikor\/files\/2023\/07\/akademik-petrovskij-boris-vasilevich-biografiya-vklad-v-medicinu.jpg 404w\" >\r\n        <\/a><\/div><\/span>\r\n            <\/div>\r\n\r\n            [\/slb_exclude]\r\n\t\n","protected":false},"excerpt":{"rendered":"<p><a href=\"https:\/\/semmelweis.hu\/baratikor\/files\/2023\/07\/Petrovszkij-Borisz.jpg\"><\/a> (Jesszentuki, Sztavropoli k\u00f6rzet, 1908. j\u00fanius 27. \u2013 Moszkva, 2004. m\u00e1jus 4.) Tansz\u00e9k: III. sz. Seb\u00e9szeti Klinika 1949-1951. \u00c9desapja orvos volt a Kauk\u00e1zus l\u00e1bain\u00e1l fekv\u0151 gy\u00f3gyf\u00fcrd\u0151helyen, Jesszentukiban. Kilenc\u00e9ves kor\u00e1ban a csal\u00e1d a k\u00f6zeli Kislovodszkra k\u00f6lt\u00f6z\u00f6tt, \u00edgy iskol\u00e1it is ott v\u00e9gezte. A Moszkvai Egyetem Orvosi Kar\u00e1ra iratkozott be. M\u00e1r az alapk\u00e9pz\u00e9s idej\u00e9n a seb\u00e9szet fel\u00e9 vonz\u00f3dott, ez\u00e9rt &hellip;<\/p>\n","protected":false},"author":282,"featured_media":5427,"parent":347,"menu_order":0,"comment_status":"closed","ping_status":"closed","template":"template-fullwidth.php","meta":{"_acf_changed":false,"footnotes":""},"categories":[77,14],"tags":[],"class_list":["post-2162","page","type-page","status-publish","has-post-thumbnail","hentry","category-kegyeleti-adattar","category-teljes-nevlista"],"acf":[],"_links":{"self":[{"href":"https:\/\/semmelweis.hu\/baratikor\/wp-json\/wp\/v2\/pages\/2162","targetHints":{"allow":["GET"]}}],"collection":[{"href":"https:\/\/semmelweis.hu\/baratikor\/wp-json\/wp\/v2\/pages"}],"about":[{"href":"https:\/\/semmelweis.hu\/baratikor\/wp-json\/wp\/v2\/types\/page"}],"author":[{"embeddable":true,"href":"https:\/\/semmelweis.hu\/baratikor\/wp-json\/wp\/v2\/users\/282"}],"replies":[{"embeddable":true,"href":"https:\/\/semmelweis.hu\/baratikor\/wp-json\/wp\/v2\/comments?post=2162"}],"version-history":[{"count":3,"href":"https:\/\/semmelweis.hu\/baratikor\/wp-json\/wp\/v2\/pages\/2162\/revisions"}],"predecessor-version":[{"id":4906,"href":"https:\/\/semmelweis.hu\/baratikor\/wp-json\/wp\/v2\/pages\/2162\/revisions\/4906"}],"up":[{"embeddable":true,"href":"https:\/\/semmelweis.hu\/baratikor\/wp-json\/wp\/v2\/pages\/347"}],"wp:featuredmedia":[{"embeddable":true,"href":"https:\/\/semmelweis.hu\/baratikor\/wp-json\/wp\/v2\/media\/5427"}],"wp:attachment":[{"href":"https:\/\/semmelweis.hu\/baratikor\/wp-json\/wp\/v2\/media?parent=2162"}],"wp:term":[{"taxonomy":"category","embeddable":true,"href":"https:\/\/semmelweis.hu\/baratikor\/wp-json\/wp\/v2\/categories?post=2162"},{"taxonomy":"post_tag","embeddable":true,"href":"https:\/\/semmelweis.hu\/baratikor\/wp-json\/wp\/v2\/tags?post=2162"}],"curies":[{"name":"wp","href":"https:\/\/api.w.org\/{rel}","templated":true}]}}