{"id":1855,"date":"2023-01-04T08:35:05","date_gmt":"2023-01-04T07:35:05","guid":{"rendered":"https:\/\/semmelweis.hu\/baratikor\/?page_id=1855"},"modified":"2023-10-11T15:28:36","modified_gmt":"2023-10-11T13:28:36","slug":"hari-pal","status":"publish","type":"page","link":"https:\/\/semmelweis.hu\/baratikor\/galeria\/teljes-nevlista\/hari-pal\/","title":{"rendered":"H\u00e1ri P\u00e1l"},"content":{"rendered":"<p style=\"text-align: justify\"><strong><a href=\"https:\/\/semmelweis.hu\/baratikor\/galeria\/teljes-nevlista\/hari-pal\/hari-pal-318-ii-74\/\" rel=\"attachment wp-att-1856\"><img loading=\"lazy\" decoding=\"async\" class=\"alignleft size-medium wp-image-1856\" src=\"https:\/\/semmelweis.hu\/baratikor\/files\/2023\/01\/Hari-Pal-318.-II.74-288x400.jpg\" alt=\"\" width=\"288\" height=\"400\" srcset=\"https:\/\/semmelweis.hu\/baratikor\/files\/2023\/01\/Hari-Pal-318.-II.74-288x400.jpg 288w, https:\/\/semmelweis.hu\/baratikor\/files\/2023\/01\/Hari-Pal-318.-II.74.jpg 720w\" sizes=\"auto, (max-width: 288px) 100vw, 288px\" \/><\/a>(Pest, 1869. augusztus 29. \u2013 Budapest, 1933. m\u00e1jus 10.)<\/strong><\/p>\n<p style=\"text-align: justify\"><strong>Tansz\u00e9k: <\/strong>\u00c9let- \u00e9s K\u00f3rvegytani Int\u00e9zet 1915-1933.<\/p>\n<p style=\"text-align: justify\">\u00c9desapja term\u00e9nykeresked\u0151, k\u00e9s\u0151bb h\u00e1ztulajdonos volt. Eredeti neve Hirschel, amit testv\u00e9reivel egy\u00fctt 1882-ben magyaros\u00edtott. K\u00f6z\u00e9piskolai tanulm\u00e1nyait Budapesten, a piarist\u00e1kn\u00e1l \u00e9s a reform\u00e1tus f\u0151gimn\u00e1ziumban v\u00e9gezte, ahol 1887-ben tett \u00e9retts\u00e9git. Ezut\u00e1n Budapesten kezdett orvosi tanulm\u00e1nyokba, majd 1888-ban B\u00e9csben folytatta, ahol 1894-ben orvosi diplom\u00e1t szerzett. M\u00e1r 1893 szeptember\u00e9t\u0151l k\u00e9t tan\u00e9ven \u00e1t gyakornokk\u00e9nt szolg\u00e1lt Hermann Nothnagel b\u00e9csi klinik\u00e1j\u00e1n, majd 1895 okt\u00f3ber\u00e9t\u0151l 1897 m\u00e1jus\u00e1ig fizet\u00e9ses asszisztens volt Ismar Boas berlini poliklinik\u00e1j\u00e1n. Innen hazat\u00e9rve alkalmaz\u00e1s n\u00e9lk\u00fcl v\u00e9gzett \u00f6n\u00e1ll\u00f3 kutat\u00e1sokat a budapesti egyetem Gy\u00f3gyszertani, majd a K\u00f3rtani Int\u00e9zet\u00e9ben 1902-ig. 1902. \u00e1prilis 1-j\u00e9t\u0151l a Gy\u00f3gyszertani Int\u00e9zet II. tan\u00e1rseg\u00e9dje volt. 1904 j\u00fanius\u00e1ban az \u00c9let- \u00e9s K\u00f3rvegytani Int\u00e9zet II. tan\u00e1rseg\u00e9dje lett, de m\u00e1r az 1904\/05. tan\u00e9v els\u0151 szemeszter\u00e9ben helyettes\u00edtenie kellett professzor\u00e1t, Tangl Ferencet. 1906-ban mag\u00e1ntan\u00e1ri habilit\u00e1ci\u00f3t szerzett az orvosi k\u00e9miai diagnosztika t\u00e1rgyk\u00f6r\u00e9ben. 1906-1914 k\u00f6z\u00f6tt az \u00c1ltal\u00e1nos K\u00f3r- \u00e9s Gy\u00f3gytani Int\u00e9zetben dolgozott. 1914. szeptember \u00e9s 1915. augusztus k\u00f6z\u00f6tt az \u00c9lettani Int\u00e9zet I. tan\u00e1rseg\u00e9dje, majd adjunktusa volt, v\u00e9g\u00fcl nyilv\u00e1nos rendk\u00edv\u00fcli tan\u00e1rk\u00e9nt vette \u00e1t az \u00c9let- \u00e9s K\u00f3rvegytani Tansz\u00e9k vezet\u00e9s\u00e9t. 1919. m\u00e1rcius 15-\u00e9n visszamen\u0151leges, 1918. december 31-i hat\u00e1llyal nyilv\u00e1nos rendes tan\u00e1rnak nevezt\u00e9k ki.<\/p>\n<p style=\"text-align: justify\">Munk\u00e1ss\u00e1ga sor\u00e1n jelent\u0151s kutat\u00e1sokat v\u00e9gzett az anyagcser\u00e9vel, a hemoglobin \u00e9s sz\u00e1rmaz\u00e9kainak spektrofotometri\u00e1s vizsg\u00e1lat\u00e1val kapcsolatban, fejlesztette a kalorimetria m\u00f3dszertan\u00e1t. A magyarorsz\u00e1gi biok\u00e9miai kutat\u00e1sok egyik megalapoz\u00f3ja volt.<\/p>\n<p style=\"text-align: justify\"><strong>F\u0151bb munk\u00e1i:<\/strong> <em>Vasfelsz\u00edv\u00f3d\u00e1s a gyomorban \u00e9s a duodenumban<\/em>. Bp., 1899.; <em>Vizsg\u00e1latok a h\u0151szab\u00e1lyoz\u00e1s \u00e9lettan\u00e1nak k\u00f6r\u00e9b\u0151l<\/em>. Eger, 1908.; <em>Adatok a t\u00e9li \u00e1lmot alv\u00f3 eml\u0151s\u00f6k anyagforgalm\u00e1hoz<\/em>. Bp., 1909.; <em>A v\u00e9rtransfusio hat\u00e1sa az anyag- \u00e9s energiaforgalomra<\/em>. Eger, 1910.; <em>Az \u00e9let- \u00e9s k\u00f3rvegytan tank\u00f6nyve<\/em>. Bp., 1913.<\/p>\n<p style=\"text-align: justify\"><strong>Nyughelye:<\/strong> Budapest, Kozma utcai izraelita temet\u0151 5B 11-25.<\/p>\n","protected":false},"excerpt":{"rendered":"<p><a href=\"https:\/\/semmelweis.hu\/baratikor\/galeria\/teljes-nevlista\/hari-pal\/hari-pal-318-ii-74\/\" rel=\"attachment wp-att-1856\"><\/a> (Pest, 1869. augusztus 29. \u2013 Budapest, 1933. m\u00e1jus 10.) Tansz\u00e9k: \u00c9let- \u00e9s K\u00f3rvegytani Int\u00e9zet 1915-1933. \u00c9desapja term\u00e9nykeresked\u0151, k\u00e9s\u0151bb h\u00e1ztulajdonos volt. Eredeti neve Hirschel, amit testv\u00e9reivel egy\u00fctt 1882-ben magyaros\u00edtott. K\u00f6z\u00e9piskolai tanulm\u00e1nyait Budapesten, a piarist\u00e1kn\u00e1l \u00e9s a reform\u00e1tus f\u0151gimn\u00e1ziumban v\u00e9gezte, ahol 1887-ben tett \u00e9retts\u00e9git. Ezut\u00e1n Budapesten kezdett orvosi tanulm\u00e1nyokba, majd 1888-ban B\u00e9csben folytatta, ahol 1894-ben orvosi diplom\u00e1t &hellip;<\/p>\n","protected":false},"author":282,"featured_media":5380,"parent":347,"menu_order":0,"comment_status":"closed","ping_status":"closed","template":"template-fullwidth.php","meta":{"_acf_changed":false,"footnotes":""},"categories":[77,14],"tags":[],"class_list":["post-1855","page","type-page","status-publish","has-post-thumbnail","hentry","category-kegyeleti-adattar","category-teljes-nevlista"],"acf":[],"_links":{"self":[{"href":"https:\/\/semmelweis.hu\/baratikor\/wp-json\/wp\/v2\/pages\/1855","targetHints":{"allow":["GET"]}}],"collection":[{"href":"https:\/\/semmelweis.hu\/baratikor\/wp-json\/wp\/v2\/pages"}],"about":[{"href":"https:\/\/semmelweis.hu\/baratikor\/wp-json\/wp\/v2\/types\/page"}],"author":[{"embeddable":true,"href":"https:\/\/semmelweis.hu\/baratikor\/wp-json\/wp\/v2\/users\/282"}],"replies":[{"embeddable":true,"href":"https:\/\/semmelweis.hu\/baratikor\/wp-json\/wp\/v2\/comments?post=1855"}],"version-history":[{"count":2,"href":"https:\/\/semmelweis.hu\/baratikor\/wp-json\/wp\/v2\/pages\/1855\/revisions"}],"predecessor-version":[{"id":1858,"href":"https:\/\/semmelweis.hu\/baratikor\/wp-json\/wp\/v2\/pages\/1855\/revisions\/1858"}],"up":[{"embeddable":true,"href":"https:\/\/semmelweis.hu\/baratikor\/wp-json\/wp\/v2\/pages\/347"}],"wp:featuredmedia":[{"embeddable":true,"href":"https:\/\/semmelweis.hu\/baratikor\/wp-json\/wp\/v2\/media\/5380"}],"wp:attachment":[{"href":"https:\/\/semmelweis.hu\/baratikor\/wp-json\/wp\/v2\/media?parent=1855"}],"wp:term":[{"taxonomy":"category","embeddable":true,"href":"https:\/\/semmelweis.hu\/baratikor\/wp-json\/wp\/v2\/categories?post=1855"},{"taxonomy":"post_tag","embeddable":true,"href":"https:\/\/semmelweis.hu\/baratikor\/wp-json\/wp\/v2\/tags?post=1855"}],"curies":[{"name":"wp","href":"https:\/\/api.w.org\/{rel}","templated":true}]}}