{"id":1347,"date":"2022-12-30T11:59:07","date_gmt":"2022-12-30T10:59:07","guid":{"rendered":"https:\/\/semmelweis.hu\/baratikor\/?page_id=1347"},"modified":"2023-01-06T14:19:46","modified_gmt":"2023-01-06T13:19:46","slug":"streitt-janos","status":"publish","type":"page","link":"https:\/\/semmelweis.hu\/baratikor\/galeria\/teljes-nevlista\/streitt-janos\/","title":{"rendered":"Streitt J\u00e1nos"},"content":{"rendered":"<p style=\"text-align: justify\"><strong>(Trebits \/ma: T\u0159eb\u00ed\u010d\/, Morvaorsz\u00e1g, 1776 &#8211; Pest, ?)<\/strong><\/p>\n<p style=\"text-align: justify\"><strong>Tansz\u00e9k: <\/strong>az \u00fan. \u201ek\u00fcls\u0151 orvosi kar\u201d tagjak\u00e9nt nem v\u00e9gzett oktat\u00e1st.<\/p>\n<p style=\"text-align: justify\"><strong>Viselt egyetemi m\u00e9lt\u00f3s\u00e1g: <\/strong>d\u00e9k\u00e1n 1819\/20-1821\/22.<\/p>\n<p style=\"text-align: justify\">Morvaorsz\u00e1gban sz\u00fcletett, de egyetemi tanulm\u00e1nyait m\u00e1r Pesten v\u00e9gezte. \u00cdgy az akkor m\u00e9g el\u0151k\u00e9sz\u00edt\u0151 jelleg\u0171 b\u00f6lcs\u00e9szeti, majd 1795-1799 k\u00f6z\u00f6tt az orvosi kart, ez ut\u00f3bbit v\u00e9gig kir\u00e1lyi \u00f6szt\u00f6nd\u00edjask\u00e9nt. Annyit tudunk r\u00f3la, hogy ez id\u0151 alatt sz\u00fclein\u00e9l \u00e9lt, \u00e9desapja f\u0151hercegi seborvosk\u00e9nt tev\u00e9kenykedett. 1799 szeptember\u00e9ben \u00e9s okt\u00f3ber\u00e9ben tette le k\u00e9t szigorlat\u00e1t, az okt\u00f3ber 26-i nyilv\u00e1nos v\u00e9d\u00e9s ut\u00e1n okt\u00f3ber 29-\u00e9n orvosdoktorr\u00e1 avatt\u00e1k. Ezt k\u00f6vet\u0151en szinte semmilyen adatunk nincs r\u00f3la, szakirodalmi munk\u00e1ss\u00e1ga nem ismert. Gy\u0151ry Tibor kart\u00f6rt\u00e9nti monogr\u00e1fi\u00e1j\u00e1b\u00f3l tudjuk, hogy Buda v\u00e1ros\u00e1ban m\u0171k\u00f6d\u00f6tt tisztiorvosk\u00e9nt, \u00e9s k\u00e9t nappal pesti koll\u00e9g\u00e1ja, Bene Ferenc ut\u00e1n 1801. augusztus 29-\u00e9n kezdte meg Bud\u00e1n a himl\u0151olt\u00e1sokat. Az \u00fan. &#8222;k\u00fcls\u0151 orvosi kar&#8221; (az egyetemen nem oktat\u00f3, de a v\u00e1rosban praktiz\u00e1l\u00f3 orvosok test\u00fclete) tagjak\u00e9nt ker\u00fclhetett a d\u00e9k\u00e1ni sz\u00e9kbe. Hal\u00e1l\u00e1nak ideje is ismeretlen.<\/p>\n<p style=\"text-align: justify\"><strong>F\u0151bb munk\u00e1i:<\/strong> nem ismert.<\/p>\n<p style=\"text-align: justify\"><strong>Nyughelye:<\/strong> nem ismert.<\/p>\n","protected":false},"excerpt":{"rendered":"<p>(Trebits \/ma: T\u0159eb\u00ed\u010d\/, Morvaorsz\u00e1g, 1776 &#8211; Pest, ?) Tansz\u00e9k: az \u00fan. \u201ek\u00fcls\u0151 orvosi kar\u201d tagjak\u00e9nt nem v\u00e9gzett oktat\u00e1st. Viselt egyetemi m\u00e9lt\u00f3s\u00e1g: d\u00e9k\u00e1n 1819\/20-1821\/22. Morvaorsz\u00e1gban sz\u00fcletett, de egyetemi tanulm\u00e1nyait m\u00e1r Pesten v\u00e9gezte. \u00cdgy az akkor m\u00e9g el\u0151k\u00e9sz\u00edt\u0151 jelleg\u0171 b\u00f6lcs\u00e9szeti, majd 1795-1799 k\u00f6z\u00f6tt az orvosi kart, ez ut\u00f3bbit v\u00e9gig kir\u00e1lyi \u00f6szt\u00f6nd\u00edjask\u00e9nt. Annyit tudunk r\u00f3la, hogy ez id\u0151 &hellip;<\/p>\n","protected":false},"author":282,"featured_media":0,"parent":347,"menu_order":0,"comment_status":"closed","ping_status":"closed","template":"template-fullwidth.php","meta":{"_acf_changed":false,"footnotes":""},"categories":[6,20,81,14],"tags":[],"class_list":["post-1347","page","type-page","status-publish","hentry","category-dekanok","category-dekanok-karok-szerint","category-orvosi-kar-dekanjai","category-teljes-nevlista"],"acf":[],"_links":{"self":[{"href":"https:\/\/semmelweis.hu\/baratikor\/wp-json\/wp\/v2\/pages\/1347","targetHints":{"allow":["GET"]}}],"collection":[{"href":"https:\/\/semmelweis.hu\/baratikor\/wp-json\/wp\/v2\/pages"}],"about":[{"href":"https:\/\/semmelweis.hu\/baratikor\/wp-json\/wp\/v2\/types\/page"}],"author":[{"embeddable":true,"href":"https:\/\/semmelweis.hu\/baratikor\/wp-json\/wp\/v2\/users\/282"}],"replies":[{"embeddable":true,"href":"https:\/\/semmelweis.hu\/baratikor\/wp-json\/wp\/v2\/comments?post=1347"}],"version-history":[{"count":1,"href":"https:\/\/semmelweis.hu\/baratikor\/wp-json\/wp\/v2\/pages\/1347\/revisions"}],"predecessor-version":[{"id":1348,"href":"https:\/\/semmelweis.hu\/baratikor\/wp-json\/wp\/v2\/pages\/1347\/revisions\/1348"}],"up":[{"embeddable":true,"href":"https:\/\/semmelweis.hu\/baratikor\/wp-json\/wp\/v2\/pages\/347"}],"wp:attachment":[{"href":"https:\/\/semmelweis.hu\/baratikor\/wp-json\/wp\/v2\/media?parent=1347"}],"wp:term":[{"taxonomy":"category","embeddable":true,"href":"https:\/\/semmelweis.hu\/baratikor\/wp-json\/wp\/v2\/categories?post=1347"},{"taxonomy":"post_tag","embeddable":true,"href":"https:\/\/semmelweis.hu\/baratikor\/wp-json\/wp\/v2\/tags?post=1347"}],"curies":[{"name":"wp","href":"https:\/\/api.w.org\/{rel}","templated":true}]}}