{"id":1863,"date":"2020-05-05T15:41:17","date_gmt":"2020-05-05T13:41:17","guid":{"rendered":"https:\/\/semmelweis.hu\/asszisztaltreprodukcio\/?page_id=1863"},"modified":"2022-06-21T14:03:40","modified_gmt":"2022-06-21T12:03:40","slug":"covid-protokoll","status":"publish","type":"page","link":"https:\/\/semmelweis.hu\/asszisztaltreprodukcio\/covid-protokoll\/","title":{"rendered":"COVID t\u00e1j\u00e9koztat\u00f3"},"content":{"rendered":"<div style=\"text-align: justify\"><span style=\"color: #ff6600\">Kedves Betegeink!<\/span><\/div>\n<div style=\"text-align: justify\">\u00a0<\/div>\n<div style=\"text-align: justify\"><span style=\"color: #ff6600\">T\u00e1j\u00e9koztatjuk \u00d6n\u00f6ket, hogy a hazai COVID j\u00e1rv\u00e1nyhelyzet kedvez\u0151 alakul\u00e1s\u00e1nak megfelel\u0151en, az oszt\u00e1lyunkon az elm\u00falt k\u00e9t \u00e9v folyam\u00e1n elrendelt int\u00e9zked\u00e9sek (ellen\u00f6rz\u0151 lista k\u00fcld\u00e9se, PCR teszt \u00e9s\/vagy antig\u00e9n gyorsteszt\u00a0 v\u00e9gz\u00e9se, stb.) hat\u00e1ly\u00e1t egyel\u0151re -esetleges tov\u00e1bbi int\u00e9zked\u00e9sig- felf\u00fcggesztj\u00fck, f\u00fcggetlen\u00fcl att\u00f3l, hogy betegeink COVID elleni olt\u00e1sban r\u00e9szes\u00fcltek vagy esetleg nem r\u00e9szes\u00fcltek. A sz\u00e1jmaszk visel\u00e9se azonban -a hazai, eg\u00e9szs\u00e9g\u00fcgyben elrendelt el\u0151\u00edr\u00e1soknak megfelel\u0151en- tov\u00e1bbra is k\u00f6telez\u0151 oszt\u00e1lyunkon is, csak\u00fagy mint a &#8222;Magatart\u00e1si K\u00f3dex&#8221;-ben foglaltak betart\u00e1sa.<\/span><\/div>\n<div style=\"text-align: justify\">\u00a0<\/div>\n<div style=\"text-align: justify\"><span style=\"color: #ff6600\">Egy\u00fcttm\u0171k\u00f6d\u00e9s\u00fcket k\u00f6sz\u00f6nj\u00fck.<\/span><\/div>\n<div>\u00a0<\/div>\n<div><span style=\"color: #ff6600\">az<\/span><\/div>\n<div><span style=\"color: #ff6600\">Assziszt\u00e1lt Reprodukci\u00f3s Oszt\u00e1ly<\/span><\/div>\n<div><span style=\"color: #ff6600\">munkat\u00e1rsai\u00a0<\/span><\/div>\n<div>\u00a0<\/div>\n<div><span style=\"color: #ff6600\">2022. j\u00fanius 21.<\/span><\/div>\n<p>&nbsp;<\/p>\n<p style=\"text-align: justify\"><span style=\"color: #000000\">Kedves Betegeink!<\/span><\/p>\n<div id=\"m_6209563948423002702GroupWiseSection_1628494952000_urbancsek.janos@med.semmelweis-univ.hu_B675B601091900009076000000000000_\">\n<div>\n<div>\n<div class=\"gmail_quote\" dir=\"auto\">\n<div dir=\"auto\" style=\"text-align: justify\">\u00a0<\/div>\n<div dir=\"auto\" style=\"text-align: justify\"><span style=\"color: #000000\">\u00d6r\u00f6mmel t\u00e1j\u00e9koztatjuk \u00d6n\u00f6ket, hogy -tekintettel a j\u00e1rv\u00e1ny\u00fcgyi korl\u00e1toz\u00e1sok \u00e1ltal\u00e1nos enyh\u00fcl\u00e9s\u00e9re-\u00a0az Assziszt\u00e1lt Reprodukci\u00f3s Oszt\u00e1lyunkon\u00a0is, a szigor\u00fa el\u0151jegyz\u00e9si\u00a0el\u0151\u00edr\u00e1saink m\u00e9rs\u00e9kl\u00e9se mellett d\u00f6nt\u00f6tt\u00fcnk:<\/span><\/div>\n<div dir=\"auto\" style=\"text-align: justify\">\u00a0<\/div>\n<div dir=\"auto\" style=\"text-align: justify\"><span style=\"color: #000000\">Amennyiben az\u00a0Oszt\u00e1lyunkon kezelt vagy kivizsg\u00e1l\u00e1sra illetve kezel\u00e9sre jelentkez\u0151 p\u00e1r mindk\u00e9t tagja rendelkezik \u00e9rv\u00e9nyes v\u00e9detts\u00e9gi (covid-olt\u00e1si vagy covid-gy\u00f3gyult) igazolv\u00e1nnyal, \u00e9s azt sz\u00e1munkra m\u00e1solat form\u00e1j\u00e1ban \u00e1tadja, -2021. 08. 01-t\u0151l visszavon\u00e1sig- eltekint\u00fcnk a covid-ellen\u00f6rz\u0151 lista el\u0151zetes bek\u00fcld\u00e9s\u00e9t\u0151l.<\/span><\/div>\n<div dir=\"auto\" style=\"text-align: justify\">\u00a0<\/div>\n<div dir=\"auto\" style=\"text-align: justify\"><span style=\"color: #000000\">A petesejt-nyer\u00e9sre, mint egynapos beavatkoz\u00e1sra\u00a0megjelen\u0151, a fent eml\u00edtett\u00a0v\u00e9detts\u00e9gi igazolv\u00e1nnyal rendelkez\u0151\u00a0betegeink a klinikai felv\u00e9tel sor\u00e1n mentes\u00fclnek\u00a0 az antig\u00e9n alap\u00fa gyorsteszt elv\u00e9gz\u00e9se al\u00f3l is.<\/span><\/div>\n<div dir=\"auto\" style=\"text-align: justify\">\u00a0<\/div>\n<div dir=\"auto\" style=\"text-align: justify\"><span style=\"color: #000000\">Egy\u00fcttm\u0171k\u00f6d\u00e9s\u00fcket ez\u00faton is k\u00f6sz\u00f6nj\u00fck!<\/span><\/div>\n<div dir=\"auto\" style=\"text-align: justify\">\u00a0<\/div>\n<div dir=\"auto\" style=\"text-align: justify\"><span style=\"color: #000000\">Az<\/span><\/div>\n<div dir=\"auto\" style=\"text-align: justify\"><span style=\"color: #000000\">Assziszt\u00e1lt Reprodukci\u00f3s Oszt\u00e1ly<\/span><\/div>\n<div dir=\"auto\" style=\"text-align: justify\"><span style=\"color: #000000\">munkat\u00e1rsai<\/span><\/div>\n<div dir=\"auto\">\u00a0<\/div>\n<\/div>\n<div dir=\"auto\" style=\"text-align: justify\"><span style=\"color: #000000\">2021. augusztus 9.\u00a0<\/span><\/div>\n<\/div>\n<\/div>\n<div dir=\"auto\">\u00a0<\/div>\n<\/div>\n<p style=\"text-align: justify\"><span style=\"color: #000000\">Kedves Betegeink!<\/span><\/p>\n<p style=\"text-align: justify\"><span style=\"color: #000000\">\u00d6r\u00f6mmel t\u00e1j\u00e9koztatjuk \u00d6n\u00f6ket, hogy a hazai COVID-19 j\u00e1rv\u00e1ny\u00fcgyi helyzet alakul\u00e1sa valamint a Semmelweis Egyetem vezet\u0151s\u00e9ge egyar\u00e1nt lehet\u0151v\u00e9 teszi sz\u00e1munkra, hogy oszt\u00e1lyunkon az assziszt\u00e1lt reprodukci\u00f3s kezel\u00e9seket illetve kivizsg\u00e1l\u00e1sokat megfelel\u0151 k\u00f6r\u00fcltekint\u00e9ssel \u00e9s \u00f3vatoss\u00e1ggal \u00fajraind\u00edtsuk. Az \u00fajraindul\u00e1st illetve a j\u00e1rv\u00e1ny ideje alatti munk\u00e1nkat az Eur\u00f3pai Hum\u00e1n Reprodukci\u00f3s \u00e9s Embriol\u00f3giai T\u00e1rsas\u00e1g (ESHRE) erre <a href=\"https:\/\/www.eshre.eu\/Press-Room\/ESHRE-News#COVID19_April2\" target=\"_blank\" rel=\"noopener noreferrer\">vonatkoz\u00f3 ir\u00e1nymutat\u00e1s\u00e1nak<\/a> megfelel\u0151en v\u00e9gezz\u00fck, mely oszt\u00e1lyunk betegeire vonatkoz\u00f3 gyakorlati r\u00e9szleteit az al\u00e1bbiakban foglaljuk \u00f6ssze.<\/span><\/p>\n<p style=\"text-align: justify\"><span style=\"color: #000000\">Oszt\u00e1lyunkon t\u00f6rt\u00e9n\u0151 b\u00e1rmilyen c\u00e9l\u00fa (els\u0151 besz\u00e9lget\u00e9s, konzult\u00e1ci\u00f3, vizsg\u00e1lat vagy kezel\u00e9s) szem\u00e9lyes megjelen\u00e9shez el\u0151zetes, telefonon kereszt\u00fcli id\u0151pont-egyeztet\u00e9s sz\u00fcks\u00e9ges.<\/span><\/p>\n<p style=\"text-align: justify\"><span style=\"color: #000000\">A tervezett megjelen\u00e9s (amikorra majd az id\u0151pontot szeretn\u00e9k k\u00e9rni) el\u0151tt 14 nappal a p\u00e1r mindk\u00e9t tagj\u00e1nak a COVID-19 j\u00e1rv\u00e1nnyal kapcsolatos, \u00fagynevezett \u201eEllen\u0151rz\u0151 list\u00e1t\u201d kell kit\u00f6ltenie \u00e9s sz\u00e1munkra, az al\u00e1bbi e-mail c\u00edmre elk\u00fcldeni: <a href=\"mailto:aro.noibaross@med.semmelweis-univ.hu\">aro.noibaross@med.semmelweis-univ.hu<\/a><\/span><\/p>\n<p style=\"text-align: justify\"><span style=\"color: #000000\">Az id\u0151pont telefonon kereszt\u00fcli egyeztet\u00e9s\u00e9re, vagyis az \u00d6n\u00f6k \u00e1ltal kezdem\u00e9nyezett telefonh\u00edv\u00e1sra (+36-20-8254234) legkor\u00e1bban az <a href=\"https:\/\/semmelweis.hu\/asszisztaltreprodukcio\/covid-protokoll\/dokumentum-tar\/\">\u201eEllen\u0151rz\u0151 lista\u201d<\/a> elk\u00fcld\u00e9se ut\u00e1ni 2. munkanapon ker\u00fclhet sor, mivel nek\u00fcnk a bek\u00fcld\u00f6tt \u201eEllen\u0151rz\u0151 list\u00e1kat\u201d \u00e9rt\u00e9kelni kell \u00e9s annak alapj\u00e1n m\u00e9rlegelni, hogy az adott beteget tudjuk-e majd fogadni oszt\u00e1lyunkon vagy esetleg el\u0151tte COVID-19 sz\u0171r\u0151vizsg\u00e1lat elv\u00e9gz\u00e9s\u00e9t tartjuk sz\u00fcks\u00e9gesnek.<\/span><\/p>\n<p style=\"text-align: justify\"><span style=\"color: #000000\">K\u00e9rj\u00fck, hogy a kit\u00f6lt\u00f6tt ellen\u0151rz\u00e9si list\u00e1t a p\u00e1r egyik tagj\u00e1nak szem\u00e9lyes, rendszeresen haszn\u00e1lt, j\u00f3l beazonos\u00edthat\u00f3 e-mail c\u00edm\u00e9r\u0151l k\u00fcldj\u00e9k el az <strong>aro.noibaross@med.semmelweis-univ.hu<\/strong>\u00a0 c\u00edmre.<\/span><\/p>\n<p style=\"text-align: justify\"><span style=\"color: #000000\">Fontos, hogy a kit\u00f6lt\u00f6tt dokumentumot \u00fagy nevezz\u00e9k \u00e1t, hogy az a feles\u00e9g\/p\u00e1r n\u0151tagja nev\u00e9t (vezet\u00e9k- \u00e9s keresztnev\u00e9t), sz\u00fclet\u00e9si d\u00e1tum\u00e1t, a k\u00f6vetkez\u0151 m\u00f3don tartalmazza: <em>Minta R\u00f3bertn\u00e9-19930210.<\/em><\/span><\/p>\n<p style=\"text-align: justify\"><span style=\"color: #000000\">K\u00e9rj\u00fck, hogy az e-mail \u201et\u00e1rgy\u201d rovat\u00e1ba ugyanezt az inform\u00e1ci\u00f3t \u00edrj\u00e1k be: <em>Minta R\u00f3bern\u00e9-19930210. <\/em>Amennyiben \u00d6n\u00f6k oszt\u00e1lyunkon m\u00e9g sosem j\u00e1rtak \u00e9s \u00faj betegk\u00e9nt szeretn\u00e9nek majd id\u0151pontot k\u00e9rni els\u0151 besz\u00e9lget\u00e9sre, akkor e-mailj\u00fck \u201et\u00e1rgy\u201d mez\u0151j\u00e9ben ezt is jelezz\u00e9k \u201e\u00daJ BETEG\u201d kieg\u00e9sz\u00edt\u00e9ssel a k\u00f6vetkez\u0151 m\u00f3don: \u00daJ BETEG <em>Minta R\u00f3bertn\u00e9-19930210<\/em><\/span><\/p>\n<p style=\"text-align: justify\"><span style=\"color: #000000\">T\u00e1j\u00e9koztatjuk \u00d6n\u00f6ket, hogy amennyib<\/span>en \u00d6n\u00f6k els\u0151 besz\u00e9lget\u00e9sen, vagy assziszt\u00e1lt reprodukci\u00f3s kezel\u00e9sen (termin\u00e1lt egy\u00fcttl\u00e9t, inszemin\u00e1ci\u00f3, szervezeten k\u00edv\u00fcli megterm\u00e9keny\u00edt\u00e9s) vesznek majd r\u00e9szt, az \u201eEllen\u0151rz\u00e9si list\u00e1t\u201d Oszt\u00e1lyunkon t\u00f6rt\u00e9n\u0151 szem\u00e9lyes megjelen\u00e9s\u00fckkor ism\u00e9t ki kell majd t\u00f6lteni\u00fck.<\/p>\n<p style=\"text-align: justify\">Fontos szem el\u0151tt tartanunk, hogy a j\u00e1rv\u00e1ny\u00fcgyi vesz\u00e9lyhelyzettel kapcsolatos korl\u00e1toz\u00e1sok ugyan r\u00e9szben enyh\u00fcltek, de a COVID-19 j\u00e1rv\u00e1ny tov\u00e1bbra is fenn\u00e1ll, vele egy\u00fctt kell \u00e9ln\u00fcnk \u00e9s ell\u00e1tnunk a gyermek ut\u00e1ni v\u00e1gy miatt kor\u00e1bban m\u00e1r oszt\u00e1lyunkhoz fordult \u00e9s a csak most jelentkez\u0151 \u00faj betegeket egyar\u00e1nt. Ezt csak akkor tudjuk biztons\u00e1gosan megtenni, ha \u00f3vatosan, k\u00f6r\u00fcltekint\u0151en v\u00e9gezz\u00fcnk munk\u00e1nkat. Ezt szolg\u00e1lja a fent r\u00e9szletezett adminisztrat\u00edv l\u00e9p\u00e9sek bevezet\u00e9se \u00e9s marad\u00e9ktalan k\u00f6vet\u00e9se.<\/p>\n<p style=\"text-align: justify\">Tisztelettel k\u00e9rj\u00fck meg\u00e9rt\u00e9s\u00fcket, t\u00fcrelm\u00fcket \u00e9s -nem utols\u00f3 sorban- akt\u00edv egy\u00fcttm\u0171k\u00f6d\u00e9s\u00fcket abban, hogy munk\u00e1nkat az \u00d6n\u00f6k \u00e1ltal j\u00f3l ismert \u00e9s <a href=\"https:\/\/semmelweis.hu\/asszisztaltreprodukcio\/pacienseknek\/statisztikaink\/ivf-statisztikak\/\">honlapunkon k\u00f6zz\u00e9tett eredm\u00e9nyess\u00e9ggel<\/a> tudjuk a tov\u00e1bbiakban is v\u00e9gezni \u00fagy, hogy ek\u00f6zben sem \u00d6n\u00f6ket sem munkat\u00e1rsainkat ne tegy\u00fck ki a COVID-19 fert\u0151z\u00e9s fokozott kock\u00e1zat\u00e1nak. \u00a0Ennek kapcs\u00e1n k\u00e9rj\u00fck \u00d6n\u00f6ket, hogy az \u201eEllen\u0151rz\u0151 lista\u201d legels\u0151 kit\u00f6lt\u00e9s\u00e9t\u0151l kezdve fokozottan \u00fcgyeljenek az \u00e1ltal\u00e1nos COVID-19 j\u00e1rv\u00e1ny\u00fcgyi szab\u00e1lyok pontos betart\u00e1s\u00e1ra, melyeket az al\u00e1bbi \u201e<a href=\"https:\/\/semmelweis.hu\/asszisztaltreprodukcio\/covid-protokoll\/magatartasi-kodex\/\">Magatart\u00e1si k\u00f3dexben<\/a>\u201d foglalunk \u00f6ssze az \u00d6n\u00f6k sz\u00e1m\u00e1ra \u00e9s melynek betart\u00e1s\u00e1t \u2013term\u00e9szetesen- munkat\u00e1rsainkt\u00f3l is megk\u00f6vetelj\u00fck.<\/p>\n<p style=\"text-align: justify\">Az \u201e<a href=\"https:\/\/semmelweis.hu\/asszisztaltreprodukcio\/covid-protokoll\/dokumentum-tar\/\">Ellen\u0151rz\u0151 list\u00e1hoz<\/a>\u201d csatolt <a href=\"https:\/\/semmelweis.hu\/asszisztaltreprodukcio\/covid-protokoll\/magatartasi-kodex\/\">\u201eMagatart\u00e1si k\u00f3dex\u201d<\/a> \u00e1ttekint\u00e9se, annak k\u00fcl\u00f6n d\u00e1tumoz\u00e1sa \u00e9s elfogad\u00e1sa elv\u00e1laszthatatlan r\u00e9sz\u00e9t k\u00e9pezi a kit\u00f6lt\u00f6tt \u00e9s oszt\u00e1lyunkra e-mailen eljuttatott \u201eEllen\u0151rz\u0151 lista\u201d dokumentumnak.<\/p>\n<p style=\"text-align: justify\">Meg\u00e9rt\u00e9s\u00fcket \u00e9s egy\u00fcttm\u0171k\u00f6d\u00e9s\u00fcket k\u00f6sz\u00f6nj\u00fck!<\/p>\n<p>&nbsp;<\/p>\n<p style=\"text-align: justify\">Prof. Dr. Urbancsek J\u00e1nos<br \/>\noszt\u00e1lyvezet\u0151 <br \/>\n\u00e9s az Assziszt\u00e1lt Reprodukci\u00f3s Oszt\u00e1ly munkat\u00e1rsai<\/p>\n<p>&nbsp;<\/p>\n<p style=\"text-align: justify\">Budapest, 2020.05.05.<\/p>\n","protected":false},"excerpt":{"rendered":"<p>Kedves Betegeink! \u00a0 T\u00e1j\u00e9koztatjuk \u00d6n\u00f6ket, hogy a hazai COVID j\u00e1rv\u00e1nyhelyzet kedvez\u0151 alakul\u00e1s\u00e1nak megfelel\u0151en, az oszt\u00e1lyunkon az elm\u00falt k\u00e9t \u00e9v folyam\u00e1n elrendelt int\u00e9zked\u00e9sek (ellen\u00f6rz\u0151 lista k\u00fcld\u00e9se, PCR teszt \u00e9s\/vagy antig\u00e9n gyorsteszt\u00a0 v\u00e9gz\u00e9se, stb.) hat\u00e1ly\u00e1t egyel\u0151re -esetleges tov\u00e1bbi int\u00e9zked\u00e9sig- felf\u00fcggesztj\u00fck, f\u00fcggetlen\u00fcl att\u00f3l, hogy betegeink COVID elleni olt\u00e1sban r\u00e9szes\u00fcltek vagy esetleg nem r\u00e9szes\u00fcltek. A sz\u00e1jmaszk visel\u00e9se azonban -a &hellip;<\/p>\n","protected":false},"author":101727,"featured_media":0,"parent":0,"menu_order":9,"comment_status":"closed","ping_status":"closed","template":"","meta":{"_acf_changed":false,"footnotes":""},"categories":[],"tags":[],"class_list":["post-1863","page","type-page","status-publish","hentry"],"acf":[],"_links":{"self":[{"href":"https:\/\/semmelweis.hu\/asszisztaltreprodukcio\/wp-json\/wp\/v2\/pages\/1863","targetHints":{"allow":["GET"]}}],"collection":[{"href":"https:\/\/semmelweis.hu\/asszisztaltreprodukcio\/wp-json\/wp\/v2\/pages"}],"about":[{"href":"https:\/\/semmelweis.hu\/asszisztaltreprodukcio\/wp-json\/wp\/v2\/types\/page"}],"author":[{"embeddable":true,"href":"https:\/\/semmelweis.hu\/asszisztaltreprodukcio\/wp-json\/wp\/v2\/users\/101727"}],"replies":[{"embeddable":true,"href":"https:\/\/semmelweis.hu\/asszisztaltreprodukcio\/wp-json\/wp\/v2\/comments?post=1863"}],"version-history":[{"count":10,"href":"https:\/\/semmelweis.hu\/asszisztaltreprodukcio\/wp-json\/wp\/v2\/pages\/1863\/revisions"}],"predecessor-version":[{"id":2297,"href":"https:\/\/semmelweis.hu\/asszisztaltreprodukcio\/wp-json\/wp\/v2\/pages\/1863\/revisions\/2297"}],"wp:attachment":[{"href":"https:\/\/semmelweis.hu\/asszisztaltreprodukcio\/wp-json\/wp\/v2\/media?parent=1863"}],"wp:term":[{"taxonomy":"category","embeddable":true,"href":"https:\/\/semmelweis.hu\/asszisztaltreprodukcio\/wp-json\/wp\/v2\/categories?post=1863"},{"taxonomy":"post_tag","embeddable":true,"href":"https:\/\/semmelweis.hu\/asszisztaltreprodukcio\/wp-json\/wp\/v2\/tags?post=1863"}],"curies":[{"name":"wp","href":"https:\/\/api.w.org\/{rel}","templated":true}]}}