{"id":14,"date":"2012-12-10T11:09:12","date_gmt":"2012-12-10T10:09:12","guid":{"rendered":"http:\/\/semmelweis-egyetem.hu\/areprodukcio1\/?page_id=14"},"modified":"2025-05-28T13:47:32","modified_gmt":"2025-05-28T11:47:32","slug":"megkozelites","status":"publish","type":"page","link":"https:\/\/semmelweis.hu\/asszisztaltreprodukcio\/megkozelites\/","title":{"rendered":"Kapcsolat"},"content":{"rendered":"<h3 style=\"text-align: center\"><em>Semmelweis Egyetem, Sz\u00fcl\u00e9szeti \u00e9s N\u0151gy\u00f3gy\u00e1szati Klinika\u00a0<\/em><br \/>\n<strong><br \/>\n<\/strong>Assziszt\u00e1lt Reprodukci\u00f3s Oszt\u00e1ly (ARO)<\/h3>\n<p><strong>C\u00edm:<\/strong> 1088, Budapest,\u00a0 Baross utca 27.\u00a0<\/p>\n<p><strong>Tel:<\/strong> 06 20 825 4234\u00a0<\/p>\n<p><strong>E-mail:<\/strong> <a href=\"mailto:aro.noibaross@semmelweis.hu\">aro.noibaross@semmelweis.hu<\/a><\/p>\n<p><span style=\"font-weight: 400\">Az Oszt\u00e1lyunkon <span style=\"color: #ff0000\"><strong>kiz\u00e1r\u00f3lag<\/strong><\/span> az <strong>el\u0151sz\u00f6r<\/strong><\/span><b> jelentkez\u0151 p\u00e1rok a legels\u0151 konzult\u00e1ci\u00f3ra <\/b><span style=\"font-weight: 400\">mostant\u00f3l <span style=\"color: #ff0000\"><strong>kiz\u00e1r\u00f3lag<\/strong><\/span> az al\u00e1bbi m\u00f3dokon tudnak id\u0151pontot foglalni:\u00a0<\/span><\/p>\n<ul>\n<li style=\"font-weight: 400\"><a href=\"https:\/\/www.eeszt.gov.hu\/hu\/nyito-oldal\"><span style=\"font-weight: 400\">EESZT lakoss\u00e1gi port\u00e1l<\/span><\/a><\/li>\n<li style=\"font-weight: 400\"><span style=\"font-weight: 400\">Eg\u00e9szs\u00e9gAblak applik\u00e1ci\u00f3<\/span><\/li>\n<li style=\"font-weight: 400\"><span style=\"font-weight: 400\">1812-es telefonsz\u00e1m<\/span><\/li>\n<\/ul>\n<p>K\u00e9rj\u00fck, hogy sikeres id\u0151pontfogal\u00e1st k\u00f6vet\u0151en, a lefoglalt id\u0151pontban a p\u00e1r mindk\u00e9t tagja:<\/p>\n<ul>\n<li style=\"list-style-type: none\">\n<ul>\n<li>szem\u00e9lyi igazolv\u00e1nnyal<\/li>\n<li>lakc\u00edm k\u00e1rty\u00e1val,<\/li>\n<li>TAJ k\u00e1rty\u00e1val<\/li>\n<\/ul>\n<\/li>\n<\/ul>\n<p>jelenjen meg Oszt\u00e1lyunkon.\u00a0<\/p>\n<div style=\"text-align: justify\"><span style=\"font-weight: 400\">Azon Betegeink, <strong><span style=\"color: #ff0000\">akik m\u00e1r kezel\u00e9s alatt \u00e1llnak Oszt\u00e1lyunkon<\/span><\/strong>, tov\u00e1bbra is a kor\u00e1bbiakban megszokott m\u00f3don,\u00a0<\/span><\/div>\n<div>\u00a0<\/div>\n<div style=\"text-align: justify\"><strong>h\u00e9tf\u0151, kedd, szerda, cs\u00fct\u00f6rt\u00f6k<\/strong> napokon<\/div>\n<div>\u00a0<\/div>\n<div style=\"text-align: justify\">d\u00e9lut\u00e1n<strong> 13.00 \u00e9s 15.00 \u00f3ra k\u00f6z\u00f6t<\/strong>t a<\/div>\n<div>\u00a0<\/div>\n<div style=\"text-align: justify\"><strong>06-20-825-4234 <\/strong>telefonsz\u00e1mon kereszt<span style=\"font-size: 1rem\">\u00fcl.<\/span><\/div>\n<div>\u00a0<\/div>\n<p>Oszt\u00e1lyunkat a Klinika f\u0151bej\u00e1rata fel\u0151l a f\u0151l\u00e9pcs\u0151n az alagsor ir\u00e1ny\u00e1ba k\u00f6zel\u00edtheti meg. Az alagsorban a b\u00fcf\u00e9 mellett elhaladva, majd jobbra fordulva a folyos\u00f3 legv\u00e9g\u00e9n l\u00e9v\u0151 lifttel a 3. emeleten \u00e9rheti el.<\/p>\n<p style=\"text-align: right\">\n<!-- iframe plugin v.4.9 wordpress.org\/plugins\/iframe\/ -->\n<iframe loading=\"lazy\" src=\"https:\/\/www.google.com\/maps\/embed?pb=!1m18!1m12!1m3!1d2696.038907719413!2d19.066053215834128!3d47.48915540407654!2m3!1f0!2f0!3f0!3m2!1i1024!2i768!4f13.1!3m3!1m2!1s0x4741dc597e9410ab%3A0x4325bdb4b76f81c7!2sBudapest%2C%20Baross%20u.%2027%2C%201082!5e0!3m2!1shu!2shu!4v1588720363867!5m2!1shu!2shu\" width=\"100%\" height=\"450\" scrolling=\"yes\" class=\"iframe-class\" frameborder=\"0\"><\/iframe>\n<small><a href=\"http:\/\/maps.google.hu\/maps?f=q&amp;source=embed&amp;hl=hu&amp;geocode=&amp;q=Budapest,+Baross+utca+27&amp;aq=0&amp;oq=baRoss+utca+27&amp;sll=47.48918,19.079347&amp;sspn=0.003922,0.006899&amp;gl=hu&amp;ie=UTF8&amp;hq=&amp;hnear=1083+Budapest,+Baross+utca+27&amp;ll=47.489209,19.068029&amp;spn=0.001961,0.003449&amp;t=m&amp;z=1&amp;amp\">Megtekint\u00e9s Google T\u00e9rk\u00e9pen &gt;&gt;<\/a><\/small><\/p>\n","protected":false},"excerpt":{"rendered":"<p>Semmelweis Egyetem, Sz\u00fcl\u00e9szeti \u00e9s N\u0151gy\u00f3gy\u00e1szati Klinika\u00a0 Assziszt\u00e1lt Reprodukci\u00f3s Oszt\u00e1ly (ARO) C\u00edm: 1088, Budapest,\u00a0 Baross utca 27.\u00a0 Tel: 06 20 825 4234\u00a0 E-mail: <a href=\"mailto:aro.noibaross@semmelweis.hu\">aro.noibaross@semmelweis.hu<\/a> Az Oszt\u00e1lyunkon kiz\u00e1r\u00f3lag az el\u0151sz\u00f6r jelentkez\u0151 p\u00e1rok a legels\u0151 konzult\u00e1ci\u00f3ra mostant\u00f3l kiz\u00e1r\u00f3lag az al\u00e1bbi m\u00f3dokon tudnak id\u0151pontot foglalni:\u00a0 <a href=\"https:\/\/www.eeszt.gov.hu\/hu\/nyito-oldal\">EESZT lakoss\u00e1gi port\u00e1l<\/a> Eg\u00e9szs\u00e9gAblak applik\u00e1ci\u00f3 1812-es telefonsz\u00e1m K\u00e9rj\u00fck, hogy sikeres id\u0151pontfogal\u00e1st k\u00f6vet\u0151en, a lefoglalt id\u0151pontban a p\u00e1r mindk\u00e9t &hellip;<\/p>\n","protected":false},"author":12,"featured_media":0,"parent":0,"menu_order":6,"comment_status":"closed","ping_status":"closed","template":"template-fullwidth.php","meta":{"_acf_changed":false,"footnotes":""},"categories":[],"tags":[],"class_list":["post-14","page","type-page","status-publish","hentry"],"acf":[],"_links":{"self":[{"href":"https:\/\/semmelweis.hu\/asszisztaltreprodukcio\/wp-json\/wp\/v2\/pages\/14","targetHints":{"allow":["GET"]}}],"collection":[{"href":"https:\/\/semmelweis.hu\/asszisztaltreprodukcio\/wp-json\/wp\/v2\/pages"}],"about":[{"href":"https:\/\/semmelweis.hu\/asszisztaltreprodukcio\/wp-json\/wp\/v2\/types\/page"}],"author":[{"embeddable":true,"href":"https:\/\/semmelweis.hu\/asszisztaltreprodukcio\/wp-json\/wp\/v2\/users\/12"}],"replies":[{"embeddable":true,"href":"https:\/\/semmelweis.hu\/asszisztaltreprodukcio\/wp-json\/wp\/v2\/comments?post=14"}],"version-history":[{"count":12,"href":"https:\/\/semmelweis.hu\/asszisztaltreprodukcio\/wp-json\/wp\/v2\/pages\/14\/revisions"}],"predecessor-version":[{"id":2671,"href":"https:\/\/semmelweis.hu\/asszisztaltreprodukcio\/wp-json\/wp\/v2\/pages\/14\/revisions\/2671"}],"wp:attachment":[{"href":"https:\/\/semmelweis.hu\/asszisztaltreprodukcio\/wp-json\/wp\/v2\/media?parent=14"}],"wp:term":[{"taxonomy":"category","embeddable":true,"href":"https:\/\/semmelweis.hu\/asszisztaltreprodukcio\/wp-json\/wp\/v2\/categories?post=14"},{"taxonomy":"post_tag","embeddable":true,"href":"https:\/\/semmelweis.hu\/asszisztaltreprodukcio\/wp-json\/wp\/v2\/tags?post=14"}],"curies":[{"name":"wp","href":"https:\/\/api.w.org\/{rel}","templated":true}]}}