{"id":1306,"date":"2020-04-06T20:38:43","date_gmt":"2020-04-06T18:38:43","guid":{"rendered":"http:\/\/semmelweis.hu\/asszisztaltreprodukcio\/?page_id=1306"},"modified":"2020-04-07T15:54:30","modified_gmt":"2020-04-07T13:54:30","slug":"szemelyre-szabott-embriologia","status":"publish","type":"page","link":"https:\/\/semmelweis.hu\/asszisztaltreprodukcio\/embriologia\/szemelyre-szabott-embriologia\/","title":{"rendered":"Szem\u00e9lyre szabott embriol\u00f3gia"},"content":{"rendered":"<p style=\"text-align: justify\">Oszt\u00e1lyunkon v\u00e9gzett IVF kezel\u00e9sek eredm\u00e9nyess\u00e9ge el\u00e9ri, s\u0151t sok szempontb\u00f3l meghaladja az eur\u00f3pai \u00e1tlagot. Ez annak k\u00f6sz\u00f6nhet\u0151, hogy munk\u00e1nkat nem \u201efut\u00f3szalagon\u201d v\u00e9gezz\u00fck, hanem minden egyes kezel\u00e9st egyedi m\u00f3don \u00e9rt\u00e9kel\u00fcnk \u00e9s egyedi strat\u00e9gi\u00e1t dolgozunk ki a jobb eredm\u00e9ny el\u00e9r\u00e9se \u00e9rdek\u00e9ben.<\/p>\n<p style=\"text-align: justify\"><strong><img loading=\"lazy\" decoding=\"async\" class=\" wp-image-1376 alignleft\" src=\"https:\/\/semmelweis.hu\/asszisztaltreprodukcio\/files\/2020\/04\/AROprogram-367x400.jpg\" alt=\"\" width=\"334\" height=\"365\" srcset=\"https:\/\/semmelweis.hu\/asszisztaltreprodukcio\/files\/2020\/04\/AROprogram-367x400.jpg 367w, https:\/\/semmelweis.hu\/asszisztaltreprodukcio\/files\/2020\/04\/AROprogram-768x838.jpg 768w, https:\/\/semmelweis.hu\/asszisztaltreprodukcio\/files\/2020\/04\/AROprogram-275x300.jpg 275w, https:\/\/semmelweis.hu\/asszisztaltreprodukcio\/files\/2020\/04\/AROprogram-753x821.jpg 753w, https:\/\/semmelweis.hu\/asszisztaltreprodukcio\/files\/2020\/04\/AROprogram.jpg 817w\" sizes=\"auto, (max-width: 334px) 100vw, 334px\" \/><\/strong><\/p>\n<p style=\"text-align: justify\"><strong>R\u00e9szletes dokument\u00e1ci\u00f3s rendszer\u00fcnk<\/strong> lehet\u0151v\u00e9 teszi, hogy a folyamatban l\u00e9v\u0151 kezel\u00e9s sor\u00e1n sz\u00fcks\u00e9ges d\u00f6nt\u00e9sekhez \u00e1t tudjuk tekinteni az adott beteg kor\u00e1bbi kezel\u00e9s\u00e9nek valamennyi adat\u00e1t, bele\u00e9rtve a be\u00fcltet\u00e9sre vagy fagyaszt\u00e1sra ker\u00fclt embri\u00f3k f\u00e9nyk\u00e9peit is.<\/p>\n<p style=\"text-align: justify\">Az el\u0151zm\u00e9nyek r\u00e9szletes \u00e1ttekint\u00e9s\u00e9vel \u00e9s figyelembe v\u00e9tel\u00e9vel hozunk d\u00f6nt\u00e9st t\u00f6bbek k\u00f6z\u00f6tt a megterm\u00e9keny\u00edt\u00e9s m\u00f3dj\u00e1r\u00f3l (hagyom\u00e1nyos IVF vagy ICSI), a be\u00fcltet\u00e9s id\u0151pontj\u00e1r\u00f3l, a be\u00fcltet\u00e9sre ker\u00fcl\u0151 embri\u00f3k sz\u00e1m\u00e1r\u00f3l, vagy az embri\u00f3fagyaszt\u00e1sr\u00f3l.<\/p>\n","protected":false},"excerpt":{"rendered":"<p>Oszt\u00e1lyunkon v\u00e9gzett IVF kezel\u00e9sek eredm\u00e9nyess\u00e9ge el\u00e9ri, s\u0151t sok szempontb\u00f3l meghaladja az eur\u00f3pai \u00e1tlagot. Ez annak k\u00f6sz\u00f6nhet\u0151, hogy munk\u00e1nkat nem \u201efut\u00f3szalagon\u201d v\u00e9gezz\u00fck, hanem minden egyes kezel\u00e9st egyedi m\u00f3don \u00e9rt\u00e9kel\u00fcnk \u00e9s egyedi strat\u00e9gi\u00e1t dolgozunk ki a jobb eredm\u00e9ny el\u00e9r\u00e9se \u00e9rdek\u00e9ben. R\u00e9szletes dokument\u00e1ci\u00f3s rendszer\u00fcnk lehet\u0151v\u00e9 teszi, hogy a folyamatban l\u00e9v\u0151 kezel\u00e9s sor\u00e1n sz\u00fcks\u00e9ges d\u00f6nt\u00e9sekhez \u00e1t tudjuk tekinteni az &hellip;<\/p>\n","protected":false},"author":101727,"featured_media":0,"parent":1254,"menu_order":1,"comment_status":"closed","ping_status":"closed","template":"","meta":{"_acf_changed":false,"footnotes":""},"categories":[],"tags":[],"class_list":["post-1306","page","type-page","status-publish","hentry"],"acf":[],"_links":{"self":[{"href":"https:\/\/semmelweis.hu\/asszisztaltreprodukcio\/wp-json\/wp\/v2\/pages\/1306","targetHints":{"allow":["GET"]}}],"collection":[{"href":"https:\/\/semmelweis.hu\/asszisztaltreprodukcio\/wp-json\/wp\/v2\/pages"}],"about":[{"href":"https:\/\/semmelweis.hu\/asszisztaltreprodukcio\/wp-json\/wp\/v2\/types\/page"}],"author":[{"embeddable":true,"href":"https:\/\/semmelweis.hu\/asszisztaltreprodukcio\/wp-json\/wp\/v2\/users\/101727"}],"replies":[{"embeddable":true,"href":"https:\/\/semmelweis.hu\/asszisztaltreprodukcio\/wp-json\/wp\/v2\/comments?post=1306"}],"version-history":[{"count":10,"href":"https:\/\/semmelweis.hu\/asszisztaltreprodukcio\/wp-json\/wp\/v2\/pages\/1306\/revisions"}],"predecessor-version":[{"id":1429,"href":"https:\/\/semmelweis.hu\/asszisztaltreprodukcio\/wp-json\/wp\/v2\/pages\/1306\/revisions\/1429"}],"up":[{"embeddable":true,"href":"https:\/\/semmelweis.hu\/asszisztaltreprodukcio\/wp-json\/wp\/v2\/pages\/1254"}],"wp:attachment":[{"href":"https:\/\/semmelweis.hu\/asszisztaltreprodukcio\/wp-json\/wp\/v2\/media?parent=1306"}],"wp:term":[{"taxonomy":"category","embeddable":true,"href":"https:\/\/semmelweis.hu\/asszisztaltreprodukcio\/wp-json\/wp\/v2\/categories?post=1306"},{"taxonomy":"post_tag","embeddable":true,"href":"https:\/\/semmelweis.hu\/asszisztaltreprodukcio\/wp-json\/wp\/v2\/tags?post=1306"}],"curies":[{"name":"wp","href":"https:\/\/api.w.org\/{rel}","templated":true}]}}