{"id":1279,"date":"2016-08-04T16:02:55","date_gmt":"2016-08-04T14:02:55","guid":{"rendered":"http:\/\/semmelweis.hu\/apolasvezetes\/?page_id=1279"},"modified":"2026-08-14T08:56:07","modified_gmt":"2026-08-14T06:56:07","slug":"kotelezo-szakmacsoportos-tovabbkepzesek","status":"publish","type":"page","link":"https:\/\/semmelweis.hu\/apolasvezetes\/okj-kepzesek\/szakdolgozok-tovabbkepzese\/kotelezo-szakmacsoportos-tovabbkepzesek\/","title":{"rendered":"K\u00f6telez\u0151 szakmacsoportos tov\u00e1bbk\u00e9pz\u00e9sek"},"content":{"rendered":"<p><span style=\"font-size: 18pt;color: #000000\"><b>Igazgat\u00f3s\u00e1gunk \u00e1ltal szervezett k\u00f6telez\u0151 szakmacsoportos tov\u00e1bbk\u00e9pz\u00e9sek<\/b><\/span><\/p>\n<p><span style=\"font-size: 14pt;color: #0000ff\"><strong>K\u00f6telez\u0151 szakmacsoportos tov\u00e1bbk\u00e9pz\u00e9sre kiz\u00e1r\u00f3lag a <a href=\"https:\/\/szaftex.aeek.hu\/\">SZAFTEX<\/a> rendszeren kereszt\u00fcl lehet jelentkezni.<\/strong><\/span><\/p>\n<p><span style=\"font-size: 14pt\">A SZAFTEX rendszer az eg\u00e9szs\u00e9g\u00fcgyi szakdolgoz\u00f3k k\u00f6telez\u0151en teljes\u00edtend\u0151 tov\u00e1bbk\u00e9pz\u00e9seit nyilv\u00e1ntart\u00f3 informatikai rendszer.<\/span><\/p>\n<p>_________________________________________________________________________________________<\/p>\n<p style=\"text-align: center\"><strong>CT \u00e9s MR protokollok standardiz\u00e1l\u00e1sa \u00e9s optimaliz\u00e1l\u00e1sa<\/strong>\u00a0<\/p>\n<p style=\"text-align: center\"><strong>Nyilv\u00e1ntart\u00e1si sz\u00e1m: KTK-2000934\/2026\/26\/21800493<\/strong><\/p>\n<p>A Semmelweis Egyetem Orvosi K\u00e9palkot\u00f3 Klinika szakmai vezet\u00e9s\u00e9vel az \u00c1pol\u00e1svezet\u00e9si \u00e9s Szakdolgoz\u00f3i Oktat\u00e1si Igazgat\u00f3s\u00e1g k\u00f6telez\u0151 szakmacsoportos tov\u00e1bbk\u00e9pz\u00e9si tanfolyamot szervez eg\u00e9szs\u00e9g\u00fcgyi szakdolgoz\u00f3k r\u00e9sz\u00e9re.<\/p>\n<table>\n<tbody>\n<tr>\n<td width=\"325\">\n<p><strong>A tov\u00e1bbk\u00e9pz\u00e9s form\u00e1ja<\/strong><\/p>\n<\/td>\n<td width=\"325\">\n<p>Elm\u00e9leti \u00e9s gyakorlati jelenl\u00e9ti oktat\u00e1s<\/p>\n<\/td>\n<\/tr>\n<tr>\n<td width=\"325\">\n<p><strong>Helysz\u00edn<\/strong><\/p>\n<\/td>\n<td width=\"325\">\n<p><strong>Semmelweis Egyetem Nagyv\u00e1rad t\u00e9ri Elm\u00e9leti T\u00f6mb,<\/strong> 1089 Budapest, Nagyv\u00e1rad t\u00e9r 4., I. emelet, Z\u00f6ld el\u0151ad\u00f3terem<\/p>\n<\/td>\n<\/tr>\n<tr>\n<td width=\"325\">\n<p><strong>Id\u0151pont<\/strong><\/p>\n<\/td>\n<td width=\"325\">\n<p>2026. szeptember 3-4.<\/p>\n<\/td>\n<\/tr>\n<tr>\n<td width=\"325\">\n<p><strong>Pont\u00e9rt\u00e9k<\/strong><\/p>\n<\/td>\n<td width=\"325\">\n<p>30 pont<\/p>\n<\/td>\n<\/tr>\n<tr>\n<td width=\"325\">\n<p><strong>Jelentkez\u00e9si hat\u00e1rid\u0151<\/strong><\/p>\n<\/td>\n<td width=\"325\">\n<p>2026. augusztus 27.<\/p>\n<\/td>\n<\/tr>\n<tr>\n<td width=\"325\">\n<p><strong>Jelentkez\u00e9s<\/strong><\/p>\n<\/td>\n<td width=\"325\">\n<p>https:\/\/szaftex.aeek.hu\/<\/p>\n<\/td>\n<\/tr>\n<\/tbody>\n<\/table>\n<p><strong>A tov\u00e1bbk\u00e9pz\u00e9s c\u00e9lcsoportjai\/szakmacsoportok: <\/strong><\/p>\n<table style=\"width: 47.813%\">\n<tbody>\n<tr>\n<td style=\"width: 49.6678%\" width=\"300\">\n<p>5. K\u00e9pi diagnosztikai szakmacsoport<\/p>\n<p>&nbsp;<\/p>\n<\/td>\n<td style=\"width: 59.1753%\" width=\"304\">\n<p>&nbsp;<\/p>\n<\/td>\n<\/tr>\n<\/tbody>\n<\/table>\n<p><strong>A tov\u00e1bbk\u00e9pz\u00e9s szakmai tartalma:<\/strong><\/p>\n<p>CT d\u00f3ziscs\u00f6kkent\u0151 elj\u00e1r\u00e1sok; d\u00f3zis monitoriz\u00e1l\u00f3 \u00e9s elemz\u0151 szoftverek<\/p>\n<p>D\u00f3ziscs\u00f6kkent\u00e9s a gyakorlatban &#8211; CT protokollok standardiz\u00e1l\u00e1sa \u00e9s optimaliz\u00e1l\u00e1sa<\/p>\n<p>MR m\u00e9r\u00e9si id\u0151t cs\u00f6kkent\u0151 elj\u00e1r\u00e1sok \u00e9s opci\u00f3k a gyakorlatban<\/p>\n<p>MR protokollok standardiz\u00e1l\u00e1sa es optimaliz\u00e1l\u00e1s (munkafolyamatok, betegel\u0151k\u00e9sz\u00edt\u00e9s, pozicion\u00e1l\u00e1s, vizsg\u00e1lati technik\u00e1k)<\/p>\n<p>MR Safety ismeretek aktualiz\u00e1l\u00e1sa<\/p>\n<p>Radiogr\u00e1fusok szerepe a nemzetk\u00f6zi guideline-ok kidolgoz\u00e1s\u00e1ban<\/p>\n<p><strong>K\u00f6telez\u0151 elem:<\/strong><\/p>\n<p>Reanim\u00e1ci\u00f3 (BLS) az aktu\u00e1lis nemzetk\u00f6zi aj\u00e1nl\u00e1sok szerint<\/p>\n<p>Eg\u00e9szs\u00e9g\u00fcgyi jogi ismeretek<\/p>\n<p><strong>R\u00e9szv\u00e9teli d\u00edj: <\/strong><\/p>\n<p>T\u00e1mogatott form\u00e1ban: 0 Ft (\u00e1llamilag finansz\u00edrozott, 5 \u00e9vente 1 alkalommal)<\/p>\n<p>T\u00e9r\u00edt\u00e9sk\u00f6teles \/ szabadon v\u00e1laszthat\u00f3 form\u00e1ban: 10.000 Ft<\/p>\n<p><strong>\u00a0<\/strong><strong>A tov\u00e1bbk\u00e9pz\u00e9s teljes\u00edt\u00e9s\u00e9nek felt\u00e9tele:<\/strong><\/p>\n<p>16 \u00f3r\u00e1s jelenl\u00e9ti k\u00e9pz\u00e9s (11 + 5 \u00f3ra k\u00f6telez\u0151 elem)<\/p>\n<p>Elm\u00e9leti \u00edr\u00e1sbeli tud\u00e1sszintm\u00e9r\u00e9s \u00e9s gyakorlati \/reanim\u00e1ci\u00f3\/<\/p>\n<p><strong>A tov\u00e1bbk\u00e9pz\u00e9s szervez\u0151je \u00e9s el\u00e9rhet\u0151s\u00e9ge: <\/strong><\/p>\n<p><strong>\u00a0<\/strong>Semmelweis Egyetem \u00c1pol\u00e1svezet\u00e9si \u00e9s Szakdolgoz\u00f3i Oktat\u00e1si Igazgat\u00f3s\u00e1g\u00a0\u00a0\u00a0\u00a0\u00a0\u00a0\u00a0\u00a0\u00a0\u00a0\u00a0\u00a0\u00a0\u00a0<\/p>\n<p>e-mail: titkarsag.apig@semmelweis.hu<\/p>\n<hr \/>\n<p style=\"text-align: center\"><strong>A stressz \u00e9s kezel\u00e9si lehet\u0151s\u00e9gei<\/strong><\/p>\n<p style=\"text-align: center\"><strong>Nyilv\u00e1ntart\u00e1si sz\u00e1m: <\/strong>\u00a0 <strong>KTK-15\/5\/2022-76-2515-2026<\/strong><\/p>\n<p style=\"text-align: center\">A Semmelweis Egyetem Magatart\u00e1studom\u00e1nyi Int\u00e9zet szakmai vezet\u00e9s\u00e9vel az<br \/>\n\u00c1pol\u00e1svezet\u00e9si \u00e9s Szakdolgoz\u00f3i Oktat\u00e1si Igazgat\u00f3s\u00e1g k\u00f6telez\u0151 szakmacsoportos<br \/>\ntov\u00e1bbk\u00e9pz\u00e9si tanfolyamot szervez eg\u00e9szs\u00e9g\u00fcgyi szakdolgoz\u00f3k r\u00e9sz\u00e9re<\/p>\n<p><strong>A tov\u00e1bbk\u00e9pz\u00e9s form\u00e1ja:\u00a0 <\/strong>elm\u00e9leti \u00e9s gyakorlati jelenl\u00e9ti oktat\u00e1s<\/p>\n<p><strong>C\u00e9lcsoportok \/ szakmacsoportok<\/strong><\/p>\n<table>\n<tbody>\n<tr>\n<td width=\"329\">\n<p>1.\u00a0 Feln\u0151tt \u00e1pol\u00e1s \u00e9s gondoz\u00e1s<\/p>\n<\/td>\n<td width=\"329\">\n<p>10.\u00a0 M\u0171t\u00e9ti ell\u00e1t\u00e1s<\/p>\n<\/td>\n<\/tr>\n<tr>\n<td width=\"329\">\n<p>2.\u00a0 Gyermek \u00e1pol\u00e1s \u00e9s gondoz\u00e1s<\/p>\n<\/td>\n<td width=\"329\">\n<p>11.\u00a0 Sz\u00fcl\u00e9szeti ell\u00e1t\u00e1s<\/p>\n<\/td>\n<\/tr>\n<tr>\n<td width=\"329\">\n<p>3.\u00a0 S\u00fcrg\u0151ss\u00e9gi ell\u00e1t\u00e1s<\/p>\n<\/td>\n<td width=\"329\">\n<p>12.\u00a0 V\u00e9d\u0151n\u0151i ell\u00e1t\u00e1s<\/p>\n<\/td>\n<\/tr>\n<tr>\n<td width=\"329\">\n<p>4.\u00a0 Laborat\u00f3riumi diagnosztika<\/p>\n<\/td>\n<td width=\"329\">\n<p>13.\u00a0 K\u00f6zeg\u00e9szs\u00e9g\u00fcgyi \u00e9s n\u00e9peg\u00e9szs\u00e9g\u00fcgyi<\/p>\n<\/td>\n<\/tr>\n<tr>\n<td width=\"329\">\n<p>5.\u00a0 K\u00e9pi diagnosztika<\/p>\n<\/td>\n<td width=\"329\">\n<p>14.\u00a0 Eg\u00e9szs\u00e9g\u00fcgyi menedzsment<\/p>\n<\/td>\n<\/tr>\n<tr>\n<td width=\"329\">\n<p>6.\u00a0 \u00c1ltal\u00e1nos \u00e9s elektrofiziol\u00f3giai asszisztencia<\/p>\n<\/td>\n<td width=\"329\">\n<p>15.\u00a0 Rehabilit\u00e1ci\u00f3s \u00e9s \u00e9letvezet\u00e9st t\u00e1mogat\u00f3<\/p>\n<\/td>\n<\/tr>\n<tr>\n<td width=\"329\">\n<p>7.\u00a0 Fog\u00e1szati ell\u00e1t\u00e1s<\/p>\n<\/td>\n<td width=\"329\">\n<p>16.\u00a0 Dietetikai<\/p>\n<\/td>\n<\/tr>\n<tr>\n<td width=\"329\">\n<p>8.\u00a0 Gy\u00f3gyszert\u00e1ri ell\u00e1t\u00e1s<\/p>\n<\/td>\n<td width=\"329\">\n<p>17.\u00a0 Term\u00e9szetgy\u00f3gy\u00e1szat<\/p>\n<\/td>\n<\/tr>\n<tr>\n<td width=\"329\">\n<p>9.\u00a0 Mozg\u00e1ster\u00e1pia \u00e9s fizioter\u00e1pia<\/p>\n<\/td>\n<td width=\"329\">\n<p>&nbsp;<\/p>\n<\/td>\n<\/tr>\n<\/tbody>\n<\/table>\n<p><strong>A tov\u00e1bbk\u00e9pz\u00e9s szakmai tartalma<\/strong><\/p>\n<ul>\n<li>Stresszelm\u00e9let, stresszfajt\u00e1k, stresszorok klasszifik\u00e1ci\u00f3ja<\/li>\n<li>Stressz \u00e9s pszichi\u00e1triai k\u00f3rk\u00e9pek, magatart\u00e1szavarok \u00f6sszef\u00fcgg\u00e9sei<\/li>\n<li>A stressz, a szorong\u00e1sos zavarok \u00e9s a depresszi\u00f3 kialakul\u00e1s\u00e1nak okai a klinikai gyakorlatban<\/li>\n<li>Stresszkezel\u00e9s, ter\u00e1pia<\/li>\n<li>Relax\u00e1ci\u00f3s technik\u00e1k gyakorlatban<\/li>\n<\/ul>\n<p><strong>K\u00f6telez\u0151 elemek<\/strong><\/p>\n<ul>\n<li>Reanim\u00e1ci\u00f3: az aktu\u00e1lis nemzetk\u00f6zi aj\u00e1nl\u00e1soknak megfelel\u0151 \u00fajra\u00e9leszt\u00e9s (BLS)<\/li>\n<li>Eg\u00e9szs\u00e9g\u00fcgyi jogi ismeretek<\/li>\n<\/ul>\n<p><strong>Gyakorlati inform\u00e1ci\u00f3k<\/strong><\/p>\n<table>\n<tbody>\n<tr>\n<td width=\"166\">\n<p><strong>Szervez\u0151 \u00e9s el\u00e9rhet\u0151s\u00e9g<\/strong><\/p>\n<\/td>\n<td width=\"438\">\n<p>Semmelweis Egyetem \u00c1pol\u00e1svezet\u00e9si \u00e9s Szakdolgoz\u00f3i Oktat\u00e1si Igazgat\u00f3s\u00e1g<br \/>\ntitkarsag.apig@semmelweis.hu<\/p>\n<\/td>\n<\/tr>\n<tr>\n<td width=\"166\">\n<p><strong>Helysz\u00edn<\/strong><\/p>\n<\/td>\n<td width=\"438\">\n<p>Semmelweis Egyetem Belgy\u00f3gy\u00e1szati \u00e9s Onkol\u00f3giai Klinika<br \/>\n1083 Budapest, Kor\u00e1nyi S\u00e1ndor utca 2.\/A.<\/p>\n<\/td>\n<\/tr>\n<tr>\n<td width=\"166\">\n<p><strong>Id\u0151pont<\/strong><\/p>\n<\/td>\n<td width=\"438\">\n<p>2026. okt\u00f3ber 8\u20139.<\/p>\n<\/td>\n<\/tr>\n<tr>\n<td width=\"166\">\n<p><strong>K\u00f6lts\u00e9g<\/strong><\/p>\n<\/td>\n<td width=\"438\">\n<p>T\u00e1mogatott form\u00e1ban 0 Ft (\u00e1llamilag finansz\u00edrozott 5 \u00e9vente 1 alkalommal).<br \/>\nT\u00e9r\u00edt\u00e9sk\u00f6teles, illetve szabadon v\u00e1laszthat\u00f3 form\u00e1ban 10 000 Ft.<\/p>\n<\/td>\n<\/tr>\n<tr>\n<td width=\"166\">\n<p><strong>Teljes\u00edt\u00e9s felt\u00e9tele<\/strong><\/p>\n<\/td>\n<td width=\"438\">\n<p>17 \u00f3r\u00e1s jelenl\u00e9ti k\u00e9pz\u00e9s \/12+2 \u00f3ra eg\u00e9szs\u00e9g\u00fcgyi jogi ismeretek + 3 \u00f3ra reanim\u00e1ci\u00f3\/<br \/>\nElm\u00e9leti \u00edr\u00e1sbeli tud\u00e1sszint-felm\u00e9r\u00e9s<br \/>\nGyakorlati \/reanim\u00e1ci\u00f3\/<\/p>\n<\/td>\n<\/tr>\n<tr>\n<td width=\"166\">\n<p><strong>Pont\u00e9rt\u00e9k<\/strong><\/p>\n<\/td>\n<td width=\"438\">\n<p>30 pont<\/p>\n<\/td>\n<\/tr>\n<tr>\n<td width=\"166\">\n<p><strong>Jelentkez\u00e9si hat\u00e1rid\u0151<\/strong><\/p>\n<\/td>\n<td width=\"438\">\n<p>2026. szeptember 23.<\/p>\n<\/td>\n<\/tr>\n<\/tbody>\n<\/table>\n<p><strong>Jelentkez\u00e9s:\u00a0 <\/strong><strong><u>https:\/\/szaftex.aeek.hu\/<\/u><\/strong><\/p>\n<p>&nbsp;<\/p>\n<p>&nbsp;<\/p>\n<p>&nbsp;<\/p>\n","protected":false},"excerpt":{"rendered":"<p>Igazgat\u00f3s\u00e1gunk \u00e1ltal szervezett k\u00f6telez\u0151 szakmacsoportos tov\u00e1bbk\u00e9pz\u00e9sek K\u00f6telez\u0151 szakmacsoportos tov\u00e1bbk\u00e9pz\u00e9sre kiz\u00e1r\u00f3lag a <a href=\"https:\/\/szaftex.aeek.hu\/\">SZAFTEX<\/a> rendszeren kereszt\u00fcl lehet jelentkezni. A SZAFTEX rendszer az eg\u00e9szs\u00e9g\u00fcgyi szakdolgoz\u00f3k k\u00f6telez\u0151en teljes\u00edtend\u0151 tov\u00e1bbk\u00e9pz\u00e9seit nyilv\u00e1ntart\u00f3 informatikai rendszer. _________________________________________________________________________________________ CT \u00e9s MR protokollok standardiz\u00e1l\u00e1sa \u00e9s optimaliz\u00e1l\u00e1sa\u00a0 Nyilv\u00e1ntart\u00e1si sz\u00e1m: KTK-2000934\/2026\/26\/21800493 A Semmelweis Egyetem Orvosi K\u00e9palkot\u00f3 Klinika szakmai vezet\u00e9s\u00e9vel az \u00c1pol\u00e1svezet\u00e9si \u00e9s Szakdolgoz\u00f3i Oktat\u00e1si Igazgat\u00f3s\u00e1g k\u00f6telez\u0151 szakmacsoportos tov\u00e1bbk\u00e9pz\u00e9si &hellip;<\/p>\n","protected":false},"author":101520,"featured_media":0,"parent":1330,"menu_order":1,"comment_status":"closed","ping_status":"closed","template":"","meta":{"_acf_changed":false,"footnotes":""},"categories":[],"tags":[],"class_list":["post-1279","page","type-page","status-publish","hentry"],"acf":[],"_links":{"self":[{"href":"https:\/\/semmelweis.hu\/apolasvezetes\/wp-json\/wp\/v2\/pages\/1279","targetHints":{"allow":["GET"]}}],"collection":[{"href":"https:\/\/semmelweis.hu\/apolasvezetes\/wp-json\/wp\/v2\/pages"}],"about":[{"href":"https:\/\/semmelweis.hu\/apolasvezetes\/wp-json\/wp\/v2\/types\/page"}],"author":[{"embeddable":true,"href":"https:\/\/semmelweis.hu\/apolasvezetes\/wp-json\/wp\/v2\/users\/101520"}],"replies":[{"embeddable":true,"href":"https:\/\/semmelweis.hu\/apolasvezetes\/wp-json\/wp\/v2\/comments?post=1279"}],"version-history":[{"count":12,"href":"https:\/\/semmelweis.hu\/apolasvezetes\/wp-json\/wp\/v2\/pages\/1279\/revisions"}],"predecessor-version":[{"id":2425,"href":"https:\/\/semmelweis.hu\/apolasvezetes\/wp-json\/wp\/v2\/pages\/1279\/revisions\/2425"}],"up":[{"embeddable":true,"href":"https:\/\/semmelweis.hu\/apolasvezetes\/wp-json\/wp\/v2\/pages\/1330"}],"wp:attachment":[{"href":"https:\/\/semmelweis.hu\/apolasvezetes\/wp-json\/wp\/v2\/media?parent=1279"}],"wp:term":[{"taxonomy":"category","embeddable":true,"href":"https:\/\/semmelweis.hu\/apolasvezetes\/wp-json\/wp\/v2\/categories?post=1279"},{"taxonomy":"post_tag","embeddable":true,"href":"https:\/\/semmelweis.hu\/apolasvezetes\/wp-json\/wp\/v2\/tags?post=1279"}],"curies":[{"name":"wp","href":"https:\/\/api.w.org\/{rel}","templated":true}]}}