{"id":34803,"date":"2026-08-31T10:54:41","date_gmt":"2026-08-31T08:54:41","guid":{"rendered":"https:\/\/semmelweis.hu\/aok\/?page_id=34803"},"modified":"2026-08-31T10:54:41","modified_gmt":"2026-08-31T08:54:41","slug":"2026-augusztus-27-i-hatarozatok","status":"publish","type":"page","link":"https:\/\/semmelweis.hu\/aok\/a-karrol\/kari-tanacs\/a-kari-tanacs-hatarozatai\/2026-augusztus-27-i-hatarozatok\/","title":{"rendered":"2026. augusztus 27-i hat\u00e1rozatok"},"content":{"rendered":"<p style=\"text-align: justify\"><a href=\"https:\/\/semmelweis.hu\/aok\/files\/2026\/08\/41_HKO_mintatanterv.pdf\" target=\"_blank\" rel=\"noopener\">41\/2026. (VIII.27.) sz\u00e1m\u00fa hat\u00e1rozat a Hagyom\u00e1nyos k\u00ednai orvos szakir\u00e1ny\u00fa tov\u00e1bbk\u00e9pz\u00e9si szak\u00a0mintatanterv\u00e9nek m\u00f3dos\u00edt\u00e1s\u00e1r\u00f3l<\/a><\/p>\n<p style=\"text-align: justify\"><a href=\"https:\/\/semmelweis.hu\/aok\/files\/2026\/08\/HKO_mintatanterv.pdf\" target=\"_blank\" rel=\"noopener\">41\/2026. (VIII.27.) sz\u00e1m\u00fa hat\u00e1rozat a Hagyom\u00e1nyos k\u00ednai orvos szakir\u00e1ny\u00fa tov\u00e1bbk\u00e9pz\u00e9si szak mintatanterv\u00e9nek m\u00f3dos\u00edt\u00e1s\u00e1r\u00f3l &#8211; mell\u00e9klet<\/a><\/p>\n<p style=\"text-align: justify\"><a href=\"https:\/\/semmelweis.hu\/aok\/files\/2026\/08\/42_Pharma_kovetelmenyrendszer_modositas.pdf\" target=\"_blank\" rel=\"noopener\">42\/2026. (VIII.27.) sz\u00e1m\u00fa hat\u00e1rozat a Gy\u00f3gyszeripari innov\u00e1ci\u00f3 \u00e9s \u00fczleti menedzsment\/Pharmaceutical Innovation and Business Administration mesterk\u00e9pz\u00e9si szak mintatanterv\u00e9nek \u00e9s tant\u00e1rgyi k\u00f6vetelm\u00e9nyrendszereinek m\u00f3dos\u00edt\u00e1s\u00e1r\u00f3l<\/a><\/p>\n<p style=\"text-align: justify\"><a href=\"https:\/\/semmelweis.hu\/aok\/files\/2026\/08\/PharmaMBA_mintatanterv_20260831-masolata.pdf\" target=\"_blank\" rel=\"noopener\">42\/2026. (VIII.27.) sz\u00e1m\u00fa hat\u00e1rozat a Gy\u00f3gyszeripari innov\u00e1ci\u00f3 \u00e9s \u00fczleti menedzsment\/Pharmaceutical Innovation and Business Administration mesterk\u00e9pz\u00e9si szak mintatanterv\u00e9nek \u00e9s tant\u00e1rgyi k\u00f6vetelm\u00e9nyrendszereinek m\u00f3dos\u00edt\u00e1s\u00e1r\u00f3l &#8211; mell\u00e9klet<\/a><\/p>\n<p style=\"text-align: justify\"><a href=\"https:\/\/semmelweis.hu\/aok\/files\/2026\/08\/43_CBT-konzulens-es-a-CBT-terapeuta-szakiranyu-tovabbkepzes-tantargyi-kovetelmenyrendszereinek-elfogadasarol.pdf\" target=\"_blank\" rel=\"noopener\">43\/2026. (VIII.27.) sz\u00e1m\u00fa hat\u00e1rozat a kognit\u00edv viselked\u00e9ster\u00e1pi\u00e1s konzulens (CBT konzulens) \u00e9s a kognit\u00edv viselked\u00e9sterapeuta (CBT terapeuta) szakir\u00e1ny\u00fa tov\u00e1bbk\u00e9pz\u00e9s tant\u00e1rgyi k\u00f6vetelm\u00e9nyrendszereinek elfogad\u00e1s\u00e1r\u00f3l<\/a><\/p>\n<p style=\"text-align: justify\"><a href=\"https:\/\/semmelweis.hu\/aok\/files\/2026\/08\/Kognitiv-viselkedesterapeuta-CBT-terapeuta-szakiranyu-tovabbkepzes_Kotelezo-targyak-KT_ra.pdf\" target=\"_blank\" rel=\"noopener\">43\/2026. (VIII.27.) sz\u00e1m\u00fa hat\u00e1rozat a kognit\u00edv viselked\u00e9ster\u00e1pi\u00e1s konzulens (CBT konzulens) \u00e9s a kognit\u00edv viselked\u00e9sterapeuta (CBT terapeuta) szakir\u00e1ny\u00fa tov\u00e1bbk\u00e9pz\u00e9s tant\u00e1rgyi k\u00f6vetelm\u00e9nyrendszereinek elfogad\u00e1s\u00e1r\u00f3l &#8211; mell\u00e9klet<\/a><\/p>\n<p style=\"text-align: justify\"><a href=\"https:\/\/semmelweis.hu\/aok\/files\/2026\/08\/Kognitiv-viselkedesterapias-konzulens-CBT-konzulens-szakiranyu-tovabbkepzes_Kotelezo-targyak_KT-ra.pdf\" target=\"_blank\" rel=\"noopener\">43\/2026. (VIII.27.) sz\u00e1m\u00fa hat\u00e1rozat a kognit\u00edv viselked\u00e9ster\u00e1pi\u00e1s konzulens (CBT konzulens) \u00e9s a kognit\u00edv viselked\u00e9sterapeuta (CBT terapeuta) szakir\u00e1ny\u00fa tov\u00e1bbk\u00e9pz\u00e9s tant\u00e1rgyi k\u00f6vetelm\u00e9nyrendszereinek elfogad\u00e1s\u00e1r\u00f3l &#8211; mell\u00e9klet<\/a><\/p>\n<p style=\"text-align: justify\"><a href=\"https:\/\/semmelweis.hu\/aok\/files\/2026\/08\/44_Bizonyitekokon-alapulo-altalanos-orvosi-es-klinikai-pszichologia-mesterkepzesi-szak-tantargyi-kovetelmenyrendszerei-elfogadasarol.pdf\" target=\"_blank\" rel=\"noopener\">44\/2026. (VIII.27.) sz\u00e1m\u00fa hat\u00e1rozat a Bizony\u00edt\u00e9kokon alapul\u00f3 \u00e1ltal\u00e1nos orvosi \u00e9s klinikai pszichol\u00f3gia mesterk\u00e9pz\u00e9si szak tant\u00e1rgyi k\u00f6vetelm\u00e9nyrendszereinek elfogad\u00e1s\u00e1r\u00f3l<\/a><\/p>\n<p style=\"text-align: justify\"><a href=\"https:\/\/semmelweis.hu\/aok\/files\/2026\/08\/Bizonyitekokon-alapulo-altalanos-orvosi-es-klinikai-pszichologia-MSc_Kotelezo-targyak_KT-ra.pdf\" target=\"_blank\" rel=\"noopener\">44\/2026. (VIII.27.) sz\u00e1m\u00fa hat\u00e1rozat a Bizony\u00edt\u00e9kokon alapul\u00f3 \u00e1ltal\u00e1nos orvosi \u00e9s klinikai pszichol\u00f3gia mesterk\u00e9pz\u00e9si szak tant\u00e1rgyi k\u00f6vetelm\u00e9nyrendszereinek elfogad\u00e1s\u00e1r\u00f3l &#8211; mell\u00e9klet<\/a><\/p>\n<p style=\"text-align: justify\"><a href=\"https:\/\/semmelweis.hu\/aok\/files\/2026\/08\/Bizonyitekokon-alapulo-altalanos-orvosi-es-klinikai-pszichologia-MSc_Valaszthato-targyak_KT-ra.pdf\" target=\"_blank\" rel=\"noopener\">44\/2026. (VIII.27.) sz\u00e1m\u00fa hat\u00e1rozat a Bizony\u00edt\u00e9kokon alapul\u00f3 \u00e1ltal\u00e1nos orvosi \u00e9s klinikai pszichol\u00f3gia mesterk\u00e9pz\u00e9si szak tant\u00e1rgyi k\u00f6vetelm\u00e9nyrendszereinek elfogad\u00e1s\u00e1r\u00f3l &#8211; mell\u00e9klet<\/a><\/p>\n<p style=\"text-align: justify\"><a href=\"https:\/\/semmelweis.hu\/aok\/files\/2026\/08\/45_Egeszsegugyi-neuropszichologia-mesterkepzesi-szak-tantargyi-kovetelmenyrendszereinek-elfogadasarol.pdf\" target=\"_blank\" rel=\"noopener\">45\/2026. (VIII.27.) sz\u00e1m\u00fa hat\u00e1rozat az Eg\u00e9szs\u00e9g\u00fcgyi neuropszichol\u00f3gia mesterk\u00e9pz\u00e9si szak tant\u00e1rgyi k\u00f6vetelm\u00e9nyrendszereinek elfogad\u00e1s\u00e1r\u00f3l<\/a><\/p>\n<p style=\"text-align: justify\"><a href=\"https:\/\/semmelweis.hu\/aok\/files\/2026\/08\/Egeszsegugyi-Neuropszichologia-MSc-kotelezoen_Valaszthato-targyak_KT-ra.pdf\" target=\"_blank\" rel=\"noopener\">45\/2026. (VIII.27.) sz\u00e1m\u00fa hat\u00e1rozat az Eg\u00e9szs\u00e9g\u00fcgyi neuropszichol\u00f3gia mesterk\u00e9pz\u00e9si szak tant\u00e1rgyi k\u00f6vetelm\u00e9nyrendszereinek elfogad\u00e1s\u00e1r\u00f3l &#8211; mell\u00e9klet<\/a><\/p>\n<p style=\"text-align: justify\"><a href=\"https:\/\/semmelweis.hu\/aok\/files\/2026\/08\/Egeszsegugyi-Neuropszichologia-MSc_Kotelezo-targyak_KT-ra.pdf\" target=\"_blank\" rel=\"noopener\">45\/2026. (VIII.27.) sz\u00e1m\u00fa hat\u00e1rozat az Eg\u00e9szs\u00e9g\u00fcgyi neuropszichol\u00f3gia mesterk\u00e9pz\u00e9si szak tant\u00e1rgyi k\u00f6vetelm\u00e9nyrendszereinek elfogad\u00e1s\u00e1r\u00f3l &#8211; mell\u00e9klet<\/a><\/p>\n<p style=\"text-align: justify\"><a href=\"https:\/\/semmelweis.hu\/aok\/files\/2026\/08\/46_Pszichobiologia-mesterkepzesi-szak-tantargyi-kovetelmenyrendszereinek-elfogadasarol.pdf\" target=\"_blank\" rel=\"noopener\">46\/2026. (VIII.27.) sz\u00e1m\u00fa hat\u00e1rozat a Pszichobiol\u00f3gia mesterk\u00e9pz\u00e9si szak tant\u00e1rgyi k\u00f6vetelm\u00e9nyrendszereinek elfogad\u00e1s\u00e1r\u00f3l<\/a><\/p>\n<p style=\"text-align: justify\"><a href=\"https:\/\/semmelweis.hu\/aok\/files\/2026\/08\/Pszichobiologia-Msc-kotelezo-targyak_KT-ra.pdf\" target=\"_blank\" rel=\"noopener\">46\/2026. (VIII.27.) sz\u00e1m\u00fa hat\u00e1rozat a Pszichobiol\u00f3gia mesterk\u00e9pz\u00e9si szak tant\u00e1rgyi k\u00f6vetelm\u00e9nyrendszereinek elfogad\u00e1s\u00e1r\u00f3l &#8211; mell\u00e9klet<\/a><\/p>\n<p style=\"text-align: justify\"><a href=\"https:\/\/semmelweis.hu\/aok\/files\/2026\/08\/Pszichobiologia-MSc_Valaszthato-targyak-KT-ra.pdf\" target=\"_blank\" rel=\"noopener\">46\/2026. (VIII.27.) sz\u00e1m\u00fa hat\u00e1rozat a Pszichobiol\u00f3gia mesterk\u00e9pz\u00e9si szak tant\u00e1rgyi k\u00f6vetelm\u00e9nyrendszereinek elfogad\u00e1s\u00e1r\u00f3l &#8211; mell\u00e9klet<\/a><\/p>\n","protected":false},"excerpt":{"rendered":"<p><a href=\"https:\/\/semmelweis.hu\/aok\/files\/2026\/08\/41_HKO_mintatanterv.pdf\" target=\"_blank\" rel=\"noopener\">41\/2026. (VIII.27.) sz\u00e1m\u00fa hat\u00e1rozat a Hagyom\u00e1nyos k\u00ednai orvos szakir\u00e1ny\u00fa tov\u00e1bbk\u00e9pz\u00e9si szak\u00a0mintatanterv\u00e9nek m\u00f3dos\u00edt\u00e1s\u00e1r\u00f3l<\/a><br \/>\n<a href=\"https:\/\/semmelweis.hu\/aok\/files\/2026\/08\/HKO_mintatanterv.pdf\" target=\"_blank\" rel=\"noopener\">41\/2026. (VIII.27.) sz\u00e1m\u00fa hat\u00e1rozat a Hagyom\u00e1nyos k\u00ednai orvos szakir\u00e1ny\u00fa tov\u00e1bbk\u00e9pz\u00e9si szak mintatanterv\u00e9nek m\u00f3dos\u00edt\u00e1s\u00e1r\u00f3l &#8211; mell\u00e9klet<\/a><br \/>\n<a href=\"https:\/\/semmelweis.hu\/aok\/files\/2026\/08\/42_Pharma_kovetelmenyrendszer_modositas.pdf\" target=\"_blank\" rel=\"noopener\">42\/2026. (VIII.27.) sz\u00e1m\u00fa hat\u00e1rozat a Gy\u00f3gyszeripari innov\u00e1ci\u00f3 \u00e9s \u00fczleti menedzsment\/Pharmaceutical Innovation and Business Administration mesterk\u00e9pz\u00e9si szak mintatanterv\u00e9nek \u00e9s tant\u00e1rgyi k\u00f6vetelm\u00e9nyrendszereinek m\u00f3dos\u00edt\u00e1s\u00e1r\u00f3l<\/a><br \/>\n<a href=\"https:\/\/semmelweis.hu\/aok\/files\/2026\/08\/PharmaMBA_mintatanterv_20260831-masolata.pdf\" target=\"_blank\" rel=\"noopener\">42\/2026. (VIII.27.) sz\u00e1m\u00fa hat\u00e1rozat a Gy\u00f3gyszeripari innov\u00e1ci\u00f3 \u00e9s \u00fczleti menedzsment\/Pharmaceutical Innovation and Business Administration mesterk\u00e9pz\u00e9si szak mintatanterv\u00e9nek \u00e9s tant\u00e1rgyi k\u00f6vetelm\u00e9nyrendszereinek m\u00f3dos\u00edt\u00e1s\u00e1r\u00f3l &#8211; mell\u00e9klet<\/a><br \/>\n<a href=\"https:\/\/semmelweis.hu\/aok\/files\/2026\/08\/43_CBT-konzulens-es-a-CBT-terapeuta-szakiranyu-tovabbkepzes-tantargyi-kovetelmenyrendszereinek-elfogadasarol.pdf\" target=\"_blank\" rel=\"noopener\">43\/2026. (VIII.27.) sz\u00e1m\u00fa hat\u00e1rozat a kognit\u00edv viselked\u00e9ster\u00e1pi\u00e1s konzulens (CBT konzulens) \u00e9s a kognit\u00edv viselked\u00e9sterapeuta (CBT terapeuta) szakir\u00e1ny\u00fa tov\u00e1bbk\u00e9pz\u00e9s tant\u00e1rgyi k\u00f6vetelm\u00e9nyrendszereinek elfogad\u00e1s\u00e1r\u00f3l<\/a><br \/>\n<a href=\"https:\/\/semmelweis.hu\/aok\/files\/2026\/08\/Kognitiv-viselkedesterapeuta-CBT-terapeuta-szakiranyu-tovabbkepzes_Kotelezo-targyak-KT_ra.pdf\" target=\"_blank\" rel=\"noopener\">43\/2026. (VIII.27.) sz\u00e1m\u00fa hat\u00e1rozat a kognit\u00edv viselked\u00e9ster\u00e1pi\u00e1s konzulens (CBT konzulens) \u00e9s a kognit\u00edv viselked\u00e9sterapeuta (CBT terapeuta) szakir\u00e1ny\u00fa tov\u00e1bbk\u00e9pz\u00e9s tant\u00e1rgyi k\u00f6vetelm\u00e9nyrendszereinek elfogad\u00e1s\u00e1r\u00f3l &#8211; mell\u00e9klet<\/a><br \/>\n<a href=\"https:\/\/semmelweis.hu\/aok\/files\/2026\/08\/Kognitiv-viselkedesterapias-konzulens-CBT-konzulens-szakiranyu-tovabbkepzes_Kotelezo-targyak_KT-ra.pdf\" target=\"_blank\" rel=\"noopener\">43\/2026. (VIII.27.) sz\u00e1m\u00fa hat\u00e1rozat a kognit\u00edv viselked\u00e9ster\u00e1pi\u00e1s konzulens (CBT konzulens) \u00e9s a kognit\u00edv viselked\u00e9sterapeuta (CBT terapeuta) szakir\u00e1ny\u00fa tov\u00e1bbk\u00e9pz\u00e9s tant\u00e1rgyi k\u00f6vetelm\u00e9nyrendszereinek elfogad\u00e1s\u00e1r\u00f3l &#8211; mell\u00e9klet<\/a><br \/>\n<a href=\"https:\/\/semmelweis.hu\/aok\/files\/2026\/08\/44_Bizonyitekokon-alapulo-altalanos-orvosi-es-klinikai-pszichologia-mesterkepzesi-szak-tantargyi-kovetelmenyrendszerei-elfogadasarol.pdf\" target=\"_blank\" rel=\"noopener\">44\/2026. (VIII.27.) sz\u00e1m\u00fa hat\u00e1rozat a Bizony\u00edt\u00e9kokon alapul\u00f3 \u00e1ltal\u00e1nos orvosi \u00e9s klinikai pszichol\u00f3gia mesterk\u00e9pz\u00e9si szak tant\u00e1rgyi k\u00f6vetelm\u00e9nyrendszereinek elfogad\u00e1s\u00e1r\u00f3l<\/a><br \/>\n<a href=\"https:\/\/semmelweis.hu\/aok\/files\/2026\/08\/Bizonyitekokon-alapulo-altalanos-orvosi-es-klinikai-pszichologia-MSc_Kotelezo-targyak_KT-ra.pdf\" target=\"_blank\" rel=\"noopener\">44\/2026. (VIII.27.) sz\u00e1m\u00fa hat\u00e1rozat a Bizony\u00edt\u00e9kokon alapul\u00f3 \u00e1ltal\u00e1nos orvosi \u00e9s klinikai pszichol\u00f3gia mesterk\u00e9pz\u00e9si szak tant\u00e1rgyi k\u00f6vetelm\u00e9nyrendszereinek elfogad\u00e1s\u00e1r\u00f3l &#8211; mell\u00e9klet<\/a><br \/>\n<a href=\"https:\/\/semmelweis.hu\/aok\/files\/2026\/08\/Bizonyitekokon-alapulo-altalanos-orvosi-es-klinikai-pszichologia-MSc_Valaszthato-targyak_KT-ra.pdf\" target=\"_blank\" rel=\"noopener\">44\/2026. (VIII.27.) sz\u00e1m\u00fa hat\u00e1rozat a Bizony\u00edt\u00e9kokon alapul\u00f3 \u00e1ltal\u00e1nos orvosi \u00e9s klinikai pszichol\u00f3gia mesterk\u00e9pz\u00e9si szak tant\u00e1rgyi k\u00f6vetelm\u00e9nyrendszereinek elfogad\u00e1s\u00e1r\u00f3l &#8211; mell\u00e9klet<\/a><br \/>\n<a href=\"https:\/\/semmelweis.hu\/aok\/files\/2026\/08\/45_Egeszsegugyi-neuropszichologia-mesterkepzesi-szak-tantargyi-kovetelmenyrendszereinek-elfogadasarol.pdf\" target=\"_blank\" rel=\"noopener\">45\/2026. (VIII.27.) sz\u00e1m\u00fa hat\u00e1rozat az Eg\u00e9szs\u00e9g\u00fcgyi neuropszichol\u00f3gia mesterk\u00e9pz\u00e9si szak tant\u00e1rgyi k\u00f6vetelm\u00e9nyrendszereinek elfogad\u00e1s\u00e1r\u00f3l<\/a><br \/>\n<a href=\"https:\/\/semmelweis.hu\/aok\/files\/2026\/08\/Egeszsegugyi-Neuropszichologia-MSc-kotelezoen_Valaszthato-targyak_KT-ra.pdf\" target=\"_blank\" rel=\"noopener\">45\/2026. (VIII.27.) sz\u00e1m\u00fa hat\u00e1rozat az Eg\u00e9szs\u00e9g\u00fcgyi neuropszichol\u00f3gia mesterk\u00e9pz\u00e9si szak tant\u00e1rgyi k\u00f6vetelm\u00e9nyrendszereinek elfogad\u00e1s\u00e1r\u00f3l &#8211; mell\u00e9klet<\/a><br \/>\n<a href=\"https:\/\/semmelweis.hu\/aok\/files\/2026\/08\/Egeszsegugyi-Neuropszichologia-MSc_Kotelezo-targyak_KT-ra.pdf\" target=\"_blank\" rel=\"noopener\">45\/2026. (VIII.27.) sz\u00e1m\u00fa hat\u00e1rozat az Eg\u00e9szs\u00e9g\u00fcgyi neuropszichol\u00f3gia mesterk\u00e9pz\u00e9si szak tant\u00e1rgyi k\u00f6vetelm\u00e9nyrendszereinek elfogad\u00e1s\u00e1r\u00f3l &#8211; mell\u00e9klet<\/a><br \/>\n<a href=\"https:\/\/semmelweis.hu\/aok\/files\/2026\/08\/46_Pszichobiologia-mesterkepzesi-szak-tantargyi-kovetelmenyrendszereinek-elfogadasarol.pdf\" target=\"_blank\" rel=\"noopener\">46\/2026. (VIII.27.) sz\u00e1m\u00fa hat\u00e1rozat a Pszichobiol\u00f3gia mesterk\u00e9pz\u00e9si szak tant\u00e1rgyi k\u00f6vetelm\u00e9nyrendszereinek elfogad\u00e1s\u00e1r\u00f3l<\/a><br \/>\n<a href=\"https:\/\/semmelweis.hu\/aok\/files\/2026\/08\/Pszichobiologia-Msc-kotelezo-targyak_KT-ra.pdf\" target=\"_blank\" rel=\"noopener\">46\/2026. (VIII.27.) sz\u00e1m\u00fa hat\u00e1rozat a Pszichobiol\u00f3gia mesterk\u00e9pz\u00e9si szak tant\u00e1rgyi k\u00f6vetelm\u00e9nyrendszereinek elfogad\u00e1s\u00e1r\u00f3l &#8211; mell\u00e9klet<\/a><br \/>\n<a href=\"https:\/\/semmelweis.hu\/aok\/files\/2026\/08\/Pszichobiologia-MSc_Valaszthato-targyak-KT-ra.pdf\" target=\"_blank\" rel=\"noopener\">46\/2026. (VIII.27.) sz\u00e1m\u00fa hat\u00e1rozat a Pszichobiol\u00f3gia mesterk\u00e9pz\u00e9si szak tant\u00e1rgyi k\u00f6vetelm\u00e9nyrendszereinek elfogad\u00e1s\u00e1r\u00f3l &#8211; mell\u00e9klet<\/a><\/p>\n","protected":false},"author":101862,"featured_media":0,"parent":1141,"menu_order":0,"comment_status":"closed","ping_status":"closed","template":"","meta":{"_acf_changed":false,"footnotes":""},"categories":[],"tags":[],"class_list":["post-34803","page","type-page","status-publish","hentry"],"acf":[],"publishpress_future_action":{"enabled":false,"date":"2026-09-09 08:42:17","action":"change-status","newStatus":"draft","terms":[],"taxonomy":"category","extraData":[]},"publishpress_future_workflow_manual_trigger":{"enabledWorkflows":[]},"_links":{"self":[{"href":"https:\/\/semmelweis.hu\/aok\/wp-json\/wp\/v2\/pages\/34803","targetHints":{"allow":["GET"]}}],"collection":[{"href":"https:\/\/semmelweis.hu\/aok\/wp-json\/wp\/v2\/pages"}],"about":[{"href":"https:\/\/semmelweis.hu\/aok\/wp-json\/wp\/v2\/types\/page"}],"author":[{"embeddable":true,"href":"https:\/\/semmelweis.hu\/aok\/wp-json\/wp\/v2\/users\/101862"}],"replies":[{"embeddable":true,"href":"https:\/\/semmelweis.hu\/aok\/wp-json\/wp\/v2\/comments?post=34803"}],"version-history":[{"count":1,"href":"https:\/\/semmelweis.hu\/aok\/wp-json\/wp\/v2\/pages\/34803\/revisions"}],"predecessor-version":[{"id":34821,"href":"https:\/\/semmelweis.hu\/aok\/wp-json\/wp\/v2\/pages\/34803\/revisions\/34821"}],"up":[{"embeddable":true,"href":"https:\/\/semmelweis.hu\/aok\/wp-json\/wp\/v2\/pages\/1141"}],"wp:attachment":[{"href":"https:\/\/semmelweis.hu\/aok\/wp-json\/wp\/v2\/media?parent=34803"}],"wp:term":[{"taxonomy":"category","embeddable":true,"href":"https:\/\/semmelweis.hu\/aok\/wp-json\/wp\/v2\/categories?post=34803"},{"taxonomy":"post_tag","embeddable":true,"href":"https:\/\/semmelweis.hu\/aok\/wp-json\/wp\/v2\/tags?post=34803"}],"curies":[{"name":"wp","href":"https:\/\/api.w.org\/{rel}","templated":true}]}}