{"id":19132,"date":"2018-05-16T11:44:21","date_gmt":"2018-05-16T09:44:21","guid":{"rendered":"http:\/\/semmelweis.hu\/aok\/?page_id=19132"},"modified":"2019-04-01T08:19:44","modified_gmt":"2019-04-01T06:19:44","slug":"2018-majus-8-i-hatarozatok","status":"publish","type":"page","link":"https:\/\/semmelweis.hu\/aok\/a-karrol\/kari-tanacs\/a-kari-tanacs-hatarozatai\/2018-majus-8-i-hatarozatok\/","title":{"rendered":"2018. m\u00e1jus 8-i hat\u00e1rozatok"},"content":{"rendered":"<p><strong><a href=\"https:\/\/semmelweis.hu\/aok\/files\/2018\/05\/43_blokkos\u00edtott_oktat\u00e1s.pdf\">43\/2018 (2018. m\u00e1jus 8-i) KT sz\u00e1m\u00fa hat\u00e1rozata blokkos\u00edtott oktat\u00e1s bevezet\u00e9s\u00e9r\u0151l a IV. \u00e9vfolyamon<\/a><\/strong><strong><br \/>\n<\/strong><\/p>\n<p><strong><a href=\"https:\/\/semmelweis.hu\/aok\/files\/2018\/05\/44_gyakorl\u00f3_k\u00f3rh\u00e1z.pdf\">44\/2018 (2018. m\u00e1jus 8-i) KT sz\u00e1m\u00fa hat\u00e1rozata a \u201eSE \u00c1OK Gyakorl\u00f3 K\u00f3rh\u00e1z\u201d c\u00edm elnyer\u00e9s\u00e9r\u0151l sz\u00f3l\u00f3 javaslatr\u00f3l<\/a><\/strong><strong><br \/>\n<\/strong><\/p>\n<p><strong><a href=\"https:\/\/semmelweis.hu\/aok\/files\/2018\/05\/45_tan\u00e9vbeoszt\u00e1s.pdf\">45\/2018 (2018. m\u00e1jus 8-i) KT sz\u00e1m\u00fa hat\u00e1rozata a 2018\/2019-es tan\u00e9v id\u0151beoszt\u00e1s\u00e1ra vonatkoz\u00f3 javaslatr\u00f3l<\/a><\/strong><strong><br \/>\n<\/strong><\/p>\n<p style=\"padding-left: 30px\"><a href=\"https:\/\/semmelweis.hu\/aok\/files\/2018\/05\/45_mell\u00e9klet.pdf\">mell\u00e9klet<\/a><\/p>\n<p><strong><a href=\"https:\/\/semmelweis.hu\/aok\/files\/2018\/05\/46_ACH_v\u00e1laszthat\u00f3_tant\u00e1rgyak.pdf\">46\/2018 (2018. m\u00e1jus 8-i) KT sz\u00e1m\u00fa hat\u00e1rozata v\u00e1laszthat\u00f3 tant\u00e1rgyak bevezet\u00e9s\u00e9r\u0151l az Asklepios Campus Hamburgon<\/a><\/strong><strong><br \/>\n<\/strong><\/p>\n<p style=\"padding-left: 30px\"><a href=\"https:\/\/semmelweis.hu\/aok\/files\/2018\/05\/46_mell\u00e9klet.pdf\">mell\u00e9klet<\/a>\u00a0\u00a0\u00a0\u00a0\u00a0\u00a0\u00a0\u00a0<\/p>\n<p><strong><a href=\"https:\/\/semmelweis.hu\/aok\/files\/2018\/05\/47_Nemz_Fels\u0151okt_\u00d6szt\u00f6nd\u00edj_Szab..pdf\">47\/2018 (2018. m\u00e1jus 8-i) KT sz\u00e1m\u00fa hat\u00e1rozata a Nemzeti Fels\u0151oktat\u00e1si \u00d6szt\u00f6nd\u00edj kari szab\u00e1lyzat m\u00f3dos\u00edt\u00e1s\u00e1r\u00f3l<\/a><\/strong><strong><br \/>\n<\/strong><\/p>\n<p style=\"padding-left: 30px\"><a href=\"https:\/\/semmelweis.hu\/aok\/files\/2018\/05\/47_mell\u00e9klet.pdf\">mell\u00e9klet<\/a><\/p>\n<p><strong><a href=\"https:\/\/semmelweis.hu\/aok\/files\/2018\/05\/48_bizotts\u00e1gi_\u00fcgyrend.pdf\">48\/2018 (2018. m\u00e1jus 8-i) KT sz\u00e1m\u00fa hat\u00e1rozata a Szen\u00e1tus \u00e1ltal l\u00e9trehozott karon m\u0171k\u00f6d\u0151 \u00e1lland\u00f3 bizotts\u00e1gok \u00fcgyrendj\u00e9r\u0151l<\/a><\/strong><strong><br \/>\n<\/strong><\/p>\n<p style=\"padding-left: 30px\"><a href=\"https:\/\/semmelweis.hu\/aok\/files\/2018\/05\/48_mell\u00e9klet-1.pdf\">mell\u00e9klet<\/a>\u00a0\u00a0\u00a0\u00a0\u00a0\u00a0\u00a0\u00a0\u00a0\u00a0<a href=\"https:\/\/semmelweis.hu\/aok\/files\/2018\/05\/48_mell\u00e9klet-2.pdf\">mell\u00e9klet<\/a>\u00a0\u00a0\u00a0\u00a0\u00a0\u00a0\u00a0\u00a0\u00a0\u00a0<a href=\"https:\/\/semmelweis.hu\/aok\/files\/2018\/05\/48_mell\u00e9klet-3.pdf\">mell\u00e9klet<\/a>\u00a0\u00a0\u00a0\u00a0\u00a0\u00a0\u00a0\u00a0\u00a0 <a href=\"https:\/\/semmelweis.hu\/aok\/files\/2018\/05\/48_mell\u00e9klet-4.pdf\">mell\u00e9klet<\/a><\/p>\n<p><strong><a href=\"https:\/\/semmelweis.hu\/aok\/files\/2018\/05\/49_2018_professor-emeritus-szab\u00e1lyzat.pdf\">49\/2018 (2018. m\u00e1jus 8-i) KT sz\u00e1m\u00fa hat\u00e1rozata a \u201cProfessor Emeritus\u201d c\u00edm adom\u00e1nyoz\u00e1s\u00e1ra \u00e9s visel\u00e9s\u00e9re vonatkoz\u00f3 kari felt\u00e9telrendszer m\u00f3dos\u00edt\u00e1s\u00e1r\u00f3l<\/a><\/strong><strong><br \/>\n<\/strong><\/p>\n","protected":false},"excerpt":{"rendered":"<p><a href=\"https:\/\/semmelweis.hu\/aok\/files\/2018\/05\/43_blokkos\u00edtott_oktat\u00e1s.pdf\">43\/2018 (2018. m\u00e1jus 8-i) KT sz\u00e1m\u00fa hat\u00e1rozata blokkos\u00edtott oktat\u00e1s bevezet\u00e9s\u00e9r\u0151l a IV. \u00e9vfolyamon<\/a><\/p>\n<p><a href=\"https:\/\/semmelweis.hu\/aok\/files\/2018\/05\/44_gyakorl\u00f3_k\u00f3rh\u00e1z.pdf\">44\/2018 (2018. m\u00e1jus 8-i) KT sz\u00e1m\u00fa hat\u00e1rozata a \u201eSE \u00c1OK Gyakorl\u00f3 K\u00f3rh\u00e1z\u201d c\u00edm elnyer\u00e9s\u00e9r\u0151l sz\u00f3l\u00f3 javaslatr\u00f3l<\/a><\/p>\n<p><a href=\"https:\/\/semmelweis.hu\/aok\/files\/2018\/05\/45_tan\u00e9vbeoszt\u00e1s.pdf\">45\/2018 (2018. m\u00e1jus 8-i) KT sz\u00e1m\u00fa hat\u00e1rozata a 2018\/2019-es tan\u00e9v id\u0151beoszt\u00e1s\u00e1ra vonatkoz\u00f3 javaslatr\u00f3l<\/a><\/p>\n<p><a href=\"https:\/\/semmelweis.hu\/aok\/files\/2018\/05\/45_mell\u00e9klet.pdf\">mell\u00e9klet<\/a><br \/>\n<a href=\"https:\/\/semmelweis.hu\/aok\/files\/2018\/05\/46_ACH_v\u00e1laszthat\u00f3_tant\u00e1rgyak.pdf\">46\/2018 (2018. m\u00e1jus 8-i) KT sz\u00e1m\u00fa hat\u00e1rozata v\u00e1laszthat\u00f3 tant\u00e1rgyak bevezet\u00e9s\u00e9r\u0151l az Asklepios Campus Hamburgon<\/a><\/p>\n<p><a href=\"https:\/\/semmelweis.hu\/aok\/files\/2018\/05\/46_mell\u00e9klet.pdf\">mell\u00e9klet<\/a>\u00a0\u00a0\u00a0\u00a0\u00a0\u00a0\u00a0\u00a0<br \/>\n<a href=\"https:\/\/semmelweis.hu\/aok\/files\/2018\/05\/47_Nemz_Fels\u0151okt_\u00d6szt\u00f6nd\u00edj_Szab..pdf\">47\/2018 (2018. m\u00e1jus 8-i) KT sz\u00e1m\u00fa hat\u00e1rozata a Nemzeti Fels\u0151oktat\u00e1si \u00d6szt\u00f6nd\u00edj kari szab\u00e1lyzat m\u00f3dos\u00edt\u00e1s\u00e1r\u00f3l<\/a><\/p>\n<p><a href=\"https:\/\/semmelweis.hu\/aok\/files\/2018\/05\/47_mell\u00e9klet.pdf\">mell\u00e9klet<\/a><br \/>\n<a href=\"https:\/\/semmelweis.hu\/aok\/files\/2018\/05\/48_bizotts\u00e1gi_\u00fcgyrend.pdf\">48\/2018 (2018. m\u00e1jus 8-i) KT sz\u00e1m\u00fa hat\u00e1rozata a Szen\u00e1tus \u00e1ltal l\u00e9trehozott karon m\u0171k\u00f6d\u0151 \u00e1lland\u00f3 bizotts\u00e1gok \u00fcgyrendj\u00e9r\u0151l<\/a><\/p>\n<p><a href=\"https:\/\/semmelweis.hu\/aok\/files\/2018\/05\/48_mell\u00e9klet-1.pdf\">mell\u00e9klet<\/a>\u00a0\u00a0\u00a0\u00a0\u00a0\u00a0\u00a0\u00a0\u00a0\u00a0<a href=\"https:\/\/semmelweis.hu\/aok\/files\/2018\/05\/48_mell\u00e9klet-2.pdf\">mell\u00e9klet<\/a>\u00a0\u00a0\u00a0\u00a0\u00a0\u00a0\u00a0\u00a0\u00a0\u00a0<a href=\"https:\/\/semmelweis.hu\/aok\/files\/2018\/05\/48_mell\u00e9klet-3.pdf\">mell\u00e9klet<\/a>\u00a0\u00a0\u00a0\u00a0\u00a0\u00a0\u00a0\u00a0\u00a0 <a href=\"https:\/\/semmelweis.hu\/aok\/files\/2018\/05\/48_mell\u00e9klet-4.pdf\">mell\u00e9klet<\/a><br \/>\n<a href=\"https:\/\/semmelweis.hu\/aok\/files\/2018\/05\/49_2018_professor-emeritus-szab\u00e1lyzat.pdf\">49\/2018 (2018. m\u00e1jus 8-i) KT sz\u00e1m\u00fa hat\u00e1rozata a \u201cProfessor Emeritus\u201d c\u00edm adom\u00e1nyoz\u00e1s\u00e1ra \u00e9s visel\u00e9s\u00e9re vonatkoz\u00f3 kari felt\u00e9telrendszer m\u00f3dos\u00edt\u00e1s\u00e1r\u00f3l<\/a><\/p>\n","protected":false},"author":151,"featured_media":0,"parent":1141,"menu_order":0,"comment_status":"closed","ping_status":"closed","template":"","meta":{"_acf_changed":false,"footnotes":""},"categories":[],"tags":[],"class_list":["post-19132","page","type-page","status-publish","hentry"],"acf":[],"publishpress_future_action":{"enabled":false,"date":"1970-01-01 01:00:00","action":"","terms":[],"taxonomy":"","browser_timezone_offset":0},"_links":{"self":[{"href":"https:\/\/semmelweis.hu\/aok\/wp-json\/wp\/v2\/pages\/19132","targetHints":{"allow":["GET"]}}],"collection":[{"href":"https:\/\/semmelweis.hu\/aok\/wp-json\/wp\/v2\/pages"}],"about":[{"href":"https:\/\/semmelweis.hu\/aok\/wp-json\/wp\/v2\/types\/page"}],"author":[{"embeddable":true,"href":"https:\/\/semmelweis.hu\/aok\/wp-json\/wp\/v2\/users\/151"}],"replies":[{"embeddable":true,"href":"https:\/\/semmelweis.hu\/aok\/wp-json\/wp\/v2\/comments?post=19132"}],"version-history":[{"count":9,"href":"https:\/\/semmelweis.hu\/aok\/wp-json\/wp\/v2\/pages\/19132\/revisions"}],"predecessor-version":[{"id":19773,"href":"https:\/\/semmelweis.hu\/aok\/wp-json\/wp\/v2\/pages\/19132\/revisions\/19773"}],"up":[{"embeddable":true,"href":"https:\/\/semmelweis.hu\/aok\/wp-json\/wp\/v2\/pages\/1141"}],"wp:attachment":[{"href":"https:\/\/semmelweis.hu\/aok\/wp-json\/wp\/v2\/media?parent=19132"}],"wp:term":[{"taxonomy":"category","embeddable":true,"href":"https:\/\/semmelweis.hu\/aok\/wp-json\/wp\/v2\/categories?post=19132"},{"taxonomy":"post_tag","embeddable":true,"href":"https:\/\/semmelweis.hu\/aok\/wp-json\/wp\/v2\/tags?post=19132"}],"curies":[{"name":"wp","href":"https:\/\/api.w.org\/{rel}","templated":true}]}}