{"id":15720,"date":"2017-04-04T09:08:13","date_gmt":"2017-04-04T07:08:13","guid":{"rendered":"http:\/\/semmelweis.hu\/aok\/?page_id=15720"},"modified":"2026-03-16T15:42:01","modified_gmt":"2026-03-16T14:42:01","slug":"vi-evfolyam","status":"publish","type":"page","link":"https:\/\/semmelweis.hu\/aok\/oktatas\/vi-evfolyam\/","title":{"rendered":"VI. \u00e9vfolyam"},"content":{"rendered":"<div class=\"responsive-tabs\">\n<h2 class=\"tabtitle\">2026-2027. tan\u00e9v <\/h2>\n<div class=\"tabcontent\">\n\n<h1 style=\"text-align: center\">Gyakorlati \u00e9s Szigorlati\u00a0 rend <br \/>\n2026\/2027. tan\u00e9v<\/h1>\n<h1 style=\"text-align: center\">T \u00c1 J \u00c9 K O Z T A T \u00d3 a 2026\/2027. tan\u00e9v<br \/>\nVI. \u00e9vfolyamos gyakorlati \u00e9s szigorlati rendj\u00e9r\u0151l<\/h1>\n<p>A VI. \u00e9vfolyam 2026. j\u00falius 13-\u00e1n kezd\u0151dik, amelynek rendj\u00e9r\u0151l az al\u00e1bbiakban t\u00e1j\u00e9koztatjuk.<\/p>\n<h2><u>Turnusjelentkez\u00e9s:<\/u><\/h2>\n<p>VI. \u00e9vben a hallgat\u00f3k 8 turnusban (I-VIII), azon bel\u00fcl pedig 2 (A \u00e9s B) csoportban \u2013 egyes turnusok eset\u00e9n \u00c9rseb\u00e9szet gyakorlatot 4 csoportban (A, B, C, D) \u2013 t\u00f6lthetik gyakorlatukat. A csoportok \u201ea kisebb\u201d diszcipl\u00edn\u00e1k (\u00e9rseb\u00e9szet, csal\u00e1dorvostan, infektol\u00f3gia, traumatol\u00f3gia) beoszt\u00e1s\u00e1t teszik lehet\u0151v\u00e9. A turnusokat, valamint a turnusokon bel\u00fcl a t\u00e1rgyak sorrendj\u00e9t a <a href=\"https:\/\/semmelweis.hu\/aok\/files\/2026\/03\/Turnusbeosztas-2026-27.pdf\" target=\"_blank\" rel=\"noopener\">Turnusbeoszt\u00e1s 2026-2027. tan\u00e9v<\/a> dokumentum tartalmazza.<\/p>\n<p><strong>Jelentkezni mind turnusba, mind turnuson bel\u00fcli csoportba is kell. Egy csoportba (pl. I\/A) 24 hallgat\u00f3n\u00e1l t\u00f6bb nem ker\u00fclhet beoszt\u00e1sra.<\/strong><\/p>\n<p>A csoportokba val\u00f3 els\u0151 k\u00f6r\u00f6s jelentkez\u00e9s<strong> 2026. m\u00e1rcius 16-\u00e1n 8:00 \u00f3r\u00e1t\u00f3l m\u00e1rcius 22-\u00e9n 23:59 \u00f3r\u00e1ig, <\/strong>a <strong>Hallgat\u00f3i \u00d6nkorm\u00e1nyzat <\/strong>\u00e1ltal k\u00e9sz\u00edtett weblapon, valamint az \u00e1ltaluk megosztott<strong> Microsoft Forms alap\u00fa k\u00e9rd\u0151\u00edven <\/strong>kereszt\u00fcl fog t\u00f6rt\u00e9nni.<\/p>\n<p>Jelentkezni 8 turnusba lehet, a 8 turnuson bel\u00fcl pedig A \u00e9s B csoportokba. A bek\u00fcld\u00f6tt adatokat a Hallgat\u00f3i \u00d6nkorm\u00e1nyzat kezeli, akik a beoszt\u00e1sn\u00e1l a negyedik, valamint az \u00f6t\u00f6dik \u00e9vfolyam blokkbeoszt\u00e1sa sor\u00e1n alkalmazott krit\u00e9riumrendszernek megfelel\u0151en rangsorolj\u00e1k a jelentkez\u0151ket. Az err\u0151l sz\u00f3l\u00f3 aktu\u00e1lis r\u00e9szletes t\u00e1j\u00e9koztat\u00f3 a k\u00f6vetkez\u0151 hivatkoz\u00e1sban olvashat\u00f3:<\/p>\n<p>T\u00e1j\u00e9koztat\u00f3: <a href=\"https:\/\/semmelweis.hu\/hok\/files\/2026\/03\/Turnusbeosztas-tajekoztato-2026-2027.pdf\">https:\/\/semmelweis.hu\/hok\/files\/2026\/03\/Turnusbeosztas-tajekoztato-2026-2027.pdf<\/a><\/p>\n<p>Pontrendszer: <a href=\"https:\/\/semmelweis.hu\/hok\/files\/2026\/02\/Turnusbeosztas-pontrendszer-2026-2027.pdf\">https:\/\/semmelweis.hu\/hok\/files\/2026\/02\/Turnusbeosztas-pontrendszer-2026-2027.pdf<\/a><\/p>\n<p>A turnusbeoszt\u00e1ssal kapcsolatos tov\u00e1bbi k\u00e9rd\u00e9ssel a <a href=\"mailto:hok.med@semmelweis.hu\">hok.med@semmelweis.hu<\/a> e-mail-c\u00edmen a H\u00d6K \u00e9vfolyam-k\u00e9pvisel\u0151kh\u00f6z fordulhatnak. Az e-mail t\u00e1rgy mez\u0151be mindenk\u00e9pp legyenek sz\u00edvesek felt\u00fcntetni a k\u00f6vetkez\u0151t: <strong>\u201eVI. \u00e9ves turnusjelentkez\u00e9s\u201d.<\/strong><\/p>\n<p>A Hallgat\u00f3i \u00d6nkorm\u00e1nyzat a v\u00e9gleges beoszt\u00e1st<strong> 2026. m\u00e1rcius 30-ig <\/strong>juttatja el a Tanulm\u00e1nyi Oszt\u00e1lyra, mely ezt k\u00f6vet\u0151en a Neptunon ker\u00fcl majd kik\u00fcld\u00e9sre.<\/p>\n<h2><u>Bejelentkez\u00e9s, t\u00e1rgyfelv\u00e9tel:<\/u><\/h2>\n<p>A tanulm\u00e1nyok folytat\u00e1s\u00e1nak bejelent\u00e9s\u00e9re \u00e9s a t\u00e1rgyfelv\u00e9telre 2026. j\u00falius 03-t\u00f3l j\u00falius 09-ig van lehet\u0151s\u00e9g a Neptun rendszerben. Ekkor a turnusbeoszt\u00e1s szerinti I. \u00e9s II. f\u00e9l\u00e9vi t\u00e1rgyakat is fel kell venni. A II. f\u00e9l\u00e9vi t\u00e1rgyak m\u00f3dos\u00edt\u00e1s\u00e1ra m\u00e9g lesz lehet\u0151s\u00e9g a tavaszi f\u00e9l\u00e9v kezdete el\u0151tt, amikor is az I. f\u00e9l\u00e9vi gyakorlatot k\u00f6vet\u0151en le nem tett vizsg\u00e1kat CV kurzusk\u00e9nt m\u00e9g fel tudj\u00e1k venni.<\/p>\n<p>Amennyiben a szigorl\u00f3 \u00e9v alatt is szeretne<strong> v\u00e1laszthat\u00f3 <\/strong>t\u00e1rgyra jelentkezni, ezt az als\u00f3bb \u00e9vfolyamok t\u00e1rgyfelv\u00e9teli id\u0151szak\u00e1ban fogja tudni megtenni.<\/p>\n<p>Felh\u00edvom figyelm\u00e9t, hogy a VI. \u00e9vfolyamon is r\u00e9sze a<strong> Testnevel\u00e9s <\/strong>t\u00e1rgy a kurrikulumnak, \u00edgy k\u00e9rem, e t\u00e1rgy felv\u00e9tel\u00e9r\u0151l se feledkezzen meg a tan\u00e9v sor\u00e1n!<\/p>\n<h2><span style=\"text-decoration: underline\">Gyakorlatok rendje:<\/span><\/h2>\n<p><strong>A gyakorlatok heti \u00f3rasz\u00e1ma 40 \/ napi 8 munkajogi \u00f3ra (60 perc), <\/strong>melyen bel\u00fcl a hallgat\u00f3<strong> k\u00e9thetente egy, legfeljebb 12 \u00f3r\u00e1s \u00fcgyeleti <\/strong>gyakorlati id\u0151szakra (\u00fcgyelet idej\u00e9ben t\u00f6rt\u00e9n\u0151 gyakorlati r\u00e9szv\u00e9telre) is beoszthat\u00f3, amelynek id\u0151pontja h\u00e9tv\u00e9g\u00e9re (vagy a hallgat\u00f3 v\u00e1laszt\u00e1sa eset\u00e9n \u00e9jszak\u00e1ra) esik.<\/p>\n<p><strong>Belgy\u00f3gy\u00e1szat (ezen bel\u00fcl: infektol\u00f3gia), elmegy\u00f3gy\u00e1szat, gyermekgy\u00f3gy\u00e1szat, ideggy\u00f3gy\u00e1szat, seb\u00e9szet (ezen bel\u00fcl: traumatol\u00f3gia \u00e9s \u00e9rseb\u00e9szet), valamint a sz\u00fcl\u00e9szet-n\u0151gy\u00f3gy\u00e1szat <\/strong>gyakorlat az egyetemi klinik\u00e1kon, valamint gyakorl\u00f3 k\u00f3rh\u00e1zi oszt\u00e1lyokon teljes\u00edthet\u0151 \u2013 ld. \u201eT\u00c1J\u00c9KOZTAT\u00d3 MELL\u00c9KLETE, SZAKMAI GYAKORLATI HELYEK\u201d c\u00edmsz\u00f3 alatt az oldal alj\u00e1n (1\/a. \u00e9s 1\/b. mell\u00e9kletek).<\/p>\n<p>Belgy\u00f3gy\u00e1szat gyakorlat keret\u00e9ben egy h\u00e9t<strong> infektol\u00f3gia <\/strong>\u00e9s egy h\u00e9t<strong> csal\u00e1dorvostan gyakorlatot, <\/strong>seb\u00e9szet gyakorlat keret\u00e9ben egy h\u00e9t<strong> \u00e9rseb\u00e9szet <\/strong>\u00e9s egy h\u00e9t<strong> traumatol\u00f3gia gyakorlatot <\/strong>kell teljes\u00edteni a turnusbeoszt\u00e1sban megjel\u00f6lt id\u0151pontokban. Traumatol\u00f3gia gyakorlatra vonatkoz\u00f3 r\u00e9szletes t\u00e1j\u00e9koztat\u00f3 anyag a Traumatol\u00f3giai Klinika honlapj\u00e1n tal\u00e1lhat\u00f3:<strong>\u00a0 <\/strong><a href=\"https:\/\/semmelweis.hu\/traumatologia\/oktatas\/\"><strong>https:\/\/semmelweis.hu\/traumatologia\/oktatas\/<\/strong><\/a><\/p>\n<p><strong>A csal\u00e1dorvostani gyakorlatn\u00e1l<\/strong> \u2013 a megadott id\u0151pontokon bel\u00fcl \u2013 a beoszt\u00e1st a Csal\u00e1dorvosi Tansz\u00e9k v\u00e9gzi.<\/p>\n<p>Az <strong>Ideggy\u00f3gy\u00e1szat<\/strong> gyakorlatot megel\u0151z\u0151en a <strong>Neurol\u00f3giai Klinik\u00e1n kell<\/strong> minden hallgat\u00f3nak <strong>jelentkezni,<\/strong> egy \u00fan. \u201ek\u00f6z\u00f6s eligaz\u00edt\u00e1s\u201d-ra.<\/p>\n<p>A belgy\u00f3gy\u00e1szat, ill. seb\u00e9szet szigorlatra csak az adott t\u00e1rgyon bel\u00fcl teljes\u00edtend\u0151 r\u00e9sz gyakorlatok (csal\u00e1dorvosi, infektol\u00f3gia, \u00e9rseb\u00e9szet, traumatol\u00f3gia) teljes\u00edt\u00e9s\u00e9t k\u00f6vet\u0151en ker\u00fclhet sor.<\/p>\n<p>Minden turnus a 6 hetes <strong>V\u00e1laszthat\u00f3 klinikai gyakorlattal<\/strong> <strong>fejez\u0151dik be<\/strong>. A gyakorlat kiz\u00e1r\u00f3lag a Semmelweis Egyetem klinik\u00e1j\u00e1n, valamint a betegell\u00e1t\u00e1sban r\u00e9sztvev\u0151 int\u00e9zet\u00e9ben, \u00e9s tansz\u00e9ki csoportj\u00e1n t\u00f6lthet\u0151 le. A t\u00e1rgy oktat\u00e1s\u00e1ban r\u00e9szt vev\u0151 egys\u00e9gek list\u00e1ja megtal\u00e1lhat\u00f3 a <a href=\"https:\/\/semmelweis.hu\/aok\/files\/2025\/08\/Valaszthato-klinikai-gyakorlat-kepzohelyei_2025.pdf\" target=\"_blank\" rel=\"noopener\">6 hetes \u201eV\u00e1laszthat\u00f3 klinikai gyakorlat\u201d (VI. \u00e9vfolyam) k\u00e9pz\u0151helyei<\/a><span style=\"font-size: 1rem\"> linken, amely m\u00e9g j\u00faliusban aktualiz\u00e1l\u00e1sra ker\u00fcl. Az esetleges v\u00e1ltoz\u00e1sokat k\u00e9rj\u00fck, sz\u00edveskedj\u00e9k figyelemmel k\u00eds\u00e9rni.\u00a0<\/span><\/p>\n<h2><u>Belgy\u00f3gy\u00e1szati, Infektol\u00f3giai gyakorlati hely:<\/u><\/h2>\n<p>D\u00e9l-Pesti Centrumk\u00f3rh\u00e1z Orsz\u00e1gos Hematol\u00f3giai \u00e9s Infektol\u00f3giai Int\u00e9zet, Szent L\u00e1szl\u00f3 K\u00f3rh\u00e1z telephely, Infektol\u00f3giai Oszt\u00e1ly<\/p>\n<p>A gyakorlati oktat\u00e1s bonyol\u00edt\u00e1s\u00e1t R\u00e1cz Krisztina v\u00e9gzi (tel.: 06-1-455-5732, Hum\u00e1npolitikai Csoport).<\/p>\n<ul>\n<li>Bejelentkez\u00e9s a gyakorlat els\u0151 napj\u00e1n legk\u00e9s\u0151bb reggel 7.30-8.00 k\u00f6z\u00f6tt a Hum\u00e1npolitikai Csoportn\u00e1l (Szent Istv\u00e1n K\u00f3rh\u00e1z telephely \/1097 Budapest, Nagyv\u00e1rad t\u00e9r 1.\/, F\u0151\u00e9p\u00fclet). Csak a bejelentkez\u00e9s ut\u00e1n lehet megkezdeni a gyakorlatot.<\/li>\n<li><strong>1 \u00e9vn\u00e9l nem r\u00e9gebbi, \u00e9rv\u00e9nyes <u>orvosi alkalmass\u00e1gi igazol\u00e1sukat<\/u> sz\u00edveskedjenek magukkal vinni, mert ennek hi\u00e1ny\u00e1ban a gyakorlat nem kezdhet\u0151 meg.<\/strong><\/li>\n<li><strong>Gyakorlatot csak a felvett kurzusban lehet megkezdeni.<\/strong><\/li>\n<li><strong>Ha betegs\u00e9g miatt nem kezdte meg a gyakorlat\u00e1t, arr\u00f3l a <\/strong><a href=\"mailto:humanpolitika@dpckorhaz.hu\"><strong>humanpolitika@dpckorhaz.hu<\/strong><\/a> <strong>e-mail-c\u00edmre kell \u00e9rtes\u00edt\u00e9st k\u00fcldeni. A gyakorlat folytat\u00e1sakor \u00e9rv\u00e9nyes h\u00e1ziorvosi igazol\u00e1ssal kell igazolni, hogy k\u00f6z\u00f6ss\u00e9gbe mehet.<\/strong><\/li>\n<\/ul>\n<h2><u>Transzfuziol\u00f3giai alapok:<\/u><\/h2>\n<p>Id\u0151tartama 1 h\u00e9t elm\u00e9let + 1 h\u00e9t gyakorlat a turnusbeoszt\u00e1s szerint. Ezen t\u00falmen\u0151en, a tant\u00e1rgy harmadik moduljak\u00e9nt 2 k\u00fcl\u00f6nb\u00f6z\u0151 beteg r\u00e9sz\u00e9re megval\u00f3sul\u00f3 v\u00f6r\u00f6sv\u00e9rsejt transzf\u00fazi\u00f3 dokument\u00e1lt megtekint\u00e9se is k\u00f6telez\u0151 a belgy\u00f3gy\u00e1szat, a seb\u00e9szet vagy a gyermekgy\u00f3gy\u00e1szat gyakorlatok ideje alatt, melyek teljes\u00edt\u00e9s\u00e9nek igazol\u00e1s\u00e1hoz sz\u00fcks\u00e9ges formanyomtatv\u00e1ny a Transzfuziol\u00f3giai Tansz\u00e9k honlapj\u00e1r\u00f3l, ill. a <a href=\"https:\/\/semmelweis.hu\/aok\/oktatas\/vi-evfolyam\/\">https:\/\/semmelweis.hu\/aok\/oktatas\/vi-evfolyam\/<\/a> oldalr\u00f3l t\u00f6lthet\u0151 le. A kit\u00f6lt\u00f6tt, al\u00e1\u00edrt nyomtatv\u00e1nyt a <em>Transzfuziol\u00f3giai alapok<\/em> t\u00e1rgy oktat\u00e1s\u00e1t szervez\u0151 Tansz\u00e9khez e-mailben kell eljuttatni a <a href=\"mailto:kristof.szilvia@semmelweis.hu\">kristof.szilvia@semmelweis.hu<\/a> c\u00edmre.<\/p>\n<h2><u>Ment\u0151gyakorlat:<\/u><\/h2>\n<p>Az Orsz\u00e1gos Ment\u0151szolg\u00e1lat (OMSZ) t\u00e1j\u00e9koztat\u00e1sa alapj\u00e1n \u00e9rtes\u00edtem, hogy az el\u0151\u00edrt 1 hetes ment\u0151gyakorlatra csak a turnusbeoszt\u00e1sban szerepl\u0151 id\u0151pontban tudj\u00e1k fogadni a hallgat\u00f3kat.<\/p>\n<p>A turnusbeoszt\u00e1sban megjel\u00f6lt id\u0151pontokon bel\u00fcl a budapesti, illetve Pest v\u00e1rmegyei \u00e1lland\u00f3 lakc\u00edmmel rendelkez\u0151 hallgat\u00f3k beoszt\u00e1s\u00e1t az Orsz\u00e1gos Ment\u0151szolg\u00e1lat K\u00f6z\u00e9p-magyarorsz\u00e1gi R\u00e9gi\u00f3ja (1142 Budapest, Erzs\u00e9bet kir\u00e1lyn\u00e9 \u00fatja 87.) k\u00e9sz\u00edti el.<\/p>\n<p>A gyakorlat pontos hely\u00e9t \u00e9s id\u0151pontj\u00e1t a region\u00e1lis oktat\u00e1sszervez\u0151k hat\u00e1rozz\u00e1k meg, ez\u00e9rt felh\u00edvjuk minden hallgat\u00f3 figyelm\u00e9t, hogy a turnus minden napj\u00e1n el\u00e9rhet\u0151ek legyenek, h\u00e9tv\u00e9g\u00e9n is! Id\u0151pont, gyakorlati helysz\u00edn m\u00f3dos\u00edt\u00e1s\u00e1ra nincs lehet\u0151s\u00e9g.<\/p>\n<p>A beoszt\u00e1s a Neptun rendszerben megadott \u00e1lland\u00f3 lakc\u00edm alapj\u00e1n k\u00e9sz\u00fcl. A hallgat\u00f3 felel\u0151ss\u00e9ge, hogy a Neptunban a helyes \u00e1lland\u00f3 lakc\u00edm szerepeljen, mivel a beoszt\u00e1st kiz\u00e1r\u00f3lag ez alapj\u00e1n \u00e1ll\u00edtjuk \u00f6ssze. Az Eloszt\u00f3 napj\u00e1n a beoszt\u00e1son m\u00e1r nem tudunk, \u00e9s nem \u00e1ll m\u00f3dunkban v\u00e1ltoztatni.<\/p>\n<p>K\u00e9rj\u00fck, hogy az OMSZ sz\u0171k K\u00f6z\u00e9p-magyarorsz\u00e1gi R\u00e9gi\u00f3s (Budapest \u00e9s Pest v\u00e1rmegye) kapacit\u00e1sa miatt, a <strong><u>vid\u00e9ki (m\u00e1s r\u00e9gi\u00f3k) \u00e1lland\u00f3 lak\u00f3hellyel rendelkez\u0151 hallgat\u00f3i a lak\u00f3hely szerint illet\u00e9kes r\u00e9gi\u00f3 sz\u00e9khely\u00e9n jelentkezzenek, \u00e9s a r\u00e9gi\u00f3n bel\u00fcl adott lehet\u0151s\u00e9g szerint teljes\u00edts\u00e9k gyakorlatukat.<\/u><\/strong><\/p>\n<p><strong>Az eloszt\u00f3 a kurzus megkezd\u00e9s\u00e9nek els\u0151 napj\u00e1n (h\u00e9tf\u0151) 09.00 \u00f3rakor kezd\u0151dik, megjelen\u00e9s k\u00f6telez\u0151. C\u00edm: 1142 Budapest Erzs\u00e9bet kir\u00e1lyn\u00e9 \u00fatja 87.<\/strong><\/p>\n<p>Az eloszt\u00f3 napj\u00e1n minden hallgat\u00f3 megkapja a ment\u0151gyakorlat megkezd\u00e9s\u00e9hez sz\u00fcks\u00e9ges \u00e1ltal\u00e1nos inform\u00e1ci\u00f3kat, megkapja a sz\u00fcks\u00e9ges dokumentumokat (vonul\u00e1si enged\u00e9ly, jelenl\u00e9ti \u00edv) valamint a t\u0171z-\u00e9s munkav\u00e9delmi t\u00e1j\u00e9koztat\u00e1st. A ment\u0151gyakorlat elkezd\u00e9se csak az eloszt\u00f3n val\u00f3 megjelen\u00e9st k\u00f6vet\u0151en kezd\u0151dhet el.<\/p>\n<h3>R\u00e9gi\u00f3 oktat\u00e1sszervez\u0151k:<\/h3>\n<table width=\"617\">\n<tbody>\n<tr>\n<td width=\"209\">\n<p><strong>K\u00f6z\u00e9p-Magyarorsz\u00e1gi R\u00e9gi\u00f3<\/strong><\/p>\n<p>Budapest, Pest v\u00e1rmegye<\/p>\n<\/td>\n<td width=\"408\">\n<p><strong>Fabula Katalin<\/strong>: fabula.katalin@mentok.hu<\/p>\n<p><strong>Sz\u0171cs Brigitta<\/strong>: 70\/705-48-37, szucs.brigitta@mentok.hu<\/p>\n<\/td>\n<\/tr>\n<tr>\n<td width=\"209\">\n<p><strong>K\u00f6z\u00e9p-Dun\u00e1nt\u00fali R\u00e9gi\u00f3<\/strong><\/p>\n<p>\u200eFej\u00e9r\u200e, \u200eKom\u00e1rom-Esztergom, Veszpr\u00e9m<\/p>\n<\/td>\n<td width=\"408\">\n<p><strong>Hat\u00e1r G\u00e1bor: <\/strong>20\/3236545, hatar.gabor@mentok.hu<\/p>\n<\/td>\n<\/tr>\n<tr>\n<td width=\"209\">\n<p><strong>Nyugat-Dun\u00e1nt\u00fali R\u00e9gi\u00f3<\/strong><\/p>\n<p>Gy\u0151r-Moson-Sopron, Vas, \u200eZala<\/p>\n<\/td>\n<td width=\"408\">\n<p><strong>M\u00e1rovics P\u00e1l: <\/strong>20\/264-2907, marovics.pal@mentok.hu<\/p>\n<p><strong>Sz\u00e1vai R\u00e9ka:<\/strong> 30\/328-5352, szavai.reka@mentok.hu<\/p>\n<p>&nbsp;<\/p>\n<\/td>\n<\/tr>\n<tr>\n<td width=\"209\">\n<p><strong>D\u00e9l-Dun\u00e1nt\u00fali R\u00e9gi\u00f3<\/strong><\/p>\n<p>Baranya, Somogy, Tolna<\/p>\n<\/td>\n<td width=\"408\">\n<p><strong>Kov\u00e1cs Kriszti\u00e1n:<\/strong> 30\/686-9950, kovacs.krisztian4@mentok.hu<\/p>\n<p><strong>Radnai Gy\u00f6ngyi:<\/strong> 30\/302-6578, radnai.gyongyi@mentok.hu<\/p>\n<p>&nbsp;<\/p>\n<\/td>\n<\/tr>\n<tr>\n<td width=\"209\">\n<p><strong>\u00c9szak-Magyarorsz\u00e1gi R\u00e9gi\u00f3<\/strong><\/p>\n<p>N\u00f3gr\u00e1d, Heves, Borsod<\/p>\n<\/td>\n<td width=\"408\">\n<p><strong>Sztr\u00e9mi G\u00e1bor:<\/strong> 20\/521-7049, sztremi.gabor@mentok.hu<\/p>\n<p><strong>Kacs\u00f3 Henriett:<\/strong> 30\/328-3291, kacso.henriett@mentok.hu<\/p>\n<\/td>\n<\/tr>\n<tr>\n<td width=\"209\">\n<p><strong>\u00c9szak-Alf\u00f6ldi R\u00e9gi\u00f3<\/strong><\/p>\n<p>Hajd\u00fa, Szolnok, Szabolcs-Szatm\u00e1r-Bereg<\/p>\n<\/td>\n<td width=\"408\">\n<p><strong>Tar Brigitta:<\/strong> 20\/411-6456, tar.brigitta@mentok.hu<\/p>\n<p><strong>K\u00e9sm\u00e1rki Anita:<\/strong> 30\/3138607, kesmarki.anita@mentok.hu<\/p>\n<\/td>\n<\/tr>\n<tr>\n<td width=\"209\">\n<p><strong>D\u00e9l-Alf\u00f6ldi R\u00e9gi\u00f3<\/strong><\/p>\n<p>B\u00e1cs, B\u00e9k\u00e9s, Csongr\u00e1d<\/p>\n<\/td>\n<td width=\"408\">\n<p><strong>Batka Tibor:<\/strong> 20\/421-8579, batka.tibor@mentok.hu<\/p>\n<p>&nbsp;<\/p>\n<\/td>\n<\/tr>\n<\/tbody>\n<\/table>\n<p>&nbsp;<\/p>\n<h2><u>Gyakorlati helyek:<\/u><\/h2>\n<p>K\u00e9rem, hogy \u2013 lehet\u0151s\u00e9g szerint \u2013 a szigorlati t\u00e1rgyak legal\u00e1bb fele a Semmelweis Egyetem oktat\u00e1si-kutat\u00e1si szervezeti egys\u00e9gein\u00e9l ker\u00fclj\u00f6n let\u00f6lt\u00e9sre.<\/p>\n<p>A gyakorlatok az 1\/a. \u00e9s 1\/b.\u00a0<em>mell\u00e9kletekben<\/em>\u00a0felsorolt int\u00e9zm\u00e9nyeken k\u00edv\u00fcl a vid\u00e9ki egyetemek \u00e1ltal\u00e1nos orvos szak gradu\u00e1lis k\u00e9pz\u00e9s\u00e9n, a t\u00e1rgy tekintet\u00e9ben akkredit\u00e1lt int\u00e9zm\u00e9nyekben is (Gyakorl\u00f3 K\u00f3rh\u00e1zakban) teljes\u00edthet\u0151ek, amennyiben a k\u00f3rh\u00e1z fogadja a hallgat\u00f3t.\u00a0<strong><u>Ezen gyakorlatok teljes\u00edt\u00e9s\u00e9re kiz\u00e1r\u00f3lag a Tanulm\u00e1nyi Oszt\u00e1ly el\u0151zetes j\u00f3v\u00e1hagy\u00e1s\u00e1val ker\u00fclhet sor<\/u>\u00a0<\/strong>(<a href=\"https:\/\/semmelweis.hu\/aok\/files\/2025\/04\/Belfoldi-gyakorlohely-jovahagyasara-szolgalo-nyomtatvany.docx\">Belf\u00f6ldi gyakorl\u00f3hely j\u00f3v\u00e1hagy\u00e1s\u00e1ra szolg\u00e1l\u00f3 nyomtatv\u00e1ny<\/a>). A bejelent\u00e9st a gyakorlat megkezd\u00e9se el\u0151tt legal\u00e1bb k\u00e9t h\u00e9ttel kell a Tanulm\u00e1nyi Oszt\u00e1lyon az \u00e9vfolyam \u00fcgyint\u00e9z\u0151j\u00e9nek e-mailen megk\u00fcldeni.<\/p>\n<p><strong>A k\u00fclf\u00f6ld\u00f6n t\u00f6ltend\u0151 gyakorlathoz el\u0151zetesen d\u00e9k\u00e1nhelyettesi enged\u00e9lyt kell k\u00e9rni.<\/strong>\u00a0Az erre vonatkoz\u00f3, az illet\u00e9kes klinika \u00e1ltal v\u00e9lem\u00e9nyezett k\u00e9relemhez\u00a0<em>(<\/em><a href=\"https:\/\/semmelweis.hu\/aok\/files\/2025\/04\/Kulfoldi-gyakorlat-engedelyeztetese-nyomtatvany.docx\">K\u00fclf\u00f6ldi gyakorlat enged\u00e9lyeztet\u00e9se \u2013 nyomtatv\u00e1ny<\/a>) csatolni kell a k\u00f3rh\u00e1z fogad\u00f3- \u00e9s akkredit\u00e1ci\u00f3s nyilatkozat\u00e1t is. A k\u00fclf\u00f6ld\u00f6n t\u00f6ltend\u0151 szakmai gyakorlatok rendj\u00e9re vonatkoz\u00f3 tov\u00e1bbi inform\u00e1ci\u00f3k a\u00a0<a href=\"https:\/\/semmelweis.hu\/aok\/files\/2025\/09\/TAJEKOZTATO-2025.-szeptember.pdf\">T\u00e1j\u00e9koztat\u00f3 a szakmai gyakorlatok k\u00fclf\u00f6ld\u00f6n val\u00f3 teljes\u00edt\u00e9s\u00e9r\u0151l<\/a>\u00a0dokumentumban, tov\u00e1bb\u00e1 az oldal alj\u00e1n felsorolt dokumentumokban tal\u00e1lhat\u00f3k.<\/p>\n<p><strong>A nem Semmelweis Egyetem klinik\u00e1in teljes\u00edtett gyakorlatok igazol\u00e1s\u00e1ra<\/strong>\u00a0az\u00a0<a href=\"https:\/\/semmelweis.hu\/aok\/files\/2025\/09\/Igazolas-elvegzett-VI.-evfolyamos-szakmai-gyakorlatrol-nyomtatvany-2025.docx\">Igazol\u00e1s elv\u00e9gzett VI. \u00e9vfolyamos szakmai gyakorlatr\u00f3l \u2013 nyomtatv\u00e1ny<\/a>\u00a0szolg\u00e1l.\u00a0<strong>A vizsg\u00e1ztat\u00e1st v\u00e9gz\u0151 klinika ezen igazol\u00e1s alapj\u00e1n r\u00f6gz\u00edti a Neptun rendszerben a gyakorlat teljes\u00edt\u00e9s\u00e9t.<\/strong><\/p>\n<h3><u>A gyakorlati helyekre t\u00f6rt\u00e9n\u0151 jelentkez\u00e9s m\u00f3dja:<\/u><\/h3>\n<p><strong>Klinik\u00e1k eset\u00e9ben:<\/strong><\/p>\n<ul>\n<li>Neptun rendszeren kereszt\u00fcl.<\/li>\n<\/ul>\n<p><strong>Gyakorl\u00f3 K\u00f3rh\u00e1z eset\u00e9ben:<\/strong><\/p>\n<ul>\n<li><strong>el\u0151sz\u00f6r a gyakorlati helyen, \u00e9rv\u00e9nyes\u00edtett di\u00e1kigazolv\u00e1ny \u00e9s az e c\u00e9lra ki\u00e1ll\u00edtott jogviszony-igazol\u00e1s bemutat\u00e1s\u00e1val (Tanulm\u00e1nyi Oszt\u00e1lyon \u00e9vfolyam \u00fcgyint\u00e9z\u0151j\u00e9t\u0151l k\u00e9rhet\u0151 e-mailben),<\/strong><\/li>\n<li><strong>ezt k\u00f6vet\u0151en pedig szint\u00e9n a Neptunon t\u00f6rt\u00e9nik (pl. KH kurzus).<\/strong><\/li>\n<\/ul>\n<h2><u>Vizsg\u00e1k (gyakorlati vizsga, szigorlat) rendje:<\/u><\/h2>\n<p>VI. \u00e9vfolyamon a tant\u00e1rgyak vizsg\u00e1val (kiv\u00e9tel a Testnevel\u00e9s) z\u00e1rulnak.<strong> A vizsg\u00e1kra jelentkezni \u2013 a ki\u00edrt vizsganapok figyelembev\u00e9tel\u00e9vel \u2013 a NEPTUN-ban lehet. Klinik\u00e1n teljes\u00edtett gyakorlat eset\u00e9n a vizsga csak az adott klinik\u00e1n tehet\u0151 le. Vizsga \u2013 k\u00fcls\u0151 gyakorlat eset\u00e9ben is \u2013 csak a Semmelweis Egyetem klinik\u00e1j\u00e1n teljes\u00edthet\u0151.<\/strong><\/p>\n<p><strong>Nem bocs\u00e1that\u00f3 vizsg\u00e1ra az a hallgat\u00f3, aki d\u00e9k\u00e1nhelyettesi enged\u00e9ly n\u00e9lk\u00fcl k\u00fclf\u00f6ld\u00f6n, vagy Tanulm\u00e1nyi Oszt\u00e1ly j\u00f3v\u00e1hagy\u00e1sa n\u00e9lk\u00fcl belf\u00f6ld\u00f6n, m\u00e1s egyetem \u00e1ltal akkredit\u00e1lt gyakorl\u00f3 k\u00f3rh\u00e1zban t\u00f6lt\u00f6tte gyakorlat\u00e1t, illetve aki nem teljes\u00edtette a belgy\u00f3gy\u00e1szat, seb\u00e9szet t\u00e1rgyak r\u00e9sz gyakorlatait.<\/strong><\/p>\n<p><strong>A vizsga eredm\u00e9ny\u00e9nek jav\u00edt\u00e1sa kiz\u00e1r\u00f3lag az adott f\u00e9l\u00e9vben \u00e9s csak ott t\u00f6rt\u00e9nhet, ahol a kor\u00e1bbi vizsg\u00e1t teljes\u00edtette.<\/strong><\/p>\n<h2><u>Munkak\u00f6ri alkalmass\u00e1g:<\/u><\/h2>\n<p>A szakmai gyakorlat megkezd\u00e9s\u00e9hez \u00e9rv\u00e9nyes munkak\u00f6ri alkalmass\u00e1gi igazol\u00e1s sz\u00fcks\u00e9ges.<\/p>\n<h2><u>Szakdolgozat:<\/u><\/h2>\n<p>A Semmelweis Egyetem Szervezeti \u00e9s M\u0171k\u00f6d\u00e9si Szab\u00e1lyzat \u2013 III. K\u00d6NYV Hallgat\u00f3i K\u00f6vetelm\u00e9nyrendszer \u2013 III.2. R\u00c9SZ Tanulm\u00e1nyi \u00e9s Vizsgaszab\u00e1lyzat 46.\u00a7 \u00e9rtelm\u00e9ben a hallgat\u00f3nak a szakdolgozat t\u00e9m\u00e1j\u00e1t a tanulm\u00e1nyok befejez\u00e9se el\u0151tt legal\u00e1bb egy \u00e9vvel kor\u00e1bban kell kiv\u00e1lasztani \u00e9s az adott oktat\u00e1si-kutat\u00e1si szervezeti egys\u00e9g vezet\u0151j\u00e9n\u00e9l bejelenteni. Az egys\u00e9g vezet\u0151je enged\u00e9lyez\u00e9s eset\u00e9n gondoskodik annak nyilv\u00e1ntart\u00e1s\u00e1r\u00f3l \u00e9s a t\u00e9mavezet\u0151 biztos\u00edt\u00e1s\u00e1r\u00f3l.<\/p>\n<p>A d\u00edjjal vagy dics\u00e9rettel jutalmazott rektori p\u00e1lyamunka szakdolgozatk\u00e9nt t\u00f6rt\u00e9n\u0151 elfogad\u00e1s\u00e1nak k\u00e9relm\u00e9t a hallgat\u00f3nak a rektori p\u00e1lyamunka eredm\u00e9nyhirdet\u00e9s\u00e9t k\u00f6vet\u0151 legk\u00e9s\u0151bb k\u00e9t h\u00e9ten bel\u00fcl kell beny\u00fajtania a Tanulm\u00e1nyi Oszt\u00e1lyon, az illet\u00e9kes oktat\u00e1si-kutat\u00e1si szervezeti egys\u00e9g v\u00e9lem\u00e9nyez\u00e9se, j\u00f3v\u00e1hagy\u00e1sa ut\u00e1n.<\/p>\n<p>Lektor\u00e1lt tudom\u00e1nyos foly\u00f3iratban els\u0151 szerz\u0151s m\u0171k\u00e9nt k\u00f6zz\u00e9tett\/szerkeszt\u0151bizotts\u00e1g \u00e1ltal k\u00f6zl\u00e9sre elfogadott dolgozat szakdolgozatk\u00e9nt val\u00f3 elfogad\u00e1s\u00e1ra ir\u00e1nyul\u00f3 k\u00e9relmet a szakdolgozat lead\u00e1si hat\u00e1rid\u0151 el\u0151tt k\u00e9t h\u00e9ttel kell beny\u00fajtani a Tanulm\u00e1nyi Oszt\u00e1lyon, az illet\u00e9kes oktat\u00e1si-kutat\u00e1si szervezeti egys\u00e9g v\u00e9lem\u00e9nyez\u00e9se, j\u00f3v\u00e1hagy\u00e1sa ut\u00e1n.<\/p>\n<p>A szakdolgozat meg\u00edr\u00e1sa al\u00f3li mentes\u00fcl\u00e9s a v\u00e9d\u00e9s k\u00f6telezetts\u00e9ge al\u00f3l nem mentes\u00edt.<\/p>\n<p><strong>A szakdolgozat lead\u00e1si hat\u00e1rideje: <u>2027. janu\u00e1r 15.<\/u><\/strong><\/p>\n<p><em>(Fenti hat\u00e1rid\u0151 mindazon hallgat\u00f3kra vonatkozik, akik a 2027. \u00e9vben tesznek z\u00e1r\u00f3vizsg\u00e1t, f\u00fcggetlen\u00fcl a vizsga id\u0151pontj\u00e1t\u00f3l.)<\/em><\/p>\n<p>Szakdolgozattal kapcsolatos tov\u00e1bbi inform\u00e1ci\u00f3 a fenti szab\u00e1lyzatban, illetve a kar honlapj\u00e1n \u00e9rhet\u0151 el (<a href=\"http:\/\/semmelweis.hu\/aok\/oktatas\/szakdolgozat\/\">http:\/\/semmelweis.hu\/aok\/oktatas\/szakdolgozat\/<\/a><u>)<\/u>.<\/p>\n<h2><u>Szigorl\u00f3\u00e9v lez\u00e1r\u00e1s\u00e1t k\u00f6vet\u0151 z\u00e1r\u00f3vizsg\u00e1ra bocs\u00e1t\u00e1s felt\u00e9tele:<\/u><\/h2>\n<ul>\n<li>a tanterv \u00e1ltal el\u0151\u00edrt tanulm\u00e1nyi \u00e9s vizsgak\u00f6telezetts\u00e9gek teljes\u00edt\u00e9se \/ide\u00e9rtve az egyetemi orvosi szaknyelvi alapvizsg\u00e1t angol vagy n\u00e9met nyelvb\u0151l valamint az angol nyelv\u0171 \u00e1ltal\u00e1nos nyelvi z\u00e1r\u00f3vizsg\u00e1t (mely kiv\u00e1lthat\u00f3 angol nyelvb\u0151l \u00e1llamilag elismert, \u00e1ltal\u00e1nos nyelvi, k\u00f6z\u00e9pfok\u00fa (B2), komplex t\u00edpus\u00fa nyelvvizsg\u00e1val vagy ezzel egyen\u00e9rt\u00e9k\u0171 \u00e9retts\u00e9gi bizony\u00edtv\u00e1nnyal vagy oklev\u00e9llel)\/,<\/li>\n<li>a k\u00e9pz\u00e9si \u00e9s kimeneti k\u00f6vetelm\u00e9nyben el\u0151\u00edrt 360 kreditpont megszerz\u00e9se,<\/li>\n<li>a szakdolgozat elk\u00e9sz\u00edt\u00e9se, beny\u00fajt\u00e1sa \u00e9s megv\u00e9d\u00e9se.<\/li>\n<\/ul>\n<p><strong><u>A sikeres z\u00e1r\u00f3vizsga az oklev\u00e9l kiad\u00e1s\u00e1nak felt\u00e9tele.<\/u><\/strong>\u00a0<\/p>\n<h1>T\u00e1j\u00e9koztat\u00f3 mell\u00e9klete, szakmai gyakorlati helyek<\/h1>\n<ul>\n<li><a href=\"https:\/\/semmelweis.hu\/aok\/files\/2025\/04\/1a.-melleklet-egyetemi-gyakorlati-helyek.pdf\" target=\"_blank\" rel=\"noopener\">1\/a. mell\u00e9klet &#8211; egyetemi gyakorlati helyek<\/a><\/li>\n<li><a href=\"https:\/\/semmelweis.hu\/aok\/files\/2025\/04\/1b.-melleklet-gyakorlo-korhazak-gyakorlo-helyei.pdf\" target=\"_blank\" rel=\"noopener\">1\/b. mell\u00e9klet &#8211; gyakorl\u00f3 k\u00f3rh\u00e1zak gyakorl\u00f3 helyei<\/a><\/li>\n<li><a href=\"https:\/\/semmelweis.hu\/aok\/files\/2026\/03\/Turnusbeosztas-2026-27.pdf\" target=\"_blank\" rel=\"noopener\">Turnusbeoszt\u00e1s 2026-2027. tan\u00e9v<\/a><\/li>\n<li><a href=\"https:\/\/semmelweis.hu\/aok\/files\/2025\/08\/Valaszthato-klinikai-gyakorlat-kepzohelyei_2025.pdf\" target=\"_blank\" rel=\"noopener\">6 hetes \u201eV\u00e1laszthat\u00f3 klinikai gyakorlat\u201d (VI. \u00e9vfolyam) k\u00e9pz\u0151helyei<\/a><\/li>\n<li><a href=\"https:\/\/semmelweis.hu\/aok\/files\/2025\/04\/Belfoldi-gyakorlohely-jovahagyasara-szolgalo-nyomtatvany.docx\" target=\"_blank\" rel=\"noopener\">Belf\u00f6ldi gyakorl\u00f3hely j\u00f3v\u00e1hagy\u00e1s\u00e1ra szolg\u00e1l\u00f3 nyomtatv\u00e1ny<\/a><\/li>\n<li><a href=\"https:\/\/semmelweis.hu\/aok\/files\/2025\/04\/Kulfoldi-gyakorlat-engedelyeztetese-nyomtatvany.docx\" target=\"_blank\" rel=\"noopener\">K\u00fclf\u00f6ldi gyakorlat enged\u00e9lyeztet\u00e9se &#8211; nyomtatv\u00e1ny<\/a><\/li>\n<li><a href=\"https:\/\/semmelweis.hu\/aok\/files\/2025\/09\/Igazolas-elvegzett-VI.-evfolyamos-szakmai-gyakorlatrol-nyomtatvany-2025.docx\" target=\"_blank\" rel=\"noopener\">Igazol\u00e1s elv\u00e9gzett VI. \u00e9vfolyamos szakmai gyakorlatr\u00f3l &#8211; nyomtatv\u00e1ny<\/a><\/li>\n<\/ul>\n<h2>Transzf\u00faziol\u00f3gia\u00a0<\/h2>\n<ul>\n<li><a href=\"https:\/\/semmelweis.hu\/aok\/files\/2025\/04\/Transzfuziologia-kisero-dokumentum.pdf\" target=\"_blank\" rel=\"noopener\">Transzf\u00faziol\u00f3gia k\u00eds\u00e9r\u0151 dokumentum (pdf)<\/a><\/li>\n<\/ul>\n<h2>Pl\u00e1gium Nyilatkozat<\/h2>\n<ul>\n<li><a href=\"https:\/\/semmelweis.hu\/aok\/files\/2025\/04\/Tajekoztato-plagium-nyilatkozatrol.doc\" target=\"_blank\" rel=\"noopener\">T\u00e1j\u00e9koztat\u00f3 pl\u00e1gium nyilatkozatr\u00f3l (doc)<\/a><\/li>\n<li><a href=\"https:\/\/semmelweis.hu\/aok\/files\/2025\/04\/Plagium-Nyilatkozat.docx\" target=\"_blank\" rel=\"noopener\">Pl\u00e1gium Nyilatkozat (docx)<\/a><\/li>\n<\/ul>\n<h2>Szigorl\u00f3\u00e9vi tant\u00e1rgyak tematik\u00e1ja<\/h2>\n<p>Felh\u00edvjuk sz\u00edves figyelm\u00e9t, hogy a tant\u00e1rgyi k\u00f6vetelm\u00e9nyrendszerek a ny\u00e1r folyam\u00e1n ker\u00fclnek elfogad\u00e1sra, ezt k\u00f6vet\u0151en ker\u00fcl sor az al\u00e1bbi dokumentumok aktualiz\u00e1l\u00e1s\u00e1ra. <strong>Az esetleges v\u00e1ltoz\u00e1sokat k\u00e9rj\u00fck, sz\u00edveskedj\u00e9k figyelemmel k\u00eds\u00e9rni.\u00a0<\/strong><\/p>\n<ul>\n<li><a href=\"https:\/\/semmelweis.hu\/aok\/files\/2025\/09\/Belgyogyaszat-BHK.pdf\" target=\"_blank\" rel=\"noopener\">Belgy\u00f3gy\u00e1szat (BHK)<\/a><\/li>\n<li><a href=\"https:\/\/semmelweis.hu\/aok\/files\/2025\/09\/Belgyogyaszat-BOK.pdf\" target=\"_blank\" rel=\"noopener\">Belgy\u00f3gy\u00e1szat (BOK)<\/a><\/li>\n<li><a href=\"https:\/\/semmelweis.hu\/aok\/files\/2025\/09\/Belgyogyaszat-Kardiologiai-Tanszek.pdf\" target=\"_blank\" rel=\"noopener\">Belgy\u00f3gy\u00e1szat (Kardiol\u00f3giai Tansz\u00e9k)<\/a><\/li>\n<li><a href=\"https:\/\/semmelweis.hu\/aok\/files\/2025\/09\/Csaladorvostan.pdf\" target=\"_blank\" rel=\"noopener\">Csal\u00e1dorvostan<\/a><\/li>\n<li><a href=\"https:\/\/semmelweis.hu\/aok\/files\/2025\/09\/Elmegyogyaszat.pdf\" target=\"_blank\" rel=\"noopener\">Elmegy\u00f3gy\u00e1szat<\/a><\/li>\n<li><a href=\"https:\/\/semmelweis.hu\/aok\/files\/2025\/09\/Ersebeszet.pdf\" target=\"_blank\" rel=\"noopener\">\u00c9rseb\u00e9szet<\/a><\/li>\n<li><a href=\"https:\/\/semmelweis.hu\/aok\/files\/2025\/09\/Gyermekgyogyaszat-Bokay-utcai-reszleg.pdf\" target=\"_blank\" rel=\"noopener\">Gyermekgy\u00f3gy\u00e1szat (B\u00f3kay utcai r\u00e9szleg)<\/a><\/li>\n<li><a href=\"https:\/\/semmelweis.hu\/aok\/files\/2025\/09\/Gyermekgyogyaszat-Tuzolto-utcai-reszleg.pdf\" target=\"_blank\" rel=\"noopener\">Gyermekgy\u00f3gy\u00e1szat (T\u0171zolt\u00f3 utcai r\u00e9szleg)<\/a><\/li>\n<li><a href=\"https:\/\/semmelweis.hu\/aok\/files\/2025\/09\/Ideggyogyaszat.pdf\" target=\"_blank\" rel=\"noopener\">Ideggy\u00f3gy\u00e1szat<\/a><\/li>\n<li><a href=\"https:\/\/semmelweis.hu\/aok\/files\/2025\/09\/Mentogyakorlat.pdf\" target=\"_blank\" rel=\"noopener\">Ment\u0151gyakorlat<\/a><\/li>\n<li><a href=\"https:\/\/semmelweis.hu\/aok\/files\/2025\/09\/Sebeszet.pdf\" target=\"_blank\" rel=\"noopener\">Seb\u00e9szet<\/a><\/li>\n<li><a href=\"https:\/\/semmelweis.hu\/aok\/files\/2025\/09\/Szuleszet-nogyogyaszat-Baross-utcai-reszleg.pdf\" target=\"_blank\" rel=\"noopener\">Sz\u00fcl\u00e9szet-n\u0151gy\u00f3gy\u00e1szat (Baross utcai r\u00e9szleg)<\/a><\/li>\n<li><a href=\"https:\/\/semmelweis.hu\/aok\/files\/2025\/09\/Szuleszet-nogyogyaszat-Ulloi-uti-reszleg.pdf\" target=\"_blank\" rel=\"noopener\">Sz\u00fcl\u00e9szet-n\u0151gy\u00f3gy\u00e1szat (\u00dcll\u0151i \u00fati r\u00e9szleg)<\/a><\/li>\n<li><a href=\"https:\/\/semmelweis.hu\/aok\/files\/2025\/09\/Transzfuziologiai-alapok.pdf\" target=\"_blank\" rel=\"noopener\">Transzfuziol\u00f3giai alapok<\/a><\/li>\n<li><a href=\"https:\/\/semmelweis.hu\/aok\/files\/2025\/09\/Traumatologia.pdf\" target=\"_blank\" rel=\"noopener\">Traumatol\u00f3gia<\/a><\/li>\n<\/ul>\n<p>&nbsp;<\/p>\n<h3>K\u00fclf\u00f6ldi szakmai gyakorlat<strong><br \/>\n<\/strong><\/h3>\n<ul>\n<li><a href=\"https:\/\/semmelweis.hu\/aok\/files\/2025\/09\/TAJEKOZTATO-2025.-szeptember.pdf\" target=\"_blank\" rel=\"noopener\">T\u00e1j\u00e9koztat\u00f3 a szakmai gyakorlatok k\u00fclf\u00f6ld\u00f6n val\u00f3 teljes\u00edt\u00e9s\u00e9r\u0151l<\/a><\/li>\n<\/ul>\n<h3>VI. \u00e9vfolyam<\/h3>\n<ul>\n<li><a href=\"https:\/\/semmelweis.hu\/aok\/files\/2025\/04\/Minden-akkreditacios-nyilatkozathoz-csatolando-kompetencialista.doc\" target=\"_blank\" rel=\"noopener\">Minden akkredit\u00e1ci\u00f3s nyilatkozathoz csatoland\u00f3 kompetencialista (doc)<\/a><\/li>\n<\/ul>\n<h4>Angol nyelv\u0171 akkredit\u00e1ci\u00f3s nyilatkozat<strong><br \/>\n<\/strong><\/h4>\n<ul>\n<li><a href=\"https:\/\/semmelweis.hu\/aok\/files\/2025\/09\/Egyetemi-klinika-angol-2025.docx\" target=\"_blank\" rel=\"noopener\">Egyetemi klinika<\/a><\/li>\n<li><a href=\"https:\/\/semmelweis.hu\/aok\/files\/2025\/09\/Gyakorlo-korhaz-angol-2025.docx\" target=\"_blank\" rel=\"noopener\">Gyakorl\u00f3 k\u00f3rh\u00e1z<\/a><\/li>\n<\/ul>\n<h4>N\u00e9met nyelv\u0171 akkredit\u00e1ci\u00f3s nyilatkozat<\/h4>\n<ul>\n<li><a href=\"https:\/\/semmelweis.hu\/aok\/files\/2025\/09\/Egyetemi-klinika-nemet-2025.docx\" target=\"_blank\" rel=\"noopener\">Egyetemi klinika<\/a><\/li>\n<li><a href=\"https:\/\/semmelweis.hu\/aok\/files\/2025\/09\/Gyakorlo-korhaz-nemet-2025.docx\" target=\"_blank\" rel=\"noopener\">Gyakorl\u00f3 k\u00f3rh\u00e1z<\/a><\/li>\n<\/ul>\n<h4>Elv\u00e9gzett gyakorlat igazol\u00e1s\u00e1ra szolg\u00e1l\u00f3 nyomtatv\u00e1nyok<\/h4>\n<h5>VI. \u00e9vfolyam<\/h5>\n<ul>\n<li><a href=\"https:\/\/semmelweis.hu\/aok\/files\/2025\/04\/IGAZOLAS-Belgyogyaszat.doc\" target=\"_blank\" rel=\"noopener\">Belgy\u00f3gy\u00e1szat (doc)<\/a><\/li>\n<li><a href=\"https:\/\/semmelweis.hu\/aok\/files\/2025\/04\/IGAZOLAS-Sebeszet.doc\" target=\"_blank\" rel=\"noopener\">Seb\u00e9szet (doc)<\/a><\/li>\n<li><a href=\"https:\/\/semmelweis.hu\/aok\/files\/2025\/04\/IGAZOLAS-Neurologia.doc\" target=\"_blank\" rel=\"noopener\">Neurol\u00f3gia (doc)<\/a><\/li>\n<li><a href=\"https:\/\/semmelweis.hu\/aok\/files\/2025\/04\/IGAZOLAS-Pszichiatria.doc\" target=\"_blank\" rel=\"noopener\">Pszichi\u00e1tria (doc)<\/a><\/li>\n<li><a href=\"https:\/\/semmelweis.hu\/aok\/files\/2025\/04\/IGAZOLAS-Szuleszet-nogyogyaszat.doc\" target=\"_blank\" rel=\"noopener\">Sz\u00fcl\u00e9szet-n\u0151gy\u00f3gy\u00e1szat (doc)<\/a><\/li>\n<li><a href=\"https:\/\/semmelweis.hu\/aok\/files\/2025\/04\/IGAZOLAS-Gyermekgyogyaszat.doc\" target=\"_blank\" rel=\"noopener\">Gyermekgy\u00f3gy\u00e1szat (doc)<\/a><\/li>\n<\/ul>\n<h5>Traumatol\u00f3gia<\/h5>\n<ul>\n<li><a href=\"https:\/\/semmelweis.hu\/traumatologia\/oktatas\/\" target=\"_blank\" rel=\"noopener noreferrer\">T\u00e1j\u00e9koztat\u00f3, igazol\u00e1s nyomtatv\u00e1nyok (magyar, angol, n\u00e9met nyelven) \u2192<\/a><\/li>\n<\/ul>\n<p>&nbsp;<\/p>\n\n<\/div><h2 class=\"tabtitle\">2025\/2026. tan\u00e9v<\/h2>\n<div class=\"tabcontent\">\n\n<h1 style=\"text-align: center\">Gyakorlati \u00e9s Szigorlati\u00a0 rend 2025\/2026. tan\u00e9v<\/h1>\n<h1 style=\"text-align: center\">T \u00c1 J \u00c9 K O Z T A T \u00d3 a 2025\/2026. tan\u00e9v <br \/>\nVI. \u00e9vfolyamos\u00a0gyakorlati \u00e9s szigorlati rendj\u00e9r\u0151l<\/h1>\n<p>A VI. \u00e9vfolyam 2025. j\u00falius 14-\u00e9n kezd\u0151dik, amelynek rendj\u00e9r\u0151l az al\u00e1bbiakban t\u00e1j\u00e9koztatjuk.<\/p>\n<h2><u>Turnusjelentkez\u00e9s:<\/u><\/h2>\n<p>VI. \u00e9vben a hallgat\u00f3k 8 turnusban (I-VIII), azon bel\u00fcl pedig 2 (A \u00e9s B) csoportban &#8211; egyes turnusok eset\u00e9n \u00c9rseb\u00e9szet gyakorlatot 4 csoportban (A, B, C, D) &#8211; t\u00f6lthetik gyakorlatukat. A csoportok \u201ea kisebb\u201d diszcipl\u00edn\u00e1k (\u00e9rseb\u00e9szet, csal\u00e1dorvostan, infektol\u00f3gia, traumatol\u00f3gia) beoszt\u00e1s\u00e1t teszik lehet\u0151v\u00e9. A turnusokat, valamint a turnusokon bel\u00fcl a t\u00e1rgyak sorrendj\u00e9t a <a href=\"https:\/\/semmelweis.hu\/aok\/files\/2025\/05\/Turnusbeosztas-2025-2026.-tanev.pdf\">Turnusbeoszt\u00e1s 2025-2026. tan\u00e9v<\/a> dokumentum tartalmazza.<\/p>\n<p><strong>Jelentkezni mind turnusba, mind turnuson bel\u00fcli csoportba is kell. Egy csoportba (pl. I\/A) v\u00e1rhat\u00f3an 19 hallgat\u00f3n\u00e1l t\u00f6bb nem ker\u00fclhet beoszt\u00e1sra.<\/strong><\/p>\n<p>A csoportokba val\u00f3 els\u0151 k\u00f6r\u00f6s jelentkez\u00e9s <strong>2025. \u00e1prilis 17-\u00e9n<\/strong> <strong>8.00 \u00f3r\u00e1t\u00f3l \u00e1prilis 20-\u00e1n 23.59 \u00f3r\u00e1ig<\/strong>, a <strong>Hallgat\u00f3i \u00d6nkorm\u00e1nyzat<\/strong> \u00e1ltal k\u00e9sz\u00edtett weblapon, valamint az \u00e1ltaluk megosztott <strong>Microsoft Forms<\/strong> <strong>alap\u00fa k\u00e9rd\u0151\u00edven<\/strong> kereszt\u00fcl fog t\u00f6rt\u00e9nni.<\/p>\n<p>Jelentkezni 8 turnusba lehet, a 8 turnuson bel\u00fcl pedig A \u00e9s B csoportokba. A bek\u00fcld\u00f6tt adatokat a Hallgat\u00f3i \u00d6nkorm\u00e1nyzat kezeli, akik a beoszt\u00e1sn\u00e1l a negyedik, valamint az \u00f6t\u00f6dik \u00e9vfolyam blokkbeoszt\u00e1sa sor\u00e1n alkalmazott krit\u00e9riumrendszernek megfelel\u0151en rangsorolj\u00e1k a jelentkez\u0151ket. Az err\u0151l sz\u00f3l\u00f3 aktu\u00e1lis r\u00e9szletes t\u00e1j\u00e9koztat\u00f3 a k\u00f6vetkez\u0151 hivatkoz\u00e1sban olvashat\u00f3:<\/p>\n<p>T\u00e1j\u00e9koztat\u00f3: <a href=\"https:\/\/semmelweis.hu\/hok\/files\/2025\/04\/TurnusBeosztas-tajekoztato-2025_26_uj.pdf\">https:\/\/semmelweis.hu\/hok\/files\/2025\/04\/TurnusBeosztas-tajekoztato-2025_26_uj.pdf<\/a><\/p>\n<p>Pontrendszer: <a href=\"https:\/\/semmelweis.hu\/hok\/files\/2025\/04\/TurnusBeosztas-pontrendszer-2025_26_uj.pdf\">https:\/\/semmelweis.hu\/hok\/files\/2025\/04\/TurnusBeosztas-pontrendszer-2025_26_uj.pdf<\/a><\/p>\n<p>A turnusbeoszt\u00e1ssal kapcsolatos tov\u00e1bbi k\u00e9rd\u00e9ssel a <a href=\"mailto:hokmed@semmelweis.hu\">hok.med@semmelweis.hu<\/a> e-mail-c\u00edmen a H\u00d6K \u00e9vfolyam-k\u00e9pvisel\u0151kh\u00f6z fordulhatnak. Az e-mail <strong>t\u00e1rgy mez\u0151be<\/strong> mindenk\u00e9pp legyenek sz\u00edvesek felt\u00fcntetni a k\u00f6vetkez\u0151t: <strong>\u201eVI. \u00e9ves turnusjelentkez\u00e9s\u201d.<\/strong><\/p>\n<p>A Hallgat\u00f3i \u00d6nkorm\u00e1nyzat a v\u00e9gleges beoszt\u00e1st <strong>2025. m\u00e1jus 12-ig<\/strong> juttatja el a Tanulm\u00e1nyi Oszt\u00e1lyra, mely ezt k\u00f6vet\u0151en a Neptunon ker\u00fcl majd kik\u00fcld\u00e9sre.<\/p>\n<h2><u>Bejelentkez\u00e9s, t\u00e1rgyfelv\u00e9tel:<\/u><\/h2>\n<p>A tanulm\u00e1nyok folytat\u00e1s\u00e1nak bejelent\u00e9s\u00e9re \u00e9s a t\u00e1rgyfelv\u00e9telre 2025. j\u00falius 04-t\u0151l j\u00falius 10-ig van lehet\u0151s\u00e9g a Neptun rendszerben. Ekkor a turnusbeoszt\u00e1s szerinti I. \u00e9s II. f\u00e9l\u00e9vi t\u00e1rgyakat is fel kell venni. A II. f\u00e9l\u00e9vi t\u00e1rgyak m\u00f3dos\u00edt\u00e1s\u00e1ra m\u00e9g lesz lehet\u0151s\u00e9g a tavaszi f\u00e9l\u00e9v kezdete el\u0151tt, amikor is az I. f\u00e9l\u00e9vi gyakorlatot k\u00f6vet\u0151en le nem tett vizsg\u00e1kat CV kurzusk\u00e9nt m\u00e9g fel tudj\u00e1k venni.<\/p>\n<p>Amennyiben a szigorl\u00f3 \u00e9v alatt is szeretne <strong>v\u00e1laszthat\u00f3<\/strong> t\u00e1rgyra jelentkezni, ezt az als\u00f3bb \u00e9vfolyamok t\u00e1rgyfelv\u00e9teli id\u0151szak\u00e1ban fogja tudni megtenni.<\/p>\n<p>Felh\u00edvom figyelm\u00e9t, hogy a VI. \u00e9vfolyamon is r\u00e9sze a <strong>Testnevel\u00e9s <\/strong>t\u00e1rgy a kurrikulumnak, \u00edgy k\u00e9rem, e t\u00e1rgy felv\u00e9tel\u00e9r\u0151l se feledkezzen meg a tan\u00e9v sor\u00e1n!<\/p>\n<h2><u>Gyakorlatok rendje:<\/u>\u00a0\u00a0\u00a0<\/h2>\n<p><strong>A gyakorlatok heti \u00f3rasz\u00e1ma 40 \u00f3ra,<\/strong> melyen bel\u00fcl a hallgat\u00f3 <strong>k\u00e9thetente egy, legfeljebb 12 \u00f3r\u00e1s \u00fcgyeleti<\/strong> gyakorlati id\u0151szakra (\u00fcgyelet idej\u00e9ben t\u00f6rt\u00e9n\u0151 gyakorlati r\u00e9szv\u00e9telre) is beoszthat\u00f3, amelynek id\u0151pontja h\u00e9tv\u00e9g\u00e9re (vagy a hallgat\u00f3 v\u00e1laszt\u00e1sa eset\u00e9n \u00e9jszak\u00e1ra) esik.<\/p>\n<p><strong>Belgy\u00f3gy\u00e1szat (ezen bel\u00fcl: infektol\u00f3gia), elmegy\u00f3gy\u00e1szat, gyermekgy\u00f3gy\u00e1szat, ideggy\u00f3gy\u00e1szat, seb\u00e9szet (ezen bel\u00fcl: traumatol\u00f3gia \u00e9s \u00e9rseb\u00e9szet), valamint a sz\u00fcl\u00e9szet-n\u0151gy\u00f3gy\u00e1szat<\/strong> gyakorlat az egyetemi klinik\u00e1kon, valamint gyakorl\u00f3 k\u00f3rh\u00e1zi oszt\u00e1lyokon teljes\u00edthet\u0151 &#8211; ld. &#8222;T\u00c1J\u00c9KOZTAT\u00d3 MELL\u00c9KLETE, SZAKMAI GYAKORLATI HELYEK&#8221; c\u00edmsz\u00f3 alatt az oldal alj\u00e1n (1\/a. \u00e9s 1\/b. mell\u00e9kletek).<\/p>\n<p>Belgy\u00f3gy\u00e1szat gyakorlat keret\u00e9ben egy h\u00e9t <strong>infektol\u00f3gia<\/strong> \u00e9s egy h\u00e9t <strong>csal\u00e1dorvostan gyakorlatot<\/strong>, seb\u00e9szet gyakorlat keret\u00e9ben egy h\u00e9t <strong>\u00e9rseb\u00e9szet<\/strong> \u00e9s egy h\u00e9t <strong>traumatol\u00f3gia gyakorlatot<\/strong> kell teljes\u00edteni a turnusbeoszt\u00e1sban megjel\u00f6lt id\u0151pontokban. Traumatol\u00f3gia gyakorlatra vonatkoz\u00f3 r\u00e9szletes t\u00e1j\u00e9koztat\u00f3 anyag a Traumatol\u00f3giai Tansz\u00e9k honlapj\u00e1n tal\u00e1lhat\u00f3:\u00a0 <a href=\"https:\/\/semmelweis.hu\/traumatologia\/oktatas\/\">https:\/\/semmelweis.hu\/traumatologia\/oktatas\/<\/a><\/p>\n<p><strong>A csal\u00e1dorvostani gyakorlatn\u00e1l<\/strong> &#8211; a megadott id\u0151pontokon bel\u00fcl &#8211; a beoszt\u00e1st a Csal\u00e1dorvosi Tansz\u00e9k v\u00e9gzi. Az <strong>Ideggy\u00f3gy\u00e1szat<\/strong> gyakorlatot megel\u0151z\u0151en a <strong>Neurol\u00f3giai Klinik\u00e1n kell<\/strong> minden hallgat\u00f3nak <strong>jelentkezni,<\/strong> egy \u00fan. \u201ek\u00f6z\u00f6s eligaz\u00edt\u00e1s\u201d-ra.<\/p>\n<p>A belgy\u00f3gy\u00e1szat, ill. seb\u00e9szet szigorlatra csak az adott t\u00e1rgyon bel\u00fcl teljes\u00edtend\u0151 r\u00e9sz gyakorlatok (csal\u00e1dorvosi, infektol\u00f3gia, \u00e9rseb\u00e9szet, traumatol\u00f3gia) teljes\u00edt\u00e9s\u00e9t k\u00f6vet\u0151en ker\u00fclhet sor.<\/p>\n<p>Minden turnus a 6 hetes <strong>V\u00e1laszthat\u00f3 klinikai gyakorlattal fejez\u0151dik be.<\/strong> A gyakorlat kiz\u00e1r\u00f3lag a Semmelweis Egyetem klinik\u00e1j\u00e1n, valamint a betegell\u00e1t\u00e1sban r\u00e9sztvev\u0151 int\u00e9zet\u00e9ben, \u00e9s tansz\u00e9ki csoportj\u00e1n t\u00f6lthet\u0151 le. A t\u00e1rgy oktat\u00e1s\u00e1ban r\u00e9szt vev\u0151 egys\u00e9gek list\u00e1ja megtal\u00e1lhat\u00f3 a <a href=\"https:\/\/semmelweis.hu\/aok\/files\/2025\/08\/Valaszthato-klinikai-gyakorlat-kepzohelyei_2025.pdf\" target=\"_blank\" rel=\"noopener\">6 hetes \u201eV\u00e1laszthat\u00f3 klinikai gyakorlat\u201d (VI. \u00e9vfolyam) k\u00e9pz\u0151helyei<\/a> linken.<\/p>\n<h2><u>Belgy\u00f3gy\u00e1szati, Infektol\u00f3giai gyakorlati hely:<\/u><\/h2>\n<p>D\u00e9l-Pesti Centrumk\u00f3rh\u00e1z Orsz\u00e1gos Hematol\u00f3giai \u00e9s Infektol\u00f3giai Int\u00e9zet, Szent L\u00e1szl\u00f3 K\u00f3rh\u00e1z telephely, Infektol\u00f3giai Oszt\u00e1ly<\/p>\n<p>A gyakorlati oktat\u00e1s bonyol\u00edt\u00e1s\u00e1t Gor\u00e1cz Krisztina \u00e9s R\u00e1cz Krisztina v\u00e9gzi (tel.: 06-1-455-5759, 06-1-455-5732, Hum\u00e1npolitikai Csoport).<\/p>\n<ul style=\"list-style-type: disc\">\n<li>Bejelentkez\u00e9s a gyakorlat els\u0151 napj\u00e1n legk\u00e9s\u0151bb reggel 7.30-8.00 k\u00f6z\u00f6tt a Hum\u00e1npolitikai Csoportn\u00e1l. (Szent Istv\u00e1n K\u00f3rh\u00e1z telephely \/1097 Budapest, Nagyv\u00e1rad t\u00e9r 1.\/, F\u0151\u00e9p\u00fclet) Csak a bejelentkez\u00e9s ut\u00e1n lehet megkezdeni a gyakorlatot.<\/li>\n<li><strong>1 \u00e9vn\u00e9l nem r\u00e9gebbi, \u00e9rv\u00e9nyes <u>orvosi alkalmass\u00e1gi igazol\u00e1sukat<\/u> sz\u00edveskedjenek magukkal vinni, mert ennek hi\u00e1ny\u00e1ban a gyakorlat nem kezdhet\u0151 meg.<\/strong><\/li>\n<li><strong>Gyakorlatot csak a felvett kurzusban lehet megkezdeni.<\/strong><\/li>\n<li><strong>Ha betegs\u00e9g miatt nem kezdte meg a gyakorlat\u00e1t, arr\u00f3l a <\/strong><a href=\"mailto:humanpolitika@dpckorhaz.hu\"><strong>humanpolitika@dpckorhaz.hu<\/strong><\/a> <strong>e-mail-c\u00edmre kell \u00e9rtes\u00edt\u00e9st k\u00fcldeni. A gyakorlat folytat\u00e1sakor \u00e9rv\u00e9nyes h\u00e1ziorvosi igazol\u00e1ssal kell igazolni, hogy k\u00f6z\u00f6ss\u00e9gbe mehet.<\/strong><\/li>\n<\/ul>\n<h2><u>Transzfuziol\u00f3giai alapok:<\/u><\/h2>\n<p>Id\u0151tartama 1 h\u00e9t elm\u00e9let + 1 h\u00e9t gyakorlat a turnusbeoszt\u00e1s szerint. Ezen t\u00falmen\u0151en, a tant\u00e1rgy harmadik moduljak\u00e9nt 2 k\u00fcl\u00f6nb\u00f6z\u0151 beteg r\u00e9sz\u00e9re megval\u00f3sul\u00f3 v\u00f6r\u00f6sv\u00e9rsejt transzf\u00fazi\u00f3 dokument\u00e1lt megtekint\u00e9se is k\u00f6telez\u0151 a belgy\u00f3gy\u00e1szat, a seb\u00e9szet vagy a gyermekgy\u00f3gy\u00e1szat gyakorlatok ideje alatt, melyek teljes\u00edt\u00e9s\u00e9nek igazol\u00e1s\u00e1hoz sz\u00fcks\u00e9ges formanyomtatv\u00e1ny a Transzfuziol\u00f3giai Tansz\u00e9k honlapj\u00e1r\u00f3l, ill. a <a href=\"https:\/\/semmelweis.hu\/aok\/files\/2025\/04\/Transzfuziologia-kisero-dokumentum.pdf\">Transzf\u00faziol\u00f3gia k\u00eds\u00e9r\u0151 dokumentum<\/a> linkr\u0151l\u00a0t\u00f6lthet\u0151 le. A kit\u00f6lt\u00f6tt, al\u00e1\u00edrt nyomtatv\u00e1nyt a <em>Transzfuziol\u00f3giai alapok<\/em> t\u00e1rgy oktat\u00e1s\u00e1t szervez\u0151 Tansz\u00e9khez e-mailben kell eljuttatni a <a href=\"mailto:kristof.szilvia@%20semmelweis.hu\">kristof.szilvia@semmelweis.hu<\/a> c\u00edmre.<\/p>\n<h2><u>Ment\u0151gyakorlat:<\/u><\/h2>\n<p>Az Orsz\u00e1gos Ment\u0151szolg\u00e1lat (OMSZ) t\u00e1j\u00e9koztat\u00e1sa alapj\u00e1n \u00e9rtes\u00edtem, hogy az el\u0151\u00edrt 1 hetes ment\u0151gyakorlatra csak a turnusbeoszt\u00e1sban szerepl\u0151 id\u0151pontban tudj\u00e1k fogadni a hallgat\u00f3kat.<\/p>\n<p>A turnusbeoszt\u00e1sban megjel\u00f6lt id\u0151pontokon bel\u00fcl a budapesti, illetve Pest v\u00e1rmegyei \u00e1lland\u00f3 lakc\u00edmmel rendelkez\u0151 hallgat\u00f3k beoszt\u00e1s\u00e1t az Orsz\u00e1gos Ment\u0151szolg\u00e1lat K\u00f6z\u00e9p-magyarorsz\u00e1gi R\u00e9gi\u00f3ja (1142 Budapest, Erzs\u00e9bet kir\u00e1lyn\u00e9 \u00fatja 87.) k\u00e9sz\u00edti el.<\/p>\n<p>A gyakorlat pontos hely\u00e9t \u00e9s id\u0151pontj\u00e1t a region\u00e1lis oktat\u00e1sszervez\u0151k hat\u00e1rozz\u00e1k meg, ez\u00e9rt felh\u00edvjuk minden hallgat\u00f3 figyelm\u00e9t, hogy a turnus minden napj\u00e1n el\u00e9rhet\u0151ek legyenek, h\u00e9tv\u00e9g\u00e9n is! Id\u0151pont, gyakorlati helysz\u00edn m\u00f3dos\u00edt\u00e1s\u00e1ra nincs lehet\u0151s\u00e9g.<\/p>\n<p>A beoszt\u00e1s a Neptun rendszerben megadott \u00e1lland\u00f3 lakc\u00edm alapj\u00e1n k\u00e9sz\u00fcl. A hallgat\u00f3 felel\u0151ss\u00e9ge, hogy a Neptunban a helyes \u00e1lland\u00f3 lakc\u00edm szerepeljen, mivel a beoszt\u00e1st kiz\u00e1r\u00f3lag ez alapj\u00e1n \u00e1ll\u00edtjuk \u00f6ssze. Az Eloszt\u00f3 napj\u00e1n a beoszt\u00e1son m\u00e1r nem tudunk, \u00e9s nem \u00e1ll m\u00f3dunkban v\u00e1ltoztatni.<\/p>\n<p>K\u00e9rj\u00fck, hogy az OMSZ sz\u0171k K\u00f6z\u00e9p-magyarorsz\u00e1gi R\u00e9gi\u00f3s (Budapest \u00e9s Pest v\u00e1rmegye) kapacit\u00e1sa miatt, a <strong><u>vid\u00e9ki (m\u00e1s r\u00e9gi\u00f3k) \u00e1lland\u00f3 lak\u00f3hellyel rendelkez\u0151 hallgat\u00f3i a lak\u00f3hely szerint illet\u00e9kes r\u00e9gi\u00f3 sz\u00e9khely\u00e9n jelentkezzenek, \u00e9s a r\u00e9gi\u00f3n bel\u00fcl adott lehet\u0151s\u00e9g szerint teljes\u00edts\u00e9k gyakorlatukat.<\/u><\/strong><\/p>\n<p><strong>Az eloszt\u00f3 a kurzus megkezd\u00e9s\u00e9nek els\u0151 napj\u00e1n (h\u00e9tf\u0151) 09.00 \u00f3rakor kezd\u0151dik, megjelen\u00e9s k\u00f6telez\u0151. C\u00edm: 1142 Budapest Erzs\u00e9bet kir\u00e1lyn\u00e9 \u00fatja 87.<\/strong><\/p>\n<p>Az eloszt\u00f3 napj\u00e1n minden hallgat\u00f3 megkapja a ment\u0151gyakorlat megkezd\u00e9s\u00e9hez sz\u00fcks\u00e9ges \u00e1ltal\u00e1nos inform\u00e1ci\u00f3kat, megkapja a sz\u00fcks\u00e9ges dokumentumokat (vonul\u00e1si enged\u00e9ly, jelenl\u00e9ti \u00edv) valamint a t\u0171z-\u00e9s munkav\u00e9delmi t\u00e1j\u00e9koztat\u00e1st. A ment\u0151gyakorlat elkezd\u00e9se csak az eloszt\u00f3n val\u00f3 megjelen\u00e9st k\u00f6vet\u0151en kezd\u0151dhet el.<\/p>\n<h3>R\u00e9gi\u00f3 oktat\u00e1sszervez\u0151k:<\/h3>\n<p><strong>K\u00f6z\u00e9p-Magyarorsz\u00e1gi R\u00e9gi\u00f3 &#8211; <\/strong>Budapest, Pest v\u00e1rmegye<\/p>\n<ul>\n<li>Fabula Katalin: 70\/705-3009 vagy 06\/1\/350-3737\/26123, fabula.katalin@mentok.hu<\/li>\n<li>Sz\u0171cs Brigitta 70\/705-4837 , szucs.brigitta@mentok.hu<\/li>\n<\/ul>\n<p><strong>K\u00f6z\u00e9p-Dun\u00e1nt\u00fali R\u00e9gi\u00f3 &#8211; <\/strong>\u200eFej\u00e9r\u200e, \u200eKom\u00e1rom-Esztergom, Veszpr\u00e9m\u00a0<\/p>\n<ul>\n<li>Rabn\u00e9 Kleiber Helga 20\/372-9955, rabne.helga@mentok.hu<\/li>\n<li>Parragn\u00e9 Tusnovits Katalin 06\/88\/590-331, tusnovits.katalin@mentok.hu<\/li>\n<\/ul>\n<p><strong>Nyugat-Dun\u00e1nt\u00fali R\u00e9gi\u00f3 &#8211;\u00a0<\/strong>Gy\u0151r-Moson-Sopron, Vas, \u200eZala<\/p>\n<ul>\n<li>M\u00e1rovics P\u00e1l, 20\/264-2907, marovics.pal@mentok.hu<\/li>\n<li>Sz\u00e1vai R\u00e9ka 30\/328-5352, szavai.reka@mentok.hu<\/li>\n<\/ul>\n<p><strong>D\u00e9l-Dun\u00e1nt\u00fali R\u00e9gi\u00f3 &#8211;\u00a0<\/strong>Baranya, Somogy, Tolna<\/p>\n<ul>\n<li>Kov\u00e1cs Kriszti\u00e1n 30\/686-9950, kovacs.krisztian4@mentok.hu<\/li>\n<li>Radnai Gy\u00f6ngyi 30\/302-6578, radnai.gyongyi@mentok.hu<\/li>\n<\/ul>\n<p><strong>\u00c9szak-Magyarorsz\u00e1gi R\u00e9gi\u00f3 &#8211;\u00a0<\/strong>N\u00f3gr\u00e1d, Heves, Borsod<\/p>\n<ul>\n<li>Sztr\u00e9mi G\u00e1bor 20\/521-7049, sztremi.gabor@mentok.hu<\/li>\n<li>Kacs\u00f3 Henriett 30\/328-3291, kacso.henriett@mentok.hu<\/li>\n<\/ul>\n<p><strong>\u00c9szak-Alf\u00f6ldi R\u00e9gi\u00f3 &#8211;\u00a0<\/strong>Hajd\u00fa, Szolnok, B\u00e9k\u00e9s<\/p>\n<ul>\n<li>Tar Brigitta 20\/411-6456, tar.brigitta@mentok.hu<\/li>\n<li>K\u00e9sm\u00e1rki Anita 70\/903-8546, kesmarki.anita@mentok.hu<\/li>\n<\/ul>\n<p><strong>D\u00e9l-Alf\u00f6ldi R\u00e9gi\u00f3 &#8211;\u00a0<\/strong>B\u00e1cs, B\u00e9k\u00e9s, Csongr\u00e1d<\/p>\n<ul>\n<li>Batka Tibor 20\/421-8579, batka.tibor@mentok.hu<\/li>\n<li>Dobosn\u00e9 Horv\u00e1th T\u00fcnde 30\/367-6738, dobosne.h.tunde@mentok.hu<\/li>\n<\/ul>\n<h2><u>Gyakorlati helyek:<\/u><\/h2>\n<p>K\u00e9rem, hogy &#8211; lehet\u0151s\u00e9g szerint &#8211; a szigorlati t\u00e1rgyak legal\u00e1bb fele a Semmelweis Egyetem oktat\u00e1si-kutat\u00e1si szervezeti egys\u00e9gein\u00e9l ker\u00fclj\u00f6n let\u00f6lt\u00e9sre.<\/p>\n<p>A gyakorlatok az 1\/a. \u00e9s 1\/b. <em>mell\u00e9kletekben<\/em> felsorolt int\u00e9zm\u00e9nyeken k\u00edv\u00fcl a vid\u00e9ki egyetemek \u00e1ltal\u00e1nos orvos szak gradu\u00e1lis k\u00e9pz\u00e9s\u00e9n, a t\u00e1rgy tekintet\u00e9ben akkredit\u00e1lt int\u00e9zm\u00e9nyekben is (Gyakorl\u00f3 K\u00f3rh\u00e1zakban) teljes\u00edthet\u0151ek, amennyiben a k\u00f3rh\u00e1z fogadja a hallgat\u00f3t. <strong><u>Ezen gyakorlatok teljes\u00edt\u00e9s\u00e9re kiz\u00e1r\u00f3lag a Tanulm\u00e1nyi Oszt\u00e1ly el\u0151zetes j\u00f3v\u00e1hagy\u00e1s\u00e1val ker\u00fclhet sor<\/u> <\/strong>(<a href=\"https:\/\/semmelweis.hu\/aok\/files\/2025\/04\/Belfoldi-gyakorlohely-jovahagyasara-szolgalo-nyomtatvany.docx\">Belf\u00f6ldi gyakorl\u00f3hely j\u00f3v\u00e1hagy\u00e1s\u00e1ra szolg\u00e1l\u00f3 nyomtatv\u00e1ny<\/a>). A bejelent\u00e9st a gyakorlat megkezd\u00e9se el\u0151tt legal\u00e1bb k\u00e9t h\u00e9ttel kell a Tanulm\u00e1nyi Oszt\u00e1lyon az \u00e9vfolyam \u00fcgyint\u00e9z\u0151j\u00e9nek e-mailen megk\u00fcldeni.<\/p>\n<p><strong>A k\u00fclf\u00f6ld\u00f6n t\u00f6ltend\u0151 gyakorlathoz el\u0151zetesen d\u00e9k\u00e1nhelyettesi enged\u00e9lyt kell k\u00e9rni.<\/strong> Az erre vonatkoz\u00f3, az illet\u00e9kes klinika \u00e1ltal v\u00e9lem\u00e9nyezett k\u00e9relemhez <em>(<\/em><a href=\"https:\/\/semmelweis.hu\/aok\/files\/2025\/04\/Kulfoldi-gyakorlat-engedelyeztetese-nyomtatvany.docx\">K\u00fclf\u00f6ldi gyakorlat enged\u00e9lyeztet\u00e9se &#8211; nyomtatv\u00e1ny<\/a>) csatolni kell a k\u00f3rh\u00e1z fogad\u00f3- \u00e9s akkredit\u00e1ci\u00f3s nyilatkozat\u00e1t is. A k\u00fclf\u00f6ld\u00f6n t\u00f6ltend\u0151 szakmai gyakorlatok rendj\u00e9re vonatkoz\u00f3 tov\u00e1bbi inform\u00e1ci\u00f3k a <a href=\"https:\/\/semmelweis.hu\/aok\/files\/2025\/09\/TAJEKOZTATO-2025.-szeptember.pdf\" target=\"_blank\" rel=\"noopener\">T\u00e1j\u00e9koztat\u00f3 a szakmai gyakorlatok k\u00fclf\u00f6ld\u00f6n val\u00f3 teljes\u00edt\u00e9s\u00e9r\u0151l<\/a> dokumentumban, tov\u00e1bb\u00e1 az oldal alj\u00e1n felsorolt dokumentumokban tal\u00e1lhat\u00f3k.<\/p>\n<p><strong>A nem Semmelweis Egyetem klinik\u00e1in teljes\u00edtett gyakorlatok igazol\u00e1s\u00e1ra<\/strong> az <a href=\"https:\/\/semmelweis.hu\/aok\/files\/2025\/09\/Igazolas-elvegzett-VI.-evfolyamos-szakmai-gyakorlatrol-nyomtatvany-2025.docx\" target=\"_blank\" rel=\"noopener\">Igazol\u00e1s elv\u00e9gzett VI. \u00e9vfolyamos szakmai gyakorlatr\u00f3l &#8211; nyomtatv\u00e1ny<\/a> szolg\u00e1l. <strong>A vizsg\u00e1ztat\u00e1st v\u00e9gz\u0151 klinika ezen igazol\u00e1s alapj\u00e1n r\u00f6gz\u00edti a Neptun rendszerben a gyakorlat teljes\u00edt\u00e9s\u00e9t. <\/strong><\/p>\n<h3><u>A gyakorlati helyekre t\u00f6rt\u00e9n\u0151 jelentkez\u00e9s m\u00f3dja:<\/u><\/h3>\n<p><strong>Klinik\u00e1k eset\u00e9ben<\/strong>:<\/p>\n<ul style=\"list-style-type: disc\">\n<li>Neptun rendszeren kereszt\u00fcl.<\/li>\n<\/ul>\n<p><strong>\u00a0<\/strong><strong>Gyakorl\u00f3 K\u00f3rh\u00e1z eset\u00e9ben:<\/strong><\/p>\n<ul>\n<li>el\u0151sz\u00f6r a gyakorlati helyen, \u00e9rv\u00e9nyes\u00edtett di\u00e1kigazolv\u00e1ny \u00e9s az e c\u00e9lra ki\u00e1ll\u00edtott jogviszony-igazol\u00e1s bemutat\u00e1s\u00e1val (Tanulm\u00e1nyi Oszt\u00e1lyon \u00e9vfolyam \u00fcgyint\u00e9z\u0151j\u00e9t\u0151l k\u00e9rhet\u0151 e-mailben),<\/li>\n<li>ezt k\u00f6vet\u0151en pedig szint\u00e9n a Neptunon t\u00f6rt\u00e9nik (pl. KH kurzus).<\/li>\n<\/ul>\n<h2><u>Vizsg\u00e1k (gyakorlati jegy, szigorlat) rendje:<\/u><\/h2>\n<p>VI. \u00e9vfolyamon a tant\u00e1rgyak vizsg\u00e1val (kiv\u00e9tel a Testnevel\u00e9s) z\u00e1rulnak<strong>. A vizsg\u00e1kra jelentkezni &#8211; a ki\u00edrt vizsganapok figyelembev\u00e9tel\u00e9vel &#8211; a NEPTUN-ban lehet. Klinik\u00e1n teljes\u00edtett gyakorlat eset\u00e9n a vizsga csak az adott klinik\u00e1n tehet\u0151 le. Vizsga \u2013 k\u00fcls\u0151 gyakorlat eset\u00e9ben is &#8211; csak a Semmelweis Egyetem klinik\u00e1j\u00e1n teljes\u00edthet\u0151.<\/strong><\/p>\n<p><strong>Nem bocs\u00e1that\u00f3 vizsg\u00e1ra az a hallgat\u00f3, aki d\u00e9k\u00e1nhelyettesi enged\u00e9ly n\u00e9lk\u00fcl k\u00fclf\u00f6ld\u00f6n, vagy Tanulm\u00e1nyi Oszt\u00e1ly j\u00f3v\u00e1hagy\u00e1sa n\u00e9lk\u00fcl belf\u00f6ld\u00f6n, m\u00e1s egyetem \u00e1ltal akkredit\u00e1lt gyakorl\u00f3 k\u00f3rh\u00e1zban t\u00f6lt\u00f6tte gyakorlat\u00e1t, illetve aki nem teljes\u00edtette a belgy\u00f3gy\u00e1szat, seb\u00e9szet t\u00e1rgyak r\u00e9sz gyakorlatait.<\/strong><\/p>\n<p><strong>\u00a0<\/strong><strong>A vizsga eredm\u00e9ny\u00e9nek jav\u00edt\u00e1sa kiz\u00e1r\u00f3lag az adott f\u00e9l\u00e9vben \u00e9s csak ott t\u00f6rt\u00e9nhet, ahol a kor\u00e1bbi vizsg\u00e1t teljes\u00edtette.<\/strong><\/p>\n<h2><u>Munkak\u00f6ri alkalmass\u00e1g:<\/u><\/h2>\n<p><strong>\u00a0<\/strong>A szakmai gyakorlat megkezd\u00e9s\u00e9hez \u00e9rv\u00e9nyes munkak\u00f6ri alkalmass\u00e1gi igazol\u00e1s sz\u00fcks\u00e9ges.<\/p>\n<h2><u>Szakdolgozat:<\/u><\/h2>\n<p>A Semmelweis Egyetem Szervezeti \u00e9s M\u0171k\u00f6d\u00e9si Szab\u00e1lyzat \u2013 III. K\u00d6NYV Hallgat\u00f3i K\u00f6vetelm\u00e9nyrendszer \u2013 III.2. R\u00c9SZ Tanulm\u00e1nyi \u00e9s Vizsgaszab\u00e1lyzat 46.\u00a7 \u00e9rtelm\u00e9ben a hallgat\u00f3nak a szakdolgozat t\u00e9m\u00e1j\u00e1t a tanulm\u00e1nyok befejez\u00e9se el\u0151tt legal\u00e1bb egy \u00e9vvel kor\u00e1bban kell kiv\u00e1lasztani \u00e9s az adott oktat\u00e1si-kutat\u00e1si szervezeti egys\u00e9g vezet\u0151j\u00e9n\u00e9l bejelenteni. Az egys\u00e9g vezet\u0151je enged\u00e9lyez\u00e9s eset\u00e9n gondoskodik annak nyilv\u00e1ntart\u00e1s\u00e1r\u00f3l \u00e9s a t\u00e9mavezet\u0151 biztos\u00edt\u00e1s\u00e1r\u00f3l.<\/p>\n<p>A d\u00edjjal vagy dics\u00e9rettel jutalmazott rektori p\u00e1lyamunka szakdolgozatk\u00e9nt t\u00f6rt\u00e9n\u0151 elfogad\u00e1s\u00e1nak k\u00e9relm\u00e9t a hallgat\u00f3nak a rektori p\u00e1lyamunka eredm\u00e9nyhirdet\u00e9s\u00e9t k\u00f6vet\u0151 legk\u00e9s\u0151bb k\u00e9t h\u00e9ten bel\u00fcl kell beny\u00fajtania a Tanulm\u00e1nyi Oszt\u00e1lyon, az illet\u00e9kes oktat\u00e1si-kutat\u00e1si szervezeti egys\u00e9g v\u00e9lem\u00e9nyez\u00e9se, j\u00f3v\u00e1hagy\u00e1sa ut\u00e1n.<\/p>\n<p>Lektor\u00e1lt tudom\u00e1nyos foly\u00f3iratban els\u0151 szerz\u0151s m\u0171k\u00e9nt k\u00f6zz\u00e9tett\/szerkeszt\u0151bizotts\u00e1g \u00e1ltal k\u00f6zl\u00e9sre elfogadott dolgozat szakdolgozatk\u00e9nt val\u00f3 elfogad\u00e1s\u00e1ra ir\u00e1nyul\u00f3 k\u00e9relmet a szakdolgozat lead\u00e1si hat\u00e1rid\u0151 el\u0151tt k\u00e9t h\u00e9ttel kell beny\u00fajtani a Tanulm\u00e1nyi Oszt\u00e1lyon, az illet\u00e9kes oktat\u00e1si-kutat\u00e1si szervezeti egys\u00e9g v\u00e9lem\u00e9nyez\u00e9se, j\u00f3v\u00e1hagy\u00e1sa ut\u00e1n.<\/p>\n<p>A szakdolgozat meg\u00edr\u00e1sa al\u00f3li mentes\u00fcl\u00e9s a v\u00e9d\u00e9s k\u00f6telezetts\u00e9ge al\u00f3l nem mentes\u00edt.<\/p>\n<p><strong>A szakdolgozat lead\u00e1si hat\u00e1rideje: <u>2026. janu\u00e1r 15.<\/u><\/strong><\/p>\n<p><em>(Fenti hat\u00e1rid\u0151 mindazon hallgat\u00f3kra vonatkozik, akik a 2026. \u00e9vben tesznek z\u00e1r\u00f3vizsg\u00e1t, f\u00fcggetlen\u00fcl a vizsga id\u0151pontj\u00e1t\u00f3l.)<\/em><\/p>\n<p>Szakdolgozattal kapcsolatos tov\u00e1bbi inform\u00e1ci\u00f3 a fenti szab\u00e1lyzatban, illetve a kar honlapj\u00e1n \u00e9rhet\u0151 el (<a href=\"http:\/\/semmelweis.hu\/aok\/oktatas\/szakdolgozat\/\">http:\/\/semmelweis.hu\/aok\/oktatas\/szakdolgozat\/<\/a><u>)<\/u>.<\/p>\n<h2><u>Szigorl\u00f3\u00e9v lez\u00e1r\u00e1s\u00e1t k\u00f6vet\u0151 z\u00e1r\u00f3vizsg\u00e1ra bocs\u00e1t\u00e1s felt\u00e9tele:<\/u><\/h2>\n<ul>\n<li>a tanterv \u00e1ltal el\u0151\u00edrt tanulm\u00e1nyi \u00e9s vizsgak\u00f6telezetts\u00e9gek teljes\u00edt\u00e9se \/ide\u00e9rtve az egyetemi orvosi szaknyelvi alapvizsg\u00e1t angol vagy n\u00e9met nyelvb\u0151l valamint az angol nyelv\u0171 \u00e1ltal\u00e1nos nyelvi z\u00e1r\u00f3vizsg\u00e1t (mely kiv\u00e1lthat\u00f3 angol nyelvb\u0151l \u00e1llamilag elismert, \u00e1ltal\u00e1nos nyelvi, k\u00f6z\u00e9pfok\u00fa (B2), komplex t\u00edpus\u00fa nyelvvizsg\u00e1val vagy ezzel egyen\u00e9rt\u00e9k\u0171 \u00e9retts\u00e9gi bizony\u00edtv\u00e1nnyal vagy oklev\u00e9llel\/,<\/li>\n<li>a k\u00e9pz\u00e9si \u00e9s kimeneti k\u00f6vetelm\u00e9nyben el\u0151\u00edrt 360 kreditpont megszerz\u00e9se,<\/li>\n<li>a szakdolgozat elk\u00e9sz\u00edt\u00e9se, beny\u00fajt\u00e1sa \u00e9s megv\u00e9d\u00e9se.<\/li>\n<\/ul>\n<h2><u>Oklev\u00e9l kiad\u00e1s\u00e1nak felt\u00e9tele:<\/u><\/h2>\n<p>Sikeres z\u00e1r\u00f3vizsga.<\/p>\n<h1>T\u00e1j\u00e9koztat\u00f3 mell\u00e9klete, szakmai gyakorlati helyek<\/h1>\n<ul>\n<li><a href=\"https:\/\/semmelweis.hu\/aok\/files\/2025\/04\/1a.-melleklet-egyetemi-gyakorlati-helyek.pdf\">1\/a. mell\u00e9klet &#8211; egyetemi gyakorlati helyek<\/a><\/li>\n<li><a href=\"https:\/\/semmelweis.hu\/aok\/files\/2025\/04\/1b.-melleklet-gyakorlo-korhazak-gyakorlo-helyei.pdf\">1\/b. mell\u00e9klet &#8211; gyakorl\u00f3 k\u00f3rh\u00e1zak gyakorl\u00f3 helyei<\/a><\/li>\n<li><a href=\"https:\/\/semmelweis.hu\/aok\/files\/2025\/05\/Turnusbeosztas-2025-2026.-tanev.pdf\">Turnusbeoszt\u00e1s 2025-2026. tan\u00e9v<\/a><\/li>\n<li><a href=\"https:\/\/semmelweis.hu\/aok\/files\/2025\/08\/Valaszthato-klinikai-gyakorlat-kepzohelyei_2025.pdf\" target=\"_blank\" rel=\"noopener\">6 hetes \u201eV\u00e1laszthat\u00f3 klinikai gyakorlat\u201d (VI. \u00e9vfolyam) k\u00e9pz\u0151helyei<\/a><\/li>\n<li><a href=\"https:\/\/semmelweis.hu\/aok\/files\/2025\/04\/Belfoldi-gyakorlohely-jovahagyasara-szolgalo-nyomtatvany.docx\">Belf\u00f6ldi gyakorl\u00f3hely j\u00f3v\u00e1hagy\u00e1s\u00e1ra szolg\u00e1l\u00f3 nyomtatv\u00e1ny<\/a><\/li>\n<li><a href=\"https:\/\/semmelweis.hu\/aok\/files\/2025\/04\/Kulfoldi-gyakorlat-engedelyeztetese-nyomtatvany.docx\">K\u00fclf\u00f6ldi gyakorlat enged\u00e9lyeztet\u00e9se &#8211; nyomtatv\u00e1ny<\/a><\/li>\n<li><a href=\"https:\/\/semmelweis.hu\/aok\/files\/2025\/09\/Igazolas-elvegzett-VI.-evfolyamos-szakmai-gyakorlatrol-nyomtatvany-2025.docx\" target=\"_blank\" rel=\"noopener\">Igazol\u00e1s elv\u00e9gzett VI. \u00e9vfolyamos szakmai gyakorlatr\u00f3l &#8211; nyomtatv\u00e1ny<\/a><\/li>\n<\/ul>\n<h2>Transzf\u00faziol\u00f3gia\u00a0<\/h2>\n<ul>\n<li><a href=\"https:\/\/semmelweis.hu\/aok\/files\/2025\/04\/Transzfuziologia-kisero-dokumentum.pdf\">Transzf\u00faziol\u00f3gia k\u00eds\u00e9r\u0151 dokumentum (pdf)<\/a><\/li>\n<\/ul>\n<h2>Pl\u00e1gium Nyilatkozat<\/h2>\n<ul>\n<li><a href=\"https:\/\/semmelweis.hu\/aok\/files\/2025\/04\/Tajekoztato-plagium-nyilatkozatrol.doc\">T\u00e1j\u00e9koztat\u00f3 pl\u00e1gium nyilatkozatr\u00f3l (doc)<\/a><\/li>\n<li><a href=\"https:\/\/semmelweis.hu\/aok\/files\/2025\/04\/Plagium-Nyilatkozat.docx\">Pl\u00e1gium Nyilatkozat (docx)<\/a><\/li>\n<\/ul>\n<h2>Szigorl\u00f3\u00e9vi tant\u00e1rgyak tematik\u00e1ja<\/h2>\n<ul>\n<li><a href=\"https:\/\/semmelweis.hu\/aok\/files\/2025\/09\/Belgyogyaszat-BHK.pdf\">Belgy\u00f3gy\u00e1szat (BHK)<\/a><\/li>\n<li><a href=\"https:\/\/semmelweis.hu\/aok\/files\/2025\/09\/Belgyogyaszat-BOK.pdf\">Belgy\u00f3gy\u00e1szat (BOK)<\/a><\/li>\n<li><a href=\"https:\/\/semmelweis.hu\/aok\/files\/2025\/09\/Belgyogyaszat-Kardiologiai-Tanszek.pdf\">Belgy\u00f3gy\u00e1szat (Kardiol\u00f3giai Tansz\u00e9k)<\/a><\/li>\n<li><a href=\"https:\/\/semmelweis.hu\/aok\/files\/2025\/09\/Csaladorvostan.pdf\">Csal\u00e1dorvostan<\/a><\/li>\n<li><a href=\"https:\/\/semmelweis.hu\/aok\/files\/2025\/09\/Elmegyogyaszat.pdf\">Elmegy\u00f3gy\u00e1szat<\/a><\/li>\n<li><a href=\"https:\/\/semmelweis.hu\/aok\/files\/2025\/09\/Ersebeszet.pdf\">\u00c9rseb\u00e9szet<\/a><\/li>\n<li><a href=\"https:\/\/semmelweis.hu\/aok\/files\/2025\/09\/Gyermekgyogyaszat-Bokay-utcai-reszleg.pdf\">Gyermekgy\u00f3gy\u00e1szat (B\u00f3kay utcai r\u00e9szleg)<\/a><\/li>\n<li><a href=\"https:\/\/semmelweis.hu\/aok\/files\/2025\/09\/Gyermekgyogyaszat-Tuzolto-utcai-reszleg.pdf\">Gyermekgy\u00f3gy\u00e1szat (T\u0171zolt\u00f3 utcai r\u00e9szleg)<\/a><\/li>\n<li><a href=\"https:\/\/semmelweis.hu\/aok\/files\/2025\/09\/Ideggyogyaszat.pdf\">Ideggy\u00f3gy\u00e1szat<\/a><\/li>\n<li><a href=\"https:\/\/semmelweis.hu\/aok\/files\/2025\/09\/Mentogyakorlat.pdf\">Ment\u0151gyakorlat<\/a><\/li>\n<li><a href=\"https:\/\/semmelweis.hu\/aok\/files\/2025\/09\/Sebeszet.pdf\">Seb\u00e9szet<\/a><\/li>\n<li><a href=\"https:\/\/semmelweis.hu\/aok\/files\/2025\/09\/Szuleszet-nogyogyaszat-Baross-utcai-reszleg.pdf\">Sz\u00fcl\u00e9szet-n\u0151gy\u00f3gy\u00e1szat (Baross utcai r\u00e9szleg)<\/a><\/li>\n<li><a href=\"https:\/\/semmelweis.hu\/aok\/files\/2025\/09\/Szuleszet-nogyogyaszat-Ulloi-uti-reszleg.pdf\">Sz\u00fcl\u00e9szet-n\u0151gy\u00f3gy\u00e1szat (\u00dcll\u0151i \u00fati r\u00e9szleg)<\/a><\/li>\n<li><a href=\"https:\/\/semmelweis.hu\/aok\/files\/2025\/09\/Transzfuziologiai-alapok.pdf\">Transzfuziol\u00f3giai alapok<\/a><\/li>\n<li><a href=\"https:\/\/semmelweis.hu\/aok\/files\/2025\/09\/Traumatologia.pdf\">Traumatol\u00f3gia<\/a><\/li>\n<\/ul>\n<p>&nbsp;<\/p>\n<h3>K\u00fclf\u00f6ldi szakmai gyakorlat<strong><br \/>\n<\/strong><\/h3>\n<ul>\n<li><a href=\"https:\/\/semmelweis.hu\/aok\/files\/2025\/09\/TAJEKOZTATO-2025.-szeptember.pdf\" target=\"_blank\" rel=\"noopener\">T\u00e1j\u00e9koztat\u00f3 a szakmai gyakorlatok k\u00fclf\u00f6ld\u00f6n val\u00f3 teljes\u00edt\u00e9s\u00e9r\u0151l<\/a><\/li>\n<\/ul>\n<h3>VI. \u00e9vfolyam<\/h3>\n<ul>\n<li><a href=\"https:\/\/semmelweis.hu\/aok\/files\/2025\/04\/Minden-akkreditacios-nyilatkozathoz-csatolando-kompetencialista.doc\">Minden akkredit\u00e1ci\u00f3s nyilatkozathoz csatoland\u00f3 kompetencialista (doc)<\/a><\/li>\n<\/ul>\n<h4>Angol nyelv\u0171 akkredit\u00e1ci\u00f3s nyilatkozat<strong><br \/>\n<\/strong><\/h4>\n<ul>\n<li><a href=\"https:\/\/semmelweis.hu\/aok\/files\/2025\/09\/Egyetemi-klinika-angol-2025.docx\" target=\"_blank\" rel=\"noopener\">Egyetemi klinika<\/a><\/li>\n<li><a href=\"https:\/\/semmelweis.hu\/aok\/files\/2025\/09\/Gyakorlo-korhaz-angol-2025.docx\" target=\"_blank\" rel=\"noopener\">Gyakorl\u00f3 k\u00f3rh\u00e1z<\/a><\/li>\n<\/ul>\n<h4>N\u00e9met nyelv\u0171 akkredit\u00e1ci\u00f3s nyilatkozat<\/h4>\n<ul>\n<li><a href=\"https:\/\/semmelweis.hu\/aok\/files\/2025\/09\/Egyetemi-klinika-nemet-2025.docx\" target=\"_blank\" rel=\"noopener\">Egyetemi klinika<\/a><\/li>\n<li><a href=\"https:\/\/semmelweis.hu\/aok\/files\/2025\/09\/Gyakorlo-korhaz-nemet-2025.docx\" target=\"_blank\" rel=\"noopener\">Gyakorl\u00f3 k\u00f3rh\u00e1z<\/a><\/li>\n<\/ul>\n<h4>Elv\u00e9gzett gyakorlat igazol\u00e1s\u00e1ra szolg\u00e1l\u00f3 nyomtatv\u00e1nyok<\/h4>\n<h5>VI. \u00e9vfolyam<\/h5>\n<ul>\n<li><a href=\"https:\/\/semmelweis.hu\/aok\/files\/2025\/04\/IGAZOLAS-Belgyogyaszat.doc\">Belgy\u00f3gy\u00e1szat (doc)<\/a><\/li>\n<li><a href=\"https:\/\/semmelweis.hu\/aok\/files\/2025\/04\/IGAZOLAS-Sebeszet.doc\">Seb\u00e9szet (doc)<\/a><\/li>\n<li><a href=\"https:\/\/semmelweis.hu\/aok\/files\/2025\/04\/IGAZOLAS-Neurologia.doc\">Neurol\u00f3gia (doc)<\/a><\/li>\n<li><a href=\"https:\/\/semmelweis.hu\/aok\/files\/2025\/04\/IGAZOLAS-Pszichiatria.doc\">Pszichi\u00e1tria (doc)<\/a><\/li>\n<li><a href=\"https:\/\/semmelweis.hu\/aok\/files\/2025\/04\/IGAZOLAS-Szuleszet-nogyogyaszat.doc\">Sz\u00fcl\u00e9szet-n\u0151gy\u00f3gy\u00e1szat (doc)<\/a><\/li>\n<li><a href=\"https:\/\/semmelweis.hu\/aok\/files\/2025\/04\/IGAZOLAS-Gyermekgyogyaszat.doc\">Gyermekgy\u00f3gy\u00e1szat (doc)<\/a><\/li>\n<\/ul>\n<h5>Traumatol\u00f3gia<\/h5>\n<ul>\n<li><a href=\"https:\/\/semmelweis.hu\/traumatologia\/oktatas\/\" target=\"_blank\" rel=\"noopener noreferrer\">T\u00e1j\u00e9koztat\u00f3, igazol\u00e1s nyomtatv\u00e1nyok (magyar, angol, n\u00e9met nyelven) \u2192<\/a><\/li>\n<\/ul>\n<p>&nbsp;<\/p>\n<p>&nbsp;<\/p>\n\n<\/div><h2 class=\"tabtitle\">2027-2028. tan\u00e9v <\/h2>\n<div class=\"tabcontent\">\n\n<p>Az al\u00e1bbi szigorl\u00f3\u00e9vi turnusbeoszt\u00e1s-tervezet alapj\u00e1n <strong>csak a k\u00fclf\u00f6ldi gyakorlati helyek szervez\u00e9se<\/strong> kezdhet\u0151 meg. <br \/>\nA belf\u00f6ldi gyakorlatok szervez\u00e9se az akkredit\u00e1lt int\u00e9zm\u00e9nyi lista v\u00e9gleges\u00edt\u00e9s\u00e9t k\u00f6vet\u0151en, a t\u00e9m\u00e1ban kik\u00fcld\u00f6tt Neptun \u00fczenet alapj\u00e1n kezdhet\u0151 majd meg.<\/p>\n<p><a href=\"https:\/\/semmelweis.hu\/aok\/files\/2025\/12\/Turnusbeosztas-tervezet-2027-28.pdf\" target=\"_blank\" rel=\"noopener\">Turnusbeoszt\u00e1s tervezet 2027-2028. tan\u00e9v<\/a><\/p>\n<p>(Amennyiben az adott tan\u00e9v k\u00e9s\u0151bbiekben meghat\u00e1rozott egyetemi beoszt\u00e1sa az eddigiekhez k\u00e9pest jelent\u0151s elt\u00e9r\u00e9st tartalmazna, a beoszt\u00e1s m\u00f3dos\u00edt\u00e1sra ker\u00fclhet a megel\u0151z\u0151 tan\u00e9v tavasz\u00e1ig.)<\/p>\n<p>&nbsp;<\/p>\n<p>&nbsp;<\/p>\n<\/div><\/div>\n","protected":false},"excerpt":{"rendered":"<p>\u00a0 Gyakorlati \u00e9s Szigorlati\u00a0 rend 2026\/2027. tan\u00e9v T \u00c1 J \u00c9 K O Z T A T \u00d3 a 2026\/2027. tan\u00e9v VI. \u00e9vfolyamos gyakorlati \u00e9s szigorlati rendj\u00e9r\u0151l A VI. \u00e9vfolyam 2026. j\u00falius 13-\u00e1n kezd\u0151dik, amelynek rendj\u00e9r\u0151l az al\u00e1bbiakban t\u00e1j\u00e9koztatjuk. Turnusjelentkez\u00e9s: VI. \u00e9vben a hallgat\u00f3k 8 turnusban (I-VIII), azon bel\u00fcl pedig 2 (A \u00e9s B) csoportban &hellip;<\/p>\n","protected":false},"author":101015,"featured_media":0,"parent":126,"menu_order":7,"comment_status":"closed","ping_status":"closed","template":"","meta":{"_acf_changed":false,"footnotes":""},"categories":[],"tags":[],"class_list":["post-15720","page","type-page","status-publish","hentry"],"acf":[],"publishpress_future_action":{"enabled":false,"date":"1970-01-01 01:00:00","action":"","terms":[],"taxonomy":"","browser_timezone_offset":0},"_links":{"self":[{"href":"https:\/\/semmelweis.hu\/aok\/wp-json\/wp\/v2\/pages\/15720","targetHints":{"allow":["GET"]}}],"collection":[{"href":"https:\/\/semmelweis.hu\/aok\/wp-json\/wp\/v2\/pages"}],"about":[{"href":"https:\/\/semmelweis.hu\/aok\/wp-json\/wp\/v2\/types\/page"}],"author":[{"embeddable":true,"href":"https:\/\/semmelweis.hu\/aok\/wp-json\/wp\/v2\/users\/101015"}],"replies":[{"embeddable":true,"href":"https:\/\/semmelweis.hu\/aok\/wp-json\/wp\/v2\/comments?post=15720"}],"version-history":[{"count":15,"href":"https:\/\/semmelweis.hu\/aok\/wp-json\/wp\/v2\/pages\/15720\/revisions"}],"predecessor-version":[{"id":32782,"href":"https:\/\/semmelweis.hu\/aok\/wp-json\/wp\/v2\/pages\/15720\/revisions\/32782"}],"up":[{"embeddable":true,"href":"https:\/\/semmelweis.hu\/aok\/wp-json\/wp\/v2\/pages\/126"}],"wp:attachment":[{"href":"https:\/\/semmelweis.hu\/aok\/wp-json\/wp\/v2\/media?parent=15720"}],"wp:term":[{"taxonomy":"category","embeddable":true,"href":"https:\/\/semmelweis.hu\/aok\/wp-json\/wp\/v2\/categories?post=15720"},{"taxonomy":"post_tag","embeddable":true,"href":"https:\/\/semmelweis.hu\/aok\/wp-json\/wp\/v2\/tags?post=15720"}],"curies":[{"name":"wp","href":"https:\/\/api.w.org\/{rel}","templated":true}]}}