{"id":1141,"date":"2012-03-01T14:08:44","date_gmt":"2012-03-01T14:08:44","guid":{"rendered":"http:\/\/semmelweis-egyetem.hu\/aok\/?page_id=1141"},"modified":"2026-04-16T13:15:40","modified_gmt":"2026-04-16T11:15:40","slug":"a-kari-tanacs-hatarozatai","status":"publish","type":"page","link":"https:\/\/semmelweis.hu\/aok\/a-karrol\/kari-tanacs\/a-kari-tanacs-hatarozatai\/","title":{"rendered":"A Kari Tan\u00e1cs hat\u00e1rozatai"},"content":{"rendered":"<h4><strong>Az \u00c1OK KARI Tan\u00e1cs\u00e1nak 2026. \u00e9vi hat\u00e1rozatai<\/strong><\/h4>\n<ul>\n<li><a href=\"https:\/\/semmelweis.hu\/aok\/a-karrol\/kari-tanacs\/a-kari-tanacs-hatarozatai\/2026-aprilis-13-i-hatarozatok\/\" target=\"_blank\" rel=\"noopener\">2026. \u00e1prilis 13-i hat\u00e1rozatok\u00a0<\/a><\/li>\n<li><a href=\"https:\/\/semmelweis.hu\/aok\/a-karrol\/kari-tanacs\/a-kari-tanacs-hatarozatai\/2026-marcius-23-i-hatarozatok-elektronikus-tavszavazas\/\" target=\"_blank\" rel=\"noopener\">2026. m\u00e1rcius 23-i hat\u00e1rozatok<\/a><\/li>\n<li><a href=\"https:\/\/semmelweis.hu\/aok\/a-karrol\/kari-tanacs\/a-kari-tanacs-hatarozatai\/2026-februar-18-i-hatarozatok-4\/\" target=\"_blank\" rel=\"noopener\">2026. febru\u00e1r 18-i hat\u00e1rozatok<\/a><\/li>\n<li><a href=\"https:\/\/semmelweis.hu\/aok\/a-karrol\/kari-tanacs\/a-kari-tanacs-hatarozatai\/2026-februar-16-i-hatarozatok-2\/\" target=\"_blank\" rel=\"noopener\">2026. febru\u00e1r 16-i hat\u00e1rozatok<\/a><\/li>\n<li><a href=\"https:\/\/semmelweis.hu\/aok\/a-karrol\/kari-tanacs\/a-kari-tanacs-hatarozatai\/2026-januar-19-i-hatarozatok\/\">2026. janu\u00e1r 19-i hat\u00e1rozatok<\/a><\/li>\n<\/ul>\n<h4><strong>Az \u00c1OK KARI Tan\u00e1cs\u00e1nak 2025. \u00e9vi hat\u00e1rozatai<\/strong><\/h4>\n<ul>\n<li><a href=\"https:\/\/semmelweis.hu\/aok\/a-karrol\/kari-tanacs\/a-kari-tanacs-hatarozatai\/2025-december-1-i-hatarozatok\/\" target=\"_blank\" rel=\"noopener\">2025. december 1-i hat\u00e1rozatok<\/a><\/li>\n<li><a href=\"https:\/\/semmelweis.hu\/aok\/a-karrol\/kari-tanacs\/a-kari-tanacs-hatarozatai\/2025-oktober-27-i-hatarozatai\/\" target=\"_blank\" rel=\"noopener\">2025. okt\u00f3ber 27-i hat\u00e1rozatok<\/a><\/li>\n<li><a href=\"https:\/\/semmelweis.hu\/aok\/a-karrol\/kari-tanacs\/a-kari-tanacs-hatarozatai\/2025-augusztus-29-i-hatarozatok-elektronikus-szavazas\/\">2025. augusztus 29-i hat\u00e1rozatok &#8211; elektronikus szavaz\u00e1s<\/a><\/li>\n<li><a href=\"https:\/\/semmelweis.hu\/aok\/a-karrol\/kari-tanacs\/a-kari-tanacs-hatarozatai\/2025-augusztus-25-i-hatarozatok-elektronikus-szavazas\/\" target=\"_blank\" rel=\"noopener\">2025. augusztus 25-i hat\u00e1rozatok &#8211; elektronikus szavaz\u00e1s<\/a><\/li>\n<li><a href=\"https:\/\/semmelweis.hu\/aok\/a-karrol\/kari-tanacs\/a-kari-tanacs-hatarozatai\/2025-junius-12-i-hatarozatok\/\" target=\"_blank\" rel=\"noopener\">2025. j\u00fanius 12-i hat\u00e1rozatai<\/a><\/li>\n<li><a href=\"https:\/\/semmelweis.hu\/aok\/?page_id=33352&amp;preview=true\" target=\"_blank\" rel=\"noopener\">2025. \u00e1prilis 16-i hat\u00e1rozatok &#8211; elektronikus szavaz\u00e1s<\/a><\/li>\n<li><a href=\"https:\/\/semmelweis.hu\/aok\/?page_id=33325&amp;preview=true\" target=\"_blank\" rel=\"noopener\">2025. \u00e1prilis 14-i hat\u00e1rozatok<\/a><\/li>\n<li><a href=\"https:\/\/semmelweis.hu\/aok\/a-karrol\/kari-tanacs\/a-kari-tanacs-hatarozatai\/2025-februar-17-i-hatarozatok\/\" target=\"_blank\" rel=\"noopener\">2025. febru\u00e1r 17-i hat\u00e1rozatok<\/a><\/li>\n<li><a href=\"https:\/\/semmelweis.hu\/aok\/a-karrol\/kari-tanacs\/a-kari-tanacs-hatarozatai\/2025-januar-21-i-hatarozat-elektronikus-szavazas\/\" target=\"_blank\" rel=\"noopener\">2025. janu\u00e1r 21-i hat\u00e1rozat &#8211; elektronikus szavaz\u00e1s<\/a><\/li>\n<\/ul>\n<h4><strong>Az \u00c1OK KARI Tan\u00e1cs\u00e1nak 2024. \u00e9vi hat\u00e1rozatai<\/strong><\/h4>\n<ul>\n<li><a href=\"https:\/\/semmelweis.hu\/aok\/a-karrol\/kari-tanacs\/a-kari-tanacs-hatarozatai\/2024-november-11-i-hatarozat\/\" target=\"_blank\" rel=\"noopener\">2024. november 11-i hat\u00e1rozat<\/a><\/li>\n<li><a href=\"https:\/\/semmelweis.hu\/aok\/a-karrol\/kari-tanacs\/a-kari-tanacs-hatarozatai\/2024-szeptember-23-i-hatarozatok\/\" target=\"_blank\" rel=\"noopener\">2024. szeptember 23-i hat\u00e1rozatok<\/a><\/li>\n<li><a href=\"https:\/\/semmelweis.hu\/aok\/a-karrol\/kari-tanacs\/a-kari-tanacs-hatarozatai\/2024-szeptember-4-i-hatarozatok-elektronikus-szavazas\/\" target=\"_blank\" rel=\"noopener\">2024. szeptember 4-i hat\u00e1rozatok &#8211; elektronikus szavaz\u00e1s<\/a><\/li>\n<li><a href=\"https:\/\/semmelweis.hu\/aok\/a-karrol\/kari-tanacs\/a-kari-tanacs-hatarozatai\/2024-augusztus-22-i-hatarozat-elektronikus-szavazas\/\" target=\"_blank\" rel=\"noopener\">2024. augusztus 22-i hat\u00e1rozat &#8211; elektronikus szavaz\u00e1s<\/a><\/li>\n<li><a href=\"https:\/\/semmelweis.hu\/aok\/a-karrol\/kari-tanacs\/a-kari-tanacs-hatarozatai\/2024-junius-10-i-hatarozatok\/\" target=\"_blank\" rel=\"noopener\">2024. j\u00fanius 10-i hat\u00e1rozatok<\/a><\/li>\n<li><a href=\"https:\/\/semmelweis.hu\/aok\/a-karrol\/kari-tanacs\/a-kari-tanacs-hatarozatai\/2024-majus-28-i-hatarozatok\/\" target=\"_blank\" rel=\"noopener\">2024. m\u00e1jus 28-i hat\u00e1rozatok<\/a><\/li>\n<li><a href=\"https:\/\/semmelweis.hu\/aok\/a-karrol\/kari-tanacs\/a-kari-tanacs-hatarozatai\/2024-aprilis-9-i-hatarozatok\/\" target=\"_blank\" rel=\"noopener\">2024. \u00e1prilis 9-i hat\u00e1rozatok<\/a><\/li>\n<li><a href=\"https:\/\/semmelweis.hu\/aok\/a-karrol\/kari-tanacs\/a-kari-tanacs-hatarozatai\/2024-marcius-19-i-hatarozatok\/\" target=\"_blank\" rel=\"noopener\">2024. m\u00e1rcius 19-i hat\u00e1rozatok<\/a><\/li>\n<li><a href=\"https:\/\/semmelweis.hu\/aok\/a-karrol\/kari-tanacs\/a-kari-tanacs-hatarozatai\/2023-februar-22-i-hatarozatok\/\" target=\"_blank\" rel=\"noopener\">2024. febru\u00e1r 22-i hat\u00e1rozatok<\/a><\/li>\n<\/ul>\n<h4 class=\"entry-title\"><strong>Az \u00c1OK Kari Tan\u00e1cs\u00e1nak 2023. \u00e9vi hat\u00e1rozatai<\/strong><\/h4>\n<ul style=\"list-style-type: disc\">\n<li><a href=\"https:\/\/semmelweis.hu\/aok\/a-karrol\/kari-tanacs\/a-kari-tanacs-hatarozatai\/2023-december-14-i-hatarozat-elektronikus-szavazas\/\" target=\"_blank\" rel=\"noopener\">2023. december 14-i hat\u00e1rozat &#8211; elektronikus szavaz\u00e1s<\/a><\/li>\n<li><a href=\"https:\/\/semmelweis.hu\/aok\/a-karrol\/kari-tanacs\/a-kari-tanacs-hatarozatai\/2023-december-5-i-hatarozatok\/\" target=\"_blank\" rel=\"noopener\">2023. december 5-i hat\u00e1rozatok<\/a><\/li>\n<li><a href=\"https:\/\/semmelweis.hu\/aok\/a-karrol\/kari-tanacs\/a-kari-tanacs-hatarozatai\/2023-november-20-i-hatarozat\/\" target=\"_blank\" rel=\"noopener\">2023. november 20-i hat\u00e1rozat<\/a><\/li>\n<li><a href=\"https:\/\/semmelweis.hu\/aok\/a-karrol\/kari-tanacs\/a-kari-tanacs-hatarozatai\/2023-oktober-3-i-hatarozatok\/\" target=\"_blank\" rel=\"noopener\">2023. okt\u00f3ber 3-i hat\u00e1rozatok<\/a><\/li>\n<li><a href=\"https:\/\/semmelweis.hu\/aok\/a-karrol\/kari-tanacs\/a-kari-tanacs-hatarozatai\/2023-augusztus-29-i-hatarozatok-elektronikus-szavazas\/\" target=\"_blank\" rel=\"noopener\">2023. augusztus 29-i hat\u00e1rozatok &#8211; elektronikus szavaz\u00e1s<\/a><\/li>\n<li><a href=\"https:\/\/semmelweis.hu\/aok\/a-karrol\/kari-tanacs\/a-kari-tanacs-hatarozatai\/2023-junius-6-i-hatarozatok\/\" target=\"_blank\" rel=\"noopener\">2023. j\u00fanius 6-i hat\u00e1rozatok<\/a><\/li>\n<li><a href=\"https:\/\/semmelweis.hu\/aok\/a-karrol\/kari-tanacs\/a-kari-tanacs-hatarozatai\/2023-aprilis-11-i-hatarozatok\/\" target=\"_blank\" rel=\"noopener\">2023. \u00e1prilis 11-i hat\u00e1rozatok<\/a><\/li>\n<li><a href=\"https:\/\/semmelweis.hu\/aok\/a-karrol\/kari-tanacs\/a-kari-tanacs-hatarozatai\/2023-februar-7-i-hatarozatok\/\" target=\"_blank\" rel=\"noopener\">2023. febru\u00e1r 7-i hat\u00e1rozatok<\/a><\/li>\n<\/ul>\n<h4 class=\"entry-title\"><strong>Az \u00c1OK Kari Tan\u00e1cs\u00e1nak 2022. \u00e9vi hat\u00e1rozatai<\/strong><\/h4>\n<ul>\n<li><a href=\"https:\/\/semmelweis.hu\/aok\/a-karrol\/kari-tanacs\/a-kari-tanacs-hatarozatai\/2022-december-6-i-hatarozatok\/\" target=\"_blank\" rel=\"noopener\">2022. december 6-i hat\u00e1rozatok<\/a><\/li>\n<li><a href=\"https:\/\/semmelweis.hu\/aok\/a-karrol\/kari-tanacs\/a-kari-tanacs-hatarozatai\/2022-oktober-11-i-hatarozatok\/\" target=\"_blank\" rel=\"noopener\">2022. okt\u00f3ber 11-i hat\u00e1rozatok<\/a><\/li>\n<li><a href=\"https:\/\/semmelweis.hu\/aok\/a-karrol\/kari-tanacs\/a-kari-tanacs-hatarozatai\/2022-julius-21-i-hatarozatok-elektronikus-szavazas-2\/\" target=\"_blank\" rel=\"noopener\">2022. j\u00falius 21-i hat\u00e1rozatok &#8211; elektronikus szavaz\u00e1s<\/a><\/li>\n<li><a href=\"https:\/\/semmelweis.hu\/aok\/a-karrol\/kari-tanacs\/a-kari-tanacs-hatarozatai\/2022-junius-21-i-hatarozatok\/\" target=\"_blank\" rel=\"noopener\">2022. j\u00fanius 21-i hat\u00e1rozatok<\/a><\/li>\n<li><a href=\"https:\/\/semmelweis.hu\/aok\/a-karrol\/kari-tanacs\/a-kari-tanacs-hatarozatai\/2022-aprilis-12-i-hatarozatok\/\" target=\"_blank\" rel=\"noopener\">2022. \u00e1prilis 12-i hat\u00e1rozatok<\/a><\/li>\n<li><a href=\"https:\/\/semmelweis.hu\/aok\/a-karrol\/kari-tanacs\/a-kari-tanacs-hatarozatai\/2022-februar-8-i-hatarozatok\/\" target=\"_blank\" rel=\"noopener\">2022. febru\u00e1r 8-i hat\u00e1rozatok<\/a><\/li>\n<\/ul>\n<h4 class=\"entry-title\"><strong>Az \u00c1OK Kari Tan\u00e1cs\u00e1nak 2021. \u00e9vi hat\u00e1rozatai<\/strong><\/h4>\n<ul>\n<li><a href=\"https:\/\/semmelweis.hu\/aok\/a-karrol\/kari-tanacs\/a-kari-tanacs-hatarozatai\/2021-december-14-i-hatarozatok\/\" target=\"_blank\" rel=\"noopener\">2021. december 14-i hat\u00e1rozatok<\/a><\/li>\n<li><a href=\"https:\/\/semmelweis.hu\/aok\/a-karrol\/kari-tanacs\/a-kari-tanacs-hatarozatai\/2021-oktober-12-i-hatarozatok\/\" target=\"_blank\" rel=\"noopener noreferrer\">2021. okt\u00f3ber 12-i hat\u00e1rozatok<\/a><\/li>\n<li><a href=\"https:\/\/semmelweis.hu\/aok\/a-karrol\/kari-tanacs\/a-kari-tanacs-hatarozatai\/2021-augusztus-26-i-hatarozat-elektronikus-szavazas\/\" target=\"_blank\" rel=\"noopener noreferrer\">2021. szeptember 27-i hat\u00e1rozat &#8211; elektronikus szavaz\u00e1s<\/a><\/li>\n<li><a href=\"https:\/\/semmelweis.hu\/aok\/a-karrol\/kari-tanacs\/a-kari-tanacs-hatarozatai\/2021-szeptember-14-i-hatarozatok\/\" target=\"_blank\" rel=\"noopener noreferrer\">2021. szeptember 14-i hat\u00e1rozatok<\/a><\/li>\n<li><a href=\"https:\/\/semmelweis.hu\/aok\/a-karrol\/kari-tanacs\/a-kari-tanacs-hatarozatai\/2021-augusztus-26-i-hatarozat-elektronikus-szavazas\/\" target=\"_blank\" rel=\"noopener\">2021. augusztus 26-i hat\u00e1rozat &#8211; elektronikus szavaz\u00e1s<\/a><\/li>\n<li><a href=\"https:\/\/semmelweis.hu\/aok\/a-karrol\/kari-tanacs\/a-kari-tanacs-hatarozatai\/2021-augusztus-24-i-hatarozatok-elektronikus-szavazas\/\" target=\"_blank\" rel=\"noopener\">2021. augusztus 24-i hat\u00e1rozatok &#8211; elektronikus szavaz\u00e1s<\/a><\/li>\n<li><a href=\"https:\/\/semmelweis.hu\/aok\/a-karrol\/kari-tanacs\/a-kari-tanacs-hatarozatai\/2021-julius-6-i-hatarozatok-elektronikus-szavazas\/\" target=\"_blank\" rel=\"noopener noreferrer\">2021. j\u00falius 6-i hat\u00e1rozatok &#8211; elektronikus szavaz\u00e1s<\/a><\/li>\n<li><a href=\"https:\/\/semmelweis.hu\/aok\/a-karrol\/kari-tanacs\/a-kari-tanacs-hatarozatai\/2021-junius-8-i-hatarozatok\/\" target=\"_blank\" rel=\"noopener noreferrer\">2021. j\u00fanius 8-i hat\u00e1rozatok<\/a><\/li>\n<li><a href=\"https:\/\/semmelweis.hu\/aok\/?page_id=26172&amp;preview=true\" target=\"_blank\" rel=\"noopener noreferrer\">2021. m\u00e1jus 11-i hat\u00e1rozatok<\/a><\/li>\n<li><a href=\"https:\/\/semmelweis.hu\/aok\/a-karrol\/kari-tanacs\/a-kari-tanacs-hatarozatai\/2021-aprilis13-i-hatarozatok\/\" target=\"_blank\" rel=\"noopener noreferrer\">2021. \u00e1prilis 13-i hat\u00e1rozatok<\/a><\/li>\n<li><a href=\"https:\/\/semmelweis.hu\/aok\/a-karrol\/kari-tanacs\/a-kari-tanacs-hatarozatai\/2021-aprilis-6-i-hatarozat-elektronikus-szavazas\/\" target=\"_blank\" rel=\"noopener\">2021. \u00e1prilis 6-i hat\u00e1rozat &#8211; elektronikus szavaz\u00e1s<\/a><\/li>\n<li><a href=\"https:\/\/semmelweis.hu\/aok\/a-karrol\/kari-tanacs\/a-kari-tanacs-hatarozatai\/2021-februar-9-i-hatarozatok\/\" target=\"_blank\" rel=\"noopener noreferrer\">2021. febru\u00e1r 9-i hat\u00e1rozatok<\/a><\/li>\n<\/ul>\n<h4 class=\"entry-title\"><strong>Az \u00c1OK Kari Tan\u00e1cs\u00e1nak 2020. \u00e9vi hat\u00e1rozatai<\/strong><\/h4>\n<ul>\n<li><a href=\"https:\/\/semmelweis.hu\/aok\/a-karrol\/kari-tanacs\/a-kari-tanacs-hatarozatai\/2020-december-8-i-hatarozatok\/\" target=\"_blank\" rel=\"noopener noreferrer\">2020. december 8-i hat\u00e1rozatok<\/a><\/li>\n<li><a href=\"https:\/\/semmelweis.hu\/aok\/2020-november-25-i-hatarozat-elektronikus-szavazas\/\" target=\"_blank\" rel=\"noopener noreferrer\">2020. november 25-i hat\u00e1rozat &#8211; elektronikus szavaz\u00e1s<\/a><\/li>\n<li><a href=\"https:\/\/semmelweis.hu\/aok\/a-karrol\/kari-tanacs\/a-kari-tanacs-hatarozatai\/2020-oktober-13-i-hatarozatok\/\" target=\"_blank\" rel=\"noopener noreferrer\">2020. okt\u00f3ber 13-i hat\u00e1rozatok<\/a><\/li>\n<li><a href=\"https:\/\/semmelweis.hu\/aok\/a-karrol\/kari-tanacs\/a-kari-tanacs-hatarozatai\/2020-szeptember-15-i-hatarozatok\/\" target=\"_blank\" rel=\"noopener noreferrer\">2020. szeptember 15-i hat\u00e1rozatok<\/a><\/li>\n<li><a href=\"https:\/\/semmelweis.hu\/aok\/a-karrol\/kari-tanacs\/a-kari-tanacs-hatarozatai\/2020-junius-9-i-hatarozatok\/\" target=\"_blank\" rel=\"noopener noreferrer\">2020. j\u00fanius 9-i hat\u00e1rozatok<\/a><\/li>\n<li><a href=\"https:\/\/semmelweis.hu\/aok\/a-karrol\/kari-tanacs\/a-kari-tanacs-hatarozatai\/2020-majus-12-i-hatarozatok\/\" target=\"_blank\" rel=\"noopener noreferrer\">2020. m\u00e1jus 12-i hat\u00e1rozatok<\/a><\/li>\n<li><a href=\"https:\/\/semmelweis.hu\/aok\/a-karrol\/kari-tanacs\/a-kari-tanacs-hatarozatai\/2020-aprilis-14-i-hatarozatok\/\" target=\"_blank\" rel=\"noopener noreferrer\">2020. \u00e1prilis 14-i hat\u00e1rozatok<\/a><\/li>\n<li><a href=\"https:\/\/semmelweis.hu\/aok\/a-karrol\/kari-tanacs\/a-kari-tanacs-hatarozatai\/2020-februar-11-i-hatarozatok\/\" target=\"_blank\" rel=\"noopener noreferrer\">2020. febru\u00e1r 11-i hat\u00e1rozatok<\/a><\/li>\n<li><a href=\"https:\/\/semmelweis.hu\/aok\/a-karrol\/kari-tanacs\/a-kari-tanacs-hatarozatai\/2020-januar-28-i-hatarozatok-elektronikus-szavazas\/\" target=\"_blank\" rel=\"noopener noreferrer\">2020. janu\u00e1r 28-i hat\u00e1rozatok &#8211; elektronikus szavaz\u00e1s<\/a><\/li>\n<li><a href=\"https:\/\/semmelweis.hu\/aok\/?page_id=23534&amp;preview=true\" target=\"_blank\" rel=\"noopener noreferrer\">2020. janu\u00e1r 16-i hat\u00e1rozatok &#8211; elektronikus szavaz\u00e1s<\/a><\/li>\n<\/ul>\n<h4 class=\"entry-title\"><strong>Az \u00c1OK Kari Tan\u00e1cs\u00e1nak 2019. \u00e9vi hat\u00e1rozatai<\/strong><\/h4>\n<ul>\n<li><a href=\"https:\/\/semmelweis.hu\/aok\/a-karrol\/kari-tanacs\/a-kari-tanacs-hatarozatai\/2019-december-10-i-hatarozatok\/\" target=\"_blank\" rel=\"noopener noreferrer\">2019. december 10-i hat\u00e1rozatok<\/a><\/li>\n<li><a href=\"https:\/\/semmelweis.hu\/aok\/a-karrol\/kari-tanacs\/a-kari-tanacs-hatarozatai\/2019-oktober-8-i-hatarozatok\/\" target=\"_blank\" rel=\"noopener noreferrer\">2019. okt\u00f3ber 8-i hat\u00e1rozatok<\/a><\/li>\n<li><a href=\"https:\/\/semmelweis.hu\/aok\/a-karrol\/kari-tanacs\/a-kari-tanacs-hatarozatai\/2019-augusztus-22-i-hatarozatok\/\" target=\"_blank\" rel=\"noopener noreferrer\">2019. augusztus 22-i hat\u00e1rozatok<\/a><\/li>\n<li><a href=\"https:\/\/semmelweis.hu\/aok\/?page_id=22375&amp;preview=true\" target=\"_blank\" rel=\"noopener noreferrer\">2019. j\u00fanius 18-i hat\u00e1rozatok<\/a><\/li>\n<li><a href=\"https:\/\/semmelweis.hu\/aok\/a-karrol\/kari-tanacs\/a-kari-tanacs-hatarozatai\/2019-junius-11-i-hatarozatok\/\" target=\"_blank\" rel=\"noopener noreferrer\">2019. j\u00fanius 11-i hat\u00e1rozatok<\/a><\/li>\n<li><a href=\"https:\/\/semmelweis.hu\/aok\/a-karrol\/kari-tanacs\/a-kari-tanacs-hatarozatai\/2019-majus-14-i-hatarozatok\/\" target=\"_blank\" rel=\"noopener noreferrer\">2019. m\u00e1jus 14-i hat\u00e1rozatok<\/a><\/li>\n<li><a href=\"https:\/\/semmelweis.hu\/aok\/a-karrol\/kari-tanacs\/a-kari-tanacs-hatarozatai\/2019-majus-13-i-hatarozat-elektronikus-szavazas\/\" target=\"_blank\" rel=\"noopener noreferrer\">2019. m\u00e1jus 13-i hat\u00e1rozat &#8211; elektronikus szavaz\u00e1s<\/a><\/li>\n<li><a href=\"https:\/\/semmelweis.hu\/aok\/a-karrol\/kari-tanacs\/a-kari-tanacs-hatarozatai\/2019-marcius-12-i-hatarozatok\/\" target=\"_blank\" rel=\"noopener noreferrer\">2019. m\u00e1rcius 12-i hat\u00e1rozatok<\/a><\/li>\n<li><a href=\"https:\/\/semmelweis.hu\/aok\/a-karrol\/kari-tanacs\/a-kari-tanacs-hatarozatai\/2019-februar-5-i-hatarozatok\/\" target=\"_blank\" rel=\"noopener noreferrer\">2019. febru\u00e1r 5-i hat\u00e1rozatok<\/a><\/li>\n<\/ul>\n<h4 class=\"entry-title\"><strong>Az \u00c1OK Kari Tan\u00e1cs\u00e1nak 2018. \u00e9vi hat\u00e1rozatai<\/strong><\/h4>\n<ul style=\"list-style-type: square\">\n<li><a href=\"https:\/\/semmelweis.hu\/aok\/a-karrol\/kari-tanacs\/a-kari-tanacs-hatarozatai\/2018-december-11-i-hatarozatok\/\" target=\"_blank\" rel=\"noopener noreferrer\">2018. december 11-i hat\u00e1rozatok<\/a><\/li>\n<li><a href=\"https:\/\/semmelweis.hu\/aok\/a-karrol\/kari-tanacs\/a-kari-tanacs-hatarozatai\/2018-november-14-i-hatarozatok\/\" target=\"_blank\" rel=\"noopener noreferrer\">2018. november 14-i hat\u00e1rozatok<\/a><\/li>\n<li><a href=\"https:\/\/semmelweis.hu\/aok\/a-karrol\/kari-tanacs\/a-kari-tanacs-hatarozatai\/2018-szeptember-20-i-hatarozatok\/\" target=\"_blank\" rel=\"noopener noreferrer\">2018. szeptember 20-i hat\u00e1rozatok<\/a><\/li>\n<li><a href=\"https:\/\/semmelweis.hu\/aok\/a-karrol\/kari-tanacs\/a-kari-tanacs-hatarozatai\/2018-szeptember-18-i-hatarozatok\/\" target=\"_blank\" rel=\"noopener noreferrer\">2018. szeptember 18-i hat\u00e1rozat<\/a><\/li>\n<li><a href=\"https:\/\/semmelweis.hu\/aok\/a-karrol\/kari-tanacs\/a-kari-tanacs-hatarozatai\/2018-julius-10-i-hatarozat\/\" target=\"_blank\" rel=\"noopener noreferrer\">2018. j\u00falius 10-i hat\u00e1rozat &#8211; elektronikus szavaz\u00e1s<\/a><\/li>\n<li><a href=\"https:\/\/semmelweis.hu\/aok\/a-karrol\/kari-tanacs\/a-kari-tanacs-hatarozatai\/2018-junius-26-i-hatarozat-elektronikus-szavazas\/\" target=\"_blank\" rel=\"noopener noreferrer\">2018. j\u00fanius 26-i hat\u00e1rozat &#8211; elektronikus szavaz\u00e1s<\/a><\/li>\n<li><a href=\"https:\/\/semmelweis.hu\/aok\/2018-junius-12-i-hatarozatok\/\" target=\"_blank\" rel=\"noopener noreferrer\">2018. j\u00fanius 12-i hat\u00e1rozatok<\/a><\/li>\n<li><a href=\"https:\/\/semmelweis.hu\/aok\/2018-majus-8-i-hatarozatok\/\" target=\"_blank\" rel=\"noopener noreferrer\">2018. m\u00e1jus 8-i hat\u00e1rozatok<\/a><\/li>\n<li><a href=\"https:\/\/semmelweis.hu\/aok\/2018-aprilis-10-i-hatarozatok\/\" target=\"_blank\" rel=\"noopener noreferrer\">2018. \u00e1prilis 10-i hat\u00e1rozatok<\/a><\/li>\n<li><a href=\"https:\/\/semmelweis.hu\/aok\/2018-februar-13-i-hatarozatok\/\" target=\"_blank\" rel=\"noopener noreferrer\">2018. febru\u00e1r 13-i hat\u00e1rozatok<\/a><\/li>\n<\/ul>\n<h4 class=\"entry-title\"><strong>Az \u00c1OK Kari Tan\u00e1cs\u00e1nak 2017. \u00e9vi hat\u00e1rozatai<\/strong><\/h4>\n<ul>\n<li><a href=\"https:\/\/semmelweis.hu\/aok\/2017-december-12-i-hatarozatok\/\" target=\"_blank\" rel=\"noopener noreferrer\">2017. december 12-i hat\u00e1rozatok<\/a><\/li>\n<li><a href=\"https:\/\/semmelweis.hu\/aok\/2017-oktober-10-i-kari-tanacs-hatarozatok\/\" target=\"_blank\" rel=\"noopener noreferrer\">2017. okt\u00f3ber 10-i hat\u00e1rozatok<\/a><\/li>\n<li><a href=\"https:\/\/semmelweis.hu\/aok\/2017-junius-20-i-kari-tanacs-hatarozatok\/\" target=\"_blank\" rel=\"noopener noreferrer\">2017. j\u00fanius 20-i hat\u00e1rozatok<\/a><\/li>\n<li><a href=\"https:\/\/semmelweis.hu\/aok\/2017-majus-9-i-kari-tanacs-hatarozatok\/\" target=\"_blank\" rel=\"noopener noreferrer\">2017. m\u00e1jus 9-i hat\u00e1rozatok<\/a><\/li>\n<li><a href=\"https:\/\/semmelweis.hu\/aok\/2017-marcius-11-i-kari-tanacs-hatarozatok\/\" target=\"_blank\" rel=\"noopener noreferrer\">2017. \u00e1prilis 11-i hat\u00e1rozatok<\/a><\/li>\n<li><a href=\"https:\/\/semmelweis.hu\/aok\/2017-februar-14-i-kari-tanacs-hatarozatok\/\" target=\"_blank\" rel=\"noopener noreferrer\">2017. febru\u00e1r 14-i hat\u00e1roztatok<\/a><\/li>\n<\/ul>\n<h4 class=\"entry-title\"><strong>Az \u00c1OK Kari Tan\u00e1cs\u00e1nak 2016. \u00e9vi hat\u00e1rozatai<\/strong><\/h4>\n<ul>\n<li><a href=\"https:\/\/semmelweis.hu\/aok\/2016-december-8-i-kari-tanacs-hatarozatok\/\" target=\"_blank\" rel=\"noopener noreferrer\">2016. december 8-i hat\u00e1rozatok<\/a><\/li>\n<li><a href=\"https:\/\/semmelweis.hu\/aok\/2016-oktober-18-i-kari-tanacs-hatarozatok\/\" target=\"_blank\" rel=\"noopener noreferrer\">2016. okt\u00f3ber 18-i hat\u00e1rozatok<\/a><\/li>\n<li><a href=\"https:\/\/semmelweis.hu\/aok\/?page_id=13766&amp;preview=true\" target=\"_blank\" rel=\"noopener noreferrer\">2016. j\u00fanius 14-i hat\u00e1rozatok<\/a><\/li>\n<li><a href=\"https:\/\/semmelweis.hu\/aok\/2016-majus-10-i-hatarozatok\/\" target=\"_blank\" rel=\"noopener noreferrer\">2016. m\u00e1jus 10-i hat\u00e1rozatok<\/a><\/li>\n<li><a href=\"https:\/\/semmelweis.hu\/aok\/2016-aprilis-12-i-hatarozatok\/\" target=\"_blank\" rel=\"noopener noreferrer\">2016. \u00e1prilis 12-i hat\u00e1rozatok<\/a><\/li>\n<li><a href=\"https:\/\/semmelweis.hu\/aok\/2016-februar-9-i-hatarozatok\/\" target=\"_blank\" rel=\"noopener noreferrer\">2016. febru\u00e1r 9-i hat\u00e1rozat<\/a><\/li>\n<\/ul>\n<h4 class=\"entry-title\"><strong>Az \u00c1OK Kari Tan\u00e1cs\u00e1nak 2015. \u00e9vi hat\u00e1rozatai<\/strong><\/h4>\n<ul>\n<li><a href=\"https:\/\/semmelweis.hu\/aok\/2015-december-14-i-hatarozat-elektronikus-szavazas\/\" target=\"_blank\" rel=\"noopener noreferrer\">2015. december 14-i hat\u00e1rozat &#8211; elektronikus szavaz\u00e1s<\/a><\/li>\n<li><a href=\"https:\/\/semmelweis.hu\/aok\/2015-december-2-i-hatarozatok\/\" target=\"_blank\" rel=\"noopener noreferrer\">2015. december 2-i hat\u00e1rozatok<\/a><\/li>\n<li><a href=\"https:\/\/semmelweis.hu\/aok\/2015-oktober-13-i-hatarozatok\/\" target=\"_blank\" rel=\"noopener noreferrer\">2015. okt\u00f3ber 13-i hat\u00e1rozatok<\/a><\/li>\n<li><a href=\"https:\/\/semmelweis.hu\/aok\/2015-szeptember-18-i-hatarozat-elektronikus-szavazas\/\" target=\"_blank\" rel=\"noopener noreferrer\">2015. szeptember 18-i hat\u00e1rozat &#8211; elektronikus szavaz\u00e1s<\/a><\/li>\n<li><a href=\"https:\/\/semmelweis.hu\/aok\/2015-junius-16-i-folyt-junius-22-kt-hatarozatai\/\" target=\"_blank\" rel=\"noopener noreferrer\">2015. j\u00fanius 16-i hat\u00e1rozatok<\/a><\/li>\n<li><a href=\"https:\/\/semmelweis.hu\/aok\/2015-majus-12-i-kt-hatarozatai\/\" target=\"_blank\" rel=\"noopener noreferrer\">2015. m\u00e1jus 12-i hat\u00e1rozatok<\/a><\/li>\n<li><a href=\"https:\/\/semmelweis.hu\/aok\/2015-aprilis-07-i-hatarozatok\/\" target=\"_blank\" rel=\"noopener noreferrer\">2015. \u00e1prilis 07-i hat\u00e1rozat<\/a><\/li>\n<li><a href=\"https:\/\/semmelweis.hu\/aok\/2015-marcius-10-i-hatarozatok\/\" target=\"_blank\" rel=\"noopener noreferrer\">2015. m\u00e1rcius 10-i hat\u00e1rozatok<\/a><\/li>\n<\/ul>\n<h4 class=\"entry-title\"><strong>Az \u00c1OK Kari Tan\u00e1cs\u00e1nak 2014. \u00e9vi hat\u00e1rozatai<\/strong><\/h4>\n<ul>\n<li><a href=\"https:\/\/semmelweis.hu\/aok\/2014-december-9-i-hatarozatok\/\" target=\"_blank\" rel=\"noopener noreferrer\">2014. december 9-i hat\u00e1rozatok<\/a><\/li>\n<li><a href=\"https:\/\/semmelweis.hu\/aok\/2014-oktober-14-i-hatarozatok\/\" target=\"_blank\" rel=\"noopener noreferrer\">2014. okt\u00f3ber 14-i hat\u00e1rozatok<\/a><\/li>\n<li><a href=\"https:\/\/semmelweis.hu\/aok\/files\/2012\/03\/49-2014.-2014.-j\u00falius-16-i-T\u00e9r\u00edt\u00e9si-\u00e9s-Juttat\u00e1si-Rend-elektronikus-szavaz\u00e1s.pdf\" target=\"_blank\" rel=\"noopener noreferrer\">2014. j\u00falius 16-i hat\u00e1rozat &#8211; elektronikus szavaz\u00e1s<\/a><\/li>\n<li><a href=\"https:\/\/semmelweis.hu\/aok\/2014-junius-10-i-hatarozatok\/\" target=\"_blank\" rel=\"noopener noreferrer\">2014. j\u00fanius 10-i hat\u00e1rozatok<\/a><\/li>\n<li><a href=\"https:\/\/semmelweis.hu\/aok\/2014-majus-10-i-hatarozatok\/\" target=\"_blank\" rel=\"noopener noreferrer\">2014. m\u00e1jus 13-i hat\u00e1rozat<\/a><\/li>\n<li><a href=\"https:\/\/semmelweis.hu\/aok\/2014-marcius-11-i-hatarozatok\/\" target=\"_blank\" rel=\"noopener noreferrer\">2014. m\u00e1rcius 11-i hat\u00e1rozat<\/a><\/li>\n<\/ul>\n<h4 class=\"entry-title\"><strong>Az \u00c1OK Kari Tan\u00e1cs\u00e1nak 2013. \u00e9vi hat\u00e1rozatai<\/strong><\/h4>\n<ul>\n<li style=\"text-align: left\"><a href=\"https:\/\/semmelweis.hu\/aok\/2013-december-10-i-hatarozat\/\" target=\"_blank\" rel=\"noopener noreferrer\">2013. december 10-i hat\u00e1rozat<\/a><\/li>\n<li style=\"text-align: left\"><a href=\"https:\/\/semmelweis.hu\/aok\/2013-szempember-24-i-hatarozat\/\" target=\"_blank\" rel=\"noopener noreferrer\">2013. szeptember 24-i hat\u00e1rozat<\/a><\/li>\n<li style=\"text-align: left\"><a href=\"https:\/\/semmelweis.hu\/aok\/2013-junius-25-i-hatarozat\/\" target=\"_blank\" rel=\"noopener noreferrer\">2013. j\u00fanius 25-i hat\u00e1rozat<\/a><\/li>\n<li style=\"text-align: left\"><a href=\"https:\/\/semmelweis.hu\/aok\/2013-majus-28-i-hatarozat\/\" target=\"_blank\" rel=\"noopener noreferrer\">2013. m\u00e1jus 28-i hat\u00e1rozat<\/a><\/li>\n<li><a href=\"https:\/\/semmelweis.hu\/aok\/2013-aprilis-30-i-hatarozat\/\" target=\"_blank\" rel=\"noopener noreferrer\">2013. \u00e1prilis 30-i hat\u00e1rozat<\/a>\u00a0<\/li>\n<li><a href=\"https:\/\/semmelweis.hu\/aok\/2013-februar-26-i-hatarozat\/\" target=\"_blank\" rel=\"noopener noreferrer\">2013. febru\u00e1r 26-i hat\u00e1rozat<\/a><\/li>\n<\/ul>\n<h4 class=\"entry-title\"><strong>Az \u00c1OK Kari Tan\u00e1cs\u00e1nak 2012. \u00e9vi hat\u00e1rozatai<\/strong><\/h4>\n<ul>\n<li><a href=\"https:\/\/semmelweis.hu\/aok\/2012-december-18-i-hatarozat\/\" target=\"_blank\" rel=\"noopener noreferrer\">2012. december 18-i hat\u00e1rozat<\/a><\/li>\n<li><a href=\"https:\/\/semmelweis.hu\/aok\/2012-december-12-i-hatarozat-elektronikus-szavazas\/\" target=\"_blank\" rel=\"noopener noreferrer\">2012. december 12-i hat\u00e1rozat &#8211; elektronikus szavaz\u00e1s<\/a><\/li>\n<li><a href=\"https:\/\/semmelweis.hu\/aok\/2012-november-13-i-hatarozat\/\" target=\"_blank\" rel=\"noopener noreferrer\">2012. november 13-i hat\u00e1rozat<\/a><\/li>\n<li><a href=\"https:\/\/semmelweis.hu\/aok\/2012-oktober-24-i-hatarozat\/\" target=\"_blank\" rel=\"noopener noreferrer\">2012. okt\u00f3ber 24-i hat\u00e1rozat<\/a><\/li>\n<li><a href=\"https:\/\/semmelweis.hu\/aok\/2012-szeptember-14-i-hatarozat\" target=\"_blank\" rel=\"noopener noreferrer\">2012. szeptember 14-i hat\u00e1rozat<\/a><\/li>\n<li><a href=\"https:\/\/semmelweis.hu\/aok\/2012-szeptember-4-i-hatarozat\/\" target=\"_blank\" rel=\"noopener noreferrer\">2012. szeptember 4-i hat\u00e1rozat<\/a><\/li>\n<li><a href=\"https:\/\/semmelweis.hu\/aok\/2012-augusztus-1-i-hatarozat\/\" target=\"_blank\" rel=\"noopener noreferrer\">2012. augusztus 1-i hat\u00e1rozat<\/a><\/li>\n<li><a href=\"https:\/\/semmelweis.hu\/aok\/2012-junius-19-i-ules-hatarozatai\/\" target=\"_blank\" rel=\"noopener noreferrer\">2012. j\u00fanius 19-i \u00fcl\u00e9s hat\u00e1rozatai<\/a> <a href=\"https:\/\/semmelweis.hu\/aok\/2012-majus-8-i-ules-hatarozatai\/\" target=\"_blank\" rel=\"noopener noreferrer\">\u00a0<\/a><\/li>\n<li><a href=\"https:\/\/semmelweis.hu\/aok\/2012-majus-8-i-ules-hatarozatai\/\" target=\"_blank\" rel=\"noopener noreferrer\">2012. m\u00e1jus 8-i \u00fcl\u00e9s hat\u00e1rozatai<\/a><\/li>\n<li><a href=\"https:\/\/semmelweis.hu\/aok\/2012-marcius-20-i-ules-hatarozatai\/\" target=\"_blank\" rel=\"noopener noreferrer\">2012. m\u00e1rcius 20-i \u00fcl\u00e9s hat\u00e1rozatai<\/a> <a href=\"https:\/\/semmelweis.hu\/aok\/2012-februar-29-i-hatarozat\/\" target=\"_blank\" rel=\"noopener noreferrer\">\u00a0<\/a><\/li>\n<li><a href=\"https:\/\/semmelweis.hu\/aok\/2012-februar-29-i-hatarozat\/\" target=\"_blank\" rel=\"noopener noreferrer\">2012. febru\u00e1r 29-i hat\u00e1rozat<\/a>ai<\/li>\n<\/ul>\n<h4 class=\"entry-title\"><strong>Az \u00c1OK Kari Tan\u00e1cs\u00e1nak 2011. \u00e9vi hat\u00e1rozatai<\/strong><\/h4>\n<ul>\n<li><a href=\"https:\/\/semmelweis.hu\/aok\/2011-december-6-i-ules-hatarozatai\/\" target=\"_blank\" rel=\"noopener noreferrer\">2011. december 6-i \u00fcl\u00e9s hat\u00e1rozatai<\/a><\/li>\n<li><a href=\"https:\/\/semmelweis.hu\/aok\/2011-november-8-i-ules-hatarozatai\/\" target=\"_blank\" rel=\"noopener noreferrer\">2011. november 8-i \u00fcl\u00e9s hat\u00e1rozatai<\/a><\/li>\n<li><a href=\"https:\/\/semmelweis.hu\/aok\/2011-oktober-10-i-ules-hatarozatai\/\" target=\"_blank\" rel=\"noopener noreferrer\">2011. okt\u00f3ber 10-i \u00fcl\u00e9s hat\u00e1rozatai<\/a><\/li>\n<li><a href=\"https:\/\/semmelweis.hu\/aok\/2011-junius-21-i-ules-hatarozatai\/\" target=\"_blank\" rel=\"noopener noreferrer\">2011. j\u00fanius 21-i \u00fcl\u00e9s hat\u00e1rozatai<\/a><\/li>\n<li><a href=\"https:\/\/semmelweis.hu\/aok\/2011-aprilis-22-i-ules-hatarozatai\/\" target=\"_blank\" rel=\"noopener noreferrer\">2011. \u00e1prilis 22-i \u00fcl\u00e9s hat\u00e1rozatai<\/a><\/li>\n<li><a href=\"https:\/\/semmelweis.hu\/aok\/2011-februar-22-i-ules-hatarozatai\/\" target=\"_blank\" rel=\"noopener noreferrer\">2011. febru\u00e1r 22-i \u00fcl\u00e9s hat\u00e1rozatai<\/a><\/li>\n<li><a href=\"https:\/\/semmelweis.hu\/aok\/2011-januar-25-i-ules-hatarozatai\/\" target=\"_blank\" rel=\"noopener noreferrer\">2011. janu\u00e1r 25-i \u00fcl\u00e9s hat\u00e1rozatai<\/a><\/li>\n<\/ul>\n<h4 class=\"entry-title\"><strong>Az \u00c1OK Kari Tan\u00e1cs\u00e1nak 2010. \u00e9vi hat\u00e1rozatai<\/strong><\/h4>\n<ul>\n<li><a href=\"https:\/\/semmelweis.hu\/aok\/2010-oktober-12-i-ules-hatarozatai\/\" target=\"_blank\" rel=\"noopener noreferrer\">2010. okt\u00f3ber 12-i \u00fcl\u00e9s hat\u00e1rozatai<\/a><\/li>\n<li><a href=\"https:\/\/semmelweis.hu\/aok\/2010-szeptember-15-i-ules-hatarozatai\/\" target=\"_blank\" rel=\"noopener noreferrer\">2010. szeptember 15-i \u00fcl\u00e9s hat\u00e1rozatai<\/a><\/li>\n<li><a href=\"https:\/\/semmelweis.hu\/aok\/2010-junius-15-i-ules-hatarozatai\/\" target=\"_blank\" rel=\"noopener noreferrer\">2010. j\u00fanius 15-i \u00fcl\u00e9s hat\u00e1rozatai<\/a><\/li>\n<li><a href=\"https:\/\/semmelweis.hu\/aok\/2010-aprilis-20-i-ules-hatarozatai\/\" target=\"_blank\" rel=\"noopener noreferrer\">2010. \u00e1prilis 20-i \u00fcl\u00e9s hat\u00e1rozatai<\/a><\/li>\n<\/ul>\n<h4 class=\"entry-title\"><strong>Az \u00c1OK Kari Tan\u00e1cs\u00e1nak 2009. \u00e9vi hat\u00e1rozatai<\/strong><\/h4>\n<ul>\n<li><a href=\"https:\/\/semmelweis.hu\/aok\/2009-december-22-i-ules-hatarozatai\/\" target=\"_blank\" rel=\"noopener noreferrer\">2009. december 22-i \u00fcl\u00e9s hat\u00e1rozatai<\/a><\/li>\n<li><a href=\"https:\/\/semmelweis.hu\/aok\/2009-november-17-i-ules-hatarozatai\/\" target=\"_blank\" rel=\"noopener noreferrer\">2009. november 17-i \u00fcl\u00e9s hat\u00e1rozatai<\/a><\/li>\n<li><a href=\"https:\/\/semmelweis.hu\/aok\/2009-szeptember-29-i-ules-hatarozatai\/\" target=\"_blank\" rel=\"noopener noreferrer\">2009. szeptember 29-i \u00fcl\u00e9s hat\u00e1rozatai<\/a><\/li>\n<li><a href=\"https:\/\/semmelweis.hu\/aok\/2009-junius-9-i-ules-hatarozatai\/\" target=\"_blank\" rel=\"noopener noreferrer\">2009. j\u00fanius 9-i \u00fcl\u00e9s hat\u00e1rozatai<\/a><\/li>\n<li><a href=\"https:\/\/semmelweis.hu\/aok\/2009-majus-19-i-ules-hatarozatai\/\" target=\"_blank\" rel=\"noopener noreferrer\">2009. m\u00e1jus 19-i \u00fcl\u00e9s hat\u00e1rozatai<\/a><\/li>\n<li><a href=\"https:\/\/semmelweis.hu\/aok\/2009-aprilis-14-i-ules-hatarozatai\/\" target=\"_blank\" rel=\"noopener noreferrer\">2009. \u00e1prilis 14-i \u00fcl\u00e9s hat\u00e1rozatai<\/a><\/li>\n<li><a href=\"https:\/\/semmelweis.hu\/aok\/2009-februar-3-i-ules-hatarozatai\/\" target=\"_blank\" rel=\"noopener noreferrer\">2009. febru\u00e1r 3-i \u00fcl\u00e9s hat\u00e1rozatai<\/a><\/li>\n<\/ul>\n<h4 class=\"entry-title\"><strong>Az \u00c1OK Kari Tan\u00e1cs\u00e1nak 2008. \u00e9vi hat\u00e1rozatai<\/strong><\/h4>\n<ul>\n<li><a href=\"https:\/\/semmelweis.hu\/aok\/2008-december-9-i-ules-hatarozatai\/\" target=\"_blank\" rel=\"noopener noreferrer\">2008. december 9-i \u00fcl\u00e9s hat\u00e1rozatai<\/a><\/li>\n<li><a href=\"https:\/\/semmelweis.hu\/aok\/2008-szeptember-23-i-ules-hatarozatai\/\" target=\"_blank\" rel=\"noopener noreferrer\">2008. szeptember 23-i \u00fcl\u00e9s hat\u00e1rozatai<\/a><\/li>\n<li><a href=\"https:\/\/semmelweis.hu\/aok\/2008-junius-24-i-ules-hatarozatai\/\" target=\"_blank\" rel=\"noopener noreferrer\">2008. j\u00fanius 24-i \u00fcl\u00e9s hat\u00e1rozatai<\/a><\/li>\n<li><a href=\"https:\/\/semmelweis.hu\/aok\/2008-majus-20-i-ules-hatarozatai\/\" target=\"_blank\" rel=\"noopener noreferrer\">2008. m\u00e1jus 20-i \u00fcl\u00e9s hat\u00e1rozatai<\/a><\/li>\n<li><a href=\"https:\/\/semmelweis.hu\/aok\/2008-marcius-11-i-ules-hatarozatai\/\" target=\"_blank\" rel=\"noopener noreferrer\">2008. m\u00e1rcius 11-i \u00fcl\u00e9s hat\u00e1rozatai<\/a><\/li>\n<\/ul>\n<h4 class=\"entry-title\"><strong>Az \u00c1OK Kari Tan\u00e1cs\u00e1nak 2007. \u00e9vi hat\u00e1rozatai<\/strong><\/h4>\n<ul>\n<li><a href=\"https:\/\/semmelweis.hu\/aok\/2007-szeptember-18-i-ules-hatarozatai\/\" target=\"_blank\" rel=\"noopener noreferrer\">2007. szeptember 18-i \u00fcl\u00e9s hat\u00e1rozatai<\/a><\/li>\n<li><a href=\"https:\/\/semmelweis.hu\/aok\/2007-majus-29-i-ules-hatarozatai\/\" target=\"_blank\" rel=\"noopener noreferrer\">2007. m\u00e1jus 29-i \u00fcl\u00e9s hat\u00e1rozatai<\/a><\/li>\n<li><a href=\"https:\/\/semmelweis.hu\/aok\/2007-aprilis-17-i-ules-hatarozatai\/\" target=\"_blank\" rel=\"noopener noreferrer\">2007. \u00e1prilis 17-i \u00fcl\u00e9s hat\u00e1rozatai<\/a><\/li>\n<li><a href=\"https:\/\/semmelweis.hu\/aok\/2007-februar-20-i-ules-hatarozatai\/\" target=\"_blank\" rel=\"noopener noreferrer\">2007. febru\u00e1r 20-i \u00fcl\u00e9s hat\u00e1rozatai<\/a><\/li>\n<\/ul>\n<h4 class=\"entry-title\"><strong>Az \u00c1OK Kari Tan\u00e1cs\u00e1nak 2006. \u00e9vi hat\u00e1rozatai<\/strong><\/h4>\n<ul>\n<li><a href=\"https:\/\/semmelweis.hu\/aok\/2006-november-28-i-ules-hatarozatai\/\" target=\"_blank\" rel=\"noopener noreferrer\">2006. november 28-i \u00fcl\u00e9s hat\u00e1rozatai<\/a><\/li>\n<li><a href=\"https:\/\/semmelweis.hu\/aok\/a-karrol\/kari-tanacs\/a-kari-tanacs-hatarozatai\/2006-szeptember-26-i-ules-hatarozatai\/\" target=\"_blank\" rel=\"noopener noreferrer\">2006. szeptember 26-i \u00fcl\u00e9s hat\u00e1rozatai<\/a><\/li>\n<li><a href=\"https:\/\/semmelweis.hu\/aok\/2006-junius-13-i-ules-hatarozatai\/\" target=\"_blank\" rel=\"noopener noreferrer\">2006. j\u00fanius 13-i \u00fcl\u00e9s hat\u00e1rozatai<\/a><\/li>\n<li><a href=\"https:\/\/semmelweis.hu\/aok\/2006-majus-9-i-ules-hatarozatai\/\" target=\"_blank\" rel=\"noopener noreferrer\">2006. m\u00e1jus 9-i \u00fcl\u00e9s hat\u00e1rozatai<\/a><\/li>\n<li><a href=\"https:\/\/semmelweis.hu\/aok\/2006-marcius-28-i-ules-hatarozatai\/\" target=\"_blank\" rel=\"noopener noreferrer\">2006. m\u00e1rcius 28-i \u00fcl\u00e9s hat\u00e1rozatai<\/a><\/li>\n<li><a href=\"https:\/\/semmelweis.hu\/aok\/2006-januar-31-i-ules-hatarozatai\/\" target=\"_blank\" rel=\"noopener noreferrer\">2006. janu\u00e1r 31-i \u00fcl\u00e9s hat\u00e1rozatai<\/a><\/li>\n<\/ul>\n<h4 class=\"entry-title\"><strong>Az \u00c1OK Kari Tan\u00e1cs\u00e1nak 2005. \u00e9vi hat\u00e1rozatai<\/strong><\/h4>\n<ul>\n<li><a href=\"https:\/\/semmelweis.hu\/aok\/2005-november-22-i-ules-hatarozatai\/\" target=\"_blank\" rel=\"noopener noreferrer\">2005. november 22-i \u00fcl\u00e9s hat\u00e1rozatai<\/a><\/li>\n<li><a href=\"https:\/\/semmelweis.hu\/aok\/2005-szeptember-27-i-ules-hatarozatai\/\" target=\"_blank\" rel=\"noopener noreferrer\">2005. szeptember 27-i \u00fcl\u00e9s hat\u00e1rozatai<\/a><\/li>\n<li><a href=\"https:\/\/semmelweis.hu\/aok\/2005-junius-21-i-ules-hatarozatai\/\" target=\"_blank\" rel=\"noopener noreferrer\">2005. j\u00fanius 21-i \u00fcl\u00e9s hat\u00e1rozatai<\/a><\/li>\n<li><a href=\"https:\/\/semmelweis.hu\/aok\/2005-aprilis-19-i-ules-hatarozatai\/\" target=\"_blank\" rel=\"noopener noreferrer\">2005. \u00e1prilis 19-i \u00fcl\u00e9s hat\u00e1rozatai<\/a><\/li>\n<li><a href=\"https:\/\/semmelweis.hu\/aok\/2005-marcius-8-i-ules-hatarozatai\/\" target=\"_blank\" rel=\"noopener noreferrer\">2005. m\u00e1rcius 8-i \u00fcl\u00e9s hat\u00e1rozatai<\/a> \u00a0<\/li>\n<\/ul>\n","protected":false},"excerpt":{"rendered":"<p>Az \u00c1OK KARI Tan\u00e1cs\u00e1nak 2026. \u00e9vi hat\u00e1rozatai <a href=\"https:\/\/semmelweis.hu\/aok\/a-karrol\/kari-tanacs\/a-kari-tanacs-hatarozatai\/2026-aprilis-13-i-hatarozatok\/\" target=\"_blank\" rel=\"noopener\">2026. \u00e1prilis 13-i hat\u00e1rozatok\u00a0<\/a> <a href=\"https:\/\/semmelweis.hu\/aok\/a-karrol\/kari-tanacs\/a-kari-tanacs-hatarozatai\/2026-marcius-23-i-hatarozatok-elektronikus-tavszavazas\/\" target=\"_blank\" rel=\"noopener\">2026. m\u00e1rcius 23-i hat\u00e1rozatok<\/a> <a href=\"https:\/\/semmelweis.hu\/aok\/a-karrol\/kari-tanacs\/a-kari-tanacs-hatarozatai\/2026-februar-18-i-hatarozatok-4\/\" target=\"_blank\" rel=\"noopener\">2026. febru\u00e1r 18-i hat\u00e1rozatok<\/a> <a href=\"https:\/\/semmelweis.hu\/aok\/a-karrol\/kari-tanacs\/a-kari-tanacs-hatarozatai\/2026-februar-16-i-hatarozatok-2\/\" target=\"_blank\" rel=\"noopener\">2026. febru\u00e1r 16-i hat\u00e1rozatok<\/a> <a href=\"https:\/\/semmelweis.hu\/aok\/a-karrol\/kari-tanacs\/a-kari-tanacs-hatarozatai\/2026-januar-19-i-hatarozatok\/\">2026. janu\u00e1r 19-i hat\u00e1rozatok<\/a> Az \u00c1OK KARI Tan\u00e1cs\u00e1nak 2025. \u00e9vi hat\u00e1rozatai <a href=\"https:\/\/semmelweis.hu\/aok\/a-karrol\/kari-tanacs\/a-kari-tanacs-hatarozatai\/2025-december-1-i-hatarozatok\/\" target=\"_blank\" rel=\"noopener\">2025. december 1-i hat\u00e1rozatok<\/a> <a href=\"https:\/\/semmelweis.hu\/aok\/a-karrol\/kari-tanacs\/a-kari-tanacs-hatarozatai\/2025-oktober-27-i-hatarozatai\/\" target=\"_blank\" rel=\"noopener\">2025. okt\u00f3ber 27-i hat\u00e1rozatok<\/a> <a href=\"https:\/\/semmelweis.hu\/aok\/a-karrol\/kari-tanacs\/a-kari-tanacs-hatarozatai\/2025-augusztus-29-i-hatarozatok-elektronikus-szavazas\/\">2025. augusztus 29-i hat\u00e1rozatok &#8211; elektronikus szavaz\u00e1s<\/a> <a href=\"https:\/\/semmelweis.hu\/aok\/a-karrol\/kari-tanacs\/a-kari-tanacs-hatarozatai\/2025-augusztus-25-i-hatarozatok-elektronikus-szavazas\/\" target=\"_blank\" rel=\"noopener\">2025. augusztus 25-i hat\u00e1rozatok &#8211; elektronikus szavaz\u00e1s<\/a> <a href=\"https:\/\/semmelweis.hu\/aok\/a-karrol\/kari-tanacs\/a-kari-tanacs-hatarozatai\/2025-junius-12-i-hatarozatok\/\" target=\"_blank\" rel=\"noopener\">2025. j\u00fanius 12-i hat\u00e1rozatai<\/a> <a href=\"https:\/\/semmelweis.hu\/aok\/?page_id=33352&amp;preview=true\" target=\"_blank\" rel=\"noopener\">2025. \u00e1prilis 16-i hat\u00e1rozatok &#8211; elektronikus szavaz\u00e1s<\/a> <a href=\"https:\/\/semmelweis.hu\/aok\/?page_id=33325&amp;preview=true\" target=\"_blank\" rel=\"noopener\">2025. \u00e1prilis 14-i hat\u00e1rozatok<\/a> <a href=\"https:\/\/semmelweis.hu\/aok\/a-karrol\/kari-tanacs\/a-kari-tanacs-hatarozatai\/2025-februar-17-i-hatarozatok\/\" target=\"_blank\" rel=\"noopener\">2025. febru\u00e1r 17-i hat\u00e1rozatok<\/a> <a href=\"https:\/\/semmelweis.hu\/aok\/a-karrol\/kari-tanacs\/a-kari-tanacs-hatarozatai\/2025-januar-21-i-hatarozat-elektronikus-szavazas\/\" target=\"_blank\" rel=\"noopener\">2025. janu\u00e1r 21-i hat\u00e1rozat &#8211; elektronikus szavaz\u00e1s<\/a> Az \u00c1OK KARI Tan\u00e1cs\u00e1nak 2024. \u00e9vi hat\u00e1rozatai <a href=\"https:\/\/semmelweis.hu\/aok\/a-karrol\/kari-tanacs\/a-kari-tanacs-hatarozatai\/2024-november-11-i-hatarozat\/\" target=\"_blank\" rel=\"noopener\">2024. november 11-i hat\u00e1rozat<\/a> <a href=\"https:\/\/semmelweis.hu\/aok\/a-karrol\/kari-tanacs\/a-kari-tanacs-hatarozatai\/2024-szeptember-23-i-hatarozatok\/\" target=\"_blank\" rel=\"noopener\">2024. szeptember 23-i hat\u00e1rozatok<\/a> <a href=\"https:\/\/semmelweis.hu\/aok\/a-karrol\/kari-tanacs\/a-kari-tanacs-hatarozatai\/2024-szeptember-4-i-hatarozatok-elektronikus-szavazas\/\" target=\"_blank\" rel=\"noopener\">2024. szeptember 4-i hat\u00e1rozatok &#8211; elektronikus szavaz\u00e1s<\/a> <a href=\"https:\/\/semmelweis.hu\/aok\/a-karrol\/kari-tanacs\/a-kari-tanacs-hatarozatai\/2024-augusztus-22-i-hatarozat-elektronikus-szavazas\/\" target=\"_blank\" rel=\"noopener\">2024. augusztus 22-i hat\u00e1rozat &#8211; elektronikus szavaz\u00e1s<\/a> <a href=\"https:\/\/semmelweis.hu\/aok\/a-karrol\/kari-tanacs\/a-kari-tanacs-hatarozatai\/2024-junius-10-i-hatarozatok\/\" target=\"_blank\" rel=\"noopener\">2024. j\u00fanius 10-i hat\u00e1rozatok<\/a> <a href=\"https:\/\/semmelweis.hu\/aok\/a-karrol\/kari-tanacs\/a-kari-tanacs-hatarozatai\/2024-majus-28-i-hatarozatok\/\" target=\"_blank\" rel=\"noopener\">2024. m\u00e1jus 28-i hat\u00e1rozatok<\/a> <a href=\"https:\/\/semmelweis.hu\/aok\/a-karrol\/kari-tanacs\/a-kari-tanacs-hatarozatai\/2024-aprilis-9-i-hatarozatok\/\" target=\"_blank\" rel=\"noopener\">2024. \u00e1prilis 9-i hat\u00e1rozatok<\/a> <a href=\"https:\/\/semmelweis.hu\/aok\/a-karrol\/kari-tanacs\/a-kari-tanacs-hatarozatai\/2024-marcius-19-i-hatarozatok\/\" target=\"_blank\" rel=\"noopener\">2024. m\u00e1rcius 19-i hat\u00e1rozatok<\/a> <a href=\"https:\/\/semmelweis.hu\/aok\/a-karrol\/kari-tanacs\/a-kari-tanacs-hatarozatai\/2023-februar-22-i-hatarozatok\/\" target=\"_blank\" rel=\"noopener\">2024. febru\u00e1r 22-i hat\u00e1rozatok<\/a> Az \u00c1OK Kari Tan\u00e1cs\u00e1nak 2023. \u00e9vi hat\u00e1rozatai <a href=\"https:\/\/semmelweis.hu\/aok\/a-karrol\/kari-tanacs\/a-kari-tanacs-hatarozatai\/2023-december-14-i-hatarozat-elektronikus-szavazas\/\" target=\"_blank\" rel=\"noopener\">2023. december 14-i hat\u00e1rozat &#8211; elektronikus szavaz\u00e1s<\/a> <a href=\"https:\/\/semmelweis.hu\/aok\/a-karrol\/kari-tanacs\/a-kari-tanacs-hatarozatai\/2023-december-5-i-hatarozatok\/\" target=\"_blank\" rel=\"noopener\">2023. december 5-i hat\u00e1rozatok<\/a> <a href=\"https:\/\/semmelweis.hu\/aok\/a-karrol\/kari-tanacs\/a-kari-tanacs-hatarozatai\/2023-november-20-i-hatarozat\/\" target=\"_blank\" rel=\"noopener\">2023. november 20-i hat\u00e1rozat<\/a> <a href=\"https:\/\/semmelweis.hu\/aok\/a-karrol\/kari-tanacs\/a-kari-tanacs-hatarozatai\/2023-oktober-3-i-hatarozatok\/\" target=\"_blank\" rel=\"noopener\">2023. okt\u00f3ber 3-i hat\u00e1rozatok<\/a> <a href=\"https:\/\/semmelweis.hu\/aok\/a-karrol\/kari-tanacs\/a-kari-tanacs-hatarozatai\/2023-augusztus-29-i-hatarozatok-elektronikus-szavazas\/\" target=\"_blank\" rel=\"noopener\">2023. augusztus 29-i hat\u00e1rozatok &#8211; elektronikus szavaz\u00e1s<\/a> <a href=\"https:\/\/semmelweis.hu\/aok\/a-karrol\/kari-tanacs\/a-kari-tanacs-hatarozatai\/2023-junius-6-i-hatarozatok\/\" target=\"_blank\" rel=\"noopener\">2023. j\u00fanius 6-i hat\u00e1rozatok<\/a> <a href=\"https:\/\/semmelweis.hu\/aok\/a-karrol\/kari-tanacs\/a-kari-tanacs-hatarozatai\/2023-aprilis-11-i-hatarozatok\/\" target=\"_blank\" rel=\"noopener\">2023. \u00e1prilis 11-i hat\u00e1rozatok<\/a> <a href=\"https:\/\/semmelweis.hu\/aok\/a-karrol\/kari-tanacs\/a-kari-tanacs-hatarozatai\/2023-februar-7-i-hatarozatok\/\" target=\"_blank\" rel=\"noopener\">2023. febru\u00e1r 7-i hat\u00e1rozatok<\/a> Az \u00c1OK Kari Tan\u00e1cs\u00e1nak 2022. \u00e9vi hat\u00e1rozatai <a href=\"https:\/\/semmelweis.hu\/aok\/a-karrol\/kari-tanacs\/a-kari-tanacs-hatarozatai\/2022-december-6-i-hatarozatok\/\" target=\"_blank\" rel=\"noopener\">2022. december 6-i hat\u00e1rozatok<\/a> <a href=\"https:\/\/semmelweis.hu\/aok\/a-karrol\/kari-tanacs\/a-kari-tanacs-hatarozatai\/2022-oktober-11-i-hatarozatok\/\" target=\"_blank\" rel=\"noopener\">2022. okt\u00f3ber 11-i hat\u00e1rozatok<\/a> <a href=\"https:\/\/semmelweis.hu\/aok\/a-karrol\/kari-tanacs\/a-kari-tanacs-hatarozatai\/2022-julius-21-i-hatarozatok-elektronikus-szavazas-2\/\" target=\"_blank\" rel=\"noopener\">2022. j\u00falius 21-i hat\u00e1rozatok &#8211; elektronikus szavaz\u00e1s<\/a> <a href=\"https:\/\/semmelweis.hu\/aok\/a-karrol\/kari-tanacs\/a-kari-tanacs-hatarozatai\/2022-junius-21-i-hatarozatok\/\" target=\"_blank\" rel=\"noopener\">2022. j\u00fanius 21-i hat\u00e1rozatok<\/a> <a href=\"https:\/\/semmelweis.hu\/aok\/a-karrol\/kari-tanacs\/a-kari-tanacs-hatarozatai\/2022-aprilis-12-i-hatarozatok\/\" target=\"_blank\" rel=\"noopener\">2022. \u00e1prilis 12-i hat\u00e1rozatok<\/a> <a href=\"https:\/\/semmelweis.hu\/aok\/a-karrol\/kari-tanacs\/a-kari-tanacs-hatarozatai\/2022-februar-8-i-hatarozatok\/\" target=\"_blank\" rel=\"noopener\">2022. febru\u00e1r 8-i hat\u00e1rozatok<\/a> Az \u00c1OK Kari Tan\u00e1cs\u00e1nak 2021. \u00e9vi hat\u00e1rozatai <a href=\"https:\/\/semmelweis.hu\/aok\/a-karrol\/kari-tanacs\/a-kari-tanacs-hatarozatai\/2021-december-14-i-hatarozatok\/\" target=\"_blank\" rel=\"noopener\">2021. december 14-i hat\u00e1rozatok<\/a> <a href=\"https:\/\/semmelweis.hu\/aok\/a-karrol\/kari-tanacs\/a-kari-tanacs-hatarozatai\/2021-oktober-12-i-hatarozatok\/\" target=\"_blank\" rel=\"noopener noreferrer\">2021. okt\u00f3ber 12-i hat\u00e1rozatok<\/a> <a href=\"https:\/\/semmelweis.hu\/aok\/a-karrol\/kari-tanacs\/a-kari-tanacs-hatarozatai\/2021-augusztus-26-i-hatarozat-elektronikus-szavazas\/\" target=\"_blank\" rel=\"noopener noreferrer\">2021. szeptember 27-i hat\u00e1rozat &#8211; elektronikus szavaz\u00e1s<\/a> <a href=\"https:\/\/semmelweis.hu\/aok\/a-karrol\/kari-tanacs\/a-kari-tanacs-hatarozatai\/2021-szeptember-14-i-hatarozatok\/\" target=\"_blank\" rel=\"noopener noreferrer\">2021. szeptember 14-i hat\u00e1rozatok<\/a> <a href=\"https:\/\/semmelweis.hu\/aok\/a-karrol\/kari-tanacs\/a-kari-tanacs-hatarozatai\/2021-augusztus-26-i-hatarozat-elektronikus-szavazas\/\" target=\"_blank\" rel=\"noopener\">2021. augusztus 26-i hat\u00e1rozat &#8211; elektronikus szavaz\u00e1s<\/a> <a href=\"https:\/\/semmelweis.hu\/aok\/a-karrol\/kari-tanacs\/a-kari-tanacs-hatarozatai\/2021-augusztus-24-i-hatarozatok-elektronikus-szavazas\/\" target=\"_blank\" rel=\"noopener\">2021. augusztus 24-i hat\u00e1rozatok &#8211; elektronikus szavaz\u00e1s<\/a> <a href=\"https:\/\/semmelweis.hu\/aok\/a-karrol\/kari-tanacs\/a-kari-tanacs-hatarozatai\/2021-julius-6-i-hatarozatok-elektronikus-szavazas\/\" target=\"_blank\" rel=\"noopener noreferrer\">2021. j\u00falius 6-i hat\u00e1rozatok &#8211; elektronikus szavaz\u00e1s<\/a> <a href=\"https:\/\/semmelweis.hu\/aok\/a-karrol\/kari-tanacs\/a-kari-tanacs-hatarozatai\/2021-junius-8-i-hatarozatok\/\" target=\"_blank\" rel=\"noopener noreferrer\">2021. j\u00fanius 8-i hat\u00e1rozatok<\/a> <a href=\"https:\/\/semmelweis.hu\/aok\/?page_id=26172&amp;preview=true\" target=\"_blank\" rel=\"noopener noreferrer\">2021. m\u00e1jus 11-i hat\u00e1rozatok<\/a> <a href=\"https:\/\/semmelweis.hu\/aok\/a-karrol\/kari-tanacs\/a-kari-tanacs-hatarozatai\/2021-aprilis13-i-hatarozatok\/\" target=\"_blank\" rel=\"noopener noreferrer\">2021. \u00e1prilis 13-i hat\u00e1rozatok<\/a> <a href=\"https:\/\/semmelweis.hu\/aok\/a-karrol\/kari-tanacs\/a-kari-tanacs-hatarozatai\/2021-aprilis-6-i-hatarozat-elektronikus-szavazas\/\" target=\"_blank\" rel=\"noopener\">2021. \u00e1prilis 6-i hat\u00e1rozat &#8211; elektronikus szavaz\u00e1s<\/a> <a href=\"https:\/\/semmelweis.hu\/aok\/a-karrol\/kari-tanacs\/a-kari-tanacs-hatarozatai\/2021-februar-9-i-hatarozatok\/\" target=\"_blank\" rel=\"noopener noreferrer\">2021. febru\u00e1r 9-i hat\u00e1rozatok<\/a> Az \u00c1OK Kari Tan\u00e1cs\u00e1nak 2020. \u00e9vi hat\u00e1rozatai <a href=\"https:\/\/semmelweis.hu\/aok\/a-karrol\/kari-tanacs\/a-kari-tanacs-hatarozatai\/2020-december-8-i-hatarozatok\/\" target=\"_blank\" rel=\"noopener noreferrer\">2020. december 8-i hat\u00e1rozatok<\/a> <a href=\"https:\/\/semmelweis.hu\/aok\/2020-november-25-i-hatarozat-elektronikus-szavazas\/\" target=\"_blank\" rel=\"noopener noreferrer\">2020. november 25-i hat\u00e1rozat &#8211; elektronikus szavaz\u00e1s<\/a> <a href=\"https:\/\/semmelweis.hu\/aok\/a-karrol\/kari-tanacs\/a-kari-tanacs-hatarozatai\/2020-oktober-13-i-hatarozatok\/\" target=\"_blank\" rel=\"noopener noreferrer\">2020. okt\u00f3ber 13-i hat\u00e1rozatok<\/a> <a href=\"https:\/\/semmelweis.hu\/aok\/a-karrol\/kari-tanacs\/a-kari-tanacs-hatarozatai\/2020-szeptember-15-i-hatarozatok\/\" target=\"_blank\" rel=\"noopener noreferrer\">2020. szeptember 15-i hat\u00e1rozatok<\/a> <a href=\"https:\/\/semmelweis.hu\/aok\/a-karrol\/kari-tanacs\/a-kari-tanacs-hatarozatai\/2020-junius-9-i-hatarozatok\/\" target=\"_blank\" rel=\"noopener noreferrer\">2020. j\u00fanius 9-i hat\u00e1rozatok<\/a> <a href=\"https:\/\/semmelweis.hu\/aok\/a-karrol\/kari-tanacs\/a-kari-tanacs-hatarozatai\/2020-majus-12-i-hatarozatok\/\" target=\"_blank\" rel=\"noopener noreferrer\">2020. m\u00e1jus 12-i hat\u00e1rozatok<\/a> <a href=\"https:\/\/semmelweis.hu\/aok\/a-karrol\/kari-tanacs\/a-kari-tanacs-hatarozatai\/2020-aprilis-14-i-hatarozatok\/\" target=\"_blank\" rel=\"noopener noreferrer\">2020. \u00e1prilis 14-i hat\u00e1rozatok<\/a> <a href=\"https:\/\/semmelweis.hu\/aok\/a-karrol\/kari-tanacs\/a-kari-tanacs-hatarozatai\/2020-februar-11-i-hatarozatok\/\" target=\"_blank\" rel=\"noopener noreferrer\">2020. febru\u00e1r 11-i hat\u00e1rozatok<\/a> <a href=\"https:\/\/semmelweis.hu\/aok\/a-karrol\/kari-tanacs\/a-kari-tanacs-hatarozatai\/2020-januar-28-i-hatarozatok-elektronikus-szavazas\/\" target=\"_blank\" rel=\"noopener noreferrer\">2020. janu\u00e1r 28-i hat\u00e1rozatok &#8211; elektronikus szavaz\u00e1s<\/a> <a href=\"https:\/\/semmelweis.hu\/aok\/?page_id=23534&amp;preview=true\" target=\"_blank\" rel=\"noopener noreferrer\">2020. janu\u00e1r 16-i hat\u00e1rozatok &#8211; elektronikus szavaz\u00e1s<\/a> Az \u00c1OK Kari Tan\u00e1cs\u00e1nak 2019. \u00e9vi &hellip;<\/p>\n","protected":false},"author":158,"featured_media":0,"parent":9087,"menu_order":1,"comment_status":"closed","ping_status":"closed","template":"","meta":{"_acf_changed":false,"footnotes":""},"categories":[],"tags":[],"class_list":["post-1141","page","type-page","status-publish","hentry"],"acf":[],"publishpress_future_action":{"enabled":false,"date":"1970-01-01 01:00:00","action":"","terms":[],"taxonomy":"","browser_timezone_offset":0},"_links":{"self":[{"href":"https:\/\/semmelweis.hu\/aok\/wp-json\/wp\/v2\/pages\/1141","targetHints":{"allow":["GET"]}}],"collection":[{"href":"https:\/\/semmelweis.hu\/aok\/wp-json\/wp\/v2\/pages"}],"about":[{"href":"https:\/\/semmelweis.hu\/aok\/wp-json\/wp\/v2\/types\/page"}],"author":[{"embeddable":true,"href":"https:\/\/semmelweis.hu\/aok\/wp-json\/wp\/v2\/users\/158"}],"replies":[{"embeddable":true,"href":"https:\/\/semmelweis.hu\/aok\/wp-json\/wp\/v2\/comments?post=1141"}],"version-history":[{"count":18,"href":"https:\/\/semmelweis.hu\/aok\/wp-json\/wp\/v2\/pages\/1141\/revisions"}],"predecessor-version":[{"id":34374,"href":"https:\/\/semmelweis.hu\/aok\/wp-json\/wp\/v2\/pages\/1141\/revisions\/34374"}],"up":[{"embeddable":true,"href":"https:\/\/semmelweis.hu\/aok\/wp-json\/wp\/v2\/pages\/9087"}],"wp:attachment":[{"href":"https:\/\/semmelweis.hu\/aok\/wp-json\/wp\/v2\/media?parent=1141"}],"wp:term":[{"taxonomy":"category","embeddable":true,"href":"https:\/\/semmelweis.hu\/aok\/wp-json\/wp\/v2\/categories?post=1141"},{"taxonomy":"post_tag","embeddable":true,"href":"https:\/\/semmelweis.hu\/aok\/wp-json\/wp\/v2\/tags?post=1141"}],"curies":[{"name":"wp","href":"https:\/\/api.w.org\/{rel}","templated":true}]}}