{"id":32877,"date":"2025-08-22T19:33:09","date_gmt":"2025-08-22T17:33:09","guid":{"rendered":"https:\/\/semmelweis.hu\/anatomia\/?page_id=32877"},"modified":"2026-02-15T14:22:20","modified_gmt":"2026-02-15T13:22:20","slug":"2025-2026-herbstsemester","status":"publish","type":"page","link":"https:\/\/semmelweis.hu\/anatomia\/de\/unterricht\/2025-2026-herbstsemester\/","title":{"rendered":"2025\/2026 Herbstsemester"},"content":{"rendered":"<p><strong>Die Folien der Vorlesungen:\u00a0<\/strong><\/p>\n<ul>\n<li><a href=\"https:\/\/itc.semmelweis.hu\/moodle\/course\/view.php?id=10749\"><strong>im Moodle-System<\/strong><\/a><strong><br \/>\n<\/strong>(Login mit SeKa Code+Passwort: <a href=\"https:\/\/seka.semmelweis.hu\/en\/help\/seka_activation\">https:\/\/seka.semmelweis.hu\/en\/help\/seka_activation<\/a> )<\/li>\n<\/ul>\n<p><strong><a href=\"https:\/\/itc.semmelweis.hu\/moodle\/course\/view.php?id=5766\">Lernmaterial<\/a> <\/strong>im Moodle-System<\/p>\n<h2 style=\"text-align: center\"><strong>1. Semester Lehrstoff <\/strong><\/h2>\n<hr \/>\n<div class=\"responsive-tabs\">\n<h2 class=\"tabtitle\">DM I.<br \/>\nMakro I.<\/h2>\n<div class=\"tabcontent\">\n\n<h3><strong>Makroskopische Anatomie und Embryologie I.<\/strong><\/h3>\n<p>&nbsp;<\/p>\n<ul>\n<li><strong><a href=\"https:\/\/semmelweis.hu\/anatomia\/files\/2025\/12\/koll-dm1-2025.pdf\" target=\"_blank\" rel=\"noopener\">Pr\u00fcfungsinfos (Makro1)<\/a><\/strong><\/li>\n<li><a href=\"https:\/\/semmelweis.hu\/anatomia\/files\/2025\/12\/cv-prufungen-2025.pdf\" target=\"_blank\" rel=\"noopener\"><em>CV-Pr\u00fcfungsinfos (Makro2)<\/em><\/a><\/li>\n<li>Lerninfos: <strong><a href=\"https:\/\/semmelweis.hu\/anatomia\/files\/2025\/09\/makro1-2025-dm1.pdf\" target=\"_blank\" rel=\"noopener\">Bekanntmachung, Lernprogramm, Demonstrationen<\/a><\/strong><\/li>\n<li><a href=\"https:\/\/semmelweis.hu\/anatomia\/files\/2022\/09\/themenkatalog-dm1-makro1-2022.pdf\" target=\"_blank\" rel=\"noopener\">Fragenkatalog f\u00fcrs Kolloquium<\/a><\/li>\n<li><a href=\"https:\/\/itc.semmelweis.hu\/moodle\/course\/view.php?id=10508\">E-learning (Moodle)<\/a>\u00a0 &#8211;\u00a0 <a href=\"https:\/\/seka.semmelweis.hu\/sites\/seka.semmelweis.hu\/files\/Activation_of_your_SeKA_account_0.pdf\" target=\"_blank\" rel=\"noopener noreferrer\">Hilfe f\u00fcr SeKa Aktivierung<\/a> (auf Englisch)<\/li>\n<li><a href=\"https:\/\/itc.semmelweis.hu\/moodle\/mod\/folder\/view.php?id=345587\">Vorlesungen &#8211; Link<\/a><\/li>\n<li>Konsultationen \/ Wiederholungsm\u00f6glichkeiten &#8211; erst in der Pr\u00fcfungphase&#8230;<\/li>\n<li>\n<figure id=\"attachment_7149\" aria-describedby=\"caption-attachment-7149\" style=\"width: 300px\" class=\"wp-caption alignright\"><a href=\"https:\/\/semmelweis.hu\/anatomia\/files\/2015\/07\/3bk.jpg\"><img loading=\"lazy\" decoding=\"async\" class=\"wp-image-7149 size-medium\" src=\"https:\/\/semmelweis.hu\/anatomia\/files\/2015\/07\/3bk-300x214.jpg\" alt=\"Studenten im Seziersaal\" width=\"300\" height=\"214\" srcset=\"https:\/\/semmelweis.hu\/anatomia\/files\/2015\/07\/3bk-300x214.jpg 300w, https:\/\/semmelweis.hu\/anatomia\/files\/2015\/07\/3bk-421x300.jpg 421w, https:\/\/semmelweis.hu\/anatomia\/files\/2015\/07\/3bk.jpg 650w\" sizes=\"auto, (max-width: 300px) 100vw, 300px\" \/><\/a><figcaption id=\"caption-attachment-7149\" class=\"wp-caption-text\">Studenten im Seziersaal (2013)<\/figcaption><\/figure><\/p>\n<p><em>Das Anatomische Museum ist im Studienjahr 2025\/2026 wegen Renovierung <strong>geschlossen<\/strong>.<\/em><\/p>\n<\/li>\n<li>\n<hr \/>\n<p><a href=\"https:\/\/semmelweis.hu\/anatomia\/unterricht\/138-2\/\">Unsere Schulungsarbeit<\/a> (<em>archiv \u2013 geschrieben 1998<\/em>)<\/li>\n<li><a href=\"https:\/\/semmelweis.hu\/anatomia\/de\/category\/gruppenfotos\/\">Gruppenfotos<\/a><\/li>\n<\/ul>\n<p><strong>Hilfsstoff zum Unterricht:<\/strong><\/p>\n<ul>\n<li>Die wichtigsten anatomischen <a href=\"https:\/\/semmelweis.hu\/anatomia\/files\/2015\/07\/begriffe.pdf\">Begriffe<\/a> (Dr. Hajdu, pdf)<\/li>\n<li><a href=\"https:\/\/semmelweis.hu\/anatomia\/files\/2017\/09\/hf-beweg.doc\" target=\"_blank\" rel=\"noopener noreferrer\">Bewegungen der Gelenke (mit Muskeln)<\/a> (Dr. Hajdu)<\/li>\n<li><a href=\"https:\/\/semmelweis.hu\/anatomia\/files\/2015\/07\/kanale.pdf\">Die Kan\u00e4le des Sch\u00e4dels<\/a> (Dr. Altdorfer, pdf)<\/li>\n<li><a href=\"https:\/\/semmelweis.hu\/anatomia\/files\/2017\/12\/Tiefe-R%C3%BCckenmuskulatur_20171116.pdf\" target=\"_blank\" rel=\"noopener noreferrer\">Autochtone R\u00fcckenmuskulatur<\/a><\/li>\n<\/ul>\n<figure id=\"attachment_24090\" aria-describedby=\"caption-attachment-24090\" style=\"width: 550px\" class=\"wp-caption aligncenter\"><a href=\"https:\/\/semmelweis.hu\/anatomia\/files\/2019\/09\/drone-1.jpg\"><img loading=\"lazy\" decoding=\"async\" class=\"wp-image-24090\" src=\"https:\/\/semmelweis.hu\/anatomia\/files\/2019\/09\/drone-1-1024x768.jpg\" alt=\"\" width=\"550\" height=\"413\" srcset=\"https:\/\/semmelweis.hu\/anatomia\/files\/2019\/09\/drone-1-1024x768.jpg 1024w, https:\/\/semmelweis.hu\/anatomia\/files\/2019\/09\/drone-1-300x225.jpg 300w, https:\/\/semmelweis.hu\/anatomia\/files\/2019\/09\/drone-1-768x576.jpg 768w, https:\/\/semmelweis.hu\/anatomia\/files\/2019\/09\/drone-1-400x300.jpg 400w, https:\/\/semmelweis.hu\/anatomia\/files\/2019\/09\/drone-1.jpg 2000w\" sizes=\"auto, (max-width: 550px) 100vw, 550px\" \/><\/a><figcaption id=\"caption-attachment-24090\" class=\"wp-caption-text\">Das Anatomie-Geb\u00e4ude von oben \u2013 \u201caspectus superior\u201d (H\u00f6he: 100 Meter, Drone-Foto: Jendrik Becker-Assmann, 22.03.2017)<\/figcaption><\/figure>\n\n<\/div><h2 class=\"tabtitle\">DM II.<br \/>\nMikro II.<\/h2>\n<div class=\"tabcontent\">\n\n<h3><strong>Mikroskopische Anatomie und Embryologie II.<\/strong><\/h3>\n<p>&nbsp;<\/p>\n<ul>\n<li><strong><a href=\"https:\/\/semmelweis.hu\/anatomia\/files\/2025\/12\/rig-dm2-2025.pdf\" target=\"_blank\" rel=\"noopener\">Pr\u00fcfungsinfos (Mikro2)<\/a><\/strong><\/li>\n<li><em><a href=\"https:\/\/semmelweis.hu\/anatomia\/files\/2025\/12\/cv-prufungen-2025.pdf\" target=\"_blank\" rel=\"noopener\">CV-Pr\u00fcfungsinfos (Mikro1)<\/a><\/em><\/li>\n<li>Lerninfos: <strong><a href=\"https:\/\/semmelweis.hu\/anatomia\/files\/2025\/09\/mikro2-2025-dm2.pdf\" target=\"_blank\" rel=\"noopener\">Bekanntmachung, Lernprogramm, Demonstrationen, Pr\u00e4parateliste<\/a><\/strong><\/li>\n<li><a href=\"https:\/\/semmelweis.hu\/anatomia\/files\/2024\/11\/dm2-mikro2-2024-mundlich.pdf\" target=\"_blank\" rel=\"noopener\">M\u00fcndliche Rigorosumsfragen<\/a><\/li>\n<li><a href=\"https:\/\/semmelweis.hu\/anatomia\/files\/2024\/09\/mikro2-2024-dm-rigorosum-themenkatalog.pdf\" target=\"_blank\" rel=\"noopener\">Fragenkatalog zum Rigorosum<\/a><\/li>\n<li><span style=\"color: #000000\"><span style=\"color: #33cccc\"><span style=\"color: #3366ff\"><span style=\"color: #003366\">Histologie &#8211; <strong>Praktisches Skript<\/strong> f\u00fcr DM (Nervensystem) ist erh\u00e4ltlich im City Corner Geb\u00e4ude, 2. Stock, neben den Histo-R\u00e4umen<\/span><\/span><\/span><\/span><\/li>\n<li><a href=\"https:\/\/itc.semmelweis.hu\/moodle\/course\/view.php?id=9246\">E-learning (Moodle)<\/a>\u00a0 &#8211;\u00a0 <a href=\"https:\/\/seka.semmelweis.hu\/sites\/seka.semmelweis.hu\/files\/Activation_of_your_SeKA_account_0.pdf\" target=\"_blank\" rel=\"noopener noreferrer\">Hilfe f\u00fcr SeKa Aktivierung<\/a> (auf Englisch)<\/li>\n<li><a href=\"https:\/\/itc.semmelweis.hu\/moodle\/mod\/folder\/view.php?id=301672\">Vorlesungen &#8211; Link<\/a><\/li>\n<\/ul>\n\n<\/div><h2 class=\"tabtitle\">DZ I.<br \/>\nMakro I.<\/h2>\n<div class=\"tabcontent\">\n\n<h3><strong>Makroskopische Anatomie\u00a0<\/strong><strong>und Embryologie\u00a0<\/strong><strong>I.<\/strong><\/h3>\n<p>&nbsp;<\/p>\n<ul>\n<li><strong><a href=\"https:\/\/semmelweis.hu\/anatomia\/files\/2025\/12\/koll-dz1-2025.pdf\" target=\"_blank\" rel=\"noopener\">Pr\u00fcfungsinfos (Makro1)<\/a><\/strong><\/li>\n<li><a href=\"https:\/\/semmelweis.hu\/anatomia\/files\/2025\/12\/cv-prufungen-2025.pdf\" target=\"_blank\" rel=\"noopener\"><em>CV-Pr\u00fcfungsinfos (Makro2)<\/em><\/a><\/li>\n<li>Lerninfos: <strong><a href=\"https:\/\/semmelweis.hu\/anatomia\/files\/2025\/09\/makro1-2025-dz1.pdf\" target=\"_blank\" rel=\"noopener\">Bekanntmachung, Lernprogramm, Demonstrationen<\/a><\/strong><\/li>\n<li><a href=\"https:\/\/semmelweis.hu\/anatomia\/files\/2022\/09\/themenkatalog-dz1-makro1-2022.pdf\" target=\"_blank\" rel=\"noopener\">Fragenkatalog f\u00fcrs Kolloquium<\/a><\/li>\n<li><a href=\"https:\/\/itc.semmelweis.hu\/moodle\/course\/view.php?id=10512\">E-learning (Moodle)<\/a>\u00a0 &#8211;\u00a0 <a href=\"https:\/\/seka.semmelweis.hu\/sites\/seka.semmelweis.hu\/files\/Activation_of_your_SeKA_account_0.pdf\" target=\"_blank\" rel=\"noopener noreferrer\">Hilfe f\u00fcr SeKa Aktivierung<\/a> (auf Englisch)<\/li>\n<li><a href=\"https:\/\/itc.semmelweis.hu\/moodle\/mod\/folder\/view.php?id=301676\">Vorlesungen &#8211; Link<\/a><\/li>\n<li><em>Das Anatomische Museum ist im Studienjahr 2025\/2026 wegen Renovierung <strong>geschlossen<\/strong>.<\/em><\/li>\n<li>Konsultationen \/ Wiederholungsm\u00f6glichkeiten &#8211; esrt in der Pr\u00fcfungphase&#8230;<\/li>\n<li><a href=\"https:\/\/semmelweis.hu\/anatomia\/unterricht\/138-2\/\">Unsere Schulungsarbeit<\/a> (archiv \u2013 geschrieben 1998)<\/li>\n<\/ul>\n<p><strong>Hilfsstoff zum Unterricht:<\/strong><\/p>\n<ul>\n<li>Die wichtigsten anatomischen <a href=\"https:\/\/semmelweis.hu\/anatomia\/files\/2015\/07\/begriffe.pdf\">Begriffe<\/a> (Dr. Hajdu, pdf)<\/li>\n<li><a href=\"https:\/\/semmelweis.hu\/anatomia\/files\/2017\/09\/hf-beweg.doc\" target=\"_blank\" rel=\"noopener noreferrer\">Bewegungen der Gelenke (mit Muskeln)<\/a> (Dr. Hajdu)<\/li>\n<li><a href=\"https:\/\/semmelweis.hu\/anatomia\/files\/2015\/07\/kanale.pdf\">Die Kan\u00e4le des Sch\u00e4dels<\/a> (Dr. Altdorfer, pdf)<\/li>\n<li><a href=\"https:\/\/semmelweis.hu\/anatomia\/files\/2017\/12\/Tiefe-R%C3%BCckenmuskulatur_20171116.pdf\" target=\"_blank\" rel=\"noopener noreferrer\">Autochtone R\u00fcckenmuskulatur<\/a><\/li>\n<\/ul>\n<figure id=\"attachment_24090\" aria-describedby=\"caption-attachment-24090\" style=\"width: 550px\" class=\"wp-caption aligncenter\"><a href=\"https:\/\/semmelweis.hu\/anatomia\/files\/2019\/09\/drone-1.jpg\"><img loading=\"lazy\" decoding=\"async\" class=\"wp-image-24090\" src=\"https:\/\/semmelweis.hu\/anatomia\/files\/2019\/09\/drone-1-1024x768.jpg\" alt=\"\" width=\"550\" height=\"413\" srcset=\"https:\/\/semmelweis.hu\/anatomia\/files\/2019\/09\/drone-1-1024x768.jpg 1024w, https:\/\/semmelweis.hu\/anatomia\/files\/2019\/09\/drone-1-300x225.jpg 300w, https:\/\/semmelweis.hu\/anatomia\/files\/2019\/09\/drone-1-768x576.jpg 768w, https:\/\/semmelweis.hu\/anatomia\/files\/2019\/09\/drone-1-400x300.jpg 400w, https:\/\/semmelweis.hu\/anatomia\/files\/2019\/09\/drone-1.jpg 2000w\" sizes=\"auto, (max-width: 550px) 100vw, 550px\" \/><\/a><figcaption id=\"caption-attachment-24090\" class=\"wp-caption-text\">Das Anatomie-Geb\u00e4ude von oben \u2013 \u201caspectus superior\u201d (H\u00f6he: 100 Meter, Drone-Foto: Jendrik Becker-Assmann, 22.03.2017)<\/figcaption><\/figure>\n<hr \/>\n<p>&nbsp;<\/p>\n<p><em>\u00a0<\/em><\/p>\n<p align=\"left\">\n<\/div><h2 class=\"tabtitle\">DZ II.<br \/>\nMikro II.<\/h2>\n<div class=\"tabcontent\">\n<\/p>\n<h3><strong>Mikroskopische Anatomie <\/strong><strong>und Embryologie\u00a0<\/strong><strong>II.<\/strong><\/h3>\n<ul>\n<li><strong><a href=\"https:\/\/semmelweis.hu\/anatomia\/files\/2025\/12\/rig-dz2-2025.pdf\" target=\"_blank\" rel=\"noopener\">Pr\u00fcfungsinfos (Mikro2)<\/a><\/strong><\/li>\n<li><em><a href=\"https:\/\/semmelweis.hu\/anatomia\/files\/2025\/12\/cv-prufungen-2025.pdf\" target=\"_blank\" rel=\"noopener\">CV-Pr\u00fcfungsinfos (Mikro1)<\/a><\/em><\/li>\n<li>Lerninfos: <strong><a href=\"https:\/\/semmelweis.hu\/anatomia\/files\/2025\/09\/mikro2-2025-dz2.pdf\" target=\"_blank\" rel=\"noopener\">Bekanntmachung, Lernprogramm, Demonstrationen, Pr\u00e4parateliste<\/a><\/strong><\/li>\n<li><a href=\"https:\/\/semmelweis.hu\/anatomia\/files\/2024\/09\/themenkatalog-dz2-mikro2-2024.pdf\" target=\"_blank\" rel=\"noopener\">Fragenkatalog f\u00fcrs Rigorosum<\/a><\/li>\n<li><a href=\"https:\/\/itc.semmelweis.hu\/moodle\/course\/view.php?id=9247\">E-learning (Moodle)<\/a><\/li>\n<li><a href=\"https:\/\/itc.semmelweis.hu\/moodle\/mod\/folder\/view.php?id=301677\">Vorlesungen &#8211; Link<\/a><\/li>\n<\/ul>\n<p>&nbsp;<\/p>\n\n<\/div><h2 class=\"tabtitle\"><br \/>\nKurse<\/h2>\n<div class=\"tabcontent\">\n\n<h3><strong>Medizinische Embryologie I.<\/strong><\/h3>\n<ul>\n<li>2025\/2026: es gibt keinen Kurs<\/li>\n<\/ul>\n<h3><strong>Anatomische Pr\u00e4paration in der Praxis<\/strong><\/h3>\n<ul>\n<li>2025\/2026: wegen der Renovierung gibt es keinen Kurs f\u00fcr Pr\u00e4paration<\/li>\n<\/ul>\n<p>&nbsp;<\/p>\n<p>&nbsp;<\/p>\n<\/div><\/div>\n","protected":false},"excerpt":{"rendered":"<p>Die Folien der Vorlesungen:\u00a0 <a href=\"https:\/\/itc.semmelweis.hu\/moodle\/course\/view.php?id=10749\">im Moodle-System<\/a> (Login mit SeKa Code+Passwort: <a href=\"https:\/\/seka.semmelweis.hu\/en\/help\/seka_activation\">https:\/\/seka.semmelweis.hu\/en\/help\/seka_activation<\/a> ) <a href=\"https:\/\/itc.semmelweis.hu\/moodle\/course\/view.php?id=5766\">Lernmaterial<\/a> im Moodle-System 1. Semester Lehrstoff Makroskopische Anatomie und Embryologie I. &nbsp; <a href=\"https:\/\/semmelweis.hu\/anatomia\/files\/2025\/12\/koll-dm1-2025.pdf\" target=\"_blank\" rel=\"noopener\">Pr\u00fcfungsinfos (Makro1)<\/a> <a href=\"https:\/\/semmelweis.hu\/anatomia\/files\/2025\/12\/cv-prufungen-2025.pdf\" target=\"_blank\" rel=\"noopener\">CV-Pr\u00fcfungsinfos (Makro2)<\/a> Lerninfos: <a href=\"https:\/\/semmelweis.hu\/anatomia\/files\/2025\/09\/makro1-2025-dm1.pdf\" target=\"_blank\" rel=\"noopener\">Bekanntmachung, Lernprogramm, Demonstrationen<\/a> <a href=\"https:\/\/semmelweis.hu\/anatomia\/files\/2022\/09\/themenkatalog-dm1-makro1-2022.pdf\" target=\"_blank\" rel=\"noopener\">Fragenkatalog f\u00fcrs Kolloquium<\/a> <a href=\"https:\/\/itc.semmelweis.hu\/moodle\/course\/view.php?id=10508\">E-learning (Moodle)<\/a> \u00a0 &#8211;\u00a0 <a href=\"https:\/\/seka.semmelweis.hu\/sites\/seka.semmelweis.hu\/files\/Activation_of_your_SeKA_account_0.pdf\" target=\"_blank\" rel=\"noopener noreferrer\">Hilfe f\u00fcr SeKa Aktivierung<\/a> (auf Englisch) <a href=\"https:\/\/itc.semmelweis.hu\/moodle\/mod\/folder\/view.php?id=345587\">Vorlesungen &#8211; Link<\/a> Konsultationen \/ Wiederholungsm\u00f6glichkeiten &#8211; erst in der Pr\u00fcfungphase&#8230; Das Anatomische Museum ist im Studienjahr 2025\/2026 wegen Renovierung geschlossen. <a href=\"https:\/\/semmelweis.hu\/anatomia\/unterricht\/138-2\/\">Unsere Schulungsarbeit<\/a> (archiv \u2013 geschrieben 1998) <a href=\"https:\/\/semmelweis.hu\/anatomia\/de\/category\/gruppenfotos\/\">Gruppenfotos<\/a> Hilfsstoff zum Unterricht: Die wichtigsten anatomischen <a href=\"https:\/\/semmelweis.hu\/anatomia\/files\/2015\/07\/begriffe.pdf\">Begriffe<\/a> (Dr. Hajdu, &hellip;<\/p>\n","protected":false},"author":101248,"featured_media":0,"parent":14,"menu_order":2,"comment_status":"closed","ping_status":"closed","template":"","meta":{"_acf_changed":false,"footnotes":""},"categories":[],"tags":[],"class_list":["post-32877","page","type-page","status-publish","hentry"],"acf":[],"_links":{"self":[{"href":"https:\/\/semmelweis.hu\/anatomia\/wp-json\/wp\/v2\/pages\/32877","targetHints":{"allow":["GET"]}}],"collection":[{"href":"https:\/\/semmelweis.hu\/anatomia\/wp-json\/wp\/v2\/pages"}],"about":[{"href":"https:\/\/semmelweis.hu\/anatomia\/wp-json\/wp\/v2\/types\/page"}],"author":[{"embeddable":true,"href":"https:\/\/semmelweis.hu\/anatomia\/wp-json\/wp\/v2\/users\/101248"}],"replies":[{"embeddable":true,"href":"https:\/\/semmelweis.hu\/anatomia\/wp-json\/wp\/v2\/comments?post=32877"}],"version-history":[{"count":11,"href":"https:\/\/semmelweis.hu\/anatomia\/wp-json\/wp\/v2\/pages\/32877\/revisions"}],"predecessor-version":[{"id":33175,"href":"https:\/\/semmelweis.hu\/anatomia\/wp-json\/wp\/v2\/pages\/32877\/revisions\/33175"}],"up":[{"embeddable":true,"href":"https:\/\/semmelweis.hu\/anatomia\/wp-json\/wp\/v2\/pages\/14"}],"wp:attachment":[{"href":"https:\/\/semmelweis.hu\/anatomia\/wp-json\/wp\/v2\/media?parent=32877"}],"wp:term":[{"taxonomy":"category","embeddable":true,"href":"https:\/\/semmelweis.hu\/anatomia\/wp-json\/wp\/v2\/categories?post=32877"},{"taxonomy":"post_tag","embeddable":true,"href":"https:\/\/semmelweis.hu\/anatomia\/wp-json\/wp\/v2\/tags?post=32877"}],"curies":[{"name":"wp","href":"https:\/\/api.w.org\/{rel}","templated":true}]}}