{"id":626,"date":"2019-09-01T13:20:02","date_gmt":"2019-09-01T11:20:02","guid":{"rendered":"http:\/\/semmelweis.hu\/alumni\/?page_id=626"},"modified":"2019-09-01T13:20:02","modified_gmt":"2019-09-01T11:20:02","slug":"emberibb-egeszsegugyert","status":"publish","type":"page","link":"https:\/\/semmelweis.hu\/alumni\/rendezvenyek\/semmelweis-talks\/emberibb-egeszsegugyert\/","title":{"rendered":"Emberibb eg\u00e9szs\u00e9g\u00fcgy\u00e9rt"},"content":{"rendered":"<p><a href=\"https:\/\/semmelweis.hu\/alumni\/files\/2019\/09\/22047890_903577383123920_1962824897924417287_o.jpg\"><img loading=\"lazy\" decoding=\"async\" class=\"aligncenter size-large wp-image-627\" src=\"https:\/\/semmelweis.hu\/alumni\/files\/2019\/09\/22047890_903577383123920_1962824897924417287_o-1024x576.jpg\" alt=\"\" width=\"753\" height=\"424\" srcset=\"https:\/\/semmelweis.hu\/alumni\/files\/2019\/09\/22047890_903577383123920_1962824897924417287_o-1024x576.jpg 1024w, https:\/\/semmelweis.hu\/alumni\/files\/2019\/09\/22047890_903577383123920_1962824897924417287_o-300x169.jpg 300w, https:\/\/semmelweis.hu\/alumni\/files\/2019\/09\/22047890_903577383123920_1962824897924417287_o-768x432.jpg 768w, https:\/\/semmelweis.hu\/alumni\/files\/2019\/09\/22047890_903577383123920_1962824897924417287_o-753x423.jpg 753w, https:\/\/semmelweis.hu\/alumni\/files\/2019\/09\/22047890_903577383123920_1962824897924417287_o.jpg 2048w\" sizes=\"auto, (max-width: 753px) 100vw, 753px\" \/><\/a><\/p>\n<p>&nbsp;<\/p>\n<p><span class=\"_4n-j _3cht fsl\" data-testid=\"event-permalink-details\"><span class=\"text_exposed_show\"><span class=\"_4n-j _fbReactionComponent__eventDetailsContentTags fsl\" data-testid=\"event-permalink-details\">A ki\u00e9g\u00e9s, a stressz, az id\u0151hi\u00e1ny, a n\u00f6vekv\u0151 nyom\u00e1s, a szakmai frusztr\u00e1ci\u00f3 \u00e9s az emberi \u00e9rt\u00e9kek h\u00e1tt\u00e9rbe szorul\u00e1sa glob\u00e1lis m\u00e9ret\u0171 probl\u00e9m\u00e1kk\u00e1 v\u00e1ltak az eg\u00e9szs\u00e9g\u00fcgyben.<\/span><\/span><\/span><\/p>\n<p>Vajon lehets\u00e9ges \u00edgy ember(i)nek maradni? Lehet j\u00f3l \u00e9s hat\u00e9konyan gy\u00f3gy\u00edtani egy rossz rendszerben? Hogyan lehet id\u0151d magadra \u00e9s a betegeidre? Mib\u0151l mer\u00edthetsz er\u0151t a h\u00e9tk\u00f6znapokban? L\u00e9tezik, hogy olcs\u00f3bb az emberibb eg\u00e9szs\u00e9g\u00fcgy? T\u00e9nyleg sz\u00e1m\u00edt a kedvess\u00e9g? \u00c9s nem utols\u00f3 sorban: mi az a pozit\u00edv pszichol\u00f3gia?<\/p>\n<p>&nbsp;<\/p>\n<table>\n<tbody>\n<tr>\n<td style=\"width: 241px\"><a href=\"https:\/\/semmelweis.hu\/alumni\/files\/2019\/08\/robin-youngson.png\"><img loading=\"lazy\" decoding=\"async\" class=\"aligncenter size-full wp-image-552\" src=\"https:\/\/semmelweis.hu\/alumni\/files\/2019\/08\/robin-youngson.png\" alt=\"\" width=\"984\" height=\"984\" srcset=\"https:\/\/semmelweis.hu\/alumni\/files\/2019\/08\/robin-youngson.png 984w, https:\/\/semmelweis.hu\/alumni\/files\/2019\/08\/robin-youngson-150x150.png 150w, https:\/\/semmelweis.hu\/alumni\/files\/2019\/08\/robin-youngson-300x300.png 300w, https:\/\/semmelweis.hu\/alumni\/files\/2019\/08\/robin-youngson-768x768.png 768w, https:\/\/semmelweis.hu\/alumni\/files\/2019\/08\/robin-youngson-753x753.png 753w\" sizes=\"auto, (max-width: 984px) 100vw, 984px\" \/><\/a><\/td>\n<td style=\"width: 1133px\">Dr. Robin Youngson mag\u00e1val ragad\u00f3 el\u0151ad\u00f3, szervezetfejleszt\u0151 \u00e9s tr\u00e9ner, \u00e9s nem mellesleg tapasztalt aneszteziol\u00f3gus, aki saj\u00e1t \u00e9lm\u00e9nyein \u00e9s soksz\u00edn\u0171 tapasztalatain kereszt\u00fcl sze<span class=\"text_exposed_show\">nved\u00e9lyesen \u00e9s igazi angol humorral inspir\u00e1lja a hallgat\u00f3s\u00e1g\u00e1t az emberibb eg\u00e9szs\u00e9g\u00fcgy t\u00e9m\u00e1j\u00e1ban.<\/span><\/p>\n<p><strong>Helysz\u00edn:<\/strong>\u00a0<span class=\"text_exposed_show\">Semmelweis Egyetem Nagyv\u00e1rad t\u00e9ri Elm\u00e9leti T\u00f6mb D\u00edszterme<br \/>\n<strong>Id\u0151pont:<\/strong>\u00a02017. okt\u00f3ber 16. 18 \u00f3ra<\/span><\/td>\n<\/tr>\n<\/tbody>\n<\/table>\n","protected":false},"excerpt":{"rendered":"<p><a href=\"https:\/\/semmelweis.hu\/alumni\/files\/2019\/09\/22047890_903577383123920_1962824897924417287_o.jpg\"><\/a> &nbsp; A ki\u00e9g\u00e9s, a stressz, az id\u0151hi\u00e1ny, a n\u00f6vekv\u0151 nyom\u00e1s, a szakmai frusztr\u00e1ci\u00f3 \u00e9s az emberi \u00e9rt\u00e9kek h\u00e1tt\u00e9rbe szorul\u00e1sa glob\u00e1lis m\u00e9ret\u0171 probl\u00e9m\u00e1kk\u00e1 v\u00e1ltak az eg\u00e9szs\u00e9g\u00fcgyben. Vajon lehets\u00e9ges \u00edgy ember(i)nek maradni? Lehet j\u00f3l \u00e9s hat\u00e9konyan gy\u00f3gy\u00edtani egy rossz rendszerben? Hogyan lehet id\u0151d magadra \u00e9s a betegeidre? Mib\u0151l mer\u00edthetsz er\u0151t a h\u00e9tk\u00f6znapokban? L\u00e9tezik, hogy olcs\u00f3bb az emberibb &hellip;<\/p>\n","protected":false},"author":101158,"featured_media":0,"parent":100,"menu_order":0,"comment_status":"closed","ping_status":"closed","template":"","meta":{"_acf_changed":false,"footnotes":""},"categories":[],"tags":[],"class_list":["post-626","page","type-page","status-publish","hentry"],"acf":[],"publishpress_future_action":{"enabled":false,"date":"1970-01-01 01:00:00","action":"","terms":[],"taxonomy":"","browser_timezone_offset":0},"_links":{"self":[{"href":"https:\/\/semmelweis.hu\/alumni\/wp-json\/wp\/v2\/pages\/626","targetHints":{"allow":["GET"]}}],"collection":[{"href":"https:\/\/semmelweis.hu\/alumni\/wp-json\/wp\/v2\/pages"}],"about":[{"href":"https:\/\/semmelweis.hu\/alumni\/wp-json\/wp\/v2\/types\/page"}],"author":[{"embeddable":true,"href":"https:\/\/semmelweis.hu\/alumni\/wp-json\/wp\/v2\/users\/101158"}],"replies":[{"embeddable":true,"href":"https:\/\/semmelweis.hu\/alumni\/wp-json\/wp\/v2\/comments?post=626"}],"version-history":[{"count":1,"href":"https:\/\/semmelweis.hu\/alumni\/wp-json\/wp\/v2\/pages\/626\/revisions"}],"predecessor-version":[{"id":628,"href":"https:\/\/semmelweis.hu\/alumni\/wp-json\/wp\/v2\/pages\/626\/revisions\/628"}],"up":[{"embeddable":true,"href":"https:\/\/semmelweis.hu\/alumni\/wp-json\/wp\/v2\/pages\/100"}],"wp:attachment":[{"href":"https:\/\/semmelweis.hu\/alumni\/wp-json\/wp\/v2\/media?parent=626"}],"wp:term":[{"taxonomy":"category","embeddable":true,"href":"https:\/\/semmelweis.hu\/alumni\/wp-json\/wp\/v2\/categories?post=626"},{"taxonomy":"post_tag","embeddable":true,"href":"https:\/\/semmelweis.hu\/alumni\/wp-json\/wp\/v2\/tags?post=626"}],"curies":[{"name":"wp","href":"https:\/\/api.w.org\/{rel}","templated":true}]}}