{"id":2668,"date":"2020-05-11T16:33:29","date_gmt":"2020-05-11T14:33:29","guid":{"rendered":"https:\/\/semmelweis.hu\/alumni\/?page_id=2668"},"modified":"2023-09-18T09:12:47","modified_gmt":"2023-09-18T07:12:47","slug":"in-memoriam","status":"publish","type":"page","link":"https:\/\/semmelweis.hu\/alumni\/alumni-halozat\/akikre-buszkek-vagyunk\/in-memoriam\/","title":{"rendered":"In memoriam&#8230;"},"content":{"rendered":"\n<table id=\"tablepress-9\" class=\"tablepress tablepress-id-9\">\n<thead>\n<tr class=\"row-1\">\n\t<td class=\"column-1\"><\/td><th class=\"column-2\"><em>In memoriam...<\/em><\/th><th class=\"column-3\"><em>\u00c9lt:<\/em><\/th><th class=\"column-4\"><em>Eml\u00e9kezz\u00fcnk r\u00e1, mint...<\/em><\/th>\n<\/tr>\n<\/thead>\n<tbody class=\"row-striping row-hover\">\n<tr class=\"row-2\">\n\t<td class=\"column-1\"><a href=\"https:\/\/semmelweis.hu\/alumni\/files\/2022\/07\/Csizmadia_Imre_004R-271x400-1.jpg\"><img loading=\"lazy\" decoding=\"async\" src=\"https:\/\/semmelweis.hu\/alumni\/files\/2022\/07\/Csizmadia_Imre_004R-271x400-1.jpg\" alt=\"\" width=\"271\" height=\"400\" class=\"alignnone size-full wp-image-4255\" \/><\/a><\/td><td class=\"column-2\"><a href=\"https:\/\/semmelweis.hu\/hirek\/2022\/07\/14\/elhunyt-dr-csizmadia-imre-a-semmelweis-egyetem-diszdoktora\/\">dr. Csizmadia Imre<\/a><\/td><td class=\"column-3\">1932-2022<\/td><td class=\"column-4\">vil\u00e1gh\u00edr\u0171 k\u00e9mikus professzor, a Toronto University k\u00e9mia tansz\u00e9k\u00e9nek kor\u00e1bbi vezet\u0151je, a Semmelweis Egyetem d\u00edszdoktora, aki \u00e9veken kereszt\u00fcl volt az egyetem Or\u00e1lis Diagnosztikai Tansz\u00e9k\u00e9nek tudom\u00e1nyos munkat\u00e1rsa<\/td>\n<\/tr>\n<tr class=\"row-3\">\n\t<td class=\"column-1\"><a href=\"https:\/\/semmelweis.hu\/alumni\/files\/2022\/07\/Prof.dr_.-Jakab-Lajos-318x400-1.jpg\"><img loading=\"lazy\" decoding=\"async\" src=\"https:\/\/semmelweis.hu\/alumni\/files\/2022\/07\/Prof.dr_.-Jakab-Lajos-318x400-1.jpg\" alt=\"\" width=\"318\" height=\"400\" class=\"alignnone size-full wp-image-4253\" \/><\/a><\/td><td class=\"column-2\"><a href=\"https:\/\/semmelweis.hu\/hirek\/2022\/06\/23\/elhunyt-dr-jakab-lajos\/\">dr. Jakab Lajos<\/a><\/td><td class=\"column-3\">1929-2022<\/td><td class=\"column-4\">az egykori III. Sz. Belgy\u00f3gy\u00e1szati Klinika (ma Belgy\u00f3gy\u00e1szati \u00e9s Hematol\u00f3giai Klinika) igazgat\u00f3helyettese, egyetemi tan\u00e1r<\/td>\n<\/tr>\n<tr class=\"row-4\">\n\t<td class=\"column-1\"><a href=\"https:\/\/semmelweis.hu\/alumni\/files\/2022\/07\/dr.-Alfoldy-Ferenc.jpg\"><img loading=\"lazy\" decoding=\"async\" src=\"https:\/\/semmelweis.hu\/alumni\/files\/2022\/07\/dr.-Alfoldy-Ferenc.jpg\" alt=\"\" width=\"281\" height=\"400\" class=\"alignnone size-full wp-image-4251\" \/><\/a><\/td><td class=\"column-2\"><a href=\"https:\/\/semmelweis.hu\/hirek\/2022\/06\/09\/elhunyt-dr-alfoldy-ferenc\/\">dr. Alf\u00f6ldy Ferenc<\/a><\/td><td class=\"column-3\">1941-2022<\/td><td class=\"column-4\">a kor\u00e1bbi Transzplant\u00e1ci\u00f3s \u00e9s Seb\u00e9szeti Klinika egyetemi tan\u00e1ra<\/td>\n<\/tr>\n<tr class=\"row-5\">\n\t<td class=\"column-1\"><a href=\"https:\/\/semmelweis.hu\/alumni\/files\/2022\/07\/Dr.-Torok-Peter.jpg\"><img loading=\"lazy\" decoding=\"async\" src=\"https:\/\/semmelweis.hu\/alumni\/files\/2022\/07\/Dr.-Torok-Peter.jpg\" alt=\"\" width=\"250\" height=\"250\" class=\"alignnone size-full wp-image-4249\" srcset=\"https:\/\/semmelweis.hu\/alumni\/files\/2022\/07\/Dr.-Torok-Peter.jpg 250w, https:\/\/semmelweis.hu\/alumni\/files\/2022\/07\/Dr.-Torok-Peter-150x150.jpg 150w\" sizes=\"auto, (max-width: 250px) 100vw, 250px\" \/><\/a><\/td><td class=\"column-2\"><a href=\"https:\/\/semmelweis.hu\/hirek\/2022\/02\/17\/elhunyt-dr-torok-peter\/\">Dr. T\u00f6r\u00f6k P\u00e9ter<\/a><\/td><td class=\"column-3\">1959-2022<\/td><td class=\"column-4\"> a Semmelweis Egyetem Ment\u00e1lhigi\u00e9n\u00e9 Int\u00e9zet\u00e9nek kor\u00e1bbi igazgat\u00f3ja<\/td>\n<\/tr>\n<tr class=\"row-6\">\n\t<td class=\"column-1\"><a href=\"https:\/\/semmelweis.hu\/alumni\/files\/2022\/07\/Fodor-Akos.jpg\"><img loading=\"lazy\" decoding=\"async\" src=\"https:\/\/semmelweis.hu\/alumni\/files\/2022\/07\/Fodor-Akos.jpg\" alt=\"\" width=\"273\" height=\"400\" class=\"alignnone size-full wp-image-4247\" \/><\/a><\/td><td class=\"column-2\"><a href=\"https:\/\/semmelweis.hu\/hirek\/2022\/01\/12\/elhunyt-fodor-akos\/\">Fodor \u00c1kos<\/a><\/td><td class=\"column-3\">1954-2022<\/td><td class=\"column-4\"> a Testnevel\u00e9si \u00e9s Sportk\u00f6zpont kor\u00e1bbi igazgat\u00f3helyettese<\/td>\n<\/tr>\n<tr class=\"row-7\">\n\t<td class=\"column-1\"><a href=\"https:\/\/semmelweis.hu\/alumni\/files\/2022\/07\/dr-Bogi-Julia.jpg\"><img loading=\"lazy\" decoding=\"async\" src=\"https:\/\/semmelweis.hu\/alumni\/files\/2022\/07\/dr-Bogi-Julia.jpg\" alt=\"\" width=\"400\" height=\"267\" class=\"alignnone size-full wp-image-4245\" srcset=\"https:\/\/semmelweis.hu\/alumni\/files\/2022\/07\/dr-Bogi-Julia.jpg 400w, https:\/\/semmelweis.hu\/alumni\/files\/2022\/07\/dr-Bogi-Julia-203x135.jpg 203w\" sizes=\"auto, (max-width: 400px) 100vw, 400px\" \/><\/a><\/td><td class=\"column-2\"><a href=\"https:\/\/semmelweis.hu\/hirek\/2021\/12\/20\/elhunyt-dr-bogi-julia\/\">Dr. B\u00f6gi  J\u00falia<\/a><\/td><td class=\"column-3\">-2021<\/td><td class=\"column-4\"> a Semmelweis Egyetem Szem\u00e9szeti Klinik\u00e1j\u00e1nak egykori adjunktusa<\/td>\n<\/tr>\n<tr class=\"row-8\">\n\t<td class=\"column-1\"><\/td><td class=\"column-2\"><a href=\"https:\/\/semmelweis.hu\/hirek\/2021\/09\/18\/elhunyt-dr-appel-julianna\/\">dr. Appel Julianna<\/a><\/td><td class=\"column-3\">-2021<\/td><td class=\"column-4\"> Pulmonol\u00f3giai Klinika kor\u00e1bbi munkat\u00e1rsa<\/td>\n<\/tr>\n<tr class=\"row-9\">\n\t<td class=\"column-1\"><a href=\"https:\/\/semmelweis.hu\/alumni\/files\/2022\/07\/Bender-Gyorgy-328x400-1.jpg\"><img loading=\"lazy\" decoding=\"async\" src=\"https:\/\/semmelweis.hu\/alumni\/files\/2022\/07\/Bender-Gyorgy-328x400-1.jpg\" alt=\"\" width=\"328\" height=\"400\" class=\"alignnone size-full wp-image-4241\" \/><\/a><\/td><td class=\"column-2\"><a href=\"https:\/\/semmelweis.hu\/hirek\/2021\/08\/23\/elhunyt-dr-bender-gyorgy-professor-emeritus\/\">Dr. Bender Gy\u00f6rgy<\/a><\/td><td class=\"column-3\">1920-2021<\/td><td class=\"column-4\">az Ortop\u00e9diai Klinika professor emeritusa<\/td>\n<\/tr>\n<tr class=\"row-10\">\n\t<td class=\"column-1\"><a href=\"https:\/\/semmelweis.hu\/alumni\/files\/2022\/07\/dr.-Szogyi-Maria.jpg\"><img loading=\"lazy\" decoding=\"async\" src=\"https:\/\/semmelweis.hu\/alumni\/files\/2022\/07\/dr.-Szogyi-Maria.jpg\" alt=\"\" width=\"229\" height=\"291\" class=\"alignnone size-full wp-image-4239\" \/><\/a><\/td><td class=\"column-2\"><a href=\"https:\/\/semmelweis.hu\/hirek\/2021\/08\/07\/elhunyt-dr-szogyi-maria\/\">dr. Sz\u0151gyi M\u00e1ria<\/a><\/td><td class=\"column-3\">-2021<\/td><td class=\"column-4\">a Biofizikai \u00e9s Sug\u00e1rbiol\u00f3giai Int\u00e9zet nyugalmazott egyetemi docense<\/td>\n<\/tr>\n<tr class=\"row-11\">\n\t<td class=\"column-1\"><a href=\"https:\/\/semmelweis.hu\/alumni\/files\/2022\/07\/dr-Friedmann-Tamas.jpg\"><img loading=\"lazy\" decoding=\"async\" src=\"https:\/\/semmelweis.hu\/alumni\/files\/2022\/07\/dr-Friedmann-Tamas-163x400.jpg\" alt=\"\" width=\"163\" height=\"400\" class=\"alignnone size-medium wp-image-4237\" srcset=\"https:\/\/semmelweis.hu\/alumni\/files\/2022\/07\/dr-Friedmann-Tamas-163x400.jpg 163w, https:\/\/semmelweis.hu\/alumni\/files\/2022\/07\/dr-Friedmann-Tamas.jpg 202w\" sizes=\"auto, (max-width: 163px) 100vw, 163px\" \/><\/a><\/td><td class=\"column-2\"><a href=\"https:\/\/semmelweis.hu\/hirek\/2021\/07\/19\/elhunyt-dr-friedmann-tamas\/\">dr. Friedmann Tam\u00e1s<\/a><\/td><td class=\"column-3\">1938-2021<\/td><td class=\"column-4\">a Semmelweis Egyetem Farmakol\u00f3giai \u00e9s Farmakoter\u00e1pi\u00e1s Int\u00e9zet\u00e9nek, kor\u00e1bbi nev\u00e9n Gy\u00f3gyszertani Int\u00e9zet\u00e9nek nyugalmazott adjunktusa<\/td>\n<\/tr>\n<tr class=\"row-12\">\n\t<td class=\"column-1\"><a href=\"https:\/\/semmelweis.hu\/alumni\/files\/2022\/07\/ProfLozsadi_kep2-276x400-1.jpg\"><img loading=\"lazy\" decoding=\"async\" src=\"https:\/\/semmelweis.hu\/alumni\/files\/2022\/07\/ProfLozsadi_kep2-276x400-1.jpg\" alt=\"\" width=\"276\" height=\"400\" class=\"alignnone size-full wp-image-4234\" \/><\/a><\/td><td class=\"column-2\"><a href=\"https:\/\/semmelweis.hu\/hirek\/2021\/06\/30\/elhunyt-dr-lozsadi-karoly-professor-emeritus\/\">Dr. Lozs\u00e1di K\u00e1roly<\/a><\/td><td class=\"column-3\">1935-2021<\/td><td class=\"column-4\">professor emeritus, a Semmelweis Egyetem Kardiol\u00f3giai Tansz\u00e9k\u00e9nek \u00e9s a II. Sz. Gyermekgy\u00f3gy\u00e1szati Klinika Gyermeksz\u00edvseb\u00e9szeti oszt\u00e1ly\u00e1nak egykori vezet\u0151je<\/td>\n<\/tr>\n<tr class=\"row-13\">\n\t<td class=\"column-1\"><a href=\"https:\/\/semmelweis.hu\/alumni\/files\/2022\/07\/Fallar-Jozsef-nekrolog-2.jpg\"><img loading=\"lazy\" decoding=\"async\" src=\"https:\/\/semmelweis.hu\/alumni\/files\/2022\/07\/Fallar-Jozsef-nekrolog-2.jpg\" alt=\"\" width=\"173\" height=\"211\" class=\"alignnone size-full wp-image-4232\" \/><\/a><\/td><td class=\"column-2\"><a href=\"https:\/\/semmelweis.hu\/hirek\/2021\/05\/14\/elhunyt-dr-faller-jozsef-egyetemi-tanar\/\">Dr. Faller J\u00f3zsef<\/a><\/td><td class=\"column-3\">1936-2021<\/td><td class=\"column-4\"> egyetemi tan\u00e1r, a Semmelweis Egyetem professor emeritusa, az orvostudom\u00e1nyok doktor<\/td>\n<\/tr>\n<tr class=\"row-14\">\n\t<td class=\"column-1\"><a href=\"https:\/\/semmelweis.hu\/alumni\/files\/2022\/07\/DrKonyaLaszlo-337x400-1.jpg\"><img loading=\"lazy\" decoding=\"async\" src=\"https:\/\/semmelweis.hu\/alumni\/files\/2022\/07\/DrKonyaLaszlo-337x400-1.jpg\" alt=\"\" width=\"337\" height=\"400\" class=\"alignnone size-full wp-image-4230\" \/><\/a><\/td><td class=\"column-2\"><a href=\"https:\/\/semmelweis.hu\/hirek\/2021\/05\/03\/elhunyt-dr-konya-laszlo\/\">Dr. K\u00f3nya L\u00e1szl\u00f3<\/a><\/td><td class=\"column-3\">1943-2021<\/td><td class=\"column-4\"> az \u00c1ltal\u00e1nos Orvostudom\u00e1nyi Kar kor\u00e1bbi II. Sz. Belgy\u00f3gy\u00e1szati Klinik\u00e1j\u00e1nak docense<\/td>\n<\/tr>\n<tr class=\"row-15\">\n\t<td class=\"column-1\"><a href=\"https:\/\/semmelweis.hu\/alumni\/files\/2022\/07\/dr-Winternitz-Tamas.jpg\"><img loading=\"lazy\" decoding=\"async\" src=\"https:\/\/semmelweis.hu\/alumni\/files\/2022\/07\/dr-Winternitz-Tamas.jpg\" alt=\"\" width=\"400\" height=\"276\" class=\"alignnone size-full wp-image-4228\" srcset=\"https:\/\/semmelweis.hu\/alumni\/files\/2022\/07\/dr-Winternitz-Tamas.jpg 400w, https:\/\/semmelweis.hu\/alumni\/files\/2022\/07\/dr-Winternitz-Tamas-175x120.jpg 175w\" sizes=\"auto, (max-width: 400px) 100vw, 400px\" \/><\/a><\/td><td class=\"column-2\"><a href=\"https:\/\/semmelweis.hu\/hirek\/2021\/04\/12\/elhunyt-dr-winternitz-tamas\/\">Dr. Winternitz Tam\u00e1s<\/a><\/td><td class=\"column-3\">-2021<\/td><td class=\"column-4\">2021. \u00e1prilis 6-\u00e1n elhunyt dr. Winternitz Tam\u00e1s, a I. Sz. Seb\u00e9szeti \u00e9s Intervenci\u00f3s Gasztroenterol\u00f3giai Klinika klinikai f\u0151orvosa<\/td>\n<\/tr>\n<tr class=\"row-16\">\n\t<td class=\"column-1\"><a href=\"https:\/\/semmelweis.hu\/alumni\/files\/2022\/07\/dr.-Varga-Zsuzsanna.png\"><img loading=\"lazy\" decoding=\"async\" src=\"https:\/\/semmelweis.hu\/alumni\/files\/2022\/07\/dr.-Varga-Zsuzsanna-314x400.png\" alt=\"\" width=\"314\" height=\"400\" class=\"alignnone size-medium wp-image-4225\" srcset=\"https:\/\/semmelweis.hu\/alumni\/files\/2022\/07\/dr.-Varga-Zsuzsanna-314x400.png 314w, https:\/\/semmelweis.hu\/alumni\/files\/2022\/07\/dr.-Varga-Zsuzsanna.png 323w\" sizes=\"auto, (max-width: 314px) 100vw, 314px\" \/><\/a><\/td><td class=\"column-2\"><a href=\"https:\/\/semmelweis.hu\/hirek\/2021\/02\/04\/elhunyt-dr-varga-zsuzsanna-foiskolai-tanar\/\">Dr. Varga Zsuzsanna<\/a><\/td><td class=\"column-3\">-2021<\/td><td class=\"column-4\">a Dietetikai \u00e9s T\u00e1pl\u00e1lkoz\u00e1studom\u00e1nyi Tansz\u00e9k f\u0151iskolai tan\u00e1ra. <\/td>\n<\/tr>\n<tr class=\"row-17\">\n\t<td class=\"column-1\"><a href=\"https:\/\/semmelweis.hu\/alumni\/files\/2022\/07\/penzes_istvan.jpg\"><img loading=\"lazy\" decoding=\"async\" src=\"https:\/\/semmelweis.hu\/alumni\/files\/2022\/07\/penzes_istvan.jpg\" alt=\"\" width=\"341\" height=\"251\" class=\"alignnone size-full wp-image-4222\" \/><\/a><\/td><td class=\"column-2\"><a href=\"https:\/\/semmelweis.hu\/hirek\/2021\/01\/04\/elhunyt-dr-penzes-istvan-professzor-emeritus\/\">Dr. P\u00e9nzes Istv\u00e1n<\/a><\/td><td class=\"column-3\">1942-2021<\/td><td class=\"column-4\">\u00c9let\u00e9nek 79. \u00e9v\u00e9ben elhunyt dr. P\u00e9nzes Istv\u00e1n professzor emeritus, az Aneszteziol\u00f3giai \u00e9s Intenz\u00edv Ter\u00e1pi\u00e1s Klinika alap\u00edt\u00f3ja, emblematikus alakja.<\/td>\n<\/tr>\n<tr class=\"row-18\">\n\t<td class=\"column-1\"><a href=\"https:\/\/semmelweis.hu\/alumni\/files\/2022\/07\/dr-Glaz-Edit.jpg\"><img loading=\"lazy\" decoding=\"async\" src=\"https:\/\/semmelweis.hu\/alumni\/files\/2022\/07\/dr-Glaz-Edit-400x274.jpg\" alt=\"\" width=\"400\" height=\"274\" class=\"alignnone size-medium wp-image-4221\" srcset=\"https:\/\/semmelweis.hu\/alumni\/files\/2022\/07\/dr-Glaz-Edit-400x274.jpg 400w, https:\/\/semmelweis.hu\/alumni\/files\/2022\/07\/dr-Glaz-Edit-768x526.jpg 768w, https:\/\/semmelweis.hu\/alumni\/files\/2022\/07\/dr-Glaz-Edit-175x120.jpg 175w, https:\/\/semmelweis.hu\/alumni\/files\/2022\/07\/dr-Glaz-Edit-753x515.jpg 753w, https:\/\/semmelweis.hu\/alumni\/files\/2022\/07\/dr-Glaz-Edit.jpg 900w\" sizes=\"auto, (max-width: 400px) 100vw, 400px\" \/><\/a><\/td><td class=\"column-2\"><a href=\"https:\/\/semmelweis.hu\/hirek\/2020\/12\/22\/elhunyt-dr-glaz-edit\/\">Dr. Gl\u00e1z Edit<\/a><\/td><td class=\"column-3\">1925-2020<\/td><td class=\"column-4\">\u00c9let\u00e9nek 95. \u00e9v\u00e9ben, 2020. december 20-\u00e1n elhunyt dr. Gl\u00e1z Edit egyetemi tan\u00e1r, a Semmelweis Egyetem Belgy\u00f3gy\u00e1szati \u00e9s Hematol\u00f3giai Klinik\u00e1j\u00e1nak emerita professzora.<br \/>\n<\/td>\n<\/tr>\n<tr class=\"row-19\">\n\t<td class=\"column-1\"><a href=\"https:\/\/semmelweis.hu\/alumni\/files\/2022\/07\/dr.-Szonyi-Laszlo.jpg\"><img loading=\"lazy\" decoding=\"async\" src=\"https:\/\/semmelweis.hu\/alumni\/files\/2022\/07\/dr.-Szonyi-Laszlo-400x271.jpg\" alt=\"\" width=\"400\" height=\"271\" class=\"alignnone size-medium wp-image-4219\" srcset=\"https:\/\/semmelweis.hu\/alumni\/files\/2022\/07\/dr.-Szonyi-Laszlo-400x271.jpg 400w, https:\/\/semmelweis.hu\/alumni\/files\/2022\/07\/dr.-Szonyi-Laszlo-1024x695.jpg 1024w, https:\/\/semmelweis.hu\/alumni\/files\/2022\/07\/dr.-Szonyi-Laszlo-768x521.jpg 768w, https:\/\/semmelweis.hu\/alumni\/files\/2022\/07\/dr.-Szonyi-Laszlo-175x120.jpg 175w, https:\/\/semmelweis.hu\/alumni\/files\/2022\/07\/dr.-Szonyi-Laszlo-753x511.jpg 753w, https:\/\/semmelweis.hu\/alumni\/files\/2022\/07\/dr.-Szonyi-Laszlo.jpg 1058w\" sizes=\"auto, (max-width: 400px) 100vw, 400px\" \/><\/a><\/td><td class=\"column-2\"><a href=\"https:\/\/semmelweis.hu\/hirek\/2020\/12\/07\/elhunyt-dr-szonyi-laszlo-egyetemi-docens\/\">dr. Sz\u0151nyi L\u00e1szl\u00f3<\/a><\/td><td class=\"column-3\">1949-2020<\/td><td class=\"column-4\">\u00c9let\u00e9nek 71. \u00e9v\u00e9ben elhunyt dr. Sz\u0151nyi L\u00e1szl\u00f3 a Semmelweis Egyetem I. Sz. Gyermekgy\u00f3gy\u00e1szati Klinik\u00e1j\u00e1nak nyugalmazott docense.<\/td>\n<\/tr>\n<tr class=\"row-20\">\n\t<td class=\"column-1\"><a href=\"https:\/\/semmelweis.hu\/alumni\/files\/2022\/07\/Tabikne-Frombach-Erika.jpg\"><img loading=\"lazy\" decoding=\"async\" src=\"https:\/\/semmelweis.hu\/alumni\/files\/2022\/07\/Tabikne-Frombach-Erika.jpg\" alt=\"\" width=\"240\" height=\"368\" class=\"alignnone size-full wp-image-4211\" \/><\/a><\/td><td class=\"column-2\"><a href=\"https:\/\/semmelweis.hu\/hirek\/2020\/12\/07\/elhunyt-tabikne-frombach-erika\/\">T\u00e1bikn\u00e9 Frombach Erika<\/a><\/td><td class=\"column-3\">1968-2020<\/td><td class=\"column-4\">\u00c9let\u00e9nek 52. \u00e9v\u00e9ben elhunyt T\u00e1bikn\u00e9 Frombach Erika, az I. Sz. Seb\u00e9szeti \u00e9s Intervenci\u00f3s Gasztroenterol\u00f3giai Klinika oszt\u00e1lyvezet\u0151 f\u0151n\u0151v\u00e9re.<\/td>\n<\/tr>\n<tr class=\"row-21\">\n\t<td class=\"column-1\"><a href=\"https:\/\/semmelweis.hu\/alumni\/files\/2022\/07\/fejerdy-pal.jpg\"><img loading=\"lazy\" decoding=\"async\" src=\"https:\/\/semmelweis.hu\/alumni\/files\/2022\/07\/fejerdy-pal.jpg\" alt=\"\" width=\"267\" height=\"400\" class=\"alignnone size-full wp-image-4200\" \/><\/a><\/td><td class=\"column-2\"><a href=\"https:\/\/semmelweis.hu\/hirek\/2020\/10\/18\/elhunyt-dr-fejerdy-pal-professor-emeritus\/\">Dr. Fej\u00e9rdy P\u00e1l<\/a><\/td><td class=\"column-3\">1945-2020<\/td><td class=\"column-4\">\u00c9let\u00e9nek 75. \u00e9v\u00e9ben, 2020. okt\u00f3ber 18-\u00e1n elhunyt dr. Fej\u00e9rdy P\u00e1l, a Fogp\u00f3tl\u00e1stani Klinika professor emeritusa, az egyetem kor\u00e1bbi rektorhelyettese, a Fogorvostudom\u00e1nyi Kar egykori d\u00e9k\u00e1nja, a Semmelweis Egyetem \u00fajs\u00e1g szerkeszt\u0151bizotts\u00e1g\u00e1nak tiszteletbeli eln\u00f6ke.<\/td>\n<\/tr>\n<tr class=\"row-22\">\n\t<td class=\"column-1\"><a href=\"https:\/\/semmelweis.hu\/alumni\/files\/2022\/07\/Dr-Fenyvesi-Tamas.jpeg\"><img loading=\"lazy\" decoding=\"async\" src=\"https:\/\/semmelweis.hu\/alumni\/files\/2022\/07\/Dr-Fenyvesi-Tamas-400x275.jpeg\" alt=\"\" width=\"400\" height=\"275\" class=\"alignnone size-medium wp-image-4208\" srcset=\"https:\/\/semmelweis.hu\/alumni\/files\/2022\/07\/Dr-Fenyvesi-Tamas-400x275.jpeg 400w, https:\/\/semmelweis.hu\/alumni\/files\/2022\/07\/Dr-Fenyvesi-Tamas-175x120.jpeg 175w, https:\/\/semmelweis.hu\/alumni\/files\/2022\/07\/Dr-Fenyvesi-Tamas.jpeg 514w\" sizes=\"auto, (max-width: 400px) 100vw, 400px\" \/><\/a><\/td><td class=\"column-2\"><a href=\"https:\/\/semmelweis.hu\/hirek\/2020\/10\/15\/elhunyt-dr-fenyvesi-tamas\/\">Dr. Fenyvesi Tam\u00e1s<\/a><\/td><td class=\"column-3\">1932-2020<\/td><td class=\"column-4\">2020. j\u00falius 27-\u00e9n s\u00falyos betegs\u00e9g okozta szenved\u00e9st k\u00f6vet\u0151en elhunyt Dr. Fenyvesi Tam\u00e1s, a Semmelweis Egyetem Belgy\u00f3gy\u00e1szati \u00e9s Hematol\u00f3giai Klinik\u00e1j\u00e1nak professzora.<\/td>\n<\/tr>\n<tr class=\"row-23\">\n\t<td class=\"column-1\"><a href=\"https:\/\/semmelweis.hu\/alumni\/files\/2022\/07\/Dr.-Simon-Tamas.jpg\"><img loading=\"lazy\" decoding=\"async\" src=\"https:\/\/semmelweis.hu\/alumni\/files\/2022\/07\/Dr.-Simon-Tamas.jpg\" alt=\"\" width=\"310\" height=\"400\" class=\"alignnone size-full wp-image-4205\" \/><\/a><\/td><td class=\"column-2\"><a href=\"https:\/\/semmelweis.hu\/hirek\/2020\/09\/30\/elhunyt-dr-simon-tamas\/\">Dr. Simon Tam\u00e1s<\/a><\/td><td class=\"column-3\">1937-2020<\/td><td class=\"column-4\">a Semmelweis Egyetem professor emeritusa, nyugalmazott egyetemi tan\u00e1r, a Magyar R\u00e1kellenes Liga volt eln\u00f6ke hossz\u00fa, m\u00e9lt\u00f3s\u00e1ggal viselt betegs\u00e9g ut\u00e1n, \u00e9let\u00e9nek 83. \u00e9v\u00e9ben, 2020. szeptember 28-\u00e1n reggel elhunyt.<\/td>\n<\/tr>\n<tr class=\"row-24\">\n\t<td class=\"column-1\"><a href=\"https:\/\/semmelweis.hu\/alumni\/files\/2022\/07\/Dr-Schuler-Dezso_1-284x400-1.jpg\"><img loading=\"lazy\" decoding=\"async\" src=\"https:\/\/semmelweis.hu\/alumni\/files\/2022\/07\/Dr-Schuler-Dezso_1-284x400-1.jpg\" alt=\"\" width=\"284\" height=\"400\" class=\"alignnone size-full wp-image-4202\" \/><\/a><\/td><td class=\"column-2\"><a href=\"https:\/\/semmelweis.hu\/hirek\/2020\/09\/23\/elhunyt-dr-schuler-dezso%cc%8b\/\"> Dr. Schuler Dezs\u0151<\/a><\/td><td class=\"column-3\">1927-2020<\/td><td class=\"column-4\">egyetemi tana\u0301r, a Semmelweis Egyetem II. Sz. Gyermekgyo\u0301gya\u0301szati Klinika\u0301ja\u0301nak emeritus professzora 2020. szeptember 9-e\u0301n, e\u0301lete\u0301nek 93. e\u0301ve\u0301ben elhunyt.<\/td>\n<\/tr>\n<tr class=\"row-25\">\n\t<td class=\"column-1\"><a href=\"https:\/\/semmelweis.hu\/alumni\/files\/2022\/07\/dr-Csaba-Gyorgy.jpg\"><img loading=\"lazy\" decoding=\"async\" src=\"https:\/\/semmelweis.hu\/alumni\/files\/2022\/07\/dr-Csaba-Gyorgy-400x269.jpg\" alt=\"dr. Csaba Gy\u00f6rgy\" width=\"400\" height=\"269\" class=\"alignnone size-medium wp-image-4198\" srcset=\"https:\/\/semmelweis.hu\/alumni\/files\/2022\/07\/dr-Csaba-Gyorgy-400x269.jpg 400w, https:\/\/semmelweis.hu\/alumni\/files\/2022\/07\/dr-Csaba-Gyorgy-768x517.jpg 768w, https:\/\/semmelweis.hu\/alumni\/files\/2022\/07\/dr-Csaba-Gyorgy-753x507.jpg 753w, https:\/\/semmelweis.hu\/alumni\/files\/2022\/07\/dr-Csaba-Gyorgy.jpg 900w\" sizes=\"auto, (max-width: 400px) 100vw, 400px\" \/><\/a><\/td><td class=\"column-2\"><a href=\"https:\/\/semmelweis.hu\/hirek\/2020\/09\/01\/elhunyt-dr-csaba-gyorgy-professor-emeritus\/\">Dr. Csaba Gy\u00f6rgy<\/a><\/td><td class=\"column-3\">1929-2020<\/td><td class=\"column-4\">\u00c9let\u00e9nek 91. \u00e9v\u00e9ben, 2020. augusztus 31-\u00e9n elhunyt dr. Csaba Gy\u00f6rgy professor emeritus, a Semmelweis Egyetem Genetikai, Sejt- \u00e9s Immunbiol\u00f3giai Int\u00e9zet\u00e9nek (GSI) alap\u00edt\u00f3ja.<\/td>\n<\/tr>\n<tr class=\"row-26\">\n\t<td class=\"column-1\"><a href=\"https:\/\/semmelweis.hu\/alumni\/files\/2020\/07\/Benedek-Tibor.jpg\"><img loading=\"lazy\" decoding=\"async\" src=\"https:\/\/semmelweis.hu\/alumni\/files\/2020\/07\/Benedek-Tibor.jpg\" alt=\"\" width=\"636\" height=\"423\" class=\"aligncenter size-full wp-image-2849\" srcset=\"https:\/\/semmelweis.hu\/alumni\/files\/2020\/07\/Benedek-Tibor.jpg 636w, https:\/\/semmelweis.hu\/alumni\/files\/2020\/07\/Benedek-Tibor-400x266.jpg 400w, https:\/\/semmelweis.hu\/alumni\/files\/2020\/07\/Benedek-Tibor-203x135.jpg 203w\" sizes=\"auto, (max-width: 636px) 100vw, 636px\" \/><\/a><\/td><td class=\"column-2\"><a href=\"https:\/\/semmelweis.hu\/hirek\/2020\/06\/18\/elhunyt-benedek-tibor\/\">Benedek Tibor<\/a><\/td><td class=\"column-3\">1972-2020<\/td><td class=\"column-4\">h\u00e1romszoros olimpiai arany\u00e9rmes, vil\u00e1g- \u00e9s Eur\u00f3pa-bajnok v\u00edzilabd\u00e1z\u00f3, a magyar f\u00e9rfi v\u00e1logatott kor\u00e1bbi sz\u00f6vets\u00e9gi kapit\u00e1nya<\/td>\n<\/tr>\n<tr class=\"row-27\">\n\t<td class=\"column-1\"><a href=\"https:\/\/semmelweis.hu\/alumni\/files\/2020\/07\/Meleg-P\u00e1l.jpg\"><img loading=\"lazy\" decoding=\"async\" src=\"https:\/\/semmelweis.hu\/alumni\/files\/2020\/07\/Meleg-P\u00e1l.jpg\" alt=\"\" width=\"400\" height=\"366\" class=\"aligncenter size-full wp-image-2848\" \/><\/a><\/td><td class=\"column-2\"><a href=\"https:\/\/semmelweis.hu\/hirek\/2020\/06\/10\/elhunyt-meleg-pal-gondnok\/\">Meleg P\u00e1l<\/a><\/td><td class=\"column-3\">-2020<\/td><td class=\"column-4\">L\u00e9tes\u00edtm\u00e9nyfejleszt\u00e9si \u00e9s -\u00fczemeltet\u00e9si Igazgat\u00f3s\u00e1g megbecs\u00fclt, mindenki \u00e1ltal szeretett dolgoz\u00f3ja<\/td>\n<\/tr>\n<tr class=\"row-28\">\n\t<td class=\"column-1\"><a href=\"https:\/\/semmelweis.hu\/alumni\/files\/2020\/07\/T\u00f6r\u00f6k-Tam\u00e1s.jpg\"><img loading=\"lazy\" decoding=\"async\" src=\"https:\/\/semmelweis.hu\/alumni\/files\/2020\/07\/T\u00f6r\u00f6k-Tam\u00e1s.jpg\" alt=\"\" width=\"400\" height=\"400\" class=\"size-full wp-image-2847\" \/><\/a><\/td><td class=\"column-2\"><a href=\"https:\/\/semmelweis.hu\/hirek\/2020\/05\/14\/elhunyt-dr-torok-tamas\/\">T\u00f6r\u00f6k Tam\u00e1s Dr.<\/a><\/td><td class=\"column-3\">-2020<\/td><td class=\"column-4\">a Semmelweis Egyetem Gy\u00f3gyszerhat\u00e1stani Int\u00e9zet\u00e9nek professor emeritusa, kor\u00e1bban t\u00edz \u00e9ven \u00e1t vezet\u0151je<\/td>\n<\/tr>\n<tr class=\"row-29\">\n\t<td class=\"column-1\"><a href=\"https:\/\/semmelweis.hu\/alumni\/files\/2020\/05\/Medvegy-Istv\u00e1nn\u00e9.jpg\"><img loading=\"lazy\" decoding=\"async\" src=\"https:\/\/semmelweis.hu\/alumni\/files\/2020\/05\/Medvegy-Istv\u00e1nn\u00e9.jpg\" alt=\"\" width=\"257\" height=\"400\" class=\"aligncenter size-full wp-image-2681\" \/><\/a><\/td><td class=\"column-2\"><a href=\"https:\/\/semmelweis.hu\/hirek\/2020\/05\/04\/elhunyt-medvegy-istvanne-teruska\/\">Medvegy Istv\u00e1nn\u00e9<\/a><\/td><td class=\"column-3\">1920-2020<\/td><td class=\"column-4\">az Anat\u00f3miai Sz\u00f6vet- \u00e9s Fejl\u0151d\u00e9stani Int\u00e9zet nyugd\u00edjas asszisztense<\/td>\n<\/tr>\n<tr class=\"row-30\">\n\t<td class=\"column-1\"><a href=\"https:\/\/semmelweis.hu\/alumni\/files\/2020\/05\/M\u00e9sz\u00e1ros-Judit.jpg\"><img loading=\"lazy\" decoding=\"async\" src=\"https:\/\/semmelweis.hu\/alumni\/files\/2020\/05\/M\u00e9sz\u00e1ros-Judit.jpg\" alt=\"\" width=\"272\" height=\"400\" class=\"aligncenter size-full wp-image-2683\" \/><\/a><\/td><td class=\"column-2\"><a href=\"https:\/\/semmelweis.hu\/hirek\/2020\/04\/29\/elhunyt-dr-meszaros-judit-az-etk-korabbi-dekanja\/\">M\u00e9sz\u00e1ros Judit Dr.<\/a><\/td><td class=\"column-3\">-2020<\/td><td class=\"column-4\">a Semmelweis Egyetem Eg\u00e9szs\u00e9gtudom\u00e1nyi Kar\u00e1nak kor\u00e1bbi d\u00e9k\u00e1nja<\/td>\n<\/tr>\n<tr class=\"row-31\">\n\t<td class=\"column-1\"><a href=\"https:\/\/semmelweis.hu\/alumni\/files\/2020\/05\/Jo\u00f3s-Lajos.jpg\"><img decoding=\"async\" src=\"https:\/\/semmelweis.hu\/alumni\/files\/2020\/05\/Jo\u00f3s-Lajos.jpg\" alt=\"\" width=\"100%\" height=\"279\" class=\"aligncenter size-full wp-image-2684\" \/><\/a><\/td><td class=\"column-2\"><a href=\"https:\/\/semmelweis.hu\/hirek\/2020\/04\/09\/elhunyt-dr-joos-lajos-1944-2020\/\">Jo\u00f3s Lajos Dr.<\/a><\/td><td class=\"column-3\">1944-2020<\/td><td class=\"column-4\">a Semmelweis Egyetem Urol\u00f3giai Klinika aneszteziol\u00f3gus csapat\u00e1nak oszlopos tagja<\/td>\n<\/tr>\n<tr class=\"row-32\">\n\t<td class=\"column-1\"><a href=\"https:\/\/semmelweis.hu\/alumni\/files\/2020\/05\/Robicsek-Ferenc.jpg\"><img loading=\"lazy\" decoding=\"async\" src=\"https:\/\/semmelweis.hu\/alumni\/files\/2020\/05\/Robicsek-Ferenc.jpg\" alt=\"\" width=\"318\" height=\"400\" class=\"aligncenter size-full wp-image-2688\" \/><\/a><\/td><td class=\"column-2\"><a href=\"https:\/\/semmelweis.hu\/hirek\/2020\/04\/07\/elhunyt-dr-robicsek-ferenc-1925-2020\/\">Robicsek Ferenc Dr.<\/a><\/td><td class=\"column-3\">1925-2020<\/td><td class=\"column-4\">a vil\u00e1gszerte ismert magyar sz\u00e1rmaz\u00e1s\u00fa sz\u00edvseb\u00e9sz professzor<\/td>\n<\/tr>\n<tr class=\"row-33\">\n\t<td class=\"column-1\"><a href=\"https:\/\/semmelweis.hu\/alumni\/files\/2020\/05\/Simon-L\u00e1szl\u00f3.jpeg\"><img loading=\"lazy\" decoding=\"async\" src=\"https:\/\/semmelweis.hu\/alumni\/files\/2020\/05\/Simon-L\u00e1szl\u00f3.jpeg\" alt=\"\" width=\"354\" height=\"400\" class=\"aligncenter size-full wp-image-2690\" \/><\/a><\/td><td class=\"column-2\"><a href=\"https:\/\/semmelweis.hu\/hirek\/2020\/03\/25\/elhunyt-dr-simon-laszlo\/\">Simon L\u00e1szl\u00f3 Dr.<\/a><\/td><td class=\"column-3\">1938-2020<\/td><td class=\"column-4\">az Anat\u00f3miai, Sz\u00f6vet- \u00e9s Fejl\u0151d\u00e9stani Int\u00e9zet egykori adjunktusa, nyugd\u00edjas szaktan\u00e1csad\u00f3ja<\/td>\n<\/tr>\n<tr class=\"row-34\">\n\t<td class=\"column-1\"><a href=\"https:\/\/semmelweis.hu\/alumni\/files\/2020\/05\/Bartha-Jen\u0151.jpg\"><img loading=\"lazy\" decoding=\"async\" src=\"https:\/\/semmelweis.hu\/alumni\/files\/2020\/05\/Bartha-Jen\u0151.jpg\" alt=\"\" width=\"267\" height=\"400\" class=\"aligncenter size-full wp-image-2693\" \/><\/a><\/td><td class=\"column-2\"><a href=\"https:\/\/semmelweis.hu\/hirek\/2020\/03\/16\/elhunyt-dr-bartha-jeno\/\">Bartha Jen\u0151 Dr.<\/a><\/td><td class=\"column-3\">1936-2020<\/td><td class=\"column-4\">nyugalmazott egyetemi docens, aki t\u00f6bb mint 4 \u00e9vtizeden \u00e1t dolgozott az \u00c9lettani Int\u00e9zetben<\/td>\n<\/tr>\n<tr class=\"row-35\">\n\t<td class=\"column-1\"><a href=\"https:\/\/semmelweis.hu\/alumni\/files\/2020\/05\/Iv\u00e1n-L\u00e1szl\u00f3.jpg\"><img loading=\"lazy\" decoding=\"async\" src=\"https:\/\/semmelweis.hu\/alumni\/files\/2020\/05\/Iv\u00e1n-L\u00e1szl\u00f3.jpg\" alt=\"\" width=\"278\" height=\"400\" class=\"aligncenter size-full wp-image-2695\" \/><\/a><\/td><td class=\"column-2\"><a href=\"https:\/\/semmelweis.hu\/hirek\/2020\/01\/21\/elhunyt-dr-ivan-laszlo\/\">Iv\u00e1n L\u00e1szl\u00f3 Dr.<\/a><\/td><td class=\"column-3\">1933-2020<\/td><td class=\"column-4\">a Semmelweis Egyetem professor emeritusa, a Gerontol\u00f3giai K\u00f6zpont egykori igazgat\u00f3ja<\/td>\n<\/tr>\n<tr class=\"row-36\">\n\t<td class=\"column-1\"><a href=\"https:\/\/semmelweis.hu\/alumni\/files\/2020\/05\/Knoll-Berta.jpg\"><img loading=\"lazy\" decoding=\"async\" src=\"https:\/\/semmelweis.hu\/alumni\/files\/2020\/05\/Knoll-Berta.jpg\" alt=\"\" width=\"367\" height=\"400\" class=\"aligncenter size-full wp-image-2697\" \/><\/a><\/td><td class=\"column-2\"><a href=\"https:\/\/semmelweis.hu\/hirek\/2020\/01\/16\/elhunyt-dr-knoll-berta-1931-2019\/\">Knoll Berta Dr.<\/a><\/td><td class=\"column-3\">1931-2019<\/td><td class=\"column-4\">a Semmelweis Egyetem, Gy\u00f3gyszertani Int\u00e9zet\u00e9nek k\u00f6zel 50 \u00e9ven kereszt\u00fcl volt munkat\u00e1rsa<\/td>\n<\/tr>\n<tr class=\"row-37\">\n\t<td class=\"column-1\"><a href=\"https:\/\/semmelweis.hu\/alumni\/files\/2020\/05\/Nemes-Attila.png\"><img decoding=\"async\" src=\"https:\/\/semmelweis.hu\/alumni\/files\/2020\/05\/Nemes-Attila.png\" alt=\"\" width=\"550\" height=\"100%\" class=\"aligncenter size-full wp-image-2699\" srcset=\"https:\/\/semmelweis.hu\/alumni\/files\/2020\/05\/Nemes-Attila.png 600w, https:\/\/semmelweis.hu\/alumni\/files\/2020\/05\/Nemes-Attila-400x269.png 400w, https:\/\/semmelweis.hu\/alumni\/files\/2020\/05\/Nemes-Attila-203x135.png 203w\" sizes=\"(max-width: 600px) 100vw, 600px\" \/><\/a><\/td><td class=\"column-2\"><a href=\"https:\/\/semmelweis.hu\/hirek\/2019\/12\/30\/elhunyt-dr-nemes-attila-professor-emeritus-az-egyetem-korabbi-altalanos-rektorhelyettese\/\">Nemes Attila Dr.<\/a><\/td><td class=\"column-3\">1938-2019<\/td><td class=\"column-4\">professor emeritus, a Semmelweis Egyetem kor\u00e1bbi \u00e1ltal\u00e1nos rektorhelyettese, a V\u00e1rosmajori Sz\u00edv- \u00e9s \u00c9rgy\u00f3gy\u00e1szati Klinika egykori igazgat\u00f3ja<\/td>\n<\/tr>\n<tr class=\"row-38\">\n\t<td class=\"column-1\"><a href=\"https:\/\/semmelweis.hu\/alumni\/files\/2020\/05\/Schwartz-S\u00e1ndor.jpg\"><img decoding=\"async\" src=\"https:\/\/semmelweis.hu\/alumni\/files\/2020\/05\/Schwartz-S\u00e1ndor.jpg\" alt=\"\" width=\"550\" height=\"100%\" class=\"aligncenter size-full wp-image-2701\" srcset=\"https:\/\/semmelweis.hu\/alumni\/files\/2020\/05\/Schwartz-S\u00e1ndor.jpg 900w, https:\/\/semmelweis.hu\/alumni\/files\/2020\/05\/Schwartz-S\u00e1ndor-400x269.jpg 400w, https:\/\/semmelweis.hu\/alumni\/files\/2020\/05\/Schwartz-S\u00e1ndor-768x517.jpg 768w, https:\/\/semmelweis.hu\/alumni\/files\/2020\/05\/Schwartz-S\u00e1ndor-753x507.jpg 753w\" sizes=\"(max-width: 900px) 100vw, 900px\" \/><\/a><\/td><td class=\"column-2\"><a href=\"https:\/\/semmelweis.hu\/hirek\/2019\/11\/25\/meghalt-schwartz-sandor-az-elso-hazai-szivatultetett-beteg\/\">Schwartz S\u00e1ndor<\/a><\/td><td class=\"column-3\">1963-2019<\/td><td class=\"column-4\">aki els\u0151k\u00e9nt kapott \u00faj sz\u00edvet Magyarorsz\u00e1gon<\/td>\n<\/tr>\n<tr class=\"row-39\">\n\t<td class=\"column-1\"><a href=\"https:\/\/semmelweis.hu\/alumni\/files\/2020\/05\/Sz\u00edv\u00f3s-Istv\u00e1n.jpg\"><img loading=\"lazy\" decoding=\"async\" src=\"https:\/\/semmelweis.hu\/alumni\/files\/2020\/05\/Sz\u00edv\u00f3s-Istv\u00e1n.jpg\" alt=\"\" width=\"272\" height=\"400\" class=\"aligncenter size-full wp-image-2706\" \/><\/a><\/td><td class=\"column-2\"><a href=\"https:\/\/semmelweis.hu\/hirek\/2019\/11\/13\/a-semmelweis-egyetem-sajat-halottjanak-tekinti-dr-szivos-istvant\/\">Sz\u00edv\u00f3s Istv\u00e1n Dr.<\/a><\/td><td class=\"column-3\">1948-2019<\/td><td class=\"column-4\">olimpiai, vil\u00e1g- \u00e9s Eur\u00f3pa-bajnok v\u00edzilabd\u00e1z\u00f3, aki a sporton k\u00edv\u00fcl, a gyermekfog\u00e1szat ter\u00fclet\u00e9n is el\u00e9v\u00fclhetetlen \u00e9rdemeket szerzett<\/td>\n<\/tr>\n<tr class=\"row-40\">\n\t<td class=\"column-1\"><a href=\"https:\/\/semmelweis.hu\/alumni\/files\/2020\/05\/Gottfried-Heinisch.png\"><img decoding=\"async\" src=\"https:\/\/semmelweis.hu\/alumni\/files\/2020\/05\/Gottfried-Heinisch-769x1024.png\" alt=\"\" width=\"550\" height=\"100%\" class=\"aligncenter size-large wp-image-2708\" srcset=\"https:\/\/semmelweis.hu\/alumni\/files\/2020\/05\/Gottfried-Heinisch-769x1024.png 769w, https:\/\/semmelweis.hu\/alumni\/files\/2020\/05\/Gottfried-Heinisch-301x400.png 301w, https:\/\/semmelweis.hu\/alumni\/files\/2020\/05\/Gottfried-Heinisch-768x1022.png 768w, https:\/\/semmelweis.hu\/alumni\/files\/2020\/05\/Gottfried-Heinisch-1154x1536.png 1154w, https:\/\/semmelweis.hu\/alumni\/files\/2020\/05\/Gottfried-Heinisch-753x1002.png 753w, https:\/\/semmelweis.hu\/alumni\/files\/2020\/05\/Gottfried-Heinisch.png 1472w\" sizes=\"(max-width: 769px) 100vw, 769px\" \/><\/a><\/td><td class=\"column-2\"><a href=\"https:\/\/semmelweis.hu\/hirek\/2019\/10\/23\/elhunyt-az-egyetem-diszdoktora-dr-gottfried-heinisch\/\">Gottfried Heinisch Dr.<\/a><\/td><td class=\"column-3\">1938-2019<\/td><td class=\"column-4\">az Innsbrucki Egyetem Gy\u00f3gyszer\u00e9szi K\u00e9miai Int\u00e9zet\u00e9nek kor\u00e1bbi vezet\u0151je, a Semmelweis Egyetem d\u00edszdoktora<\/td>\n<\/tr>\n<tr class=\"row-41\">\n\t<td class=\"column-1\"><a href=\"https:\/\/semmelweis.hu\/alumni\/files\/2020\/05\/Darvas-Zsuzsanna.jpg\"><img loading=\"lazy\" decoding=\"async\" src=\"https:\/\/semmelweis.hu\/alumni\/files\/2020\/05\/Darvas-Zsuzsanna.jpg\" alt=\"\" width=\"283\" height=\"400\" class=\"aligncenter size-full wp-image-2712\" \/><\/a><\/td><td class=\"column-2\"><a href=\"https:\/\/semmelweis.hu\/hirek\/2019\/10\/14\/elhunyt-dr-darvas-zsuzsanna\/\">Darvas Zsuzsanna Dr.<\/a><\/td><td class=\"column-3\">1951-2019<\/td><td class=\"column-4\">a Genetikai, Sejt- \u00e9s Immunbiol\u00f3giai Int\u00e9zet docense<\/td>\n<\/tr>\n<tr class=\"row-42\">\n\t<td class=\"column-1\"><a href=\"https:\/\/semmelweis.hu\/alumni\/files\/2020\/05\/B\u00e1nhegyi-G\u00e1bor.jpg\"><img loading=\"lazy\" decoding=\"async\" src=\"https:\/\/semmelweis.hu\/alumni\/files\/2020\/05\/B\u00e1nhegyi-G\u00e1bor.jpg\" alt=\"\" width=\"267\" height=\"400\" class=\"aligncenter size-full wp-image-2714\" \/><\/a><\/td><td class=\"column-2\"><a href=\"https:\/\/semmelweis.hu\/hirek\/2019\/09\/02\/elhunyt-dr-banhegyi-gabor\/\">B\u00e1nhegyi G\u00e1bor Dr.<\/a><\/td><td class=\"column-3\">1957-2019<\/td><td class=\"column-4\">a Semmelweis Egyetem Orvosi Vegytani, Molekul\u00e1ris Biol\u00f3giai \u00e9s Patobiok\u00e9miai Int\u00e9zet\u00e9nek igazgat\u00f3ja<\/td>\n<\/tr>\n<tr class=\"row-43\">\n\t<td class=\"column-1\"><a href=\"https:\/\/semmelweis.hu\/alumni\/files\/2020\/05\/Berecz-L\u00e1szl\u00f3n\u00e9.jpg\"><img decoding=\"async\" src=\"https:\/\/semmelweis.hu\/alumni\/files\/2020\/05\/Berecz-L\u00e1szl\u00f3n\u00e9.jpg\" alt=\"\" width=\"550\" height=\"100%\" class=\"aligncenter size-full wp-image-2717\" srcset=\"https:\/\/semmelweis.hu\/alumni\/files\/2020\/05\/Berecz-L\u00e1szl\u00f3n\u00e9.jpg 600w, https:\/\/semmelweis.hu\/alumni\/files\/2020\/05\/Berecz-L\u00e1szl\u00f3n\u00e9-400x400.jpg 400w, https:\/\/semmelweis.hu\/alumni\/files\/2020\/05\/Berecz-L\u00e1szl\u00f3n\u00e9-150x150.jpg 150w\" sizes=\"(max-width: 600px) 100vw, 600px\" \/><\/a><\/td><td class=\"column-2\"><a href=\"https:\/\/semmelweis.hu\/hirek\/2019\/08\/23\/elhunyt-berecz-laszlone-erika-1955-2019\/\">Berecz L\u00e1szl\u00f3n\u00e9 Erika<\/a><\/td><td class=\"column-3\">1955-2019<\/td><td class=\"column-4\">aki szakasszisztensk\u00e9nt dolgozott mindv\u00e9gig az Anat\u00f3miai Int\u00e9zetben<\/td>\n<\/tr>\n<tr class=\"row-44\">\n\t<td class=\"column-1\"><a href=\"https:\/\/semmelweis.hu\/alumni\/files\/2020\/05\/Szemenyei-Kl\u00e1ra.jpg\"><img loading=\"lazy\" decoding=\"async\" src=\"https:\/\/semmelweis.hu\/alumni\/files\/2020\/05\/Szemenyei-Kl\u00e1ra.jpg\" alt=\"\" width=\"322\" height=\"400\" class=\"aligncenter size-full wp-image-2719\" \/><\/a><\/td><td class=\"column-2\"><a href=\"https:\/\/semmelweis.hu\/hirek\/2019\/08\/01\/dr-szemenyei-klara-1932-2019-a-fak-allva-halnak-meg\/\">Szemenyei Kl\u00e1ra Dr.<\/a><\/td><td class=\"column-3\">1932-2019<\/td><td class=\"column-4\">a \u201eBudapesti Orvostudom\u00e1nyi Egyetem Kiv\u00e1l\u00f3 Oktat\u00f3ja\u201d<\/td>\n<\/tr>\n<tr class=\"row-45\">\n\t<td class=\"column-1\"><a href=\"https:\/\/semmelweis.hu\/alumni\/files\/2020\/05\/Szende-B\u00e9la.jpg\"><img loading=\"lazy\" decoding=\"async\" src=\"https:\/\/semmelweis.hu\/alumni\/files\/2020\/05\/Szende-B\u00e9la.jpg\" alt=\"\" width=\"425\" height=\"476\" class=\"aligncenter size-full wp-image-2721\" srcset=\"https:\/\/semmelweis.hu\/alumni\/files\/2020\/05\/Szende-B\u00e9la.jpg 425w, https:\/\/semmelweis.hu\/alumni\/files\/2020\/05\/Szende-B\u00e9la-357x400.jpg 357w\" sizes=\"auto, (max-width: 425px) 100vw, 425px\" \/><\/a><\/td><td class=\"column-2\"><a href=\"https:\/\/semmelweis.hu\/hirek\/2019\/07\/04\/in-memoriam-szende-bela-professzor\/\">Szende B\u00e9la Dr.<\/a><\/td><td class=\"column-3\">1936-2019<\/td><td class=\"column-4\">professzor emeritus, az I. Sz. Patol\u00f3giai \u00e9s K\u00eds\u00e9rleti R\u00e1kkutat\u00f3 Int\u00e9zet volt igazgat\u00f3ja<\/td>\n<\/tr>\n<tr class=\"row-46\">\n\t<td class=\"column-1\"><a href=\"https:\/\/semmelweis.hu\/alumni\/files\/2020\/05\/Kramer-Mih\u00e1ly.jpg\"><img loading=\"lazy\" decoding=\"async\" src=\"https:\/\/semmelweis.hu\/alumni\/files\/2020\/05\/Kramer-Mih\u00e1ly.jpg\" alt=\"\" width=\"550\" height=\"338\" class=\"aligncenter size-full wp-image-2723\" \/><\/a><\/td><td class=\"column-2\"><a href=\"https:\/\/semmelweis.hu\/hirek\/2019\/04\/09\/eletenek-68-eveben-elhunyt-dr-kramer-mihaly\/\">Kramer Mih\u00e1ly Dr.<\/a><\/td><td class=\"column-3\">1951-2019<\/td><td class=\"column-4\">a Semmelweis Orvostudom\u00e1nyi Egyetem Orvosi Biok\u00e9miai, majd annak ut\u00f3dja, a II. Sz. K\u00e9miai-Biok\u00e9miai Int\u00e9zet\u00e9nek munkat\u00e1rsa<\/td>\n<\/tr>\n<tr class=\"row-47\">\n\t<td class=\"column-1\"><a href=\"https:\/\/semmelweis.hu\/alumni\/files\/2020\/05\/V\u00e1ntus-Tibor.jpg\"><img loading=\"lazy\" decoding=\"async\" src=\"https:\/\/semmelweis.hu\/alumni\/files\/2020\/05\/V\u00e1ntus-Tibor.jpg\" alt=\"\" width=\"510\" height=\"600\" class=\"aligncenter size-full wp-image-2739\" srcset=\"https:\/\/semmelweis.hu\/alumni\/files\/2020\/05\/V\u00e1ntus-Tibor.jpg 510w, https:\/\/semmelweis.hu\/alumni\/files\/2020\/05\/V\u00e1ntus-Tibor-340x400.jpg 340w\" sizes=\"auto, (max-width: 510px) 100vw, 510px\" \/><\/a><\/td><td class=\"column-2\"><a href=\"https:\/\/semmelweis.hu\/hirek\/2019\/04\/01\/elhunyt-dr-vantus-tibor\/\">V\u00e1ntus Tibor Dr.<\/a><\/td><td class=\"column-3\">1965-2019<\/td><td class=\"column-4\">az Orvosi Vegytani, Molekul\u00e1ris Biol\u00f3giai \u00e9s Patobiok\u00e9miai Int\u00e9zet tudom\u00e1nyos f\u0151munkat\u00e1rsa<\/td>\n<\/tr>\n<tr class=\"row-48\">\n\t<td class=\"column-1\"><a href=\"https:\/\/semmelweis.hu\/alumni\/files\/2020\/05\/Orosz-Mih\u00e1ly.jpg\"><img loading=\"lazy\" decoding=\"async\" src=\"https:\/\/semmelweis.hu\/alumni\/files\/2020\/05\/Orosz-Mih\u00e1ly.jpg\" alt=\"\" width=\"320\" height=\"411\" class=\"aligncenter size-full wp-image-2741\" srcset=\"https:\/\/semmelweis.hu\/alumni\/files\/2020\/05\/Orosz-Mih\u00e1ly.jpg 320w, https:\/\/semmelweis.hu\/alumni\/files\/2020\/05\/Orosz-Mih\u00e1ly-311x400.jpg 311w\" sizes=\"auto, (max-width: 320px) 100vw, 320px\" \/><\/a><\/td><td class=\"column-2\"><a href=\"https:\/\/semmelweis.hu\/hirek\/2019\/03\/12\/elhunyt-dr-orosz-mihaly\/\">Orosz Mih\u00e1ly Dr.<\/a><\/td><td class=\"column-3\">1945-2019<\/td><td class=\"column-4\">a Fogorvostudom\u00e1nyi Kar c\u00edmzetes egyetemi tan\u00e1ra<\/td>\n<\/tr>\n<tr class=\"row-49\">\n\t<td class=\"column-1\"><a href=\"https:\/\/semmelweis.hu\/alumni\/files\/2020\/05\/Hal\u00e1sz-B\u00e9la.jpg\"><img loading=\"lazy\" decoding=\"async\" src=\"https:\/\/semmelweis.hu\/alumni\/files\/2020\/05\/Hal\u00e1sz-B\u00e9la.jpg\" alt=\"\" width=\"400\" height=\"600\" class=\"aligncenter size-full wp-image-2743\" srcset=\"https:\/\/semmelweis.hu\/alumni\/files\/2020\/05\/Hal\u00e1sz-B\u00e9la.jpg 400w, https:\/\/semmelweis.hu\/alumni\/files\/2020\/05\/Hal\u00e1sz-B\u00e9la-267x400.jpg 267w\" sizes=\"auto, (max-width: 400px) 100vw, 400px\" \/><\/a><\/td><td class=\"column-2\"><a href=\"https:\/\/semmelweis.hu\/hirek\/2019\/03\/08\/elhunyt-dr-halasz-bela\/\">Hal\u00e1sz B\u00e9la Dr.<\/a><\/td><td class=\"column-3\">1927-2019<\/td><td class=\"column-4\">az Anat\u00f3miai, Sz\u00f6vet- \u00e9s Fejl\u0151d\u00e9stani Int\u00e9zet professor emeritusa<\/td>\n<\/tr>\n<tr class=\"row-50\">\n\t<td class=\"column-1\"><a href=\"https:\/\/semmelweis.hu\/alumni\/files\/2020\/05\/H\u00fcttl-K\u00e1lm\u00e1n.jpg\"><img loading=\"lazy\" decoding=\"async\" src=\"https:\/\/semmelweis.hu\/alumni\/files\/2020\/05\/H\u00fcttl-K\u00e1lm\u00e1n.jpg\" alt=\"\" width=\"386\" height=\"600\" class=\"aligncenter size-full wp-image-2745\" srcset=\"https:\/\/semmelweis.hu\/alumni\/files\/2020\/05\/H\u00fcttl-K\u00e1lm\u00e1n.jpg 386w, https:\/\/semmelweis.hu\/alumni\/files\/2020\/05\/H\u00fcttl-K\u00e1lm\u00e1n-257x400.jpg 257w\" sizes=\"auto, (max-width: 386px) 100vw, 386px\" \/><\/a><\/td><td class=\"column-2\"><a href=\"https:\/\/semmelweis.hu\/hirek\/2019\/03\/07\/elhunyt-dr-huttl-kalman\/\">H\u00fcttl K\u00e1lm\u00e1n Dr.<\/a><\/td><td class=\"column-3\">1955-2019<\/td><td class=\"column-4\">a V\u00e1rosmajori Sz\u00edv- \u00e9s \u00c9rgy\u00f3gy\u00e1szati Klinika egyetemi tan\u00e1ra<\/td>\n<\/tr>\n<tr class=\"row-51\">\n\t<td class=\"column-1\"><a href=\"https:\/\/semmelweis.hu\/alumni\/files\/2020\/05\/Elekes-Attila.jpg\"><img loading=\"lazy\" decoding=\"async\" src=\"https:\/\/semmelweis.hu\/alumni\/files\/2020\/05\/Elekes-Attila.jpg\" alt=\"\" width=\"269\" height=\"258\" class=\"aligncenter size-full wp-image-2747\" \/><\/a><\/td><td class=\"column-2\"><a href=\"https:\/\/semmelweis.hu\/hirek\/2019\/03\/06\/in-memoriam-elekes-attila\/\">Elekes Attila<\/a><\/td><td class=\"column-3\">-2019<\/td><td class=\"column-4\">az Eg\u00e9szs\u00e9gtudom\u00e1nyi Kar volt oktat\u00f3ja \u00e9s f\u0151igazgat\u00f3-helyettese<\/td>\n<\/tr>\n<tr class=\"row-52\">\n\t<td class=\"column-1\"><a href=\"https:\/\/semmelweis.hu\/alumni\/files\/2020\/05\/Ullmann-\u00c1gnes.jpg\"><img loading=\"lazy\" decoding=\"async\" src=\"https:\/\/semmelweis.hu\/alumni\/files\/2020\/05\/Ullmann-\u00c1gnes.jpg\" alt=\"\" width=\"302\" height=\"400\" class=\"aligncenter size-full wp-image-2748\" \/><\/a><\/td><td class=\"column-2\"><a href=\"https:\/\/semmelweis.hu\/hirek\/2019\/03\/01\/elhunyt-ullmann-agnes-mikrobiologus\/\">Ullmann \u00c1gnes<\/a><\/td><td class=\"column-3\">1927-2019<\/td><td class=\"column-4\">a Pasteur Int\u00e9zet kutat\u00f3ja, az MTA k\u00fcls\u0151 tagja<\/td>\n<\/tr>\n<tr class=\"row-53\">\n\t<td class=\"column-1\"><a href=\"https:\/\/semmelweis.hu\/alumni\/files\/2020\/05\/Tarj\u00e1n-Enik\u0151.jpg\"><img loading=\"lazy\" decoding=\"async\" src=\"https:\/\/semmelweis.hu\/alumni\/files\/2020\/05\/Tarj\u00e1n-Enik\u0151-744x1024.jpg\" alt=\"\" width=\"550\" height=\"1024\" class=\"aligncenter size-large wp-image-2757\" \/><\/a><\/td><td class=\"column-2\"><a href=\"https:\/\/semmelweis.hu\/hirek\/2019\/02\/28\/elhunyt-dr-tarjan-eniko\/\">Tarj\u00e1n Enik\u0151 Dr.<\/a><\/td><td class=\"column-3\">1940-2019<\/td><td class=\"column-4\">nyugalmazott egyetemi docens, t\u00fcd\u0151gy\u00f3gy\u00e1sz szakorvos, a Semmelweis Egyetem Pulmonol\u00f3giai Klinik\u00e1j\u00e1nak kor\u00e1bbi vezet\u0151 oktat\u00f3ja<\/td>\n<\/tr>\n<tr class=\"row-54\">\n\t<td class=\"column-1\"><a href=\"https:\/\/semmelweis.hu\/alumni\/files\/2020\/05\/Abonyi-Margit.jpg\"><img loading=\"lazy\" decoding=\"async\" src=\"https:\/\/semmelweis.hu\/alumni\/files\/2020\/05\/Abonyi-Margit.jpg\" alt=\"\" width=\"324\" height=\"400\" class=\"aligncenter size-full wp-image-2759\" \/><\/a><\/td><td class=\"column-2\"><a href=\"https:\/\/semmelweis.hu\/hirek\/2019\/02\/05\/elhunyt-dr-abonyi-margit\/\">Abonyi Margit Dr.<\/a><\/td><td class=\"column-3\">1948-2019<\/td><td class=\"column-4\">a Semmelweis Egyetem I. Sz. Belgy\u00f3gy\u00e1szati Klinika docense<\/td>\n<\/tr>\n<tr class=\"row-55\">\n\t<td class=\"column-1\"><a href=\"https:\/\/semmelweis.hu\/alumni\/files\/2020\/05\/Gr\u00f3f-P\u00e1l.jpg\"><img loading=\"lazy\" decoding=\"async\" src=\"https:\/\/semmelweis.hu\/alumni\/files\/2020\/05\/Gr\u00f3f-P\u00e1l.jpg\" alt=\"\" width=\"347\" height=\"400\" class=\"aligncenter size-full wp-image-2762\" \/><\/a><\/td><td class=\"column-2\"><a href=\"https:\/\/semmelweis.hu\/hirek\/2019\/01\/18\/elhunyt-dr-grof-pal\/\">Gr\u00f3f P\u00e1l Dr.<\/a><\/td><td class=\"column-3\">1951-2018<\/td><td class=\"column-4\">a Biofizikai \u00e9s Sug\u00e1rbiol\u00f3giai Int\u00e9zet oktat\u00f3ja \u00e9s kutat\u00f3ja, egyetemi docens<\/td>\n<\/tr>\n<tr class=\"row-56\">\n\t<td class=\"column-1\"><a href=\"https:\/\/semmelweis.hu\/alumni\/files\/2020\/05\/Ka\u00e1n-Mikl\u00f3s.jpg\"><img decoding=\"async\" src=\"https:\/\/semmelweis.hu\/alumni\/files\/2020\/05\/Ka\u00e1n-Mikl\u00f3s.jpg\" alt=\"\" width=\"100%\" height=\"223\" class=\"aligncenter size-full wp-image-2764\" \/><\/a><\/td><td class=\"column-2\"><a href=\"https:\/\/semmelweis.hu\/hirek\/2019\/01\/07\/elhunyt-dr-kaan-miklos\/\">Ka\u00e1n Mikl\u00f3s Dr.<\/a><\/td><td class=\"column-3\">1937-2018<\/td><td class=\"column-4\">egyetemi tan\u00e1r, a Fogorvostudom\u00e1nyi Kar Fogp\u00f3tl\u00e1stani Klinika egykori igazgat\u00f3helyettese, a Magyar Orvosi Kamara egykori eln\u00f6ke<\/td>\n<\/tr>\n<tr class=\"row-57\">\n\t<td class=\"column-1\"><a href=\"https:\/\/semmelweis.hu\/alumni\/files\/2020\/05\/Majorossy-K\u00e1lm\u00e1n.jpg\"><img loading=\"lazy\" decoding=\"async\" src=\"https:\/\/semmelweis.hu\/alumni\/files\/2020\/05\/Majorossy-K\u00e1lm\u00e1n.jpg\" alt=\"\" width=\"300\" height=\"211\" class=\"aligncenter size-full wp-image-2768\" \/><\/a><\/td><td class=\"column-2\"><a href=\"https:\/\/semmelweis.hu\/hirek\/2018\/11\/21\/elhunyt-dr-majorossy-kalman-professor-emeritus\/\">Majorossy K\u00e1lm\u00e1n Dr.<\/a><\/td><td class=\"column-3\">-2018<\/td><td class=\"column-4\">az Anat\u00f3miai, Sz\u00f6vet- \u00e9s Fejl\u0151d\u00e9stani Int\u00e9zet professor emeritusa<\/td>\n<\/tr>\n<tr class=\"row-58\">\n\t<td class=\"column-1\"><a href=\"https:\/\/semmelweis.hu\/alumni\/files\/2020\/05\/Monos-Emil.jpg\"><img loading=\"lazy\" decoding=\"async\" src=\"https:\/\/semmelweis.hu\/alumni\/files\/2020\/05\/Monos-Emil.jpg\" alt=\"\" width=\"225\" height=\"300\" class=\"aligncenter size-full wp-image-2770\" \/><\/a><\/td><td class=\"column-2\"><a href=\"https:\/\/semmelweis.hu\/hirek\/2018\/11\/20\/elhunyt-dr-monos-emil-professor-emeritus\/\">Monos Emil Dr.<\/a><\/td><td class=\"column-3\">1935-2018<\/td><td class=\"column-4\">a Klinikai K\u00eds\u00e9rleti Kutat\u00f3 Int\u00e9zet professor emeritusa, a Semmelweis Egyetem Bar\u00e1ti K\u00f6r\u00e9nek eln\u00f6ke, az egyetem kor\u00e1bbi, 1995 \u00e9s 1999 k\u00f6z\u00f6tti oktat\u00e1si rektorhelyettese<\/td>\n<\/tr>\n<tr class=\"row-59\">\n\t<td class=\"column-1\"><a href=\"https:\/\/semmelweis.hu\/alumni\/files\/2020\/05\/Anderlik-Piroska.jpg\"><img loading=\"lazy\" decoding=\"async\" src=\"https:\/\/semmelweis.hu\/alumni\/files\/2020\/05\/Anderlik-Piroska.jpg\" alt=\"\" width=\"453\" height=\"489\" class=\"aligncenter size-full wp-image-2772\" srcset=\"https:\/\/semmelweis.hu\/alumni\/files\/2020\/05\/Anderlik-Piroska.jpg 453w, https:\/\/semmelweis.hu\/alumni\/files\/2020\/05\/Anderlik-Piroska-371x400.jpg 371w\" sizes=\"auto, (max-width: 453px) 100vw, 453px\" \/><\/a><\/td><td class=\"column-2\"><a href=\"https:\/\/semmelweis.hu\/hirek\/2018\/09\/24\/elhunyt-dr-anderlik-piroska\/\">Anderlik Piroska Dr.<\/a><\/td><td class=\"column-3\">1935-2018<\/td><td class=\"column-4\">a Semmelweis Egyetem Orvosi Mikrobiol\u00f3giai Int\u00e9zet munkat\u00e1rsa<\/td>\n<\/tr>\n<tr class=\"row-60\">\n\t<td class=\"column-1\"><a href=\"https:\/\/semmelweis.hu\/alumni\/files\/2020\/05\/Sz\u00e1sz-Gy\u00f6rgy.jpg\"><img loading=\"lazy\" decoding=\"async\" src=\"https:\/\/semmelweis.hu\/alumni\/files\/2020\/05\/Sz\u00e1sz-Gy\u00f6rgy.jpg\" alt=\"\" width=\"287\" height=\"400\" class=\"aligncenter size-full wp-image-2774\" \/><\/a><\/td><td class=\"column-2\"><a href=\"https:\/\/semmelweis.hu\/hirek\/2018\/08\/30\/elhunyt-dr-szasz-gyorgy-professor-emeritus\/\">Sz\u00e1sz Gy\u00f6rgy Dr.<\/a><\/td><td class=\"column-3\">1927-2018<\/td><td class=\"column-4\">a Gy\u00f3gyszer\u00e9szi K\u00e9miai Int\u00e9zet professor emeritusa, vasdiplom\u00e1s gy\u00f3gyszer\u00e9sz, a Gy\u00f3gyszer\u00e9sztudom\u00e1nyi Kar t\u00f6bb cikluson \u00e1t volt d\u00e9k\u00e1nja<\/td>\n<\/tr>\n<tr class=\"row-61\">\n\t<td class=\"column-1\"><a href=\"https:\/\/semmelweis.hu\/alumni\/files\/2020\/06\/Tak\u00e1cs-Mih\u00e1ly.jpg\"><img loading=\"lazy\" decoding=\"async\" src=\"https:\/\/semmelweis.hu\/alumni\/files\/2020\/06\/Tak\u00e1cs-Mih\u00e1ly.jpg\" alt=\"\" width=\"284\" height=\"400\" class=\"aligncenter size-full wp-image-2803\" \/><\/a><\/td><td class=\"column-2\"><a href=\"https:\/\/semmelweis.hu\/hirek\/2018\/08\/29\/elhunyt-dr-takacs-mihaly\/\">Tak\u00e1cs Mih\u00e1ly Dr.<\/a><\/td><td class=\"column-3\">1929-2018<\/td><td class=\"column-4\">nyugalmazott egyetemi tan\u00e1r, a Gy\u00f3gyszer\u00e9sztudom\u00e1nyi Kar egykori d\u00e9k\u00e1nhelyettese<\/td>\n<\/tr>\n<tr class=\"row-62\">\n\t<td class=\"column-1\"><a href=\"https:\/\/semmelweis.hu\/alumni\/files\/2020\/06\/Nagy-G\u00e1bor.jpg\"><img loading=\"lazy\" decoding=\"async\" src=\"https:\/\/semmelweis.hu\/alumni\/files\/2020\/06\/Nagy-G\u00e1bor.jpg\" alt=\"\" width=\"280\" height=\"407\" class=\"aligncenter size-full wp-image-2806\" srcset=\"https:\/\/semmelweis.hu\/alumni\/files\/2020\/06\/Nagy-G\u00e1bor.jpg 280w, https:\/\/semmelweis.hu\/alumni\/files\/2020\/06\/Nagy-G\u00e1bor-275x400.jpg 275w\" sizes=\"auto, (max-width: 280px) 100vw, 280px\" \/><\/a><\/td><td class=\"column-2\"><a href=\"https:\/\/semmelweis.hu\/hirek\/2018\/06\/07\/elhunyt-dr-nagy-gabor\/\">Nagy G\u00e1bor Dr.<\/a><\/td><td class=\"column-3\">1957-2018<\/td><td class=\"column-4\">egyetemi tan\u00e1r, a Fog\u00e1szati \u00e9s Sz\u00e1jseb\u00e9szeti Oktat\u00f3 Int\u00e9zet Or\u00e1lis Diagnosztika Oszt\u00e1ly\u00e1nak oszt\u00e1lyvezet\u0151 f\u0151orvosa<\/td>\n<\/tr>\n<tr class=\"row-63\">\n\t<td class=\"column-1\"><a href=\"https:\/\/semmelweis.hu\/alumni\/files\/2020\/06\/Kiss-Istv\u00e1n.jpg\"><img loading=\"lazy\" decoding=\"async\" src=\"https:\/\/semmelweis.hu\/alumni\/files\/2020\/06\/Kiss-Istv\u00e1n.jpg\" alt=\"\" width=\"268\" height=\"400\" class=\"aligncenter size-full wp-image-2808\" \/><\/a><\/td><td class=\"column-2\"><a href=\"https:\/\/semmelweis.hu\/hirek\/2018\/05\/14\/elhunyt-dr-kiss-istvan\/\">Kiss Istv\u00e1n Dr.<\/a><\/td><td class=\"column-3\">1952-2018<\/td><td class=\"column-4\">professzor, a Semmelweis Egyetem II. Sz. Belgy\u00f3gy\u00e1szati Klinika Geri\u00e1triai Tansz\u00e9ki Csoport vezet\u0151je<\/td>\n<\/tr>\n<tr class=\"row-64\">\n\t<td class=\"column-1\"><a href=\"https:\/\/semmelweis.hu\/alumni\/files\/2020\/06\/Knoll-J\u00f3zsef-Dr..jpg\"><img loading=\"lazy\" decoding=\"async\" src=\"https:\/\/semmelweis.hu\/alumni\/files\/2020\/06\/Knoll-J\u00f3zsef-Dr..jpg\" alt=\"\" width=\"267\" height=\"400\" class=\"aligncenter size-full wp-image-2810\" \/><\/a><\/td><td class=\"column-2\"><a href=\"https:\/\/semmelweis.hu\/hirek\/2018\/04\/18\/elhunyt-dr-knoll-jozsef\/\">Knoll J\u00f3zsef Dr.<\/a><\/td><td class=\"column-3\">1925-2018<\/td><td class=\"column-4\">az MTA rendes tagja, a Farmakol\u00f3giai \u00e9s Farmakoter\u00e1pi\u00e1s Int\u00e9zet volt vezet\u0151je<\/td>\n<\/tr>\n<tr class=\"row-65\">\n\t<td class=\"column-1\"><a href=\"https:\/\/semmelweis.hu\/alumni\/files\/2020\/06\/Don\u00e1th-Tibor.png\"><img loading=\"lazy\" decoding=\"async\" src=\"https:\/\/semmelweis.hu\/alumni\/files\/2020\/06\/Don\u00e1th-Tibor.png\" alt=\"\" width=\"768\" height=\"512\" class=\"aligncenter size-full wp-image-2815\" srcset=\"https:\/\/semmelweis.hu\/alumni\/files\/2020\/06\/Don\u00e1th-Tibor.png 768w, https:\/\/semmelweis.hu\/alumni\/files\/2020\/06\/Don\u00e1th-Tibor-400x267.png 400w, https:\/\/semmelweis.hu\/alumni\/files\/2020\/06\/Don\u00e1th-Tibor-753x502.png 753w, https:\/\/semmelweis.hu\/alumni\/files\/2020\/06\/Don\u00e1th-Tibor-203x135.png 203w\" sizes=\"auto, (max-width: 768px) 100vw, 768px\" \/><\/a><\/td><td class=\"column-2\"><a href=\"https:\/\/semmelweis.hu\/hirek\/2018\/01\/10\/in-memoriam-donath-tibor-1926-2018\/\">Don\u00e1th Tibor Dr.<\/a><\/td><td class=\"column-3\">1926-2018<\/td><td class=\"column-4\">professor emeritus, az anat\u00f3mia koron\u00e1zatlan kir\u00e1lya \u00e9s doyenje<\/td>\n<\/tr>\n<tr class=\"row-66\">\n\t<td class=\"column-1\"><a href=\"https:\/\/semmelweis.hu\/alumni\/files\/2020\/06\/Lez\u00e1k-Gy\u00f6rgy.jpg\"><img loading=\"lazy\" decoding=\"async\" src=\"https:\/\/semmelweis.hu\/alumni\/files\/2020\/06\/Lez\u00e1k-Gy\u00f6rgy.jpg\" alt=\"\" width=\"300\" height=\"400\" class=\"aligncenter size-full wp-image-2817\" \/><\/a><\/td><td class=\"column-2\"><a href=\"https:\/\/semmelweis.hu\/hirek\/2017\/12\/01\/elhunyt-dr-lezak-gyorgy\/\">Lez\u00e1k Gy\u00f6rgy Dr.<\/a><\/td><td class=\"column-3\">-2017<\/td><td class=\"column-4\">az egykori Orsz\u00e1gos Dietetikai Int\u00e9zet nyugalmazott igazgat\u00f3helyettese, az Eg\u00e9szs\u00e9gtudom\u00e1nyi Kar Dietetikai Tansz\u00e9k\u00e9nek kor\u00e1bbi f\u0151iskolai docense<\/td>\n<\/tr>\n<tr class=\"row-67\">\n\t<td class=\"column-1\"><a href=\"https:\/\/semmelweis.hu\/alumni\/files\/2020\/06\/Magyar-K\u00e1lm\u00e1n.jpg\"><img loading=\"lazy\" decoding=\"async\" src=\"https:\/\/semmelweis.hu\/alumni\/files\/2020\/06\/Magyar-K\u00e1lm\u00e1n.jpg\" alt=\"\" width=\"445\" height=\"300\" class=\"aligncenter size-full wp-image-2819\" srcset=\"https:\/\/semmelweis.hu\/alumni\/files\/2020\/06\/Magyar-K\u00e1lm\u00e1n.jpg 445w, https:\/\/semmelweis.hu\/alumni\/files\/2020\/06\/Magyar-K\u00e1lm\u00e1n-400x270.jpg 400w\" sizes=\"auto, (max-width: 445px) 100vw, 445px\" \/><\/a><\/td><td class=\"column-2\"><a href=\"https:\/\/semmelweis.hu\/hirek\/2017\/10\/24\/elhunyt-magyar-kalman-a-gyogyszerhatastani-intezet-szechenyi-dijas-professor-emeritusa\/\">Magyar K\u00e1lm\u00e1n Dr.<\/a><\/td><td class=\"column-3\">1933-2017<\/td><td class=\"column-4\">akad\u00e9mikus, a Semmelweis Egyetem kor\u00e1bbi rektorhelyettese, a Gy\u00f3gyszerhat\u00e1stani Int\u00e9zet alap\u00edt\u00f3ja, majd professor emeritusa<\/td>\n<\/tr>\n<tr class=\"row-68\">\n\t<td class=\"column-1\"><a href=\"https:\/\/semmelweis.hu\/alumni\/files\/2020\/06\/Jur\u00e1nyi-R\u00f3bert.jpg\"><img loading=\"lazy\" decoding=\"async\" src=\"https:\/\/semmelweis.hu\/alumni\/files\/2020\/06\/Jur\u00e1nyi-R\u00f3bert.jpg\" alt=\"\" width=\"300\" height=\"218\" class=\"aligncenter size-full wp-image-2821\" \/><\/a><\/td><td class=\"column-2\"><a href=\"https:\/\/semmelweis.hu\/hirek\/2017\/10\/12\/elhunyt-dr-juranyi-robert\/\">Jur\u00e1nyi R\u00f3bert Dr.<\/a><\/td><td class=\"column-3\">-2017<\/td><td class=\"column-4\">f\u0151iskolai tan\u00e1r, nyugalmazott int\u00e9zetigazgat\u00f3<\/td>\n<\/tr>\n<tr class=\"row-69\">\n\t<td class=\"column-1\"><a href=\"https:\/\/semmelweis.hu\/alumni\/files\/2020\/06\/V\u00edzkelety-Tibor.jpg\"><img loading=\"lazy\" decoding=\"async\" src=\"https:\/\/semmelweis.hu\/alumni\/files\/2020\/06\/V\u00edzkelety-Tibor.jpg\" alt=\"\" width=\"316\" height=\"400\" class=\"aligncenter size-full wp-image-2824\" \/><\/a><\/td><td class=\"column-2\"><a href=\"https:\/\/semmelweis.hu\/hirek\/2017\/09\/06\/elhunyt-dr-vizkelety-tibor-professzor-emeritus\/\">V\u00edzkelety Tibor Dr.<\/a><\/td><td class=\"column-3\">1929-2017<\/td><td class=\"column-4\">az Ortop\u00e9diai Klinika professor emeritusa, aki a klinika igazgat\u00f3ja volt 1980 \u00e9s 1995 k\u00f6z\u00f6tt<\/td>\n<\/tr>\n<tr class=\"row-70\">\n\t<td class=\"column-1\"><a href=\"https:\/\/semmelweis.hu\/alumni\/files\/2020\/06\/God\u00f3-M\u00e1ria.jpg\"><img loading=\"lazy\" decoding=\"async\" src=\"https:\/\/semmelweis.hu\/alumni\/files\/2020\/06\/God\u00f3-M\u00e1ria.jpg\" alt=\"\" width=\"400\" height=\"400\" class=\"aligncenter size-full wp-image-2826\" srcset=\"https:\/\/semmelweis.hu\/alumni\/files\/2020\/06\/God\u00f3-M\u00e1ria.jpg 400w, https:\/\/semmelweis.hu\/alumni\/files\/2020\/06\/God\u00f3-M\u00e1ria-150x150.jpg 150w\" sizes=\"auto, (max-width: 400px) 100vw, 400px\" \/><\/a><\/td><td class=\"column-2\"><a href=\"https:\/\/semmelweis.hu\/hirek\/2017\/09\/05\/elhunyt-godo-maria\/\">God\u00f3 M\u00e1ria<\/a><\/td><td class=\"column-3\">1961-2017<\/td><td class=\"column-4\">a K\u00f3r\u00e9lettani Int\u00e9zet vezet\u0151 asszisztense, vegy\u00e9sztechnikus<\/td>\n<\/tr>\n<tr class=\"row-71\">\n\t<td class=\"column-1\"><a href=\"https:\/\/semmelweis.hu\/alumni\/files\/2020\/06\/J\u00f6rg-Weidenhammer.jpg\"><img loading=\"lazy\" decoding=\"async\" src=\"https:\/\/semmelweis.hu\/alumni\/files\/2020\/06\/J\u00f6rg-Weidenhammer.jpg\" alt=\"\" width=\"401\" height=\"600\" class=\"aligncenter size-full wp-image-2828\" srcset=\"https:\/\/semmelweis.hu\/alumni\/files\/2020\/06\/J\u00f6rg-Weidenhammer.jpg 401w, https:\/\/semmelweis.hu\/alumni\/files\/2020\/06\/J\u00f6rg-Weidenhammer-267x400.jpg 267w\" sizes=\"auto, (max-width: 401px) 100vw, 401px\" \/><\/a><\/td><td class=\"column-2\"><a href=\"https:\/\/semmelweis.hu\/hirek\/2017\/05\/31\/elhunyt-dr-jorg-weidenhammer\/\">J\u00f6rg Weidenhammer Dr.<\/a><\/td><td class=\"column-3\">1948-2017<\/td><td class=\"column-4\">a Semmelweis Egyetem tiszteletbeli doktora \u00e9s tiszteletbeli szen\u00e1tora<\/td>\n<\/tr>\n<tr class=\"row-72\">\n\t<td class=\"column-1\"><a href=\"https:\/\/semmelweis.hu\/alumni\/files\/2020\/06\/Forg\u00e1cs-Iv\u00e1n.jpg\"><img loading=\"lazy\" decoding=\"async\" src=\"https:\/\/semmelweis.hu\/alumni\/files\/2020\/06\/Forg\u00e1cs-Iv\u00e1n.jpg\" alt=\"\" width=\"443\" height=\"300\" class=\"aligncenter size-full wp-image-2830\" srcset=\"https:\/\/semmelweis.hu\/alumni\/files\/2020\/06\/Forg\u00e1cs-Iv\u00e1n.jpg 443w, https:\/\/semmelweis.hu\/alumni\/files\/2020\/06\/Forg\u00e1cs-Iv\u00e1n-400x271.jpg 400w, https:\/\/semmelweis.hu\/alumni\/files\/2020\/06\/Forg\u00e1cs-Iv\u00e1n-175x120.jpg 175w\" sizes=\"auto, (max-width: 443px) 100vw, 443px\" \/><\/a><\/td><td class=\"column-2\"><a href=\"https:\/\/semmelweis.hu\/hirek\/2017\/05\/15\/in-memoriam-dr-forgacs-ivan-professor-emeritus\/\">Forg\u00e1cs Iv\u00e1n Dr.<\/a><\/td><td class=\"column-3\">1933-2017<\/td><td class=\"column-4\">a Semmelweis Egyetem Eg\u00e9szs\u00e9gtudom\u00e1nyi Kar\u00e1nak professzor emeritusa<\/td>\n<\/tr>\n<tr class=\"row-73\">\n\t<td class=\"column-1\"><\/td><td class=\"column-2\"><a href=\"https:\/\/semmelweis.hu\/hirek\/2017\/04\/15\/az-utolso-kivansag-in-memoriam-orban-csaba-phd\/\">Orb\u00e1n Csaba, PhD.<\/a><\/td><td class=\"column-3\">-2017<\/td><td class=\"column-4\">a Semmelweis Egyetem friss fokozatszerz\u0151je<\/td>\n<\/tr>\n<tr class=\"row-74\">\n\t<td class=\"column-1\"><a href=\"https:\/\/semmelweis.hu\/alumni\/files\/2020\/07\/Treit-S\u00e1ndor.jpg\"><img loading=\"lazy\" decoding=\"async\" src=\"https:\/\/semmelweis.hu\/alumni\/files\/2020\/07\/Treit-S\u00e1ndor.jpg\" alt=\"\" width=\"400\" height=\"264\" class=\"aligncenter size-full wp-image-2833\" \/><\/a><\/td><td class=\"column-2\"><a href=\"https:\/\/semmelweis.hu\/hirek\/2017\/04\/03\/elhunyt-dr-treit-sandor-a-ii-sz-szuleszeti-es-nogyogyaszati-klinika-korabbi-igazgatohelyettese\/\">Treit S\u00e1ndor Dr.<\/a><\/td><td class=\"column-3\">1921-2017<\/td><td class=\"column-4\">az I.sz. Sz\u00fcl\u00e9szeti \u00e9s N\u0151gy\u00f3gy\u00e1szati Klinika kor\u00e1bbi igazgat\u00f3helyettese<\/td>\n<\/tr>\n<tr class=\"row-75\">\n\t<td class=\"column-1\"><a href=\"https:\/\/semmelweis.hu\/alumni\/files\/2020\/07\/Kiss-J\u00f3zsef.jpg\"><img loading=\"lazy\" decoding=\"async\" src=\"https:\/\/semmelweis.hu\/alumni\/files\/2020\/07\/Kiss-J\u00f3zsef.jpg\" alt=\"\" width=\"400\" height=\"300\" class=\"aligncenter size-full wp-image-2835\" \/><\/a><\/td><td class=\"column-2\"><a href=\"https:\/\/semmelweis.hu\/hirek\/2017\/03\/21\/elhunyt-kiss-jozsef-az-anatomiai-szovet-es-fejlodestani-intezet-korabbi-munkatarsa\/\">Kiss J\u00f3zsef<\/a><\/td><td class=\"column-3\">1940-2017<\/td><td class=\"column-4\">az Anat\u00f3miai, Sz\u00f6vet- \u00e9s Fejl\u0151d\u00e9stani Int\u00e9zet kor\u00e1bbi munkat\u00e1rsa, aki \u00e9vtizedeken \u00e1t vezette az int\u00e9zet fot\u00f3laborj\u00e1t<\/td>\n<\/tr>\n<tr class=\"row-76\">\n\t<td class=\"column-1\"><a href=\"https:\/\/semmelweis.hu\/alumni\/files\/2020\/07\/Ol\u00e1h-Gy\u00f6rgy.jpg\"><img loading=\"lazy\" decoding=\"async\" src=\"https:\/\/semmelweis.hu\/alumni\/files\/2020\/07\/Ol\u00e1h-Gy\u00f6rgy.jpg\" alt=\"\" width=\"232\" height=\"300\" class=\"aligncenter size-full wp-image-2837\" \/><\/a><\/td><td class=\"column-2\"><a href=\"https:\/\/semmelweis.hu\/hirek\/2017\/03\/09\/elhunyt-dr-olah-gyorgy-nobel-dijas-kemikus\/\">Ol\u00e1h Gy\u00f6rgy Dr.<\/a><\/td><td class=\"column-3\">1927-2017<\/td><td class=\"column-4\">Nobel-d\u00edjas k\u00e9mikus, aki 2013-ban Semmelweis Budapest Award nemzetk\u00f6zi d\u00edjban r\u00e9szes\u00fclt<\/td>\n<\/tr>\n<tr class=\"row-77\">\n\t<td class=\"column-1\"><a href=\"https:\/\/semmelweis.hu\/alumni\/files\/2020\/07\/R\u00e1cz-K\u00e1roly.jpg\"><img loading=\"lazy\" decoding=\"async\" src=\"https:\/\/semmelweis.hu\/alumni\/files\/2020\/07\/R\u00e1cz-K\u00e1roly.jpg\" alt=\"\" width=\"400\" height=\"300\" class=\"aligncenter size-full wp-image-2839\" \/><\/a><\/td><td class=\"column-2\"><a href=\"https:\/\/semmelweis.hu\/hirek\/2017\/02\/13\/elhunyt-dr-racz-karoly\/\">R\u00e1cz K\u00e1roly Dr.<\/a><\/td><td class=\"column-3\">1950-2017<\/td><td class=\"column-4\">a Semmelweis Egyetem Doktori Tan\u00e1cs\u00e1nak egykori eln\u00f6ke, a II. Sz. Belgy\u00f3gy\u00e1szati Klinika egyetemi tan\u00e1ra, kor\u00e1bbi igazgat\u00f3ja<\/td>\n<\/tr>\n<tr class=\"row-78\">\n\t<td class=\"column-1\"><a href=\"https:\/\/semmelweis.hu\/alumni\/files\/2020\/07\/Szeri-Ilona.jpg\"><img loading=\"lazy\" decoding=\"async\" src=\"https:\/\/semmelweis.hu\/alumni\/files\/2020\/07\/Szeri-Ilona.jpg\" alt=\"\" width=\"400\" height=\"300\" class=\"aligncenter size-full wp-image-2841\" \/><\/a><\/td><td class=\"column-2\"><a href=\"https:\/\/semmelweis.hu\/hirek\/2016\/10\/28\/elhunyt-dr-szeri-ilona-professor-emerita\/\">Szeri Ilona Dr.<\/a><\/td><td class=\"column-3\">1927-2016<\/td><td class=\"column-4\">professor emerita, az Orvosi Mikrobiol\u00f3giai Int\u00e9zet kutat\u00f3ja, oktat\u00f3ja<\/td>\n<\/tr>\n<tr class=\"row-79\">\n\t<td class=\"column-1\"><a href=\"https:\/\/semmelweis.hu\/alumni\/files\/2020\/07\/Simon-Gy\u00f6rgy.jpg\"><img loading=\"lazy\" decoding=\"async\" src=\"https:\/\/semmelweis.hu\/alumni\/files\/2020\/07\/Simon-Gy\u00f6rgy.jpg\" alt=\"\" width=\"400\" height=\"300\" class=\"aligncenter size-full wp-image-2843\" \/><\/a><\/td><td class=\"column-2\"><a href=\"https:\/\/semmelweis.hu\/hirek\/2016\/10\/18\/elhunyt-dr-simon-gyorgy-professzor\/\">Simon Gy\u00f6rgy Dr.<\/a><\/td><td class=\"column-3\">-2016<\/td><td class=\"column-4\">professzor, az \u00d6r\u00f6k\u00f6s Tiszteletbeli Oktat\u00f3, a nagy H\u00e1l\u00f3zat\u00e9p\u00edt\u0151<\/td>\n<\/tr>\n<tr class=\"row-80\">\n\t<td class=\"column-1\"><a href=\"https:\/\/semmelweis.hu\/alumni\/files\/2020\/07\/B\u00e1n\u00f3czy-Jol\u00e1n.jpg\"><img loading=\"lazy\" decoding=\"async\" src=\"https:\/\/semmelweis.hu\/alumni\/files\/2020\/07\/B\u00e1n\u00f3czy-Jol\u00e1n.jpg\" alt=\"\" width=\"202\" height=\"300\" class=\"aligncenter size-full wp-image-2852\" \/><\/a><\/td><td class=\"column-2\"><a href=\"https:\/\/semmelweis.hu\/hirek\/2016\/09\/05\/elhunyt-dr-banoczy-jolan-professor-emerita\/\">B\u00e1n\u00f3czy Jol\u00e1n Dr.<\/a><\/td><td class=\"column-3\">1929-2016<\/td><td class=\"column-4\">professor emerita, a Fogorvostudom\u00e1nyi Kar egykori d\u00e9k\u00e1nja, az MTA doktora, az Or\u00e1lbiol\u00f3giai Tansz\u00e9k nyugalmazott egyetemi tan\u00e1ra, a Semmelweis Egyetem Bar\u00e1ti K\u00f6r\u00e9nek vezet\u0151s\u00e9gi tagja<\/td>\n<\/tr>\n<tr class=\"row-81\">\n\t<td class=\"column-1\"><a href=\"https:\/\/semmelweis.hu\/alumni\/files\/2020\/07\/V\u00edgh-B\u00e9la.jpg\"><img loading=\"lazy\" decoding=\"async\" src=\"https:\/\/semmelweis.hu\/alumni\/files\/2020\/07\/V\u00edgh-B\u00e9la.jpg\" alt=\"\" width=\"397\" height=\"300\" class=\"aligncenter size-full wp-image-2854\" \/><\/a><\/td><td class=\"column-2\"><a href=\"https:\/\/semmelweis.hu\/hirek\/2016\/08\/01\/elhunyt-dr-vigh-bela-professor-emeritus\/\">V\u00edgh B\u00e9la Dr.<\/a><\/td><td class=\"column-3\">1932-2016<\/td><td class=\"column-4\">az Anat\u00f3miai, Sz\u00f6vet- \u00e9s Fejl\u0151d\u00e9stani Int\u00e9zet professor emeritusa<\/td>\n<\/tr>\n<tr class=\"row-82\">\n\t<td class=\"column-1\"><a href=\"https:\/\/semmelweis.hu\/alumni\/files\/2020\/07\/K\u00e9ri-Gy\u00f6rgy.jpg\"><img loading=\"lazy\" decoding=\"async\" src=\"https:\/\/semmelweis.hu\/alumni\/files\/2020\/07\/K\u00e9ri-Gy\u00f6rgy.jpg\" alt=\"\" width=\"215\" height=\"300\" class=\"aligncenter size-full wp-image-2856\" \/><\/a><\/td><td class=\"column-2\"><a href=\"https:\/\/semmelweis.hu\/hirek\/2016\/07\/21\/meghalt-dr-keri-gyorgy-szechenyi-dijas-biokemikus-a-biologiai-tudomany-doktora\/\">K\u00e9ri Gy\u00f6rgy Dr.<\/a><\/td><td class=\"column-3\">1950-2016<\/td><td class=\"column-4\">vil\u00e1gh\u00edr\u0171 magyar biok\u00e9mikus, a Semmelweis Egyetem kutat\u00f3professzora, a Vichem Chemie kutat\u00f3 c\u00e9g tudom\u00e1nyos igazgat\u00f3ja<\/td>\n<\/tr>\n<tr class=\"row-83\">\n\t<td class=\"column-1\"><a href=\"https:\/\/semmelweis.hu\/alumni\/files\/2020\/07\/Jak\u00f3-J.-G\u00e9za.jpg\"><img loading=\"lazy\" decoding=\"async\" src=\"https:\/\/semmelweis.hu\/alumni\/files\/2020\/07\/Jak\u00f3-J.-G\u00e9za.jpg\" alt=\"\" width=\"281\" height=\"299\" class=\"aligncenter size-full wp-image-2858\" \/><\/a><\/td><td class=\"column-2\"><a href=\"https:\/\/semmelweis.hu\/hirek\/2015\/11\/20\/in-memoriam-dr-jako-j-geza\/\">Jak\u00f3 J. G\u00e9za Dr.<\/a><\/td><td class=\"column-3\">1930-2015<\/td><td class=\"column-4\">f\u00fcl-orr-g\u00e9g\u00e9sz, a Magyar Tudom\u00e1nyos Akad\u00e9mia tiszteletbeli tagja,<\/td>\n<\/tr>\n<tr class=\"row-84\">\n\t<td class=\"column-1\"><a href=\"https:\/\/semmelweis.hu\/alumni\/files\/2020\/07\/T\u00f6mb\u00f6l-Ter\u00e9z.jpg\"><img loading=\"lazy\" decoding=\"async\" src=\"https:\/\/semmelweis.hu\/alumni\/files\/2020\/07\/T\u00f6mb\u00f6l-Ter\u00e9z.jpg\" alt=\"\" width=\"300\" height=\"249\" class=\"aligncenter size-full wp-image-2860\" \/><\/a><\/td><td class=\"column-2\"><a href=\"https:\/\/semmelweis.hu\/hirek\/2015\/04\/10\/elhunyt-dr-tombol-terez-2\/\">T\u00f6mb\u00f6l Ter\u00e9z Dr.<\/a><\/td><td class=\"column-3\">1925-2015<\/td><td class=\"column-4\">az Anat\u00f3miai, Sz\u00f6vet- \u00e9s Fejl\u0151d\u00e9stani Int\u00e9zet professor emerit\u00e1ja, kor\u00e1bbi int\u00e9zetigazgat\u00f3<\/td>\n<\/tr>\n<tr class=\"row-85\">\n\t<td class=\"column-1\"><a href=\"https:\/\/semmelweis.hu\/alumni\/files\/2020\/07\/de-Ch\u00e2tel-Rudolf.jpg\"><img loading=\"lazy\" decoding=\"async\" src=\"https:\/\/semmelweis.hu\/alumni\/files\/2020\/07\/de-Ch\u00e2tel-Rudolf.jpg\" alt=\"\" width=\"220\" height=\"300\" class=\"aligncenter size-full wp-image-2862\" \/><\/a><\/td><td class=\"column-2\"><a href=\"https:\/\/semmelweis.hu\/hirek\/2014\/07\/15\/szemelyes-requiem-egy-barat-halalara\/\">de Ch\u00e2tel Rudolf Dr.<\/a><\/td><td class=\"column-3\">1938-2014<\/td><td class=\"column-4\">f\u00e9rj, az apa, a testv\u00e9r, a neves belgy\u00f3gy\u00e1sz professzor \u00e9s a bar\u00e1t<\/td>\n<\/tr>\n<tr class=\"row-86\">\n\t<td class=\"column-1\"><a href=\"https:\/\/semmelweis.hu\/alumni\/files\/2020\/07\/Schultheisz-Emil.jpg\"><img loading=\"lazy\" decoding=\"async\" src=\"https:\/\/semmelweis.hu\/alumni\/files\/2020\/07\/Schultheisz-Emil.jpg\" alt=\"\" width=\"578\" height=\"517\" class=\"aligncenter size-full wp-image-2864\" srcset=\"https:\/\/semmelweis.hu\/alumni\/files\/2020\/07\/Schultheisz-Emil.jpg 578w, https:\/\/semmelweis.hu\/alumni\/files\/2020\/07\/Schultheisz-Emil-400x358.jpg 400w\" sizes=\"auto, (max-width: 578px) 100vw, 578px\" \/><\/a><\/td><td class=\"column-2\"><a href=\"https:\/\/semmelweis.hu\/hirek\/2014\/06\/30\/schultheisz-emil-1923-2014-dr-rethelyi-miklos-gyaszbeszede\/\">Schultheisz Emil Dr.<\/a><\/td><td class=\"column-3\">1923-2014<\/td><td class=\"column-4\">egyetemen int\u00e9zetigazgat\u00f3 egyetemi tan\u00e1r, az Orvost\u00f6rt\u00e9neti Int\u00e9zet vezet\u0151je, majd emeritus professzor<\/td>\n<\/tr>\n<tr class=\"row-87\">\n\t<td class=\"column-1\"><a href=\"https:\/\/semmelweis.hu\/alumni\/files\/2020\/07\/Vuk\u00e1n-Gy\u00f6rgy.jpg\"><img loading=\"lazy\" decoding=\"async\" src=\"https:\/\/semmelweis.hu\/alumni\/files\/2020\/07\/Vuk\u00e1n-Gy\u00f6rgy.jpg\" alt=\"\" width=\"600\" height=\"400\" class=\"aligncenter size-full wp-image-2866\" srcset=\"https:\/\/semmelweis.hu\/alumni\/files\/2020\/07\/Vuk\u00e1n-Gy\u00f6rgy.jpg 600w, https:\/\/semmelweis.hu\/alumni\/files\/2020\/07\/Vuk\u00e1n-Gy\u00f6rgy-400x267.jpg 400w, https:\/\/semmelweis.hu\/alumni\/files\/2020\/07\/Vuk\u00e1n-Gy\u00f6rgy-203x135.jpg 203w\" sizes=\"auto, (max-width: 600px) 100vw, 600px\" \/><\/a><\/td><td class=\"column-2\"><a href=\"https:\/\/semmelweis.hu\/hirek\/2013\/08\/24\/vukan-gyorgy-emlekere\/\">Vuk\u00e1n Gy\u00f6rgy<\/a><\/td><td class=\"column-3\">1941-2013<\/td><td class=\"column-4\">Kossuth- \u00e9s Erkel-d\u00edjas zeneszerz\u0151, zongoram\u0171v\u00e9sz, a Semmelweis Szalon rendezv\u00e9nyek rendszeres fell\u00e9p\u0151je, vend\u00e9ge<\/td>\n<\/tr>\n<tr class=\"row-88\">\n\t<td class=\"column-1\"><a href=\"https:\/\/semmelweis.hu\/alumni\/files\/2020\/07\/Albrecht-M\u00e1ria.jpg\"><img loading=\"lazy\" decoding=\"async\" src=\"https:\/\/semmelweis.hu\/alumni\/files\/2020\/07\/Albrecht-M\u00e1ria.jpg\" alt=\"\" width=\"254\" height=\"300\" class=\"aligncenter size-full wp-image-2868\" \/><\/a><\/td><td class=\"column-2\"><a href=\"https:\/\/semmelweis.hu\/hirek\/2012\/10\/01\/elhunyt-dr-albrecht-maria\/\">Albrecht M\u00e1ria Dr.<\/a><\/td><td class=\"column-3\">1944-2012<\/td><td class=\"column-4\">egyetemi docens, az orvostudom\u00e1ny kandid\u00e1tusa<\/td>\n<\/tr>\n<tr class=\"row-89\">\n\t<td class=\"column-1\"><a href=\"https:\/\/semmelweis.hu\/alumni\/files\/2020\/07\/B\u00e9csi-Antal.jpg\"><img loading=\"lazy\" decoding=\"async\" src=\"https:\/\/semmelweis.hu\/alumni\/files\/2020\/07\/B\u00e9csi-Antal.jpg\" alt=\"\" width=\"203\" height=\"300\" class=\"aligncenter size-full wp-image-2870\" \/><\/a><\/td><td class=\"column-2\"><a href=\"https:\/\/semmelweis.hu\/hirek\/2011\/11\/28\/elhunyt-becsi-antal\/\">B\u00e9csi Antal<\/a><\/td><td class=\"column-3\">-2011<\/td><td class=\"column-4\">a Semmelweis Egyetem nyugalmazott f\u0151m\u00e9rn\u00f6ke<\/td>\n<\/tr>\n<tr class=\"row-90\">\n\t<td class=\"column-1\"><a href=\"https:\/\/semmelweis.hu\/alumni\/files\/2020\/07\/B\u00fas-\u00c1gota.jpg\"><img loading=\"lazy\" decoding=\"async\" src=\"https:\/\/semmelweis.hu\/alumni\/files\/2020\/07\/B\u00fas-\u00c1gota.jpg\" alt=\"\" width=\"240\" height=\"300\" class=\"aligncenter size-full wp-image-2872\" \/><\/a><\/td><td class=\"column-2\"><a href=\"https:\/\/semmelweis.hu\/hirek\/2011\/11\/21\/elhunyt-bus-agota\/\">B\u00fas \u00c1gota<\/a><\/td><td class=\"column-3\">-2011<\/td><td class=\"column-4\">a Semmelweis Egyetem Rektori Hivatal\u00e1nak kor\u00e1bbi vezet\u0151je<\/td>\n<\/tr>\n<tr class=\"row-91\">\n\t<td class=\"column-1\"><a href=\"https:\/\/semmelweis.hu\/alumni\/files\/2020\/07\/Czinner-Antal.jpg\"><img loading=\"lazy\" decoding=\"async\" src=\"https:\/\/semmelweis.hu\/alumni\/files\/2020\/07\/Czinner-Antal.jpg\" alt=\"\" width=\"300\" height=\"176\" class=\"aligncenter size-full wp-image-2874\" \/><\/a><\/td><td class=\"column-2\"><a href=\"https:\/\/semmelweis.hu\/hirek\/2011\/10\/11\/bucsu-dr-czinner-antaltol\/\">Czinner Antal Dr.<\/a><\/td><td class=\"column-3\">1946-2011<\/td><td class=\"column-4\">a gyermekkori elh\u00edz\u00e1s elleni k\u00fczdelem legnevesebb szaktekint\u00e9lye<\/td>\n<\/tr>\n<tr class=\"row-92\">\n\t<td class=\"column-1\"><a href=\"https:\/\/semmelweis.hu\/alumni\/files\/2020\/07\/Schulek-\u00c1goston.jpg\"><img loading=\"lazy\" decoding=\"async\" src=\"https:\/\/semmelweis.hu\/alumni\/files\/2020\/07\/Schulek-\u00c1goston.jpg\" alt=\"\" width=\"300\" height=\"209\" class=\"aligncenter size-full wp-image-2876\" \/><\/a><\/td><td class=\"column-2\"><a href=\"https:\/\/semmelweis.hu\/hirek\/2011\/10\/10\/elhunyt-dr-schulek-agoston\/\">Schulek \u00c1goston Dr.<\/a><\/td><td class=\"column-3\">1943-2011<\/td><td class=\"column-4\">a Semmelweis Egyetem Testnevel\u00e9si \u00e9s Sporttudom\u00e1nyi Kar\u00e1nak volt rektorhelyettese, a Magyar Atl\u00e9tikai Sz\u00f6vets\u00e9g (MASZ) tiszteletbeli eln\u00f6ke, az Eur\u00f3pai Atl\u00e9tikai Sz\u00f6vets\u00e9g \u00f6r\u00f6k\u00f6s tiszteletbeli tan\u00e1cstagja<\/td>\n<\/tr>\n<tr class=\"row-93\">\n\t<td class=\"column-1\"><a href=\"https:\/\/semmelweis.hu\/alumni\/files\/2020\/07\/Szab\u00f3-L\u00e1szl\u00f3.jpg\"><img loading=\"lazy\" decoding=\"async\" src=\"https:\/\/semmelweis.hu\/alumni\/files\/2020\/07\/Szab\u00f3-L\u00e1szl\u00f3.jpg\" alt=\"\" width=\"300\" height=\"300\" class=\"aligncenter size-full wp-image-2878\" \/><\/a><\/td><td class=\"column-2\"><a href=\"https:\/\/semmelweis.hu\/hirek\/2011\/08\/02\/prof-dr-szabo-laszlo-emlekere\/\">Szab\u00f3 L\u00e1szl\u00f3 Dr.<\/a><\/td><td class=\"column-3\">1931-2011<\/td><td class=\"column-4\">professor emeritus, a Semmelweis Egyetem Gy\u00f3gyszer\u00e9sztudom\u00e1nyi Kar Szerves Vegytani Int\u00e9zet kor\u00e1bbi igazgat\u00f3ja<\/td>\n<\/tr>\n<tr class=\"row-94\">\n\t<td class=\"column-1\"><\/td><td class=\"column-2\"><a href=\"https:\/\/semmelweis.hu\/hirek\/2011\/03\/01\/elhunyt-prof-dr-kalmanchey-rozalia\/\">K\u00e1lm\u00e1nchey Roz\u00e1lia Dr.<\/a><\/td><td class=\"column-3\">1946-2011<\/td><td class=\"column-4\">orvos, belgy\u00f3gy\u00e1sz, immunol\u00f3gus<\/td>\n<\/tr>\n<tr class=\"row-95\">\n\t<td class=\"column-1\"><a href=\"https:\/\/semmelweis.hu\/alumni\/files\/2020\/07\/Nyerges-Mih\u00e1ly.jpg\"><img loading=\"lazy\" decoding=\"async\" src=\"https:\/\/semmelweis.hu\/alumni\/files\/2020\/07\/Nyerges-Mih\u00e1ly.jpg\" alt=\"\" width=\"214\" height=\"300\" class=\"aligncenter size-full wp-image-2884\" \/><\/a><\/td><td class=\"column-2\"><a href=\"https:\/\/semmelweis.hu\/hirek\/2011\/01\/13\/dr-nyerges-mihaly-bucsuztatasa\/\">Nyerges Mih\u00e1ly Dr.<\/a><\/td><td class=\"column-3\">1946-2010<\/td><td class=\"column-4\">a TF kor\u00e1bbi d\u00e9k\u00e1nja, tansz\u00e9kvezet\u0151 egyetemi tan\u00e1r<\/td>\n<\/tr>\n<tr class=\"row-96\">\n\t<td class=\"column-1\"><\/td><td class=\"column-2\"><a href=\"https:\/\/semmelweis.hu\/hirek\/2010\/08\/26\/elhunyt-dr-mitsanyi-attila\/\">Mits\u00e1nyi Attila Dr.<\/a><\/td><td class=\"column-3\">1933-2010<\/td><td class=\"column-4\">a Magyar \u00c9lettani T\u00e1rsas\u00e1g eln\u00f6ks\u00e9gi, valamint vezet\u0151s\u00e9ge tagja, alap\u00edt\u00e1sa \u00f3ta a Magyar \u00c9lettani Alap\u00edtv\u00e1ny k\u00e9pvisel\u0151je \u00e9s kurat\u00f3riumi titk\u00e1ra<\/td>\n<\/tr>\n<tr class=\"row-97\">\n\t<td class=\"column-1\"><\/td><td class=\"column-2\"><a href=\"https:\/\/semmelweis.hu\/hirek\/2010\/06\/02\/elhunyt-feher-janos-professzor\/\">Feh\u00e9r J\u00e1nos Dr.<\/a><\/td><td class=\"column-3\">1932-2010<\/td><td class=\"column-4\">a Semmelweis Egyetem II. sz. Belgy\u00f3gy\u00e1szati Klinika volt igazgat\u00f3ja, professor emeritus, a Magyar Tudom\u00e1nyos Akad\u00e9mia doktora, az Orvosi Hetilap f\u0151szerkeszt\u0151je<\/td>\n<\/tr>\n<tr class=\"row-98\">\n\t<td class=\"column-1\"><\/td><td class=\"column-2\"><a href=\"https:\/\/semmelweis.hu\/hirek\/2010\/02\/18\/eletenek-76-eveben-elhunyt-frenkl-robert-2\/\">Frekl R\u00f3bert Dr.<\/a><\/td><td class=\"column-3\">1934-2010<\/td><td class=\"column-4\">orvos, sportvezet\u0151, egyetemi tan\u00e1r, az evang\u00e9likus egyh\u00e1z egyik vezet\u0151 szem\u00e9lyis\u00e9ge<\/td>\n<\/tr>\n<tr class=\"row-99\">\n\t<td class=\"column-1\"><\/td><td class=\"column-2\"><a href=\"https:\/\/semmelweis.hu\/hirek\/2010\/02\/12\/elhunyt-dr-toth-miklos\/\">T\u00f3th Mikl\u00f3s Dr.<\/a><\/td><td class=\"column-3\">1938-2010<\/td><td class=\"column-4\">a Magyar Endokrinol\u00f3giai \u00e9s Anyagcsere T\u00e1rsas\u00e1g eln\u00f6ks\u00e9gi tagja<\/td>\n<\/tr>\n<tr class=\"row-100\">\n\t<td class=\"column-1\"><\/td><td class=\"column-2\"><a href=\"https:\/\/semmelweis.hu\/hirek\/2010\/02\/11\/elhunyt-dr-sujbert-pal\/\">Sujbert P\u00e1l Dr.<\/a><\/td><td class=\"column-3\">1922-2010<\/td><td class=\"column-4\">az egyetem egykori f\u0151oszt\u00e1lyvezet\u0151je, az OSC volt eln\u00f6ks\u00e9gi tagja, eln\u00f6ke<\/td>\n<\/tr>\n<tr class=\"row-101\">\n\t<td class=\"column-1\"><\/td><td class=\"column-2\"><a href=\"https:\/\/semmelweis.hu\/hirek\/2009\/08\/03\/elhunyt-dr-regoly-merei-janos-egyetemi-tanar\/\">Reg\u00f6ly-M\u00e9rei J\u00e1nos Dr.<\/a><\/td><td class=\"column-3\">1949-2009<\/td><td class=\"column-4\">a Semmelweis Egyetem Klinikai Oktat\u00f3csoportj\u00e1nak (kor\u00e1bban III.sz. Seb\u00e9szeti Klinika) igazgat\u00f3ja  \u2013 egy\u00fattal a  F\u0151v\u00e1rosi \u00d6nkorm\u00e1nyzat \u00f6sszevont Szent Istv\u00e1n \u2013 Szent L\u00e1szl\u00f3 K\u00f3rh\u00e1z Seb\u00e9szeti Oszt\u00e1ly\u00e1nak vezet\u0151je<\/td>\n<\/tr>\n<\/tbody>\n<\/table>\n<!-- #tablepress-9 from cache -->\n","protected":false},"excerpt":{"rendered":"","protected":false},"author":101158,"featured_media":0,"parent":807,"menu_order":10,"comment_status":"closed","ping_status":"closed","template":"","meta":{"_acf_changed":false,"footnotes":""},"categories":[],"tags":[],"class_list":["post-2668","page","type-page","status-publish","hentry"],"acf":[],"publishpress_future_action":{"enabled":false,"date":"1970-01-01 01:00:00","action":"","terms":[],"taxonomy":"","browser_timezone_offset":0},"_links":{"self":[{"href":"https:\/\/semmelweis.hu\/alumni\/wp-json\/wp\/v2\/pages\/2668","targetHints":{"allow":["GET"]}}],"collection":[{"href":"https:\/\/semmelweis.hu\/alumni\/wp-json\/wp\/v2\/pages"}],"about":[{"href":"https:\/\/semmelweis.hu\/alumni\/wp-json\/wp\/v2\/types\/page"}],"author":[{"embeddable":true,"href":"https:\/\/semmelweis.hu\/alumni\/wp-json\/wp\/v2\/users\/101158"}],"replies":[{"embeddable":true,"href":"https:\/\/semmelweis.hu\/alumni\/wp-json\/wp\/v2\/comments?post=2668"}],"version-history":[{"count":2,"href":"https:\/\/semmelweis.hu\/alumni\/wp-json\/wp\/v2\/pages\/2668\/revisions"}],"predecessor-version":[{"id":2675,"href":"https:\/\/semmelweis.hu\/alumni\/wp-json\/wp\/v2\/pages\/2668\/revisions\/2675"}],"up":[{"embeddable":true,"href":"https:\/\/semmelweis.hu\/alumni\/wp-json\/wp\/v2\/pages\/807"}],"wp:attachment":[{"href":"https:\/\/semmelweis.hu\/alumni\/wp-json\/wp\/v2\/media?parent=2668"}],"wp:term":[{"taxonomy":"category","embeddable":true,"href":"https:\/\/semmelweis.hu\/alumni\/wp-json\/wp\/v2\/categories?post=2668"},{"taxonomy":"post_tag","embeddable":true,"href":"https:\/\/semmelweis.hu\/alumni\/wp-json\/wp\/v2\/tags?post=2668"}],"curies":[{"name":"wp","href":"https:\/\/api.w.org\/{rel}","templated":true}]}}