{"id":15009,"date":"2024-04-15T14:21:14","date_gmt":"2024-04-15T12:21:14","guid":{"rendered":"https:\/\/semmelweis.hu\/alumni\/?page_id=15009"},"modified":"2024-11-25T10:33:59","modified_gmt":"2024-11-25T09:33:59","slug":"v-orszagos-egeszsegugyi-karriernap-es-allasborze","status":"publish","type":"page","link":"https:\/\/semmelweis.hu\/alumni\/rendezvenyek\/v-orszagos-egeszsegugyi-karriernap-es-allasborze\/","title":{"rendered":"V. ORSZ\u00c1GOS EG\u00c9SZS\u00c9G\u00dcGYI KARRIERNAP \u00c9S \u00c1LL\u00c1SB\u00d6RZE &#8211; Ki\u00e1ll\u00edt\u00f3i regisztr\u00e1ci\u00f3"},"content":{"rendered":"<p><img loading=\"lazy\" decoding=\"async\" class=\"aligncenter size-large wp-image-15630\" src=\"https:\/\/semmelweis.hu\/alumni\/files\/2024\/04\/1200x628_weboldalra-100-1024x537.jpg\" alt=\"\" width=\"753\" height=\"395\" srcset=\"https:\/\/semmelweis.hu\/alumni\/files\/2024\/04\/1200x628_weboldalra-100-1024x537.jpg 1024w, https:\/\/semmelweis.hu\/alumni\/files\/2024\/04\/1200x628_weboldalra-100-400x210.jpg 400w, https:\/\/semmelweis.hu\/alumni\/files\/2024\/04\/1200x628_weboldalra-100-768x403.jpg 768w, https:\/\/semmelweis.hu\/alumni\/files\/2024\/04\/1200x628_weboldalra-100-753x395.jpg 753w, https:\/\/semmelweis.hu\/alumni\/files\/2024\/04\/1200x628_weboldalra-100.jpg 1200w\" sizes=\"auto, (max-width: 753px) 100vw, 753px\" \/><\/p>\n<p>&nbsp;<\/p>\n<p style=\"text-align: center\"><strong>Tisztelt \u00c9rdekl\u0151d\u0151!<\/strong><\/p>\n<p style=\"text-align: center\">A 2024-es <strong>Orsz\u00e1gos Eg\u00e9szs\u00e9g\u00fcgyi Karriernap \u00e9s \u00c1ll\u00e1sb\u00f6rze <\/strong>ki\u00e1ll\u00edt\u00f3i regisztr\u00e1ci\u00f3ja elindult.<\/p>\n<p style=\"text-align: center\">Amennyiben szeretne ki\u00e1ll\u00edt\u00f3k\u00e9nt r\u00e9szt venni, k\u00e9rj\u00fck, t\u00f6ltse ki az al\u00e1bbi \u0171rlapot, ezut\u00e1n koll\u00e9g\u00e1ink felveszik a kapcsolatot \u00d6n\u00f6kkel a tov\u00e1bbi egyeztet\u00e9sek \u00e9rdek\u00e9ben!<\/p>\n<p style=\"text-align: center\"><strong>A rendezv\u00e9ny id\u0151pontja:<\/strong> 2024. okt\u00f3ber 11. 9:00-17:00<br \/>\n<strong>A rendezv\u00e9ny helysz\u00edne:<\/strong> Semmelweis Egyetem Elm\u00e9leti Orvostudom\u00e1nyi K\u00f6zpont (1094 Budapest, T\u0171zolt\u00f3 utca 37-47.)<\/p>\n<p style=\"text-align: center\">B\u00e1rmilyen felmer\u00fcl\u0151 k\u00e9rd\u00e9s eset\u00e9n \u00edrjon a <strong>karriernap.alumni@semmelweis.hu<\/strong> e-mail c\u00edmre.<\/p>\n<p style=\"text-align: center\">Az el\u0151z\u0151 \u00e9vi esem\u00e9ny besz\u00e1mol\u00f3j\u00e1t <a href=\"https:\/\/semmelweis.hu\/alumni\/rendezvenyek\/iv-orszagos-egeszsegugyi-karriernap-es-allasborze-2\/\">ezen a fel\u00fcleten<\/a> tal\u00e1lja meg.<\/p>\n<p style=\"text-align: center\">K\u00e9rj\u00fck, hogy jelentkez\u00e9s\u00e9ben jel\u00f6lje meg a k\u00edv\u00e1nt stand sorsz\u00e1m\u00e1t (3 db-ot, priorit\u00e1si sorrendben)! A v\u00e1laszt\u00e1shoz az al\u00e1bbi ki\u00e1ll\u00edt\u00f3i t\u00e9rk\u00e9p ny\u00fajt seg\u00edts\u00e9get:<a href=\"https:\/\/semmelweis.hu\/alumni\/files\/2024\/08\/Kiallitoi_terkep_2024.jpg\"><img loading=\"lazy\" decoding=\"async\" class=\"aligncenter size-full wp-image-17695\" src=\"https:\/\/semmelweis.hu\/alumni\/files\/2024\/08\/Kiallitoi_terkep_2024.jpg\" alt=\"\" width=\"1904\" height=\"575\" srcset=\"https:\/\/semmelweis.hu\/alumni\/files\/2024\/08\/Kiallitoi_terkep_2024.jpg 1904w, https:\/\/semmelweis.hu\/alumni\/files\/2024\/08\/Kiallitoi_terkep_2024-400x121.jpg 400w, https:\/\/semmelweis.hu\/alumni\/files\/2024\/08\/Kiallitoi_terkep_2024-1024x309.jpg 1024w, https:\/\/semmelweis.hu\/alumni\/files\/2024\/08\/Kiallitoi_terkep_2024-768x232.jpg 768w, https:\/\/semmelweis.hu\/alumni\/files\/2024\/08\/Kiallitoi_terkep_2024-1536x464.jpg 1536w, https:\/\/semmelweis.hu\/alumni\/files\/2024\/08\/Kiallitoi_terkep_2024-753x227.jpg 753w\" sizes=\"auto, (max-width: 1904px) 100vw, 1904px\" \/><\/a><\/p>\n<p style=\"text-align: center\">\u00a0<\/p>\n<p style=\"text-align: center\">\n<div class=\"wpcf7 no-js\" id=\"wpcf7-f16605-o1\" lang=\"hu-HU\" dir=\"ltr\" data-wpcf7-id=\"16605\">\n<div class=\"screen-reader-response\"><p role=\"status\" aria-live=\"polite\" aria-atomic=\"true\"><\/p> <ul><\/ul><\/div>\n<form action=\"\/alumni\/wp-json\/wp\/v2\/pages\/15009#wpcf7-f16605-o1\" method=\"post\" class=\"wpcf7-form init\" aria-label=\"Kapcsolatfelv\u00e9teli \u0171rlap\" novalidate=\"novalidate\" data-status=\"init\">\n<div style=\"display: none;\">\n<input type=\"hidden\" name=\"_wpcf7\" value=\"16605\" \/>\n<input type=\"hidden\" name=\"_wpcf7_version\" value=\"6.0.5\" \/>\n<input type=\"hidden\" name=\"_wpcf7_locale\" value=\"hu_HU\" \/>\n<input type=\"hidden\" name=\"_wpcf7_unit_tag\" value=\"wpcf7-f16605-o1\" \/>\n<input type=\"hidden\" name=\"_wpcf7_container_post\" value=\"0\" \/>\n<input type=\"hidden\" name=\"_wpcf7_posted_data_hash\" value=\"\" \/>\n<input type=\"hidden\" name=\"_wpcf7_recaptcha_response\" value=\"\" \/>\n<\/div>\n<p><label> *Int\u00e9zm\u00e9ny \/ v\u00e1llalat pontos neve (k\u00f6telez\u0151)<br \/>\n<span class=\"wpcf7-form-control-wrap\" data-name=\"your-vallalat\"><input size=\"40\" maxlength=\"400\" class=\"wpcf7-form-control wpcf7-text wpcf7-validates-as-required\" autocomplete=\"name\" aria-required=\"true\" aria-invalid=\"false\" value=\"\" type=\"text\" name=\"your-vallalat\" \/><\/span> <\/label>\n<\/p>\n<p><label> *Kapcsolattart\u00f3 neve (k\u00f6telez\u0151)<br \/>\n<span class=\"wpcf7-form-control-wrap\" data-name=\"your-name\"><input size=\"40\" maxlength=\"400\" class=\"wpcf7-form-control wpcf7-text wpcf7-validates-as-required\" autocomplete=\"name\" aria-required=\"true\" aria-invalid=\"false\" value=\"\" type=\"text\" name=\"your-name\" \/><\/span> <\/label>\n<\/p>\n<p><label> *Kapcsolattart\u00f3 beoszt\u00e1sa (k\u00f6telez\u0151)<br \/>\n<span class=\"wpcf7-form-control-wrap\" data-name=\"your-beosztas\"><input size=\"40\" maxlength=\"400\" class=\"wpcf7-form-control wpcf7-text wpcf7-validates-as-required\" autocomplete=\"beosztas\" aria-required=\"true\" aria-invalid=\"false\" value=\"\" type=\"text\" name=\"your-beosztas\" \/><\/span> <\/label>\n<\/p>\n<p><label> *Kapcsolattart\u00f3 e-mail c\u00edme (k\u00f6telez\u0151)<br \/>\n<span class=\"wpcf7-form-control-wrap\" data-name=\"your-email\"><input size=\"40\" maxlength=\"400\" class=\"wpcf7-form-control wpcf7-email wpcf7-validates-as-required wpcf7-text wpcf7-validates-as-email\" autocomplete=\"email\" aria-required=\"true\" aria-invalid=\"false\" value=\"\" type=\"email\" name=\"your-email\" \/><\/span> <\/label>\n<\/p>\n<p><label> *Kapcsolattart\u00f3 telefonsz\u00e1ma (k\u00f6telez\u0151)<br \/>\n<span class=\"wpcf7-form-control-wrap\" data-name=\"tel-299\"><input size=\"40\" maxlength=\"400\" class=\"wpcf7-form-control wpcf7-tel wpcf7-text wpcf7-validates-as-tel\" aria-invalid=\"false\" value=\"\" type=\"tel\" name=\"tel-299\" \/><\/span> <\/label>\n<\/p>\n<p><label> *Stand sorsz\u00e1ma (1. sz\u00e1m\u00fa priorit\u00e1s) (k\u00f6telez\u0151)<br \/>\n<span class=\"wpcf7-form-control-wrap\" data-name=\"stand1\"><input class=\"wpcf7-form-control wpcf7-number wpcf7-validates-as-required wpcf7-validates-as-number\" min=\"1\" max=\"34\" aria-required=\"true\" aria-invalid=\"false\" value=\"\" type=\"number\" name=\"stand1\" \/><\/span> <\/label>\n<\/p>\n<p><label> *Stand sorsz\u00e1ma (2. sz\u00e1m\u00fa priorit\u00e1s) (k\u00f6telez\u0151)<br \/>\n<span class=\"wpcf7-form-control-wrap\" data-name=\"stand2\"><input class=\"wpcf7-form-control wpcf7-number wpcf7-validates-as-required wpcf7-validates-as-number\" min=\"1\" max=\"34\" aria-required=\"true\" aria-invalid=\"false\" value=\"\" type=\"number\" name=\"stand2\" \/><\/span> <\/label>\n<\/p>\n<p><label> *Stand sorsz\u00e1ma (3. sz\u00e1m\u00fa priorit\u00e1s) (k\u00f6telez\u0151)<br \/>\n<span class=\"wpcf7-form-control-wrap\" data-name=\"stand3\"><input class=\"wpcf7-form-control wpcf7-number wpcf7-validates-as-required wpcf7-validates-as-number\" min=\"1\" max=\"34\" aria-required=\"true\" aria-invalid=\"false\" value=\"\" type=\"number\" name=\"stand3\" \/><\/span> <\/label>\n<\/p>\n<p><label> \u00dczenet (pl. dupla standot ig\u00e9nyeln\u00e9nek) (nem k\u00f6telez\u0151)<br \/>\n<span class=\"wpcf7-form-control-wrap\" data-name=\"your-message\"><textarea cols=\"40\" rows=\"10\" maxlength=\"2000\" class=\"wpcf7-form-control wpcf7-textarea\" aria-invalid=\"false\" name=\"your-message\"><\/textarea><\/span> <\/label>\n<\/p>\n<p><input class=\"wpcf7-form-control wpcf7-submit has-spinner\" type=\"submit\" value=\"K\u00fcld\u00e9s\" \/>\n<\/p><div class=\"wpcf7-response-output\" aria-hidden=\"true\"><\/div>\n<\/form>\n<\/div>\n<\/p>\n","protected":false},"excerpt":{"rendered":"<p>&nbsp; Tisztelt \u00c9rdekl\u0151d\u0151! A 2024-es Orsz\u00e1gos Eg\u00e9szs\u00e9g\u00fcgyi Karriernap \u00e9s \u00c1ll\u00e1sb\u00f6rze ki\u00e1ll\u00edt\u00f3i regisztr\u00e1ci\u00f3ja elindult. Amennyiben szeretne ki\u00e1ll\u00edt\u00f3k\u00e9nt r\u00e9szt venni, k\u00e9rj\u00fck, t\u00f6ltse ki az al\u00e1bbi \u0171rlapot, ezut\u00e1n koll\u00e9g\u00e1ink felveszik a kapcsolatot \u00d6n\u00f6kkel a tov\u00e1bbi egyeztet\u00e9sek \u00e9rdek\u00e9ben! A rendezv\u00e9ny id\u0151pontja: 2024. okt\u00f3ber 11. 9:00-17:00 A rendezv\u00e9ny helysz\u00edne: Semmelweis Egyetem Elm\u00e9leti Orvostudom\u00e1nyi K\u00f6zpont (1094 Budapest, T\u0171zolt\u00f3 utca 37-47.) B\u00e1rmilyen &hellip;<\/p>\n","protected":false},"author":101627,"featured_media":0,"parent":1130,"menu_order":0,"comment_status":"closed","ping_status":"closed","template":"","meta":{"_acf_changed":false,"footnotes":""},"categories":[],"tags":[],"class_list":["post-15009","page","type-page","status-publish","hentry"],"acf":[],"publishpress_future_action":{"enabled":false,"date":"1970-01-01 01:00:00","action":"","terms":[],"taxonomy":"","browser_timezone_offset":0},"_links":{"self":[{"href":"https:\/\/semmelweis.hu\/alumni\/wp-json\/wp\/v2\/pages\/15009","targetHints":{"allow":["GET"]}}],"collection":[{"href":"https:\/\/semmelweis.hu\/alumni\/wp-json\/wp\/v2\/pages"}],"about":[{"href":"https:\/\/semmelweis.hu\/alumni\/wp-json\/wp\/v2\/types\/page"}],"author":[{"embeddable":true,"href":"https:\/\/semmelweis.hu\/alumni\/wp-json\/wp\/v2\/users\/101627"}],"replies":[{"embeddable":true,"href":"https:\/\/semmelweis.hu\/alumni\/wp-json\/wp\/v2\/comments?post=15009"}],"version-history":[{"count":10,"href":"https:\/\/semmelweis.hu\/alumni\/wp-json\/wp\/v2\/pages\/15009\/revisions"}],"predecessor-version":[{"id":19845,"href":"https:\/\/semmelweis.hu\/alumni\/wp-json\/wp\/v2\/pages\/15009\/revisions\/19845"}],"up":[{"embeddable":true,"href":"https:\/\/semmelweis.hu\/alumni\/wp-json\/wp\/v2\/pages\/1130"}],"wp:attachment":[{"href":"https:\/\/semmelweis.hu\/alumni\/wp-json\/wp\/v2\/media?parent=15009"}],"wp:term":[{"taxonomy":"category","embeddable":true,"href":"https:\/\/semmelweis.hu\/alumni\/wp-json\/wp\/v2\/categories?post=15009"},{"taxonomy":"post_tag","embeddable":true,"href":"https:\/\/semmelweis.hu\/alumni\/wp-json\/wp\/v2\/tags?post=15009"}],"curies":[{"name":"wp","href":"https:\/\/api.w.org\/{rel}","templated":true}]}}