{"id":10118,"date":"2023-10-25T14:18:25","date_gmt":"2023-10-25T12:18:25","guid":{"rendered":"https:\/\/semmelweis.hu\/alumni\/?page_id=10118"},"modified":"2026-04-24T12:09:17","modified_gmt":"2026-04-24T10:09:17","slug":"alumni-szalon","status":"publish","type":"page","link":"https:\/\/semmelweis.hu\/alumni\/rendezvenyek\/alumni-szalon\/","title":{"rendered":"ALUMNI Szalon"},"content":{"rendered":"<div><a href=\"https:\/\/semmelweis.hu\/alumni\/files\/2023\/10\/Weboldal_slider.png\"><img loading=\"lazy\" decoding=\"async\" class=\"aligncenter size-full wp-image-10122\" src=\"https:\/\/semmelweis.hu\/alumni\/files\/2023\/10\/Weboldal_slider.png\" alt=\"\" width=\"1280\" height=\"420\" srcset=\"https:\/\/semmelweis.hu\/alumni\/files\/2023\/10\/Weboldal_slider.png 1280w, https:\/\/semmelweis.hu\/alumni\/files\/2023\/10\/Weboldal_slider-400x131.png 400w, https:\/\/semmelweis.hu\/alumni\/files\/2023\/10\/Weboldal_slider-1024x336.png 1024w, https:\/\/semmelweis.hu\/alumni\/files\/2023\/10\/Weboldal_slider-768x252.png 768w, https:\/\/semmelweis.hu\/alumni\/files\/2023\/10\/Weboldal_slider-753x247.png 753w\" sizes=\"auto, (max-width: 1280px) 100vw, 1280px\" \/><\/a><\/div>\n<div style=\"text-align: center\">\u00a0<\/div>\n<h2 class=\"lead\" style=\"text-align: center\"><span style=\"font-size: 18pt\">Az Alumni Igazgat\u00f3s\u00e1g <strong><span style=\"color: #800000\">ALUMNI Szalon<\/span><\/strong> rendezv\u00e9nysorozata az eg\u00e9szs\u00e9g\u00fcgyet \u00e9rint\u0151, \u00e9rdekes \u00e9s naprak\u00e9sz t\u00e9m\u00e1kat j\u00e1r k\u00f6r\u00fcl.<\/span><span style=\"font-size: 18pt\"><br \/>\nAz esem\u00e9ny minden h\u00f3napban megrendez\u00e9sre <\/span><span style=\"font-size: 18pt\">ker\u00fcl <\/span><span style=\"font-size: 18pt\"><span style=\"font-size: 14pt\"><span style=\"font-size: 10pt\"><em>(a v\u00e1ltoz\u00e1s jog\u00e1t fenntartjuk)<\/em><\/span>. <\/span><\/span><span style=\"font-size: 18pt\">R\u00e9sztvev\u0151inket catering szolg\u00e1ltat\u00e1ssal v\u00e1rjuk, friss pog\u00e1cs\u00e1val, \u00fcd\u00edt\u0151vel \u00e9s k\u00e1v\u00e9val!<\/span><\/h2>\n<p>&nbsp;<\/p>\n<h6>\u00a0<\/h6>\n<div class=\"responsive-tabs\">\n<h2 class=\"tabtitle\"><strong>Ember a vil\u00e1g\u0171rben:<em> Az \u0171rorvosl\u00e1s vil\u00e1ga<\/em> <\/strong>(2026.05.15.)<\/h2>\n<div class=\"tabcontent\">\n\n<h6><strong>Ember a vil\u00e1g\u0171rben: Az \u0171rorvosl\u00e1s vil\u00e1ga<\/strong><\/h6>\n<h6>A m\u00e1jusi Alumni Szalon vend\u00e9ge <strong>Dr. Nagy Klaudia Vivien<\/strong>, kardiol\u00f3gus szakorvos, valamint<strong> Magyarorsz\u00e1g els\u0151, az Eur\u00f3pai \u0170r\u00fcgyn\u00f6ks\u00e9g (ESA) \u00e1ltal min\u0151s\u00edtett \u0171rorvosa.<\/strong> Akt\u00edv szerepet v\u00e1llal a HUNOR Magyar \u0170rhaj\u00f3s Programban, amelynek keret\u00e9ben az <em>\u0171rhaj\u00f3sok eg\u00e9szs\u00e9g\u00fcgyi alkalmass\u00e1g\u00e1val, felk\u00e9sz\u00edt\u00e9s\u00e9vel \u00e9s az \u0171rutaz\u00e1s emberi szervezetre gyakorolt hat\u00e1saival<\/em> is foglalkozik.<\/h6>\n<h6>A besz\u00e9lget\u00e9s t\u00f6bb izgalmas \u00e9s aktu\u00e1lis k\u00e9rd\u00e9st is \u00e9rinteni fog, t\u00f6bbek k\u00f6z\u00f6tt:<\/h6>\n<ul>\n<li>\n<h6>\u0170rhaj\u00f3sok kiv\u00e1laszt\u00e1sa \u00e9s eg\u00e9szs\u00e9g\u00fcgyi protokollok<\/h6>\n<\/li>\n<li>\n<h6>Milyen vizsg\u00e1latok \u00e9s tesztek alapj\u00e1n v\u00e1lasztanak \u0171rhaj\u00f3sokat?<\/h6>\n<\/li>\n<li>\n<h6>\u0170rorvosi technol\u00f3gi\u00e1k<\/h6>\n<\/li>\n<li>\n<h6>Klinikai kutat\u00e1sok \u00e9s \u00faj felfedez\u00e9sek<\/h6>\n<\/li>\n<\/ul>\n<h6>A besz\u00e9lget\u00e9s<strong> interakt\u00edv lesz,<\/strong> akiben k\u00e9rd\u00e9s mer\u00fclne fel, ne habozzon feltenni!<\/h6>\n<div class=\"fontos_div\">\n<h6><strong>Id\u0151pont:<\/strong> 2026. m\u00e1jus 15. (p\u00e9ntek) 17:00-18:30<\/h6>\n<h6><strong>Helysz\u00edn:<\/strong> Elm\u00e9leti Orvostudom\u00e1nyi K\u00f6zpont, <strong>Hevesy Gy\u00f6rgy el\u0151ad\u00f3terem <\/strong><\/h6>\n<h6>(c\u00edm: Budapest, T\u0171zolt\u00f3 u. 37-47, 1094)<\/h6>\n<\/div>\n<h6><u>Regisztr\u00e1ci\u00f3 az el\u0151ad\u00e1sra:<\/u><\/h6>\n<h6><em>Az el\u0151ad\u00e1sra lehet\u0151s\u00e9g van k\u00eds\u00e9r\u0151vel \u00e9rkezni. Amennyiben k\u00eds\u00e9r\u0151vel szeretne r\u00e9szt venni a rendezv\u00e9nyen, k\u00e9rj\u00fck, regisztr\u00e1ci\u00f3ja sor\u00e1n jelezze fel\u00e9nk.<\/em><\/h6>\n<h6><strong>REGISZTR\u00c1CI\u00d3<\/strong><\/h6>\n<h6>\n<div class=\"wpcf7 no-js\" id=\"wpcf7-f41408-o1\" lang=\"hu-HU\" dir=\"ltr\" data-wpcf7-id=\"41408\">\n<div class=\"screen-reader-response\"><p role=\"status\" aria-live=\"polite\" aria-atomic=\"true\"><\/p> <ul><\/ul><\/div>\n<form action=\"\/alumni\/wp-json\/wp\/v2\/pages\/10118#wpcf7-f41408-o1\" method=\"post\" class=\"wpcf7-form init\" aria-label=\"Kapcsolatfelv\u00e9teli \u0171rlap\" novalidate=\"novalidate\" data-status=\"init\">\n<div style=\"display: none;\">\n<input type=\"hidden\" name=\"_wpcf7\" value=\"41408\" \/>\n<input type=\"hidden\" name=\"_wpcf7_version\" value=\"6.0.5\" \/>\n<input type=\"hidden\" name=\"_wpcf7_locale\" value=\"hu_HU\" \/>\n<input type=\"hidden\" name=\"_wpcf7_unit_tag\" value=\"wpcf7-f41408-o1\" \/>\n<input type=\"hidden\" name=\"_wpcf7_container_post\" value=\"0\" \/>\n<input type=\"hidden\" name=\"_wpcf7_posted_data_hash\" value=\"\" \/>\n<input type=\"hidden\" name=\"_wpcf7_recaptcha_response\" value=\"\" \/>\n<\/div>\n<p><label>N\u00e9v* (k\u00f6telez\u0151)<br \/>\n<span class=\"wpcf7-form-control-wrap\" data-name=\"your-name\"><input size=\"40\" maxlength=\"400\" class=\"wpcf7-form-control wpcf7-text wpcf7-validates-as-required\" autocomplete=\"name\" aria-required=\"true\" aria-invalid=\"false\" value=\"\" type=\"text\" name=\"your-name\" \/><\/span><br \/>\n<\/label>\n<\/p>\n<p><label>E-mail c\u00edm* (k\u00f6telez\u0151)<br \/>\n<span class=\"wpcf7-form-control-wrap\" data-name=\"your-email\"><input size=\"40\" maxlength=\"400\" class=\"wpcf7-form-control wpcf7-email wpcf7-validates-as-required wpcf7-text wpcf7-validates-as-email\" autocomplete=\"email\" aria-required=\"true\" aria-invalid=\"false\" value=\"\" type=\"email\" name=\"your-email\" \/><\/span><br \/>\n<\/label>\n<\/p>\n<p><label>Telefonsz\u00e1m (301234567 form\u00e1tumban)* (k\u00f6telez\u0151)<br \/>\n<span class=\"wpcf7-form-control-wrap\" data-name=\"tel-56\"><input size=\"40\" maxlength=\"400\" class=\"wpcf7-form-control wpcf7-tel wpcf7-validates-as-required wpcf7-text wpcf7-validates-as-tel\" aria-required=\"true\" aria-invalid=\"false\" value=\"\" type=\"tel\" name=\"tel-56\" \/><\/span><br \/>\n<\/label>\n<\/p>\n<p><label>K\u00eds\u00e9r\u0151 neve<br \/>\n<span class=\"wpcf7-form-control-wrap\" data-name=\"text-743\"><input size=\"40\" maxlength=\"400\" class=\"wpcf7-form-control wpcf7-text\" aria-invalid=\"false\" value=\"\" type=\"text\" name=\"text-743\" \/><\/span><br \/>\n<\/label>\n<\/p>\n<p><label><br \/>\n<strong>Adatv\u00e9delmi nyilatkozat:<\/strong><br \/>\nAz al\u00e1bbi hozz\u00e1j\u00e1rul\u00e1s b\u00e1rmikor h\u00e1tr\u00e1nyos k\u00f6vetkezm\u00e9ny n\u00e9lk\u00fcl visszavonhat\u00f3, ugyanakkor a hozz\u00e1j\u00e1rul\u00e1s visszavon\u00e1sa nem \u00e9rinti a visszavon\u00e1st megel\u0151z\u0151 adatkezel\u00e9s jogszer\u0171s\u00e9g\u00e9t. Az al\u00e1bbi nyilatkozat kit\u00f6lt\u00e9se felhatalmaz\u00e1st ad a Semmelweis Egyetem Alumni Igazgat\u00f3s\u00e1ga r\u00e9sz\u00e9re a k\u00f6z\u00f6lt adatok helyess\u00e9g\u00e9nek ellen\u0151rz\u00e9s\u00e9re. Az Alumni Igazgat\u00f3s\u00e1g adatkezel\u00e9si t\u00e1j\u00e9koztat\u00f3ja <a href=\"https:\/\/semmelweis.hu\/alumni\/alumni-halozat\/adatvedelem\/\" target=\"_blank\">ide kattintva olvashat\u00f3 el<\/a>.<br \/>\n<\/label><br \/>\n<span class=\"wpcf7-form-control-wrap\" data-name=\"adatvedelmi-nyilatkozat\"><span class=\"wpcf7-form-control wpcf7-acceptance\"><span class=\"wpcf7-list-item\"><label><input type=\"checkbox\" name=\"adatvedelmi-nyilatkozat\" value=\"1\" aria-invalid=\"false\" \/><span class=\"wpcf7-list-item-label\">Ez\u00faton kijelentem, \u00e9s a k\u00fcld\u00e9s gomb megnyom\u00e1s\u00e1val elfogadom, hogy elolvastam \u00e9s meg\u00e9rtettem az adatkezel\u00e9si t\u00e1j\u00e9koztat\u00f3t, \u00e9s az abban foglalt jogaim ismeret\u00e9ben hozz\u00e1j\u00e1rulok ahhoz, hogy a Semmelweis Egyetem Alumni Igazgat\u00f3s\u00e1ga (sz\u00e9khely: 1085 Budapest, \u00dcll\u0151i \u00fat 26.; ad\u00f3sz\u00e1ma: 19308674-2-44) szem\u00e9lyes adataimat az adatkezel\u00e9si t\u00e1j\u00e9koztat\u00f3ban foglaltak szerint kezelje. Egy\u00fattal kijelentem, hogy hozz\u00e1j\u00e1rul\u00e1som \u00f6nk\u00e9ntes \u00e9s megfelel\u0151 t\u00e1j\u00e9koztat\u00e1son alapul.<\/span><\/label><\/span><\/span><\/span>\n<\/p>\n<p><label><br \/>\n<strong>Hozz\u00e1j\u00e1rulok ahhoz, hogy r\u00f3lam a rendezv\u00e9nyen f\u00e9nyk\u00e9p- \u00e9s vide\u00f3felv\u00e9tel k\u00e9sz\u00fclj\u00f6n, \u00e9s azokat a Semmelweis Egyetem a rendezv\u00e9ny dokument\u00e1l\u00e1sa \u00e9s az alumni tev\u00e9kenys\u00e9g n\u00e9pszer\u0171s\u00edt\u00e9se c\u00e9lj\u00e1b\u00f3l honlapj\u00e1n, k\u00f6z\u00f6ss\u00e9gi m\u00e9dia fel\u00fcletein \u00e9s kiadv\u00e1nyaiban felhaszn\u00e1lja.<\/strong><br \/>\nTudom\u00e1sul veszem, hogy hozz\u00e1j\u00e1rul\u00e1somat b\u00e1rmikor, indokol\u00e1s n\u00e9lk\u00fcl visszavonhatom. A r\u00e9szletes adatkezel\u00e9si t\u00e1j\u00e9koztat\u00f3 itt \u00e9rhet\u0151 el: <a href=\"https:\/\/semmelweis.hu\/alumni\/alumni-halozat\/adatvedelem\/\" target=\"_blank\">ide kattintva olvashat\u00f3 el<\/a>.<br \/>\n<\/label><br \/>\n<span class=\"wpcf7-form-control-wrap\" data-name=\"foto-video-hozzajarulas\"><span class=\"wpcf7-form-control wpcf7-acceptance optional\"><span class=\"wpcf7-list-item\"><label><input type=\"checkbox\" name=\"foto-video-hozzajarulas\" value=\"1\" aria-invalid=\"false\" \/><span class=\"wpcf7-list-item-label\">Ez\u00faton kijelentem, \u00e9s a k\u00fcld\u00e9s gomb megnyom\u00e1s\u00e1val elfogadom, hogy elolvastam \u00e9s meg\u00e9rtettem az adatkezel\u00e9si t\u00e1j\u00e9koztat\u00f3t, \u00e9s az abban foglalt jogaim ismeret\u00e9ben hozz\u00e1j\u00e1rulok ahhoz, hogy a Semmelweis Egyetem Alumni Igazgat\u00f3s\u00e1ga esem\u00e9ny\u00e9n r\u00f3lam f\u00e9nyk\u00e9p- \u00e9s vide\u00f3felv\u00e9tel k\u00e9sz\u00fclj\u00f6n, \u00e9s azokat a Semmelweis Egyetem a rendezv\u00e9ny dokument\u00e1l\u00e1sa \u00e9s az alumni tev\u00e9kenys\u00e9g n\u00e9pszer\u0171s\u00edt\u00e9se c\u00e9lj\u00e1b\u00f3l honlapj\u00e1n, k\u00f6z\u00f6ss\u00e9gi m\u00e9dia fel\u00fcletein \u00e9s kiadv\u00e1nyaiban felhaszn\u00e1lja. Egy\u00fattal kijelentem, hogy hozz\u00e1j\u00e1rul\u00e1som \u00f6nk\u00e9ntes \u00e9s megfelel\u0151 t\u00e1j\u00e9koztat\u00e1son alapul.<\/span><\/label><\/span><\/span><\/span>\n<\/p>\n<p><input class=\"wpcf7-form-control wpcf7-submit has-spinner\" type=\"submit\" value=\"Bek\u00fcld\u00e9s\" \/>\n<\/p><div class=\"wpcf7-response-output\" aria-hidden=\"true\"><\/div>\n<\/form>\n<\/div>\n<\/h6>\n<h6><strong><u>Szeretn\u00e9nk meger\u0151s\u00edteni, hogy csak a regisztr\u00e1lt \u00e9s a sikeres regisztr\u00e1ci\u00f3r\u00f3l ki\u00e9rtes\u00edtett vend\u00e9gek r\u00e9szv\u00e9tel\u00e9t tudjuk biztos\u00edtani a rendezv\u00e9nyen.<\/u><\/strong><\/h6>\n<h6><u>Szeretn\u00e9nk felh\u00edvni a figyelm\u00fcket, hogy az esem\u00e9ny nem sajt\u00f3nyilv\u00e1nos!<\/u><\/h6>\n<h6>Szeretn\u00e9nk felh\u00edvni Vend\u00e9geink figyelm\u00e9t, hogy a jelentkez\u00e9s regisztr\u00e1ci\u00f3s sorrendben t\u00f6rt\u00e9nik.\u00a0 A f\u00e9r\u0151helyek felt\u00f6lt\u00e9s\u00e9t k\u00f6vet\u0151en a regisztr\u00e1ci\u00f3t lez\u00e1rjuk \u00e9s v\u00e1r\u00f3list\u00e1t vezet\u00fcnk. Lemond\u00e1s eset\u00e9n a f\u00e9r\u0151helyek a v\u00e1r\u00f3list\u00e1r\u00f3l ker\u00fclnek felt\u00f6lt\u00e9sre.<\/h6>\n<h6>A rendezv\u00e9nyen regisztr\u00e1ci\u00f3s ellen\u0151rz\u00e9s t\u00f6rt\u00e9nik, aki nem szerepel a jelenl\u00e9ti \u00edven, azaz nem v\u00e9gezte el itt a regisztr\u00e1ci\u00f3t, annak r\u00e9szv\u00e9tele nem biztos\u00edtott a rendezv\u00e9nyen.<\/h6>\n<h6>A sikeres regisztr\u00e1ci\u00f3r\u00f3l e-mailben k\u00fcld\u00fcnk visszaigazol\u00e1st, ez biztos\u00edtja azt, hogy sikeres volt a regisztr\u00e1ci\u00f3!\u00a0<u>Amennyiben nem kapott ilyet\u00a0<\/u><em>(kb. 10 perc eltelt\u00e9vel sem)<\/em><u>\u00a0\u00e9rdemes \u00fajra pr\u00f3b\u00e1lni.<\/u><\/h6>\n<h6><u>Szeretn\u00e9nk meger\u0151s\u00edteni, hogy csak a regisztr\u00e1lt \u00e9s a sikeres regisztr\u00e1ci\u00f3r\u00f3l ki\u00e9rtes\u00edtett vend\u00e9gek r\u00e9szv\u00e9tel\u00e9t tudjuk biztos\u00edtani a rendezv\u00e9nyen.<\/u><\/h6>\n<h6><em>Felmer\u00fcl\u0151 k\u00e9rd\u00e9s eset\u00e9n az\u00a0<\/em><a href=\"https:\/\/semmelweis.hu\/alumni\/rendezvenyek\/alumni-szalon\/alumniszalon@semmelweis.hu\"><em>alumniszalon@semmelweis.hu<\/em><\/a><em>\u00a0email c\u00edmen forduljon hozz\u00e1nk bizalommal!<\/em><\/h6>\n<h6>Sok szeretettel v\u00e1rjuk az esem\u00e9nyre!<\/h6>\n\n<\/div><h2 class=\"tabtitle\"> Digit\u00e1lis eg\u00e9szs\u00e9g\u00fcgy a mindennapi orvosl\u00e1sban (2026.04.23.)<\/h2>\n<div class=\"tabcontent\">\n\n<h6><strong>\u201eDigit\u00e1lis eg\u00e9szs\u00e9g\u00fcgy a mindennapi orvosl\u00e1sban\u201d<\/strong><\/h6>\n<h6>A soron k\u00f6vetkez\u0151 Alumni Szalon vend\u00e9ge <a href=\"https:\/\/semmelweis.hu\/magtud\/intezet\/munkatarsak\/dr-gyorffy-zsuzsa\/\"><strong>Dr. Gy\u0151rffy Zsuzsa<\/strong><\/a> egyetemi docens, a Digit\u00e1lis Eg\u00e9szs\u00e9g\u00fcgyi Megold\u00e1sok az Orvosl\u00e1sban <a href=\"https:\/\/semmelweis.hu\/digitalhealth\/\">(D.E.M.O.)<\/a> projekt vezet\u0151je.<\/h6>\n<h6>A besz\u00e9lget\u00e9s t\u00f6bb izgalmas \u00e9s aktu\u00e1lis k\u00e9rd\u00e9st is \u00e9rinteni fog, t\u00f6bbek k\u00f6z\u00f6tt:<\/h6>\n<ul>\n<li>\n<h6>Mit jelent ma a digit\u00e1lis eg\u00e9szs\u00e9g\u00fcgy az orvosok sz\u00e1m\u00e1ra?<\/h6>\n<\/li>\n<li>\n<h6>Hol tart Magyarorsz\u00e1g a nemzetk\u00f6zi trendekhez k\u00e9pest?<\/h6>\n<\/li>\n<li>\n<h6>Miben seg\u00edt (\u00e9s miben nem) a digitaliz\u00e1ci\u00f3 a betegell\u00e1t\u00e1sban?<\/h6>\n<\/li>\n<\/ul>\n<h6>A besz\u00e9lget\u00e9s interakt\u00edv lesz, akiben k\u00e9rd\u00e9s mer\u00fclne fel, ne habozzon feltenni!<\/h6>\n<div class=\"fontos_div\">\n<h6>Id\u0151pont: <strong>2026. \u00e1prilis 23. (cs\u00fct\u00f6rt\u00f6k) 17:00-18:30<\/strong><\/h6>\n<h6>Helysz\u00edn: <strong>Semmelweis Szalon<\/strong> (c\u00edm: Budapest, \u00dcll\u0151i \u00fat 26, 1085)<\/h6>\n<\/div>\n<h6><u>Regisztr\u00e1ci\u00f3 az el\u0151ad\u00e1sra:<\/u><\/h6>\n<h6><em>Az el\u0151ad\u00e1sra lehet\u0151s\u00e9g van k\u00eds\u00e9r\u0151vel \u00e9rkezni. Amennyiben k\u00eds\u00e9r\u0151vel szeretne r\u00e9szt venni a rendezv\u00e9nyen, k\u00e9rj\u00fck, regisztr\u00e1ci\u00f3ja sor\u00e1n jelezze fel\u00e9nk.<\/em><\/h6>\n<h6><strong>REGISZTR\u00c1CI\u00d3<\/strong><\/h6>\n<h6>\n<div class=\"wpcf7 no-js\" id=\"wpcf7-f39615-o2\" lang=\"hu-HU\" dir=\"ltr\" data-wpcf7-id=\"39615\">\n<div class=\"screen-reader-response\"><p role=\"status\" aria-live=\"polite\" aria-atomic=\"true\"><\/p> <ul><\/ul><\/div>\n<form action=\"\/alumni\/wp-json\/wp\/v2\/pages\/10118#wpcf7-f39615-o2\" method=\"post\" class=\"wpcf7-form init\" aria-label=\"Kapcsolatfelv\u00e9teli \u0171rlap\" novalidate=\"novalidate\" data-status=\"init\">\n<div style=\"display: none;\">\n<input type=\"hidden\" name=\"_wpcf7\" value=\"39615\" \/>\n<input type=\"hidden\" name=\"_wpcf7_version\" value=\"6.0.5\" \/>\n<input type=\"hidden\" name=\"_wpcf7_locale\" value=\"hu_HU\" \/>\n<input type=\"hidden\" name=\"_wpcf7_unit_tag\" value=\"wpcf7-f39615-o2\" \/>\n<input type=\"hidden\" name=\"_wpcf7_container_post\" value=\"0\" \/>\n<input type=\"hidden\" name=\"_wpcf7_posted_data_hash\" value=\"\" \/>\n<input type=\"hidden\" name=\"_wpcf7_recaptcha_response\" value=\"\" \/>\n<\/div>\n<p><label> N\u00e9v* (k\u00f6telez\u0151)<br \/>\n<span class=\"wpcf7-form-control-wrap\" data-name=\"your-name\"><input size=\"40\" maxlength=\"400\" class=\"wpcf7-form-control wpcf7-text wpcf7-validates-as-required\" autocomplete=\"name\" aria-required=\"true\" aria-invalid=\"false\" value=\"\" type=\"text\" name=\"your-name\" \/><\/span> <\/label>\n<\/p>\n<p><label> E-mail c\u00edm* (k\u00f6telez\u0151)<br \/>\n<span class=\"wpcf7-form-control-wrap\" data-name=\"your-email\"><input size=\"40\" maxlength=\"400\" class=\"wpcf7-form-control wpcf7-email wpcf7-validates-as-required wpcf7-text wpcf7-validates-as-email\" autocomplete=\"email\" aria-required=\"true\" aria-invalid=\"false\" value=\"\" type=\"email\" name=\"your-email\" \/><\/span> <\/label>\n<\/p>\n<p><label> Telefonsz\u00e1m* (k\u00f6telez\u0151)<br \/>\n<span class=\"wpcf7-form-control-wrap\" data-name=\"tel-56\"><input size=\"40\" maxlength=\"400\" class=\"wpcf7-form-control wpcf7-tel wpcf7-text wpcf7-validates-as-tel\" aria-invalid=\"false\" value=\"\" type=\"tel\" name=\"tel-56\" \/><\/span> <\/label>\n<\/p>\n<p><label> K\u00eds\u00e9r\u0151 neve<br \/>\n<span class=\"wpcf7-form-control-wrap\" data-name=\"text-743\"><input size=\"40\" maxlength=\"400\" class=\"wpcf7-form-control wpcf7-text\" aria-invalid=\"false\" value=\"\" type=\"text\" name=\"text-743\" \/><\/span> <\/label>\n<\/p>\n<p><label><strong>Adatv\u00e9delmi nyilatkozat: Az al\u00e1bbi hozz\u00e1j\u00e1rul\u00e1s b\u00e1rmikor h\u00e1tr\u00e1nyos k\u00f6vetkezm\u00e9ny n\u00e9lk\u00fcl visszavonhat\u00f3, ugyanakkor a hozz\u00e1j\u00e1rul\u00e1s visszavon\u00e1sa nem \u00e9rinti a visszavon\u00e1st megel\u0151z\u0151 adatkezel\u00e9s jogszer\u0171s\u00e9g\u00e9t. Az al\u00e1bbi nyilatkozat kit\u00f6lt\u00e9se felhatalmaz\u00e1st ad a Semmelweis Egyetem Alumni Igazgat\u00f3s\u00e1ga r\u00e9sz\u00e9re a k\u00f6z\u00f6lt adatok helyess\u00e9g\u00e9nek ellen\u0151rz\u00e9s\u00e9re. Az Alumni Igazgat\u00f3s\u00e1g adatkezel\u00e9si t\u00e1j\u00e9koztat\u00f3ja <a href=\"https:\/\/semmelweis.hu\/alumni\/alumni-halozat\/adatvedelem\/\" target=\"_blank\">ide kattintva olvashat\u00f3 el<\/a>. <\/strong><br \/>\n<span class=\"wpcf7-form-control-wrap\" data-name=\"hirlevel-en\"><span class=\"wpcf7-form-control wpcf7-radio\"><span class=\"wpcf7-list-item first last\"><label><input type=\"radio\" name=\"hirlevel-en\" value=\"Ez\u00faton kijelentem, \u00e9s k\u00fcld\u00e9s gomb megnyom\u00e1s\u00e1val elfogadom, hogy elolvastam \u00e9s meg\u00e9rtettem az adatkezel\u00e9si t\u00e1j\u00e9koztat\u00f3t \u00e9s az abban foglalt jogaim ismeret\u00e9ben hozz\u00e1j\u00e1rulok ahhoz, hogy a Semmelweis Egyetem Alumni Igazgat\u00f3s\u00e1ga (sz\u00e9khely: 1085 Budapest \u00dcll\u0151i \u00fat 26..; ad\u00f3sz\u00e1ma: 19308674-2-44) szem\u00e9lyes adataimat az adatkezel\u00e9si t\u00e1j\u00e9koztat\u00f3ban foglaltak szerint kezelje. Egy\u00fattal kijelentem, hogy hozz\u00e1j\u00e1rul\u00e1som \u00f6nk\u00e9ntes \u00e9s megfelel\u0151 t\u00e1j\u00e9koztat\u00e1son alapul.\" \/><span class=\"wpcf7-list-item-label\">Ez\u00faton kijelentem, \u00e9s k\u00fcld\u00e9s gomb megnyom\u00e1s\u00e1val elfogadom, hogy elolvastam \u00e9s meg\u00e9rtettem az adatkezel\u00e9si t\u00e1j\u00e9koztat\u00f3t \u00e9s az abban foglalt jogaim ismeret\u00e9ben hozz\u00e1j\u00e1rulok ahhoz, hogy a Semmelweis Egyetem Alumni Igazgat\u00f3s\u00e1ga (sz\u00e9khely: 1085 Budapest \u00dcll\u0151i \u00fat 26..; ad\u00f3sz\u00e1ma: 19308674-2-44) szem\u00e9lyes adataimat az adatkezel\u00e9si t\u00e1j\u00e9koztat\u00f3ban foglaltak szerint kezelje. Egy\u00fattal kijelentem, hogy hozz\u00e1j\u00e1rul\u00e1som \u00f6nk\u00e9ntes \u00e9s megfelel\u0151 t\u00e1j\u00e9koztat\u00e1son alapul.<\/span><\/label><\/span><\/span><\/span><\/label>\n<\/p>\n<p><input class=\"wpcf7-form-control wpcf7-submit has-spinner\" type=\"submit\" value=\"Bek\u00fcld\u00e9s\" \/>\n<\/p><div class=\"wpcf7-response-output\" aria-hidden=\"true\"><\/div>\n<\/form>\n<\/div>\n<\/h6>\n<h6><u>Szeretn\u00e9nk meger\u0151s\u00edteni, hogy csak a regisztr\u00e1lt \u00e9s a sikeres regisztr\u00e1ci\u00f3r\u00f3l ki\u00e9rtes\u00edtett vend\u00e9gek r\u00e9szv\u00e9tel\u00e9t tudjuk biztos\u00edtani a rendezv\u00e9nyen.<\/u><\/h6>\n<h6><strong><u>Szeretn\u00e9nk felh\u00edvni a figyelm\u00fcket, hogy az esem\u00e9ny nem sajt\u00f3nyilv\u00e1nos!<\/u><\/strong><\/h6>\n<h6>Szeretn\u00e9nk felh\u00edvni Vend\u00e9geink figyelm\u00e9t, hogy a jelentkez\u00e9s regisztr\u00e1ci\u00f3s sorrendben t\u00f6rt\u00e9nik.\u00a0 A f\u00e9r\u0151helyek felt\u00f6lt\u00e9s\u00e9t k\u00f6vet\u0151en a regisztr\u00e1ci\u00f3t lez\u00e1rjuk \u00e9s v\u00e1r\u00f3list\u00e1t vezet\u00fcnk. Lemond\u00e1s eset\u00e9n a f\u00e9r\u0151helyek a v\u00e1r\u00f3list\u00e1r\u00f3l ker\u00fclnek felt\u00f6lt\u00e9sre.<\/h6>\n<h6>A rendezv\u00e9nyen regisztr\u00e1ci\u00f3s ellen\u0151rz\u00e9s t\u00f6rt\u00e9nik, aki nem szerepel a jelenl\u00e9ti \u00edven, azaz nem v\u00e9gezte el itt a regisztr\u00e1ci\u00f3t, annak r\u00e9szv\u00e9tele nem biztos\u00edtott a rendezv\u00e9nyen.<\/h6>\n<h6>A sikeres regisztr\u00e1ci\u00f3r\u00f3l e-mailben k\u00fcld\u00fcnk visszaigazol\u00e1st, ez biztos\u00edtja azt, hogy sikeres volt a regisztr\u00e1ci\u00f3!\u00a0<u>Amennyiben nem kapott ilyet\u00a0<\/u><em>(kb. 10 perc eltelt\u00e9vel sem)<\/em><u>\u00a0\u00e9rdemes \u00fajra pr\u00f3b\u00e1lni.<\/u><\/h6>\n<h6><strong><u>Szeretn\u00e9nk meger\u0151s\u00edteni, hogy csak a regisztr\u00e1lt \u00e9s a sikeres regisztr\u00e1ci\u00f3r\u00f3l ki\u00e9rtes\u00edtett vend\u00e9gek r\u00e9szv\u00e9tel\u00e9t tudjuk biztos\u00edtani a rendezv\u00e9nyen.<\/u><\/strong><\/h6>\n<h6><em>Felmer\u00fcl\u0151 k\u00e9rd\u00e9s eset\u00e9n az\u00a0<\/em><a href=\"https:\/\/semmelweis.hu\/alumni\/rendezvenyek\/alumni-szalon\/alumniszalon@semmelweis.hu\"><em>alumniszalon@semmelweis.hu<\/em><\/a><em>\u00a0email c\u00edmen forduljon hozz\u00e1nk bizalommal!<\/em><\/h6>\n<h6>Sok szeretettel v\u00e1rjuk az esem\u00e9nyre!<\/h6>\n\n<\/div><h2 class=\"tabtitle\">T\u00e1pl\u00e1lkoz\u00e1s \u00e9s \u00e9letm\u00f3d a k\u00e9k z\u00f3n\u00e1kban \u2013<em> mit igazol a tudom\u00e1ny?<\/em>(2026.03.30.)<\/h2>\n<div class=\"tabcontent\">\n\n<h6><strong>\u201eT\u00e1pl\u00e1lkoz\u00e1s \u00e9s \u00e9letm\u00f3d a k\u00e9k z\u00f3n\u00e1kban \u2013<em> mit igazol a tudom\u00e1ny?<\/em>\u201d<\/strong><\/h6>\n<h6>A soron k\u00f6vetkez\u0151 Alumni Szalon vend\u00e9ge <em><strong>Dr. Szolnoki Nikolett<\/strong><\/em>\u00a0orvosigazgat\u00f3, a <em><strong>K\u00e9k Z\u00f3na Projekt egyik szak\u00e9rt\u0151je<\/strong><\/em>, hiperb\u00e1r oxig\u00e9nter\u00e1pi\u00e1s szakorvos.<\/h6>\n<h6>A besz\u00e9lget\u00e9s sor\u00e1n az a k\u00f6vetkez\u0151 izgalmas k\u00e9rd\u00e9seket j\u00e1rjuk k\u00f6rbe:<\/h6>\n<ul>\n<li>\n<h6>Pszichoszoci\u00e1lis t\u00e9nyez\u0151k a k\u00e9k z\u00f3n\u00e1kban: k\u00f6z\u00f6ss\u00e9g, t\u00e1rsas t\u00e1mogat\u00e1s, szerepe az id\u0151skorban<\/h6>\n<\/li>\n<li>\n<h6>T\u00e1pl\u00e1lkoz\u00e1si mint\u00e1zatok \u00e9s \u00e9trendi szok\u00e1sok a k\u00e9k z\u00f3n\u00e1kban<\/h6>\n<\/li>\n<li>\n<h6>Mit lehet rendszerszinten \u00e1t\u00fcltetni?<\/h6>\n<\/li>\n<li>\n<h6>A c\u00e9l\u00e9rzet (\u201epurpose in life&#8221;) szerepe az eg\u00e9szs\u00e9gben<\/h6>\n<\/li>\n<\/ul>\n<h6>A besz\u00e9lget\u00e9s interakt\u00edv lesz, akiben k\u00e9rd\u00e9s mer\u00fclne fel, ne habozzon feltenni!<\/h6>\n<div class=\"fontos_div\">\n<h6>Id\u0151pont: <strong>2026. m\u00e1rcius 30. (h\u00e9tf\u0151) 17:00-18:30<\/strong><\/h6>\n<h6>Helysz\u00edn: <strong>Semmelweis Szalon<\/strong> (c\u00edm: Budapest, \u00dcll\u0151i \u00fat 26, 1085)<\/h6>\n<\/div>\n<h6><u>Regisztr\u00e1ci\u00f3 az el\u0151ad\u00e1sra:<\/u><\/h6>\n<h6><em>Az el\u0151ad\u00e1sra lehet\u0151s\u00e9g van k\u00eds\u00e9r\u0151vel \u00e9rkezni. Amennyiben k\u00eds\u00e9r\u0151vel szeretne r\u00e9szt venni a rendezv\u00e9nyen, k\u00e9rj\u00fck, regisztr\u00e1ci\u00f3ja sor\u00e1n jelezze fel\u00e9nk.<\/em><\/h6>\n<h6><span style=\"color: #800000\"><strong>REGISZTR\u00c1CI\u00d3<\/strong><\/span><\/h6>\n<h6>A regisztr\u00e1ci\u00f3 lez\u00e1rult. A f\u00e9r\u0151helyek beteltek.<\/h6>\n<h6>A nagy \u00e9rdekl\u0151d\u00e9sre val\u00f3 tekintettel v\u00e1r\u00f3list\u00e1t vezet\u00fcnk. Amennyiben visszamond\u00e1s miatt szabadulnak fel f\u00e9r\u0151helyek, arr\u00f3l emailben \u00e9rtes\u00edt\u00e9st k\u00fcld\u00fcnk a v\u00e1r\u00f3list\u00e1s \u00e9rdekl\u0151d\u0151knek.<\/h6>\n<h6><u>Szeretn\u00e9nk meger\u0151s\u00edteni, hogy csak a regisztr\u00e1lt \u00e9s a sikeres regisztr\u00e1ci\u00f3r\u00f3l ki\u00e9rtes\u00edtett vend\u00e9gek r\u00e9szv\u00e9tel\u00e9t tudjuk biztos\u00edtani a rendezv\u00e9nyen.<\/u><\/h6>\n<h6><em>Felmer\u00fcl\u0151 k\u00e9rd\u00e9s eset\u00e9n az <\/em><a href=\"alumniszalon@semmelweis.hu\"><em>alumniszalon@semmelweis.hu<\/em><\/a><em> email c\u00edmen forduljon hozz\u00e1nk bizalommal!<\/em><\/h6>\n<h6>Sok szeretettel v\u00e1rjuk az esem\u00e9nyre!<\/h6>\n<p>&nbsp;<\/p>\n\n<\/div><h2 class=\"tabtitle\">G\u00e9nek, k\u00f6rnyezet, d\u00f6nt\u00e9sek \u2013<em> ikerkutat\u00e1s a gy\u00f3gy\u00edt\u00e1s \u00faj perspekt\u00edv\u00e1iban<\/em> (2026.02.27.)<\/h2>\n<div class=\"tabcontent\">\n\n<h6><strong>\u201eG\u00e9nek, k\u00f6rnyezet, d\u00f6nt\u00e9sek \u2013 ikerkutat\u00e1s a gy\u00f3gy\u00edt\u00e1s \u00faj perspekt\u00edv\u00e1iban\u201d<\/strong><\/h6>\n<h6>Az idei \u00e9v els\u0151 Alumni Szalon vend\u00e9gei <strong>Dr. T\u00e1rnoki \u00c1d\u00e1m \u00e9s Dr. T\u00e1rnoki D\u00e1vid<\/strong>, nemzetk\u00f6zileg <em>elismert orvosok \u00e9s kutat\u00f3k<\/em>, akik nemcsak szakmai p\u00e1ly\u00e1juk, hanem <em><strong>ikertestv\u00e9ri kapcsolatuk<\/strong><\/em> r\u00e9v\u00e9n is k\u00fcl\u00f6nleges n\u00e9z\u0151pontb\u00f3l k\u00f6zel\u00edtik meg az ikerkutat\u00e1s vil\u00e1g\u00e1t. A besz\u00e9lget\u00e9s sor\u00e1n az a k\u00f6vetkez\u0151 izgalmas k\u00e9rd\u00e9seket j\u00e1rjuk k\u00f6rbe:<\/h6>\n<ul>\n<li>\n<h6>Az ikerkutat\u00e1s szerepe az epigenetikai hat\u00e1sok felt\u00e9rk\u00e9pez\u00e9s\u00e9ben<\/h6>\n<\/li>\n<li>\n<h6>Epigenetika \u00e9s kr\u00f3nikus betegs\u00e9gek kapcsolata<\/h6>\n<\/li>\n<li>\n<h6>Form\u00e1lhat\u00f3-e a biol\u00f3giai \u00f6r\u00f6ks\u00e9g\u00fcnk?<\/h6>\n<\/li>\n<\/ul>\n<h6>A besz\u00e9lget\u00e9s interakt\u00edv lesz, akiben k\u00e9rd\u00e9s mer\u00fclne fel, ne habozzon feltenni!<\/h6>\n<h6>Id\u0151pont: <strong>2026. febru\u00e1r 27. (p\u00e9ntek) 17:00-18:30<\/strong><\/h6>\n<h6>Helysz\u00edn: <strong>Semmelweis Szalon<\/strong> (c\u00edm: Budapest, \u00dcll\u0151i \u00fat 26, 1085)<\/h6>\n<h6><span style=\"text-decoration: underline\"><strong>Regisztr\u00e1ci\u00f3 az el\u0151ad\u00e1sra:<\/strong><\/span><\/h6>\n<h6><em>Az el\u0151ad\u00e1sra lehet\u0151s\u00e9g van k\u00eds\u00e9r\u0151vel \u00e9rkezni. Amennyiben k\u00eds\u00e9r\u0151vel szeretne r\u00e9szt venni a rendezv\u00e9nyen, k\u00e9rj\u00fck, regisztr\u00e1ci\u00f3ja sor\u00e1n jelezze fel\u00e9nk.<\/em><\/h6>\n<h6><span style=\"color: #800000\"><strong>REGISZTR\u00c1CI\u00d3<\/strong><\/span><\/h6>\n<h6>A regisztr\u00e1ci\u00f3 lez\u00e1rult. A f\u00e9r\u0151helyek beteltek.<\/h6>\n<h6>A nagy \u00e9rdekl\u0151d\u00e9sre val\u00f3 tekintettel v\u00e1r\u00f3list\u00e1t vezet\u00fcnk. Amennyiben visszamond\u00e1s miatt szabadulnak fel f\u00e9r\u0151helyek, arr\u00f3l emailben \u00e9rtes\u00edt\u00e9st k\u00fcld\u00fcnk a v\u00e1r\u00f3list\u00e1s \u00e9rdekl\u0151d\u0151knek.<\/h6>\n<h6><u>Szeretn\u00e9nk meger\u0151s\u00edteni, hogy csak a regisztr\u00e1lt \u00e9s a sikeres regisztr\u00e1ci\u00f3r\u00f3l ki\u00e9rtes\u00edtett vend\u00e9gek r\u00e9szv\u00e9tel\u00e9t tudjuk biztos\u00edtani a rendezv\u00e9nyen.<\/u><\/h6>\n<h6><em>Felmer\u00fcl\u0151 k\u00e9rd\u00e9s eset\u00e9n az <\/em><a href=\"alumniszalon@semmelweis.hu\"><em>alumniszalon@semmelweis.hu<\/em><\/a><em> email c\u00edmen forduljon hozz\u00e1nk bizalommal!<\/em><\/h6>\n<h6>Sok szeretettel v\u00e1rjuk az esem\u00e9nyre!<\/h6>\n\n<\/div><h2 class=\"tabtitle\">A tudatos jelenl\u00e9t szerepe a gy\u00f3gy\u00edt\u00e1sban - mindfulness az orvosi gyakorlatban (2025.11.25.)<\/h2>\n<div class=\"tabcontent\">\n\n<h6><strong>\u201eA tudatos jelenl\u00e9t szerepe a gy\u00f3gy\u00edt\u00e1sban &#8211; <em>mindfulness az orvosi gyakorlatban<\/em>\u201d<\/strong><\/h6>\n<h6 style=\"text-align: left\">Az \u0151szi f\u00e9l\u00e9v harmadik Alumni Szalon esem\u00e9ny\u00e9n <a href=\"https:\/\/semmelweis.hu\/klinikai-pszichologia\/altalanos-informaciok\/munkatarsaink\/dr-perczel-forintos-dora-phd-tanszekvezeto-egyetemi-tanar\/\">Prof. Dr. Perczel-Forintos D\u00f3ra<\/a> klinikai szakpszichol\u00f3gus, mindfulness tan\u00e1r, kik\u00e9pz\u0151 kognit\u00edv viselked\u00e9sterapeuta, \u00e9s a Semmelweis Egyetem Klinikai Pszichol\u00f3gia Tansz\u00e9k tan\u00e1ra\u00a0el\u0151ad\u00e1s\u00e1ban a k\u00f6vetkez\u0151 izgalmas k\u00e9rd\u00e9seket j\u00e1rjuk k\u00f6rbe:<\/h6>\n<ul>\n<li>\n<h6>Mindfulness a beteg\u00e1gy mellett &#8211; eszk\u00f6z vagy szeml\u00e9letm\u00f3d?<\/h6>\n<\/li>\n<li>\n<h6>Tudatos jelenl\u00e9t az orvosi d\u00f6nt\u00e9sekben \u00e9s a betegkommunik\u00e1ci\u00f3ban<\/h6>\n<\/li>\n<li>\n<h6>Ki\u00e9g\u00e9s megel\u0151z\u00e9se \u00e9s \u00f6nreflexi\u00f3 a mindennapi gyakorlatban<\/h6>\n<\/li>\n<li>\n<h6>Gy\u00f3gy\u00edt\u00f3k\u00e9nt jelen lenni &#8211; mit jelent ma?<\/h6>\n<\/li>\n<\/ul>\n<h6><strong>A besz\u00e9lget\u00e9s interakt\u00edv lesz, akiben k\u00e9rd\u00e9s mer\u00fclne fel, ne habozzon feltenni!<\/strong><\/h6>\n<h6><strong>Id\u0151pont:<\/strong><\/h6>\n<h6><strong>2025. november 25. (kedd) <\/strong><strong>17:00-18:30<\/strong><\/h6>\n<h6><strong>Helysz\u00edn:\u00a0<\/strong><\/h6>\n<h6>Semmelweis Egyetem Fogorvostudom\u00e1nyi Kar Oktat\u00e1si Centrum <strong>\u00c1rk\u00f6vy J\u00f3zsef el\u0151ad\u00f3terem<\/strong><\/h6>\n<h6>c\u00edm: <strong>1088 Budapest, Szentkir\u00e1lyi u. 47.<\/strong><\/h6>\n<p>&nbsp;<\/p>\n<h6><strong>Regisztr\u00e1ci\u00f3 az el\u0151ad\u00e1sra:<\/strong><\/h6>\n<h6><em>Az el\u0151ad\u00e1sra lehet\u0151s\u00e9g van k\u00eds\u00e9r\u0151vel \u00e9rkezni. Amennyiben k\u00eds\u00e9r\u0151vel szeretne r\u00e9szt venni a rendezv\u00e9nyen, k\u00e9rj\u00fck, regisztr\u00e1ci\u00f3ja sor\u00e1n jelezze fel\u00e9nk.<\/em><\/h6>\n<h6><strong>REGISZTR\u00c1CI\u00d3<\/strong><\/h6>\n<h6><strong>\n<div class=\"wpcf7 no-js\" id=\"wpcf7-f37329-o3\" lang=\"hu-HU\" dir=\"ltr\" data-wpcf7-id=\"37329\">\n<div class=\"screen-reader-response\"><p role=\"status\" aria-live=\"polite\" aria-atomic=\"true\"><\/p> <ul><\/ul><\/div>\n<form action=\"\/alumni\/wp-json\/wp\/v2\/pages\/10118#wpcf7-f37329-o3\" method=\"post\" class=\"wpcf7-form init\" aria-label=\"Kapcsolatfelv\u00e9teli \u0171rlap\" novalidate=\"novalidate\" data-status=\"init\">\n<div style=\"display: none;\">\n<input type=\"hidden\" name=\"_wpcf7\" value=\"37329\" \/>\n<input type=\"hidden\" name=\"_wpcf7_version\" value=\"6.0.5\" \/>\n<input type=\"hidden\" name=\"_wpcf7_locale\" value=\"hu_HU\" \/>\n<input type=\"hidden\" name=\"_wpcf7_unit_tag\" value=\"wpcf7-f37329-o3\" \/>\n<input type=\"hidden\" name=\"_wpcf7_container_post\" value=\"0\" \/>\n<input type=\"hidden\" name=\"_wpcf7_posted_data_hash\" value=\"\" \/>\n<input type=\"hidden\" name=\"_wpcf7_recaptcha_response\" value=\"\" \/>\n<\/div>\n<p><label> N\u00e9v* (k\u00f6telez\u0151)<br \/>\n<span class=\"wpcf7-form-control-wrap\" data-name=\"your-name\"><input size=\"40\" maxlength=\"400\" class=\"wpcf7-form-control wpcf7-text wpcf7-validates-as-required\" autocomplete=\"name\" aria-required=\"true\" aria-invalid=\"false\" value=\"\" type=\"text\" name=\"your-name\" \/><\/span> <\/label>\n<\/p>\n<p><label> E-mail c\u00edm* (k\u00f6telez\u0151)<br \/>\n<span class=\"wpcf7-form-control-wrap\" data-name=\"your-email\"><input size=\"40\" maxlength=\"400\" class=\"wpcf7-form-control wpcf7-email wpcf7-validates-as-required wpcf7-text wpcf7-validates-as-email\" autocomplete=\"email\" aria-required=\"true\" aria-invalid=\"false\" value=\"\" type=\"email\" name=\"your-email\" \/><\/span> <\/label>\n<\/p>\n<p><label> Telefonsz\u00e1m (301234567 form\u00e1tumban)* (k\u00f6telez\u0151)<br \/>\n<span class=\"wpcf7-form-control-wrap\" data-name=\"tel-56\"><input size=\"40\" maxlength=\"400\" class=\"wpcf7-form-control wpcf7-tel wpcf7-text wpcf7-validates-as-tel\" aria-invalid=\"false\" value=\"\" type=\"tel\" name=\"tel-56\" \/><\/span> <\/label>\n<\/p>\n<p><label> K\u00eds\u00e9r\u0151 neve<br \/>\n<span class=\"wpcf7-form-control-wrap\" data-name=\"text-743\"><input size=\"40\" maxlength=\"400\" class=\"wpcf7-form-control wpcf7-text\" aria-invalid=\"false\" value=\"\" type=\"text\" name=\"text-743\" \/><\/span> <\/label>\n<\/p>\n<p><label><strong>Adatv\u00e9delmi nyilatkozat: Az al\u00e1bbi hozz\u00e1j\u00e1rul\u00e1s b\u00e1rmikor h\u00e1tr\u00e1nyos k\u00f6vetkezm\u00e9ny n\u00e9lk\u00fcl visszavonhat\u00f3, ugyanakkor a hozz\u00e1j\u00e1rul\u00e1s visszavon\u00e1sa nem \u00e9rinti a visszavon\u00e1st megel\u0151z\u0151 adatkezel\u00e9s jogszer\u0171s\u00e9g\u00e9t. Az al\u00e1bbi nyilatkozat kit\u00f6lt\u00e9se felhatalmaz\u00e1st ad a Semmelweis Egyetem Alumni Igazgat\u00f3s\u00e1ga r\u00e9sz\u00e9re a k\u00f6z\u00f6lt adatok helyess\u00e9g\u00e9nek ellen\u0151rz\u00e9s\u00e9re. Az Alumni Igazgat\u00f3s\u00e1g adatkezel\u00e9si t\u00e1j\u00e9koztat\u00f3ja <a href=\"https:\/\/semmelweis.hu\/alumni\/alumni-halozat\/adatvedelem\/\" target=\"_blank\">ide kattintva olvashat\u00f3 el<\/a>. <\/strong><br \/>\n<span class=\"wpcf7-form-control-wrap\" data-name=\"hirlevel-en\"><span class=\"wpcf7-form-control wpcf7-radio\"><span class=\"wpcf7-list-item first last\"><label><input type=\"radio\" name=\"hirlevel-en\" value=\"Ez\u00faton kijelentem, \u00e9s k\u00fcld\u00e9s gomb megnyom\u00e1s\u00e1val elfogadom, hogy elolvastam \u00e9s meg\u00e9rtettem az adatkezel\u00e9si t\u00e1j\u00e9koztat\u00f3t \u00e9s az abban foglalt jogaim ismeret\u00e9ben hozz\u00e1j\u00e1rulok ahhoz, hogy a Semmelweis Egyetem Alumni Igazgat\u00f3s\u00e1ga (sz\u00e9khely: 1085 Budapest \u00dcll\u0151i \u00fat 26..; ad\u00f3sz\u00e1ma: 19308674-2-44) szem\u00e9lyes adataimat az adatkezel\u00e9si t\u00e1j\u00e9koztat\u00f3ban foglaltak szerint kezelje. Egy\u00fattal kijelentem, hogy hozz\u00e1j\u00e1rul\u00e1som \u00f6nk\u00e9ntes \u00e9s megfelel\u0151 t\u00e1j\u00e9koztat\u00e1son alapul.\" \/><span class=\"wpcf7-list-item-label\">Ez\u00faton kijelentem, \u00e9s k\u00fcld\u00e9s gomb megnyom\u00e1s\u00e1val elfogadom, hogy elolvastam \u00e9s meg\u00e9rtettem az adatkezel\u00e9si t\u00e1j\u00e9koztat\u00f3t \u00e9s az abban foglalt jogaim ismeret\u00e9ben hozz\u00e1j\u00e1rulok ahhoz, hogy a Semmelweis Egyetem Alumni Igazgat\u00f3s\u00e1ga (sz\u00e9khely: 1085 Budapest \u00dcll\u0151i \u00fat 26..; ad\u00f3sz\u00e1ma: 19308674-2-44) szem\u00e9lyes adataimat az adatkezel\u00e9si t\u00e1j\u00e9koztat\u00f3ban foglaltak szerint kezelje. Egy\u00fattal kijelentem, hogy hozz\u00e1j\u00e1rul\u00e1som \u00f6nk\u00e9ntes \u00e9s megfelel\u0151 t\u00e1j\u00e9koztat\u00e1son alapul.<\/span><\/label><\/span><\/span><\/span><\/label>\n<\/p>\n<p><input class=\"wpcf7-form-control wpcf7-submit has-spinner\" type=\"submit\" value=\"Bek\u00fcld\u00e9s\" \/>\n<\/p><div class=\"wpcf7-response-output\" aria-hidden=\"true\"><\/div>\n<\/form>\n<\/div>\n<\/strong><\/h6>\n<h6><strong><u>Szeretn\u00e9nk felh\u00edvni a figyelm\u00fcket, hogy az esem\u00e9ny nem sajt\u00f3nyilv\u00e1nos!<\/u><\/strong><\/h6>\n<h6>Szeretn\u00e9nk felh\u00edvni Vend\u00e9geink figyelm\u00e9t, hogy a jelentkez\u00e9s regisztr\u00e1ci\u00f3s sorrendben t\u00f6rt\u00e9nik.\u00a0 A f\u00e9r\u0151helyek felt\u00f6lt\u00e9s\u00e9t k\u00f6vet\u0151en a regisztr\u00e1ci\u00f3t lez\u00e1rjuk \u00e9s v\u00e1r\u00f3list\u00e1t vezet\u00fcnk. Lemond\u00e1s eset\u00e9n a f\u00e9r\u0151helyek a v\u00e1r\u00f3list\u00e1r\u00f3l ker\u00fclnek felt\u00f6lt\u00e9sre.<\/h6>\n<h6>A rendezv\u00e9nyen regisztr\u00e1ci\u00f3s ellen\u0151rz\u00e9s t\u00f6rt\u00e9nik, aki nem szerepel a jelenl\u00e9ti \u00edven, azaz nem v\u00e9gezte el itt a regisztr\u00e1ci\u00f3t, annak r\u00e9szv\u00e9tele nem biztos\u00edtott a rendezv\u00e9nyen.<\/h6>\n<h6>A sikeres regisztr\u00e1ci\u00f3r\u00f3l e-mailben k\u00fcld\u00fcnk visszaigazol\u00e1st, ez biztos\u00edtja azt, hogy sikeres volt a regisztr\u00e1ci\u00f3! <u>Amennyiben nem kapott ilyet\u00a0<\/u><em>(kb. 10 perc eltelt\u00e9vel sem)<\/em><u>\u00a0\u00e9rdemes \u00fajra pr\u00f3b\u00e1lni.<\/u><\/h6>\n<h6><strong><u>Szeretn\u00e9nk meger\u0151s\u00edteni, hogy csak a regisztr\u00e1lt \u00e9s a sikeres regisztr\u00e1ci\u00f3r\u00f3l ki\u00e9rtes\u00edtett vend\u00e9gek r\u00e9szv\u00e9tel\u00e9t tudjuk biztos\u00edtani a rendezv\u00e9nyen.<\/u><\/strong><\/h6>\n<h6><em>Felmer\u00fcl\u0151 k\u00e9rd\u00e9s eset\u00e9n az <\/em><a href=\"alumniszalon@semmelweis.hu\"><em>alumniszalon@semmelweis.hu<\/em><\/a><em> email c\u00edmen forduljon hozz\u00e1nk bizalommal!<\/em><\/h6>\n<h6>Sok szeretettel v\u00e1rjuk az esem\u00e9nyre!<\/h6>\n<p>&nbsp;<\/p>\n\n<\/div><h2 class=\"tabtitle\">Daganatprevenci\u00f3 \u00e9s v\u00e1ltoztathat\u00f3 betegs\u00e9gkock\u00e1zatok (2025.11.07.)<\/h2>\n<div class=\"tabcontent\">\n\n<h6><strong>\u201e<span data-olk-copy-source=\"MessageBody\">Daganatprevenci\u00f3 \u00e9s v\u00e1ltoztathat\u00f3 betegs\u00e9gkock\u00e1zatok<\/span>\u201d<\/strong><\/h6>\n<h6>Az \u0151szi f\u00e9l\u00e9v m\u00e1sodik Alumni Szalon esem\u00e9ny\u00e9n <strong>Dr. Schwab Rich\u00e1rd<\/strong> belgy\u00f3gy\u00e1sz, gasztroenterol\u00f3gus, kutat\u00f3orvos, a Semmelweis Egyetem Alumni tagja\u00a0el\u0151ad\u00e1s\u00e1ban a k\u00f6vetkez\u0151 izgalmas k\u00e9rd\u00e9seket j\u00e1rjuk k\u00f6rbe:<\/h6>\n<ul>\n<li>\n<h6>Az \u00e9letm\u00f3d szerepe a daganatmegel\u0151z\u00e9sben.<\/h6>\n<\/li>\n<li>\n<h6>Hogyan hat a mikrobiom \u00e9s a k\u00f6rnyezet s\u00e9r\u00fcl\u00e9se a kr\u00f3nikus gyullad\u00e1sokra \u00e9s a daganatokra?<\/h6>\n<\/li>\n<li>\n<h6>\u00d6t legfontosabb szok\u00e1s, aminek elker\u00fcl\u00e9s\u00e9vel cs\u00f6kkenthetj\u00fck a daganatok kialakul\u00e1s\u00e1t.\u00a0<\/h6>\n<\/li>\n<\/ul>\n<h6><strong>\u00a0<\/strong><\/h6>\n<h6>A besz\u00e9lget\u00e9s interakt\u00edv lesz, akiben k\u00e9rd\u00e9s mer\u00fclne fel, ne habozzon feltenni!<\/h6>\n<h6><strong><span style=\"color: #800000\">Id\u0151pont:<\/span><\/strong><\/h6>\n<h6><strong>2025. november 7. (p\u00e9ntek) <\/strong><strong>17:00-18:30<\/strong><\/h6>\n<h6><span style=\"color: #800000\"><strong>Helysz\u00edn: <\/strong><\/span><\/h6>\n<h6><b data-olk-copy-source=\"MessageBody\">Semmelweis Egyetem Nagyv\u00e1rad t\u00e9ri Elm\u00e9leti T\u00f6mb &#8211; <em>Z\u00f6ld el\u0151ad\u00f3<\/em><\/b><strong><em>\u00a0(Selye J\u00e1nos Terem)<\/em><\/strong><\/h6>\n<h6>(c\u00edm: 1089 Budapest,\u00a0Nagyv\u00e1rad t\u00e9r 4.)<\/h6>\n<h6><strong>\u00a0<\/strong><\/h6>\n<h6><strong>Regisztr\u00e1ci\u00f3 az el\u0151ad\u00e1sra:<\/strong><\/h6>\n<p style=\"text-align: left\"><span style=\"font-size: 14pt\"><em>Az el\u0151ad\u00e1sra lehet\u0151s\u00e9g van k\u00eds\u00e9r\u0151vel \u00e9rkezni. Amennyiben k\u00eds\u00e9r\u0151vel szeretne r\u00e9szt venni a rendezv\u00e9nyen, k\u00e9rj\u00fck, regisztr\u00e1ci\u00f3ja sor\u00e1n jelezze fel\u00e9nk.<\/em><\/span><\/p>\n<h6><strong>REGISZTR\u00c1CI\u00d3<\/strong><\/h6>\n<h6 style=\"text-align: left\"><span style=\"color: #ff0000;font-size: 18pt\">A regisztr\u00e1ci\u00f3 lez\u00e1rult. A f\u00e9r\u0151helyek beteltek.<\/span><\/h6>\n<h6 style=\"text-align: left\">A nagy \u00e9rdekl\u0151d\u00e9sre val\u00f3 tekintettel v\u00e1r\u00f3list\u00e1t vezet\u00fcnk. Amennyiben visszamond\u00e1s miatt szabadulnak fel f\u00e9r\u0151helyek, arr\u00f3l emailben \u00e9rtes\u00edt\u00e9st k\u00fcld\u00fcnk a v\u00e1r\u00f3list\u00e1s \u00e9rdekl\u0151d\u0151knek.<\/h6>\n<h5 style=\"text-align: left\"><strong><u>Szeretn\u00e9nk meger\u0151s\u00edteni, hogy csak a regisztr\u00e1lt \u00e9s a sikeres regisztr\u00e1ci\u00f3r\u00f3l ki\u00e9rtes\u00edtett vend\u00e9gek r\u00e9szv\u00e9tel\u00e9t tudjuk biztos\u00edtani a rendezv\u00e9nyen.<\/u><\/strong><\/h5>\n<h6><strong><u>Szeretn\u00e9nk felh\u00edvni a figyelm\u00fcket, hogy az esem\u00e9ny nem sajt\u00f3nyilv\u00e1nos!<\/u><\/strong><\/h6>\n<h6 style=\"text-align: left\"><span style=\"font-size: 12pt\"><em>Felmer\u00fcl\u0151 k\u00e9rd\u00e9s eset\u00e9n az <a href=\"alumniszalon@semmelweis.hu\">alumniszalon@semmelweis.hu<\/a> email c\u00edmen forduljon hozz\u00e1nk bizalommal!<\/em><\/span><\/h6>\n<h6 style=\"text-align: left\"><span style=\"font-size: 14pt;color: #800000\"><strong>Sok szeretettel v\u00e1rjuk az esem\u00e9nyre!<\/strong><\/span><\/h6>\n<p><strong>\u00a0<\/strong><u><\/u><\/p>\n<p>&nbsp;<\/p>\n\n<\/div><h2 class=\"tabtitle\">Mesters\u00e9ges intelligencia a beteg\u00e1gy mellett: orvos vagy g\u00e9p. Etikai dilemm\u00e1k az AI kor\u00e1ban (2025.09.22.)<\/h2>\n<div class=\"tabcontent\">\n\n<h5><strong>\u201eMesters\u00e9ges intelligencia a beteg\u00e1gy mellett: orvos vagy g\u00e9p? Etikai dilemm\u00e1k az AI kor\u00e1ban<\/strong><strong>\u201d<\/strong><\/h5>\n<h6>Az \u0151szi f\u00e9l\u00e9v els\u0151 Alumni Szalon esem\u00e9ny\u00e9n <strong><a href=\"https:\/\/semmelweis.hu\/emk\/oktatas\/munkatarsak-oktatoi-csapat\/joo-tamas-dr\/\">Dr. Jo\u00f3 Tam\u00e1s<\/a><\/strong> <strong>adatvez\u00e9relt eg\u00e9szs\u00e9g\u00fcgyi szak\u00e9rt\u0151, a Semmelweis Egyetem Eg\u00e9szs\u00e9g\u00fcgyi Menedzserk\u00e9pz\u0151 K\u00f6zpont egyetemi docens\u00e9nek<\/strong> el\u0151ad\u00e1s\u00e1ban a k\u00f6vetkez\u0151 izgalmas k\u00e9rd\u00e9seket j\u00e1rjuk k\u00f6rbe:<\/h6>\n<ul>\n<li>\n<h6>AI \u00e9s d\u00f6nt\u00e9shozatal &#8211; ki\u00e9 a v\u00e9gs\u0151 sz\u00f3?<\/h6>\n<\/li>\n<li>\n<h6>Adatv\u00e9delem \u00e9s betegjogok az algoritmusok kor\u00e1ban<\/h6>\n<\/li>\n<li>\n<h6>Hogyan v\u00e1ltozik az orvos-szakdolgoz\u00f3-p\u00e1ciens kapcsolat az MI hat\u00e1s\u00e1ra?<\/h6>\n<\/li>\n<li>\n<h6>MI mint seg\u00edt\u0151 eszk\u00f6z vs. MI mint d\u00f6nt\u00e9shoz\u00f3<\/h6>\n<\/li>\n<\/ul>\n<h6>\u00a0<\/h6>\n<h6><span style=\"font-size: 14pt\">A besz\u00e9lget\u00e9s interakt\u00edv lesz, akiben k\u00e9rd\u00e9s mer\u00fclne fel, ne habozzon feltenni!<\/span><\/h6>\n<div class=\"fontos_div\">\n<p><span style=\"color: #800000\"><strong>Id\u0151pont:<\/strong><\/span><\/p>\n<p><strong>2025. szeptember 22. (h\u00e9tf\u0151)<\/strong><\/p>\n<p><strong>17:30-19:00<\/strong><\/p>\n<p><span style=\"color: #800000\"><strong>Helysz\u00edn:\u00a0<\/strong><\/span><\/p>\n<p><span data-olk-copy-source=\"MailCompose\">Semmelweis Egyetem Fogorvostudom\u00e1nyi Kar Oktat\u00e1si Centrum <b>\u00c1rk\u00f6vy J\u00f3zsef el\u0151ad\u00f3terem<\/b><\/span><\/p>\n<p><span data-olk-copy-source=\"MailCompose\">c\u00edm: <strong>1088 Budapest, Szentkir\u00e1lyi u. 47.<\/strong><\/span><\/p>\n<\/div>\n<p>&nbsp;<\/p>\n<h6 style=\"text-align: center\"><span style=\"color: #000000;font-size: 12pt\"><strong><u>Szeretn\u00e9nk felh\u00edvni a figyelm\u00fcket, hogy az esem\u00e9ny nem sajt\u00f3nyilv\u00e1nos!<\/u><\/strong><\/span><\/h6>\n<h3 style=\"text-align: center\"><span style=\"font-size: 12pt;color: #800000\"><strong>Szeretn\u00e9nk felh\u00edvni Vend\u00e9geink figyelm\u00e9t, hogy a jelentkez\u00e9s regisztr\u00e1ci\u00f3s sorrendben t\u00f6rt\u00e9nik.\u00a0 A f\u00e9r\u0151helyek felt\u00f6lt\u00e9s\u00e9t k\u00f6vet\u0151en a regisztr\u00e1ci\u00f3t lez\u00e1rjuk \u00e9s v\u00e1r\u00f3list\u00e1t vezet\u00fcnk. Lemond\u00e1s eset\u00e9n a f\u00e9r\u0151helyek a v\u00e1r\u00f3list\u00e1r\u00f3l ker\u00fclnek felt\u00f6lt\u00e9sre.<\/strong><\/span><\/h3>\n<h3 style=\"text-align: center\"><span style=\"font-size: 12pt;color: #800000\"><strong>A rendezv\u00e9nyen regisztr\u00e1ci\u00f3s ellen\u0151rz\u00e9s t\u00f6rt\u00e9nik, aki nem szerepel a jelenl\u00e9ti \u00edven, azaz nem v\u00e9gezte el itt a regisztr\u00e1ci\u00f3t, annak r\u00e9szv\u00e9tele nem biztos\u00edtott a rendezv\u00e9nyen.<\/strong><\/span><\/h3>\n<h3 style=\"text-align: center\"><span style=\"font-size: 12pt;color: #800000\"><strong>A sikeres regisztr\u00e1ci\u00f3r\u00f3l e-mailben k\u00fcld\u00fcnk visszaigazol\u00e1st, ez biztos\u00edtja azt, hogy sikeres volt a regisztr\u00e1ci\u00f3! <u>Amennyiben nem kapott ilyet\u00a0<em>(kb. 10 perc eltelt\u00e9vel sem)<\/em>\u00a0\u00e9rdemes \u00fajra pr\u00f3b\u00e1lni.<\/u><\/strong><\/span><\/h3>\n<p>&nbsp;<\/p>\n<h5 style=\"text-align: center\"><span style=\"font-size: 18pt\">Regisztr\u00e1ci\u00f3 az el\u0151ad\u00e1sra:<\/span><\/h5>\n<p style=\"text-align: center\"><span style=\"font-size: 14pt\"><em>Az el\u0151ad\u00e1sra lehet\u0151s\u00e9g van k\u00eds\u00e9r\u0151vel \u00e9rkezni. Amennyiben k\u00eds\u00e9r\u0151vel szeretne r\u00e9szt venni a rendezv\u00e9nyen, k\u00e9rj\u00fck, regisztr\u00e1ci\u00f3ja sor\u00e1n jelezze fel\u00e9nk.<\/em><\/span><\/p>\n<h6 style=\"text-align: center\"><span style=\"color: #ff0000;font-size: 18pt\">A regisztr\u00e1ci\u00f3 lez\u00e1rult. A f\u00e9r\u0151helyek beteltek.<\/span><\/h6>\n<h6 style=\"text-align: center\">A nagy \u00e9rdekl\u0151d\u00e9sre val\u00f3 tekintettel v\u00e1r\u00f3list\u00e1t vezet\u00fcnk. Amennyiben visszamond\u00e1s miatt szabadulnak fel f\u00e9r\u0151helyek, arr\u00f3l emailben \u00e9rtes\u00edt\u00e9st k\u00fcld\u00fcnk a v\u00e1r\u00f3list\u00e1s \u00e9rdekl\u0151d\u0151knek.<\/h6>\n<h5 style=\"text-align: center\"><strong><u>Szeretn\u00e9nk meger\u0151s\u00edteni, hogy csak a regisztr\u00e1lt \u00e9s a sikeres regisztr\u00e1ci\u00f3r\u00f3l ki\u00e9rtes\u00edtett vend\u00e9gek r\u00e9szv\u00e9tel\u00e9t tudjuk biztos\u00edtani a rendezv\u00e9nyen.<\/u><\/strong><\/h5>\n<h6 style=\"text-align: center\"><span style=\"font-size: 12pt\"><em>Felmer\u00fcl\u0151 k\u00e9rd\u00e9s eset\u00e9n az <a href=\"alumniszalon@semmelweis.hu\">alumniszalon@semmelweis.hu<\/a> email c\u00edmen forduljon hozz\u00e1nk bizalommal!<\/em><\/span><\/h6>\n<h6 style=\"text-align: center\"><span style=\"font-size: 14pt;color: #800000\"><strong>Sok szeretettel v\u00e1rjuk az esem\u00e9nyre!<\/strong><\/span><\/h6>\n<pre>\u00a0<\/pre>\n<p>&nbsp;<\/p>\n<p>&nbsp;<\/p>\n\n<\/div><h2 class=\"tabtitle\">Az eg\u00e9szs\u00e9g\u00fcgy meg\u00faj\u00edt\u00e1s\u00e1nak 10 pontos, 10 ezer milli\u00e1rdos programja (2025.05.26.)<\/h2>\n<div class=\"tabcontent\">\n\n<h5>\u00a0<\/h5>\n<h5 style=\"text-align: justify\"><strong>Az eg\u00e9szs\u00e9g\u00fcgy meg\u00faj\u00edt\u00e1s\u00e1nak 10 pontos, 10 ezer milli\u00e1rdos programja <span style=\"color: #ff0000\">\/<\/span><\/strong><span style=\"color: #ff0000\"><strong><u>Az esem\u00e9ny nem sajt\u00f3nyilv\u00e1nos!<\/u><\/strong><strong>\/<\/strong><\/span><\/h5>\n<p>&nbsp;<\/p>\n<h6 style=\"text-align: justify\">Szeretettel megh\u00edvjuk a Semmelweis Egyetem Alumni Igazgat\u00f3s\u00e1ga \u00e9s a Magyar Orvosi Kamara Budapesti Ter\u00fcleti Szervezete k\u00f6z\u00f6s esem\u00e9ny\u00e9re, ahol <strong>Dr. K\u00f3ka\u00a0J\u00e1nos<\/strong>, a Doktor24 Csoport eln\u00f6ke, mutatja be gondolat\u00e9breszt\u0151 vitairat\u00e1t, mely az al\u00e1bbi linken olvashat\u00f3: <a href=\"https:\/\/weborvos.hu\/egeszsegpolitika\/az-egeszsegugy-megujitasanak-10-pontos-10-ezer-milliardos-programja-288509\">https:\/\/weborvos.hu\/egeszsegpolitika\/az-egeszsegugy-megujitasanak-10-pontos-10-ezer-milliardos-programja-288509<\/a><\/h6>\n<h6 style=\"text-align: justify\">A program egy lehets\u00e9ges j\u00f6v\u0151k\u00e9pet v\u00e1zol fel a magyar eg\u00e9szs\u00e9g\u00fcgy fejleszt\u00e9s\u00e9re, t\u00edz \u00e9vre el\u0151re tekintve. A szerz\u0151 c\u00e9lja, hogy p\u00e1rbesz\u00e9det kezdem\u00e9nyezzen az eg\u00e9szs\u00e9g\u00fcgyi rendszer hossz\u00fa t\u00e1v\u00fa meg\u00faj\u00edt\u00e1s\u00e1r\u00f3l, fenntarthat\u00f3s\u00e1g\u00e1r\u00f3l \u00e9s a t\u00e1rsadalmi ig\u00e9nyekre val\u00f3 jobb reag\u00e1l\u00e1s lehet\u0151s\u00e9geir\u0151l \u2013 mindezt a gazdas\u00e1gi realit\u00e1sok figyelembev\u00e9tel\u00e9vel.<\/h6>\n<h6 style=\"text-align: justify\">Az el\u0151ad\u00e1st <strong>kerekasztal-besz\u00e9lget\u00e9s<\/strong> k\u00f6veti, ahol elismert szak\u00e9rt\u0151k osztj\u00e1k meg gondolataikat a programmal kapcsolatban, majd lehet\u0151s\u00e9g ny\u00edlik k\u00f6z\u00f6ns\u00e9gk\u00e9rd\u00e9sekre is.<\/h6>\n<h6>A kerekasztal-besz\u00e9lget\u00e9s r\u00e9sztvev\u0151i:<\/h6>\n<h6><strong>Dr. K\u00f3ka J\u00e1nos,<\/strong> a Doktor24 Csoport eln\u00f6ke<\/h6>\n<h6><strong>Dr. Sink\u00f3 Eszter,<\/strong> a Semmelweis Egyetem Eg\u00e9szs\u00e9g\u00fcgyi Menedzserk\u00e9pz\u0151 K\u00f6zpont d\u00e9k\u00e1nhelyettese<\/h6>\n<h6><strong>Dr. D\u00f3zsa Csaba L\u00e1szl\u00f3,<\/strong> a Miskolci Egyetem Elm\u00e9leti Eg\u00e9szs\u00e9gtudom\u00e1nyok Int\u00e9zet\u00e9nek egyetemi docense<\/h6>\n<h6><strong>Dr. Bodrogi J\u00f3zsef,<\/strong> eg\u00e9szs\u00e9g\u00fcgyi k\u00f6zgazd\u00e1sz, a magyar eg\u00e9szs\u00e9g\u00fcgy finansz\u00edroz\u00e1si \u00e9s rendszerfejleszt\u00e9si k\u00e9rd\u00e9seinek elismert szak\u00e9rt\u0151je<\/h6>\n<h6><strong>Dr. Sv\u00e9d Tam\u00e1s,<\/strong> a Magyar Orvosi Kamara f\u0151titk\u00e1ra<\/h6>\n<p>&nbsp;<\/p>\n<div class=\"fontos_div\">\n<p><span style=\"color: #800000\"><strong>Id\u0151pont:<\/strong><\/span><\/p>\n<p>2025. m\u00e1jus 26. (h\u00e9tf\u0151)<\/p>\n<p>17:30-19:30<\/p>\n<p><span style=\"color: #800000\"><strong>Helysz\u00edn:\u00a0<\/strong><\/span><\/p>\n<p>Semmelweis Szalon<\/p>\n<p>1085 Budapest, \u00dcll\u0151i \u00fat 26. 1. emelet (108.)<\/p>\n<\/div>\n<h6 style=\"text-align: center\"><span style=\"color: #ff0000\"><strong><u>Szeretn\u00e9nk felh\u00edvni a figyelm\u00fcket, hogy az esem\u00e9ny nem sajt\u00f3nyilv\u00e1nos!<\/u><\/strong><\/span><\/h6>\n<h3 style=\"text-align: center\"><span style=\"font-size: 12pt;color: #800000\"><strong>Szeretn\u00e9nk felh\u00edvni Vend\u00e9geink figyelm\u00e9t, hogy a jelentkez\u00e9s regisztr\u00e1ci\u00f3s sorrendben t\u00f6rt\u00e9nik.\u00a0 A f\u00e9r\u0151helyek felt\u00f6lt\u00e9s\u00e9t k\u00f6vet\u0151en a regisztr\u00e1ci\u00f3t lez\u00e1rjuk \u00e9s v\u00e1r\u00f3list\u00e1t vezet\u00fcnk. Lemond\u00e1s eset\u00e9n a f\u00e9r\u0151helyek a v\u00e1r\u00f3list\u00e1r\u00f3l ker\u00fclnek felt\u00f6lt\u00e9sre.<\/strong><\/span><\/h3>\n<h3 style=\"text-align: center\"><span style=\"font-size: 12pt;color: #800000\"><strong>A rendezv\u00e9nyen regisztr\u00e1ci\u00f3s ellen\u0151rz\u00e9s t\u00f6rt\u00e9nik, aki nem szerepel a jelenl\u00e9ti \u00edven, azaz nem v\u00e9gezte el itt a regisztr\u00e1ci\u00f3t, annak r\u00e9szv\u00e9tele nem biztos\u00edtott a rendezv\u00e9nyen.<\/strong><\/span><\/h3>\n<h3 style=\"text-align: center\"><span style=\"font-size: 12pt;color: #800000\"><strong>A sikeres regisztr\u00e1ci\u00f3r\u00f3l e-mailben k\u00fcld\u00fcnk visszaigazol\u00e1st, ez biztos\u00edtja azt, hogy sikeres volt a regisztr\u00e1ci\u00f3! <u>Amennyiben nem kapott ilyet\u00a0<em>(kb. 10 perc eltelt\u00e9vel sem)<\/em>\u00a0\u00e9rdemes \u00fajra pr\u00f3b\u00e1lni.<\/u><\/strong><\/span><\/h3>\n<h5 style=\"text-align: center\">Regisztr\u00e1ci\u00f3:<\/h5>\n<h6 style=\"text-align: center\"><span style=\"color: #ff0000;font-size: 24pt\">A regisztr\u00e1ci\u00f3 lez\u00e1rult. A f\u00e9r\u0151helyek beteltek.<\/span><\/h6>\n<h6 style=\"text-align: center\">A nagy \u00e9rdekl\u0151d\u00e9sre val\u00f3 tekintettel v\u00e1r\u00f3list\u00e1t vezet\u00fcnk. Amennyiben visszamond\u00e1s miatt szabadulnak fel f\u00e9r\u0151helyek, arr\u00f3l emailben \u00e9rtes\u00edt\u00e9st k\u00fcld\u00fcnk a v\u00e1r\u00f3list\u00e1s \u00e9rdekl\u0151d\u0151knek.<\/h6>\n<h5 style=\"text-align: center\"><strong><u>Szeretn\u00e9nk meger\u0151s\u00edteni, hogy csak a regisztr\u00e1lt \u00e9s a sikeres regisztr\u00e1ci\u00f3r\u00f3l ki\u00e9rtes\u00edtett vend\u00e9gek r\u00e9szv\u00e9tel\u00e9t tudjuk biztos\u00edtani a rendezv\u00e9nyen.<\/u><\/strong><\/h5>\n<h6 style=\"text-align: center\"><em><strong><span style=\"font-size: 12pt\">Felmer\u00fcl\u0151 k\u00e9rd\u00e9s eset\u00e9n az <a href=\"alumni@semmelweis.hu\">alumni@semmelweis.hu<\/a> c\u00edmre c\u00edmezze level\u00e9t!\u00a0\u00a0<\/span><\/strong><\/em><\/h6>\n<p>&nbsp;<\/p>\n<p>&nbsp;<\/p>\n<p>&nbsp;<\/p>\n\n<\/div><h2 class=\"tabtitle\">Az orvos ell\u00e1t\u00e1si k\u00f6telezetts\u00e9ge nem abszol\u00fat (2025.04.24.)<\/h2>\n<div class=\"tabcontent\">\n\n<h5><strong>\u201e<\/strong><strong>Hogyan tudja \u00e9rv\u00e9nyes\u00edteni az orvos a betegell\u00e1t\u00e1shoz kapcsol\u00f3d\u00f3 jog\u00e1t?<\/strong><strong>\u201d<\/strong><\/h5>\n<h6><span style=\"font-size: 14pt\">Az orvos ell\u00e1t\u00e1si k\u00f6telezetts\u00e9ge nem abszol\u00fat. Az ell\u00e1t\u00e1s jogszer\u0171 megtagad\u00e1s\u00e1nak t\u00f6rv\u00e9nyben r\u00f6gz\u00edtett esetk\u00f6rei illeszkednek a gy\u00f3gy\u00edt\u00e1s mindennapjainak v\u00e1ltozatoss\u00e1g\u00e1hoz. A lehet\u0151s\u00e9g \u00e9s a vele j\u00e1r\u00f3 felel\u0151ss\u00e9g az orvos kez\u00e9ben van. A megtagad\u00e1s tudatos, j\u00f3 gyakorlata az orvos \u00e9s beteg \u00e9rdek\u00e9t egyar\u00e1nt v\u00e9dheti.<\/span><\/p>\n<p><span style=\"font-size: 14pt\">Ennek ered\u00fcnk nyom\u00e1ba az idei els\u0151 Alumni Szalon esem\u00e9ny\u00fcnk\u00f6n <strong>Dr. Ungv\u00e1ry Botond<\/strong> kamarai jogtan\u00e1csossal.<\/span><\/h6>\n<h6><span style=\"font-size: 14pt\">A besz\u00e9lget\u00e9s interakt\u00edv lesz, akiben k\u00e9rd\u00e9s mer\u00fclne fel, ne habozzon feltenni!<\/span><\/h6>\n<div class=\"fontos_div\">\n<p><span style=\"color: #800000\"><strong>Id\u0151pont:<\/strong><\/span><\/p>\n<p>2025. \u00e1prilis 24. (cs\u00fct\u00f6rt\u00f6k)<\/p>\n<p>18:00-19:30<\/p>\n<p><span style=\"color: #800000\"><strong>Helysz\u00edn:\u00a0<\/strong><\/span><\/p>\n<p>Semmelweis Szalon<\/p>\n<p>1085 Budapest, \u00dcll\u0151i \u00fat 26. 1. emelet (108.)<\/p>\n<\/div>\n<p>&nbsp;<\/p>\n<h3 style=\"text-align: center\"><span style=\"font-size: 12pt;color: #800000\"><strong>Szeretn\u00e9nk felh\u00edvni Vend\u00e9geink figyelm\u00e9t, hogy a jelentkez\u00e9s regisztr\u00e1ci\u00f3s sorrendben t\u00f6rt\u00e9nik. A rendezv\u00e9nyen regisztr\u00e1ci\u00f3s ellen\u0151rz\u00e9s t\u00f6rt\u00e9nik, aki nem szerepel a jelenl\u00e9ti \u00edven, azaz nem v\u00e9gezte el itt a regisztr\u00e1ci\u00f3t, sajnos nem biztos, hogy tudjuk fogadni. A sikeres regisztr\u00e1ci\u00f3r\u00f3l e-mailben k\u00fcld\u00fcnk visszaigazol\u00e1st, ez biztos\u00edtja azt, hogy sikeres volt a regisztr\u00e1ci\u00f3! <u>Amennyiben nem kapott ilyet\u00a0<em>(kb. 10 perc eltelt\u00e9vel sem)<\/em>\u00a0\u00e9rdemes \u00fajra pr\u00f3b\u00e1lni.<\/u><\/strong><\/span><\/h3>\n<p style=\"text-align: center\">\n<div class=\"wpcf7 no-js\" id=\"wpcf7-f26076-o4\" lang=\"hu-HU\" dir=\"ltr\" data-wpcf7-id=\"26076\">\n<div class=\"screen-reader-response\"><p role=\"status\" aria-live=\"polite\" aria-atomic=\"true\"><\/p> <ul><\/ul><\/div>\n<form action=\"\/alumni\/wp-json\/wp\/v2\/pages\/10118#wpcf7-f26076-o4\" method=\"post\" class=\"wpcf7-form init\" aria-label=\"Kapcsolatfelv\u00e9teli \u0171rlap\" novalidate=\"novalidate\" data-status=\"init\">\n<div style=\"display: none;\">\n<input type=\"hidden\" name=\"_wpcf7\" value=\"26076\" \/>\n<input type=\"hidden\" name=\"_wpcf7_version\" value=\"6.0.5\" \/>\n<input type=\"hidden\" name=\"_wpcf7_locale\" value=\"hu_HU\" \/>\n<input type=\"hidden\" name=\"_wpcf7_unit_tag\" value=\"wpcf7-f26076-o4\" \/>\n<input type=\"hidden\" name=\"_wpcf7_container_post\" value=\"0\" \/>\n<input type=\"hidden\" name=\"_wpcf7_posted_data_hash\" value=\"\" \/>\n<input type=\"hidden\" name=\"_wpcf7_recaptcha_response\" value=\"\" \/>\n<\/div>\n<p><label> N\u00e9v* (k\u00f6telez\u0151)<br \/>\n<span class=\"wpcf7-form-control-wrap\" data-name=\"your-name\"><input size=\"40\" maxlength=\"400\" class=\"wpcf7-form-control wpcf7-text wpcf7-validates-as-required\" autocomplete=\"name\" aria-required=\"true\" aria-invalid=\"false\" value=\"\" type=\"text\" name=\"your-name\" \/><\/span> <\/label>\n<\/p>\n<p><label> E-mail c\u00edm* (k\u00f6telez\u0151)<br \/>\n<span class=\"wpcf7-form-control-wrap\" data-name=\"your-email\"><input size=\"40\" maxlength=\"400\" class=\"wpcf7-form-control wpcf7-email wpcf7-validates-as-required wpcf7-text wpcf7-validates-as-email\" autocomplete=\"email\" aria-required=\"true\" aria-invalid=\"false\" value=\"\" type=\"email\" name=\"your-email\" \/><\/span> <\/label>\n<\/p>\n<p><label> Telefonsz\u00e1m (301234567 form\u00e1tumban)* (k\u00f6telez\u0151)<br \/>\n<span class=\"wpcf7-form-control-wrap\" data-name=\"tel-56\"><input size=\"40\" maxlength=\"400\" class=\"wpcf7-form-control wpcf7-tel wpcf7-text wpcf7-validates-as-tel\" aria-invalid=\"false\" value=\"\" type=\"tel\" name=\"tel-56\" \/><\/span> <\/label>\n<\/p>\n<p><label><strong>Adatv\u00e9delmi nyilatkozat: Az al\u00e1bbi hozz\u00e1j\u00e1rul\u00e1s b\u00e1rmikor h\u00e1tr\u00e1nyos k\u00f6vetkezm\u00e9ny n\u00e9lk\u00fcl visszavonhat\u00f3, ugyanakkor a hozz\u00e1j\u00e1rul\u00e1s visszavon\u00e1sa nem \u00e9rinti a visszavon\u00e1st megel\u0151z\u0151 adatkezel\u00e9s jogszer\u0171s\u00e9g\u00e9t. Az al\u00e1bbi nyilatkozat kit\u00f6lt\u00e9se felhatalmaz\u00e1st ad a Semmelweis Egyetem Alumni Igazgat\u00f3s\u00e1ga r\u00e9sz\u00e9re a k\u00f6z\u00f6lt adatok helyess\u00e9g\u00e9nek ellen\u0151rz\u00e9s\u00e9re. Az Alumni Igazgat\u00f3s\u00e1g adatkezel\u00e9si t\u00e1j\u00e9koztat\u00f3ja <a href=\"https:\/\/semmelweis.hu\/alumni\/alumni-halozat\/adatvedelem\/\" target=\"_blank\">ide kattintva olvashat\u00f3 el<\/a>. <\/strong><br \/>\n<span class=\"wpcf7-form-control-wrap\" data-name=\"hirlevel-en\"><span class=\"wpcf7-form-control wpcf7-radio\"><span class=\"wpcf7-list-item first last\"><label><input type=\"radio\" name=\"hirlevel-en\" value=\"Ez\u00faton kijelentem, \u00e9s k\u00fcld\u00e9s gomb megnyom\u00e1s\u00e1val elfogadom, hogy elolvastam \u00e9s meg\u00e9rtettem az adatkezel\u00e9si t\u00e1j\u00e9koztat\u00f3t \u00e9s az abban foglalt jogaim ismeret\u00e9ben hozz\u00e1j\u00e1rulok ahhoz, hogy a Semmelweis Egyetem Alumni Igazgat\u00f3s\u00e1ga (sz\u00e9khely: 1085 Budapest \u00dcll\u0151i \u00fat 26..; ad\u00f3sz\u00e1ma: 19308674-2-44) szem\u00e9lyes adataimat az adatkezel\u00e9si t\u00e1j\u00e9koztat\u00f3ban foglaltak szerint kezelje. Egy\u00fattal kijelentem, hogy hozz\u00e1j\u00e1rul\u00e1som \u00f6nk\u00e9ntes \u00e9s megfelel\u0151 t\u00e1j\u00e9koztat\u00e1son alapul.\" \/><span class=\"wpcf7-list-item-label\">Ez\u00faton kijelentem, \u00e9s k\u00fcld\u00e9s gomb megnyom\u00e1s\u00e1val elfogadom, hogy elolvastam \u00e9s meg\u00e9rtettem az adatkezel\u00e9si t\u00e1j\u00e9koztat\u00f3t \u00e9s az abban foglalt jogaim ismeret\u00e9ben hozz\u00e1j\u00e1rulok ahhoz, hogy a Semmelweis Egyetem Alumni Igazgat\u00f3s\u00e1ga (sz\u00e9khely: 1085 Budapest \u00dcll\u0151i \u00fat 26..; ad\u00f3sz\u00e1ma: 19308674-2-44) szem\u00e9lyes adataimat az adatkezel\u00e9si t\u00e1j\u00e9koztat\u00f3ban foglaltak szerint kezelje. Egy\u00fattal kijelentem, hogy hozz\u00e1j\u00e1rul\u00e1som \u00f6nk\u00e9ntes \u00e9s megfelel\u0151 t\u00e1j\u00e9koztat\u00e1son alapul.<\/span><\/label><\/span><\/span><\/span><\/label>\n<\/p>\n<p><input class=\"wpcf7-form-control wpcf7-submit has-spinner\" type=\"submit\" value=\"Bek\u00fcld\u00e9s\" \/>\n<\/p><div class=\"wpcf7-response-output\" aria-hidden=\"true\"><\/div>\n<\/form>\n<\/div>\n<\/p>\n<p>&nbsp;<\/p>\n<h6 style=\"text-align: center\"><span style=\"font-size: 14pt;color: #800000\"><strong>Sok szeretettel v\u00e1rjuk az esem\u00e9nyen!<\/strong><\/span><\/h6>\n<p>&nbsp;<\/p>\n\n<\/div><h2 class=\"tabtitle\">Pszichol\u00f3giai Rugalmass\u00e1g (11.25.)<\/h2>\n<div class=\"tabcontent\">\n\n<h5><strong>\u201ePszichol\u00f3giai Rugalmass\u00e1g\u201d<\/strong><\/h5>\n<h6><span style=\"font-size: 14pt\"><strong>Dr. M\u00e1rky \u00c1d\u00e1m<\/strong> elismert szakember lesz a vend\u00e9g\u00fcnk, a <strong>pszichol\u00f3giai rugalmass\u00e1g<\/strong> t\u00e9m\u00e1j\u00e1ban. Az el\u0151ad\u00e1s c\u00e9lja, hogy m\u00e9lyebb betekint\u00e9st ny\u00fajtson a ment\u00e1lis ellen\u00e1ll\u00f3 k\u00e9pess\u00e9g\u00fcnk fejleszt\u00e9s\u00e9be \u00e9s az alkalmazkod\u00f3k\u00e9pess\u00e9g\u00fcnk er\u0151s\u00edt\u00e9s\u00e9be \u2013 olyan k\u00e9pess\u00e9gekbe, amelyek napjainkban k\u00fcl\u00f6n\u00f6sen fontosak a mindennapi kih\u00edv\u00e1sok kezel\u00e9s\u00e9hez.<\/span><\/h6>\n<h6><span style=\"font-size: 14pt\">A besz\u00e9lget\u00e9s interakt\u00edv lesz, akiben k\u00e9rd\u00e9s mer\u00fclne fel, ne habozzon feltenni!<\/span><\/h6>\n<div class=\"fontos_div\">\n<p><span style=\"color: #800000\"><strong>Id\u0151pont:<\/strong><\/span><\/p>\n<p>11.25. (h\u00e9tf\u0151)<\/p>\n<p>17:00-18:30<\/p>\n<p><span style=\"color: #800000\"><strong>Helysz\u00edn:\u00a0<\/strong><\/span><\/p>\n<p>Semmelweis Szalon<\/p>\n<p>1085 Budapest, \u00dcll\u0151i \u00fat 26. 1. emelet (108.)<\/p>\n<\/div>\n<h5 style=\"text-align: center\">\u00a0<\/h5>\n<p>&nbsp;<\/p>\n\n<\/div><h2 class=\"tabtitle\">A kult\u00fara k\u00f6z\u00f6s \u00fcgy\u00fcnk! - Kult\u00fara \u00e9s innov\u00e1ci\u00f3 Magyarorsz\u00e1gon (09.10.)<\/h2>\n<div class=\"tabcontent\">\n\n<h6><span style=\"font-size: 14pt\">A ny\u00e1ri sz\u00fcnet letelt, \u00fajult er\u0151vel t\u00e9r\u00fcnk vissza Alumni Szalon rendezv\u00e9nysorozatunkhoz!<\/span><\/h6>\n<h5><strong>\u201eA kult\u00fara k\u00f6z\u00f6s \u00fcgy\u00fcnk! &#8211; Kult\u00fara \u00e9s innov\u00e1ci\u00f3 Magyarorsz\u00e1gon.\u201d<\/strong><\/h5>\n<h6><span style=\"font-size: 14pt\">A sz\u00fcnet ut\u00e1ni els\u0151 el\u0151ad\u00e1sunkat m\u00e1r egy kor\u00e1bban felk\u00e9rt el\u0151ad\u00f3val ind\u00edtjuk. Hank\u00f3 Bal\u00e1zzsal fogunk besz\u00e9lgetni, aki imm\u00e1ron Magyarorsz\u00e1g kult\u00far\u00e1j\u00e1\u00e9rt \u00e9s innov\u00e1ci\u00f3j\u00e1\u00e9rt felel\u0151s minisztere.<\/span><\/h6>\n<h6><span style=\"font-size: 14pt\">A besz\u00e9lget\u00e9s interakt\u00edv lesz, akiben k\u00e9rd\u00e9s mer\u00fclne fel, ne habozzon feltenni!<\/span><\/h6>\n<div class=\"fontos_div\">\n<p><span style=\"color: #800000\"><strong>Id\u0151pont:<\/strong><\/span><\/p>\n<p>09.10. (kedd)<\/p>\n<p>17:00-18:30<\/p>\n<p><span style=\"color: #800000\"><strong>Helysz\u00edn:\u00a0<\/strong><\/span><\/p>\n<p>\u00c1rk\u00f6vy J\u00f3zsef el\u0151ad\u00f3terem<\/p>\n<p>1088 Budapest, Szentkir\u00e1lyi u. 47. (jobb oldali bej\u00e1rat)<\/p>\n<\/div>\n<p style=\"text-align: center\">\u00a0<\/p>\n<h5 style=\"text-align: center\">\u00a0<\/h5>\n\n<\/div><h2 class=\"tabtitle\">Kamar\u00e1k szerepe az eg\u00e9szs\u00e9g\u00fcgyi ell\u00e1t\u00f3rendszerben (05.30.)<\/h2>\n<div class=\"tabcontent\">\n\n<h6><span style=\"font-size: 14pt\">Soron k\u00f6vetkez\u0151 esem\u00e9ny\u00fcnket most nem a megszokott egy\u00e9ni el\u0151ad\u00e1s form\u00e1j\u00e1ban hallgathatj\u00e1k. M\u00e1jus utols\u00f3 cs\u00fct\u00f6rt\u00f6k\u00e9n egy kerekasztal-besz\u00e9lget\u00e9ssel v\u00e1rjuk \u00d6n\u00f6ket, mely kiv\u00e1l\u00f3 lehet\u0151s\u00e9get k\u00edn\u00e1l arra, hogy r\u00e9szletes betekint\u00e9st nyerjen az eg\u00e9szs\u00e9g\u00fcgyi szakm\u00e1k k\u00e9pviselet\u00e9nek jelenlegi \u00e1llapot\u00e1ba \u00e9s j\u00f6v\u0151beli kil\u00e1t\u00e1saiba, valamint az eg\u00e9szs\u00e9g\u00fcgyi kamar\u00e1k szerep\u00e9be az ell\u00e1t\u00f3rendszerben.<\/span><\/h6>\n<h6>\u00a0<\/h6>\n<h6><span style=\"font-size: 14pt\">Els\u0151 f\u00e9l\u00e9v\u00fcnk utols\u00f3 t\u00e9m\u00e1ja:<\/span><\/h6>\n<h5><strong>\u201eKamar\u00e1k szerepe az eg\u00e9szs\u00e9g\u00fcgyi ell\u00e1t\u00f3rendszerben\u201d<\/strong><\/h5>\n<p>&nbsp;<\/p>\n<h6><span style=\"font-size: 14pt\"><strong>\u00a0<\/strong>A besz\u00e9lget\u00e9sben r\u00e9sztvev\u0151 szem\u00e9lyek:<\/span><\/h6>\n<h6><span style=\"font-size: 14pt\"><strong>Dr. \u00c1lmos P\u00e9ter &#8211; Magyar Orvosi Kamara eln\u00f6ke<\/strong><\/span><\/h6>\n<h6><span style=\"font-size: 14pt\"><strong>Prof. Dr. Balogh Zolt\u00e1n &#8211; Magyar Eg\u00e9szs\u00e9g\u00fcgyi \u00e9s Szakdolgoz\u00f3i Kamara eln\u00f6ke<\/strong><\/span><\/h6>\n<h6><span style=\"font-size: 14pt\"><strong>Dr. Hank\u00f3 Zolt\u00e1n &#8211; Magyar Gy\u00f3gyszer\u00e9sz Kamara eln\u00f6ke<\/strong><\/span><\/h6>\n<h6><span style=\"font-size: 14pt\"><strong>Dr. Heged\u00fcs Tam\u00e1s &#8211; Magyar Orvosi Kamara titk\u00e1ra, Semmelweis Alumni Igazgat\u00f3s\u00e1g igazgat\u00f3ja<\/strong><\/span><\/h6>\n<p><strong>\u00a0<\/strong><\/p>\n<h6><span style=\"font-size: 14pt\">A besz\u00e9lget\u00e9s interakt\u00edv lesz, akiben k\u00e9rd\u00e9s mer\u00fclne fel, ne habozzon feltenni!<\/span><\/h6>\n<div class=\"fontos_div\">\n<p><span style=\"color: #800000\"><strong>Id\u0151pont:<\/strong><\/span><\/p>\n<p>05.30. (cs\u00fct\u00f6rt\u00f6k)<\/p>\n<p>17:00-18:30<\/p>\n<p><span style=\"color: #800000\"><strong>Helysz\u00edn:\u00a0<\/strong><\/span><\/p>\n<p>Semmelweis Szalon<\/p>\n<p>1085 Budapest, \u00dcll\u0151i \u00fat 26. 1. emelet (108.)<\/p>\n<\/div>\n<p>&nbsp;<\/p>\n<h5 style=\"text-align: center\">\u00a0<\/h5>\n\n<\/div><h2 class=\"tabtitle\">Fenntarthat\u00f3 Eg\u00e9szs\u00e9g\u00fcgy (04.25.)<\/h2>\n<div class=\"tabcontent\">\n\n<h6><span style=\"font-size: 14pt\">Az eg\u00e9szs\u00e9g\u00fcgyi fenntarthat\u00f3s\u00e1g kiemelt fontoss\u00e1g\u00fa t\u00e9ma napjainkban, \u00e9s a t\u00e1rsadalom minden szegmens\u00e9nek figyelm\u00e9t ig\u00e9nyli. A Semmelweis Egyetemen hissz\u00fck, hogy az eg\u00e9szs\u00e9g\u00fcgyben is kiemelt szereppel kell b\u00edrnia a k\u00f6rnyezetv\u00e9delemnek.<\/span><\/h6>\n<h6><span style=\"font-size: 14pt\"><strong>Dr. Demeter Tam\u00e1s<\/strong> egyetem\u00fcnk adjunktusa fogadta el megh\u00edv\u00e1sunkat \u00e9s tartja meg rendezv\u00e9nysorozatunk 5. el\u0151ad\u00e1s\u00e1t a Fenntarthat\u00f3 Eg\u00e9szs\u00e9g\u00fcgy t\u00e9m\u00e1ban.<\/span><\/h6>\n<h6><span style=\"font-size: 14pt\">Az el\u0151ad\u00e1s interakt\u00edv lesz, akiben k\u00e9rd\u00e9s mer\u00fclne fel, ne habozzon feltenni!\u00a0<\/span><\/h6>\n<p>&nbsp;<\/p>\n<div class=\"fontos_div\">\n<p><span style=\"color: #800000\"><strong>Id\u0151pont:<\/strong><\/span><\/p>\n<p>04.25. (cs\u00fct\u00f6rt\u00f6k)<\/p>\n<p>17:00-18:30<\/p>\n<p><span style=\"color: #800000\"><strong>Helysz\u00edn:\u00a0<\/strong><\/span><\/p>\n<p>Semmelweis Szalon<\/p>\n<p>1085 Budapest, \u00dcll\u0151i \u00fat 26. 1. emelet (108.)<\/p>\n<\/div>\n<p style=\"text-align: center\">\u00a0<\/p>\n<h5 style=\"text-align: center\">\u00a0<\/h5>\n<p>&nbsp;<\/p>\n\n<\/div><h2 class=\"tabtitle\">Veszteget\u00e9s az eg\u00e9szs\u00e9g\u00fcgyben \u00e9s annak b\u00fcntet\u0151jogi k\u00f6vetkezm\u00e9nyei (02.29.)<\/h2>\n<div class=\"tabcontent\">\n\n<h6><span style=\"font-size: 14pt\">Esem\u00e9nysorozatunk negyedik el\u0151ad\u00e1sa:<\/span> <strong>Veszteget\u00e9s az eg\u00e9szs\u00e9g\u00fcgyben \u00e9s annak b\u00fcntet\u0151jogi k\u00f6vetkezm\u00e9nyei &#8211; Nemzeti V\u00e9delmi Szolg\u00e1lat<\/strong><\/h6>\n<h6><span style=\"font-size: 14pt\">Az eg\u00e9szs\u00e9g\u00fcgyi szolg\u00e1lati jogviszonyr\u00f3l sz\u00f3l\u00f3 2020. \u00e9vi C. t\u00f6rv\u00e9ny jelent\u0151s v\u00e1ltoz\u00e1sokat hozott az eg\u00e9szs\u00e9g\u00fcgy ter\u00fclet\u00e9n. A Nemzeti V\u00e9delmi Szolg\u00e1latt\u00f3l Dr. Kert\u00e9sz Attila rend\u0151r alezredes, f\u0151oszt\u00e1lyvezet\u0151-helyettes \u00far tart el\u0151ad\u00e1st az etik\u00e1tlan, b\u00fcntetend\u0151 tev\u00e9kenys\u00e9gekr\u0151l az eg\u00e9szs\u00e9g\u00fcgyben.<\/span><\/h6>\n<p>&nbsp;<\/p>\n<div class=\"fontos_div\">\n<p><span style=\"color: #800000\"><strong>Id\u0151pont:<\/strong><\/span><\/p>\n<p>02.29. (cs\u00fct\u00f6rt\u00f6k)<\/p>\n<p>17:00-18:30<\/p>\n<p><span style=\"color: #800000\"><strong>Helysz\u00edn:\u00a0<\/strong><\/span><\/p>\n<p>Semmelweis Szalon<\/p>\n<p>1085 Budapest, \u00dcll\u0151i \u00fat 26. 1. emelet (108.)<\/p>\n<\/div>\n<p>&nbsp;<\/p>\n<h5 style=\"text-align: center\">\u00a0<\/h5>\n\n<\/div><h2 class=\"tabtitle\">Jogi \u00d6nv\u00e9delem (2024.01.25.)<\/h2>\n<div class=\"tabcontent\">\n\n<h6><span style=\"font-size: 14pt\">Esem\u00e9nysorozatunk harmadik el\u0151ad\u00e1sa:<\/span> <strong>Jogi \u00d6nv\u00e9delem<\/strong><\/h6>\n<h6><span style=\"font-size: 14pt\">Hogyan el\u0151zhetj\u00fck meg, hogy a beteg pereljen? Milyen \u00faton ker\u00fclhet\u0151 el, hogy b\u00edr\u00f3s\u00e1gra ker\u00fclj\u00f6n az \u00fcgy? Milyen jogai vannak az orvosnak a gy\u00f3gy\u00edt\u00e1s \u00e9s a b\u00edr\u00f3s\u00e1gi elj\u00e1r\u00e1s sor\u00e1n?<\/span><\/h6>\n<h6><span style=\"font-size: 14pt\">Erre a probl\u00e9mak\u00f6rre igyekszik kiel\u00e9g\u00edt\u0151 v\u00e1laszokat \u00e9s tan\u00e1csokat adni <strong>Dr. Ungv\u00e1ry Botond<\/strong> \u2013 <strong>jogtan\u00e1csos, eg\u00e9szs\u00e9g\u00fcgyi jogi szak\u00e9rt\u0151<\/strong>. <\/span><br \/>\n<span style=\"font-size: 14pt\">A c\u00e9l az, hogy a gy\u00f3gy\u00edt\u00f3 b\u00e1tran merjen gy\u00f3gy\u00edtani, ne akad\u00e1lyozza a munk\u00e1j\u00e1t a f\u00e9lelem panaszokt\u00f3l, m\u0171hibaperekt\u0151l.<\/span><\/h6>\n<h6><span style=\"font-size: 14pt\">Az el\u0151ad\u00e1s interakt\u00edv lesz, akiben k\u00e9rd\u00e9s mer\u00fclne fel, ne habozzon feltenni!<\/span><\/h6>\n<div class=\"fontos_div\">\n<p><strong><span style=\"color: #800000\">Id\u0151pont:<\/span><\/strong><br \/>\n2024. janu\u00e1r 25. (cs\u00fct\u00f6rt\u00f6k)<br \/>\n17:00-19:00<\/p>\n<p><span style=\"color: #800000\"><strong>Helysz\u00edn:<\/strong><\/span><br \/>\nSemmelweis Szalon<br \/>\n1085 Budapest, \u00dcll\u0151i \u00fat 26. 1. emelet (108.)<\/p>\n<\/div>\n<p style=\"text-align: center\">\u00a0<\/p>\n<h5 style=\"text-align: center\">\u00a0<\/h5>\n<p>&nbsp;<\/p>\n\n<\/div><h2 class=\"tabtitle\">Ki\u00e9g\u00e9s \u00e9s stresszkezel\u00e9s az eg\u00e9szs\u00e9g\u00fcgyben (12.13.)<\/h2>\n<div class=\"tabcontent\">\n\n<h6><span style=\"font-size: 14pt\">Az <strong><span style=\"color: #800000\">ALUMNI Szalon<\/span> <\/strong>el\u00e9rkezett m\u00e1sodik \u00e1llom\u00e1s\u00e1hoz. Egy olyan t\u00e9m\u00e1t hoztunk el, ami szinte mindenkit el\u00e9rhet karrierje sor\u00e1n. A Semmelweis Egyetem Ment\u00e1lhigi\u00e9n\u00e9 Int\u00e9zet j\u00f3volt\u00e1b\u00f3l a <strong>ki\u00e9g\u00e9sr\u0151l<\/strong>, valamint a <strong>stresszkezel\u00e9sr\u0151l<\/strong> lesz sz\u00f3 az eg\u00e9szs\u00e9g\u00fcgyben.<\/span><\/h6>\n<h6><span style=\"font-size: 14pt\">Papp Zsuzsanna PhD. \u00e9s Dr. Semsey G\u00e1bor egyetemi adjunktusok adnak el\u0151, a stressz \u00e9s a ki\u00e9g\u00e9s meg- \u00e9s felismer\u00e9s\u00e9vel, megel\u0151z\u00e9s\u00e9vel, valamint lehets\u00e9ges kezel\u00e9s\u00e9vel. A r\u00e9sztvev\u0151ket egy pillanatnyi meg\u00e1ll\u00e1sra szeretn\u00e9k b\u00e1tor\u00edtani, hogy gondolj\u00e1k v\u00e9gig jelen \u00e9lethelyzet\u00fckben mely strat\u00e9gi\u00e1k szolg\u00e1lj\u00e1k a testi-lelki j\u00f3ll\u00e9t\u00fcket.<\/span><\/h6>\n<h6><span style=\"font-size: 14pt\">Az el\u0151ad\u00e1s interakt\u00edv lesz, akiben k\u00e9rd\u00e9s mer\u00fclne fel, ne habozzon feltenni!\u00a0<\/span><\/h6>\n<div class=\"fontos_div\">\n<div style=\"text-align: left\"><strong><span style=\"color: #800000\">Id\u0151pont:<\/span><br \/>\n<\/strong>2023. december 13. (szerda)<br \/>\n18:00-19:30<\/div>\n<div style=\"text-align: left\"><span style=\"color: #800000\"><strong>Helysz\u00edn:<\/strong><\/span><br \/>\nSemmelweis Szalon<br \/>\n1085 Budapest, \u00dcll\u0151i \u00fat 26. 1. emelet<\/div>\n<\/div>\n<div>\n<p style=\"text-align: center\">\u00a0<\/p>\n<h5 style=\"text-align: center\">\u00a0<\/h5>\n<\/div>\n<p>&nbsp;<\/p>\n\n<\/div><h2 class=\"tabtitle\">Mesters\u00e9ges Intelligencia az eg\u00e9szs\u00e9g\u00fcgyben (11.13.)<\/h2>\n<div class=\"tabcontent\">\n\n<h6><span style=\"font-size: 14pt\">Els\u0151 alkalommal <strong>Dr. Mesk\u00f3 Bertalan<\/strong> fog el\u0151ad\u00e1st tartani a <strong>\u201eMesters\u00e9ges Intelligencia az eg\u00e9szs\u00e9g\u00fcgyben\u201d<\/strong> c\u00edmmel.<\/span><\/h6>\n<h6><span style=\"font-size: 14pt\">A mesters\u00e9ges intelligencia-rendszereket napjainkban elterjedten haszn\u00e1lj\u00e1k a gazdas\u00e1gban, a tervez\u00e9sben, a katonas\u00e1gn\u00e1l, sok elterjedt sz\u00e1m\u00edt\u00f3g\u00e9pes programban \u00e9s nem utols\u00f3 sorban az orvostudom\u00e1nyban is.<\/span><\/h6>\n<h6><span style=\"font-size: 14pt\">El\u0151ad\u00f3nk \u00faj szakm\u00e1t alkotott \u201eorvosi j\u00f6v\u0151kutat\u00f3\u201d (The Medical Futurist) n\u00e9ven, melyben k\u00fcldet\u00e9se, hogy a hasznos technol\u00f3giai \u00faj\u00edt\u00e1sokat behozza a mindennapi klinikai gyakorlatba. T\u00f6bb mint 500 el\u0151ad\u00e1st tartott a j\u00f6v\u0151 orvosl\u00e1s\u00e1r\u00f3l a Yale, Stanford \u00e9s Harvard Egyetemekt\u0151l eg\u00e9szen az Eg\u00e9szs\u00e9g\u00fcgyi Vil\u00e1gszervezet k\u00f6zpontj\u00e1ig. A Singularity University \u00e1ltal a NASA k\u00f6zpontj\u00e1ban szervezett exkluz\u00edv Futuremed kurzus el\u0151ad\u00f3ja is volt. Egyed\u00fcli magyark\u00e9nt a j\u00f6v\u0151 eg\u00e9szs\u00e9g\u00fcgy\u00e9t meghat\u00e1roz\u00f3 innov\u00e1torok nemzetk\u00f6zi Future Health 100 list\u00e1j\u00e1ba ker\u00fclt be.<\/span><\/h6>\n<h6><span style=\"font-size: 14pt\">Az el\u0151ad\u00e1s interakt\u00edv lesz, akiben k\u00e9rd\u00e9s mer\u00fclne fel, ne habozzon feltenni!\u00a0<\/span><\/h6>\n<div class=\"fontos_div\">\n<p><span style=\"color: #993366\"><strong>Id\u0151pont<\/strong><\/span>:<\/p>\n<p>2023. november 13. (h\u00e9tf\u0151)<\/p>\n<p>18:00-20:00<\/p>\n<p><span style=\"color: #993366\"><strong>Helysz\u00edn:<\/strong><\/span><\/p>\n<p>Semmelweis Szalon<\/p>\n<p>1085 Budapest, \u00dcll\u0151i \u00fat 26. 1. emelet<\/p>\n<\/div>\n<p>&nbsp;<\/p>\n<h5 style=\"text-align: center\">\u00a0<\/h5>\n<\/div><\/div>\n","protected":false},"excerpt":{"rendered":"<p><a href=\"https:\/\/semmelweis.hu\/alumni\/files\/2023\/10\/Weboldal_slider.png\"><\/a> \u00a0 Az Alumni Igazgat\u00f3s\u00e1g ALUMNI Szalon rendezv\u00e9nysorozata az eg\u00e9szs\u00e9g\u00fcgyet \u00e9rint\u0151, \u00e9rdekes \u00e9s naprak\u00e9sz t\u00e9m\u00e1kat j\u00e1r k\u00f6r\u00fcl. Az esem\u00e9ny minden h\u00f3napban megrendez\u00e9sre ker\u00fcl (a v\u00e1ltoz\u00e1s jog\u00e1t fenntartjuk). R\u00e9sztvev\u0151inket catering szolg\u00e1ltat\u00e1ssal v\u00e1rjuk, friss pog\u00e1cs\u00e1val, \u00fcd\u00edt\u0151vel \u00e9s k\u00e1v\u00e9val! &nbsp; \u00a0 Ember a vil\u00e1g\u0171rben: Az \u0171rorvosl\u00e1s vil\u00e1ga A m\u00e1jusi Alumni Szalon vend\u00e9ge Dr. Nagy Klaudia Vivien, kardiol\u00f3gus szakorvos, valamint &hellip;<\/p>\n","protected":false},"author":101627,"featured_media":10128,"parent":1130,"menu_order":1,"comment_status":"closed","ping_status":"closed","template":"template-fullwidth.php","meta":{"_acf_changed":false,"footnotes":""},"categories":[157],"tags":[],"class_list":["post-10118","page","type-page","status-publish","has-post-thumbnail","hentry","category-rendezvenyek"],"acf":[],"publishpress_future_action":{"enabled":false,"date":"1970-01-01 01:00:00","action":"","terms":[],"taxonomy":"","browser_timezone_offset":0},"_links":{"self":[{"href":"https:\/\/semmelweis.hu\/alumni\/wp-json\/wp\/v2\/pages\/10118","targetHints":{"allow":["GET"]}}],"collection":[{"href":"https:\/\/semmelweis.hu\/alumni\/wp-json\/wp\/v2\/pages"}],"about":[{"href":"https:\/\/semmelweis.hu\/alumni\/wp-json\/wp\/v2\/types\/page"}],"author":[{"embeddable":true,"href":"https:\/\/semmelweis.hu\/alumni\/wp-json\/wp\/v2\/users\/101627"}],"replies":[{"embeddable":true,"href":"https:\/\/semmelweis.hu\/alumni\/wp-json\/wp\/v2\/comments?post=10118"}],"version-history":[{"count":15,"href":"https:\/\/semmelweis.hu\/alumni\/wp-json\/wp\/v2\/pages\/10118\/revisions"}],"predecessor-version":[{"id":41447,"href":"https:\/\/semmelweis.hu\/alumni\/wp-json\/wp\/v2\/pages\/10118\/revisions\/41447"}],"up":[{"embeddable":true,"href":"https:\/\/semmelweis.hu\/alumni\/wp-json\/wp\/v2\/pages\/1130"}],"wp:featuredmedia":[{"embeddable":true,"href":"https:\/\/semmelweis.hu\/alumni\/wp-json\/wp\/v2\/media\/10128"}],"wp:attachment":[{"href":"https:\/\/semmelweis.hu\/alumni\/wp-json\/wp\/v2\/media?parent=10118"}],"wp:term":[{"taxonomy":"category","embeddable":true,"href":"https:\/\/semmelweis.hu\/alumni\/wp-json\/wp\/v2\/categories?post=10118"},{"taxonomy":"post_tag","embeddable":true,"href":"https:\/\/semmelweis.hu\/alumni\/wp-json\/wp\/v2\/tags?post=10118"}],"curies":[{"name":"wp","href":"https:\/\/api.w.org\/{rel}","templated":true}]}}