{"id":803,"date":"2021-04-02T13:29:49","date_gmt":"2021-04-02T11:29:49","guid":{"rendered":"https:\/\/semmelweis.hu\/allatjoleti-bizottsag\/?page_id=803"},"modified":"2026-08-18T14:00:31","modified_gmt":"2026-08-18T12:00:31","slug":"eves-tovabbkepzes","status":"publish","type":"page","link":"https:\/\/semmelweis.hu\/allatjoleti-bizottsag\/eves-tovabbkepzes\/","title":{"rendered":"\u00c9ves tov\u00e1bbk\u00e9pz\u00e9s"},"content":{"rendered":"<p><span style=\"color: #3366ff\"><strong>A Semmelweis Egyetem Munkahelyi \u00c1llatj\u00f3l\u00e9ti Bizotts\u00e1ga az al\u00e1bbi kongresszusokon\/el\u0151ad\u00e1sokon\/rendezv\u00e9nyeken val\u00f3 r\u00e9szv\u00e9telt \u00e9ves tov\u00e1bbk\u00e9pz\u00e9sk\u00e9nt elfogadja. <\/strong><\/span><\/p>\n<p><span style=\"color: #3366ff\"><strong>Participation in one of the below-mentioned congresses\/presentations is accepted as an annual course by Semmelweis University&#8217;s Animal Welfare Body.<\/strong><\/span><\/p>\n<p>1.) <strong>A Magyar Labor\u00e1llat-tudom\u00e1nyi Egyes\u00fclet (MLTE) \u00e9ves tal\u00e1lkoz\u00f3ja (magyar)<\/strong><\/p>\n<p>2026. szeptember 2. 10.00 \u00f3r\u00e1t\u00f3l, a Semmelweis Egyetem Nagyv\u00e1rad t\u00e9ri Elm\u00e9leti T\u00f6mbj\u00e9nek D\u00edszterm\u00e9ben<\/p>\n<p><span style=\"font-size: 1rem\">Program: hamarosan<\/span><\/p>\n<p>2.) <strong>3rd European Zebrafish Husbandry Association Meeting (English)<\/strong><\/p>\n<p><span data-olk-copy-source=\"MessageBody\">EZHAM 2026: 1st\u20133rd October 2026, Naples, Italy<\/span><\/p>\n<p><a href=\"http:\/\/www.ezham2026.com\/\" target=\"_blank\" rel=\"noopener noreferrer\">www.ezham2026.com<\/a><\/p>\n<p>3.) <strong>Az ETPLAS e-learning modulok egyik\u00e9nek elv\u00e9gz\u00e9se\/Complete one of ETPLAS&#8217; e-learning modules (English)<\/strong><\/p>\n<p>https:\/\/etplas.eu\/en\/eu-modulescourses<\/p>\n<p>A bescannelt bizony\u00edtv\u00e1nyt a mab@semmelweis.hu e-mail c\u00edmre v\u00e1rjuk.\/Please send your certification to mab@semmelweis.hu<\/p>\n<p>4.) Az <strong>\u00e1llatgondoz\u00f3k-asszisztensek r\u00e9sz\u00e9re<\/strong> 2026. szeptember 17-\u00e9n <strong>szakmai nap<\/strong>ot szervez az \u00c1llatorvostudom\u00e1nyi Egyetem, amely teljes\u00edthet\u0151 szem\u00e9lyese vagy online. (magyar)<\/p>\n<p>R\u00e9szletek \u00e9s regisztr\u00e1ci\u00f3:<\/p>\n<p>Id\u0151pont: 2026.09.17. (cs\u00fct\u00f6rt\u00f6k), 11:00 \u00f3r\u00e1t\u00f3l<\/p>\n<div>\n<p>Helysz\u00edn: \u00c1llatorvostudom\u00e1nyi Egyetem<br \/>\n1078 Budapest, Istv\u00e1n utca 2.<br \/>\nZlam\u00e1l el\u0151ad\u00f3<\/p>\n<p>Program<\/p>\n<p>11:00\u201311:15 \u2013 K\u00f6sz\u00f6nt\u0151<\/p>\n<p>11:15\u201312:00 \u2013 Bevezet\u00e9s a 3R t\u00e1rgyk\u00f6r\u00e9be<br \/>\nEl\u0151ad\u00f3: dr. Kors\u00f3s Gabriella<br \/>\n\u00c1llatorvostudom\u00e1nyi Egyetem<\/p>\n<p>12:00\u201312:30 \u2013 Sz\u00fcnet<\/p>\n<p>12:30\u201313:00 \u2013 K\u00edm\u00e9letes kezel\u00e9si m\u00f3dszerek alkalmaz\u00e1sa laborat\u00f3riumi egerekkel \u00e9s patk\u00e1nyokkal<br \/>\nEl\u0151ad\u00f3k: K\u00e1lm\u00e1n Eszter \u00e9s Nagy Eszter<br \/>\nWaters Biosciences<\/p>\n<p>13:00\u201313:45 \u2013 Beagle projekt Veszpr\u00e9mben (k\u00f6rnyezetgazdag\u00edt\u00e1s, \u00f6r\u00f6kbead\u00e1s)<br \/>\nEl\u0151ad\u00f3: dr. Mih\u00e1lyfi Ang\u00e9la<br \/>\nCharles River Laboratories<\/p>\n<p>13:45\u201315:00 \u2013 Kerekasztal besz\u00e9lget\u00e9s \u00e9s vizsga<\/p>\n<p>Tov\u00e1bbi inform\u00e1ci\u00f3k<\/p>\n<p>Szem\u00e9lyes r\u00e9szv\u00e9tel javasolt, de az esem\u00e9ny online is k\u00f6vethet\u0151.<\/p>\n<p>Online teljes\u00edtett vizsg\u00e1t k\u00f6vet\u0151en bizony\u00edtv\u00e1nyt \u00e1ll\u00edtunk ki.<\/p>\n<p>Az esem\u00e9ny regisztr\u00e1ci\u00f3hoz k\u00f6t\u00f6tt.<\/p>\n<p>Regisztr\u00e1ci\u00f3: <a href=\"https:\/\/forms.cloud.microsoft\/e\/FRzphxUCTT\" target=\"_blank\" rel=\"noopener\">https:\/\/forms.cloud.microsoft\/<wbr \/>e\/FRzphxUCTT<\/a><\/p>\n<\/div>\n","protected":false},"excerpt":{"rendered":"<p>A Semmelweis Egyetem Munkahelyi \u00c1llatj\u00f3l\u00e9ti Bizotts\u00e1ga az al\u00e1bbi kongresszusokon\/el\u0151ad\u00e1sokon\/rendezv\u00e9nyeken val\u00f3 r\u00e9szv\u00e9telt \u00e9ves tov\u00e1bbk\u00e9pz\u00e9sk\u00e9nt elfogadja. Participation in one of the below-mentioned congresses\/presentations is accepted as an annual course by Semmelweis University&#8217;s Animal Welfare Body. 1.) A Magyar Labor\u00e1llat-tudom\u00e1nyi Egyes\u00fclet (MLTE) \u00e9ves tal\u00e1lkoz\u00f3ja (magyar) 2026. szeptember 2. 10.00 \u00f3r\u00e1t\u00f3l, a Semmelweis Egyetem Nagyv\u00e1rad t\u00e9ri Elm\u00e9leti T\u00f6mbj\u00e9nek D\u00edszterm\u00e9ben &hellip;<\/p>\n","protected":false},"author":268,"featured_media":0,"parent":0,"menu_order":0,"comment_status":"closed","ping_status":"closed","template":"","meta":{"_acf_changed":false,"footnotes":""},"categories":[],"tags":[],"class_list":["post-803","page","type-page","status-publish","hentry"],"acf":[],"_links":{"self":[{"href":"https:\/\/semmelweis.hu\/allatjoleti-bizottsag\/wp-json\/wp\/v2\/pages\/803","targetHints":{"allow":["GET"]}}],"collection":[{"href":"https:\/\/semmelweis.hu\/allatjoleti-bizottsag\/wp-json\/wp\/v2\/pages"}],"about":[{"href":"https:\/\/semmelweis.hu\/allatjoleti-bizottsag\/wp-json\/wp\/v2\/types\/page"}],"author":[{"embeddable":true,"href":"https:\/\/semmelweis.hu\/allatjoleti-bizottsag\/wp-json\/wp\/v2\/users\/268"}],"replies":[{"embeddable":true,"href":"https:\/\/semmelweis.hu\/allatjoleti-bizottsag\/wp-json\/wp\/v2\/comments?post=803"}],"version-history":[{"count":10,"href":"https:\/\/semmelweis.hu\/allatjoleti-bizottsag\/wp-json\/wp\/v2\/pages\/803\/revisions"}],"predecessor-version":[{"id":1150,"href":"https:\/\/semmelweis.hu\/allatjoleti-bizottsag\/wp-json\/wp\/v2\/pages\/803\/revisions\/1150"}],"wp:attachment":[{"href":"https:\/\/semmelweis.hu\/allatjoleti-bizottsag\/wp-json\/wp\/v2\/media?parent=803"}],"wp:term":[{"taxonomy":"category","embeddable":true,"href":"https:\/\/semmelweis.hu\/allatjoleti-bizottsag\/wp-json\/wp\/v2\/categories?post=803"},{"taxonomy":"post_tag","embeddable":true,"href":"https:\/\/semmelweis.hu\/allatjoleti-bizottsag\/wp-json\/wp\/v2\/tags?post=803"}],"curies":[{"name":"wp","href":"https:\/\/api.w.org\/{rel}","templated":true}]}}