{"id":11,"date":"2013-03-19T09:48:17","date_gmt":"2013-03-19T09:48:17","guid":{"rendered":"http:\/\/semmelweis-egyetem.hu\/allatkiserleti-bizottsag\/?page_id=11"},"modified":"2026-08-26T13:19:55","modified_gmt":"2026-08-26T11:19:55","slug":"oktatas","status":"publish","type":"page","link":"https:\/\/semmelweis.hu\/allatjoleti-bizottsag\/oktatas\/","title":{"rendered":"Oktat\u00e1s"},"content":{"rendered":"<h4>Az oldal tartalma\/Contents:<\/h4>\n<ol>\n<li><em>K\u00eds\u00e9rleti \u00e1llatok &#8211; \u00e1llatk\u00eds\u00e9rletek<\/em> magyar nyelv\u0171 kurzus 2026.<\/li>\n<li><em>Experimental animals &#8211; animal experiments<\/em> English course 2026<\/li>\n<li><em>Labor\u00e1llat-gondoz\u00f3 k\u00e9pz\u00e9s<\/em> az \u00c1llatorvostudom\u00e1nyi Egyetemen a Semmelweis Egyetem M\u00c1B k\u00f6zrem\u0171k\u00f6d\u00e9s\u00e9vel<\/li>\n<li><em>\u00c1llatk\u00eds\u00e9rleti technikus<\/em> k\u00e9pz\u00e9s az \u00c1llatorvostudom\u00e1nyi Egyetemen a Semmelweis Egyetem M\u00c1B k\u00f6zrem\u0171k\u00f6d\u00e9s\u00e9vel<\/li>\n<li>Az <em><strong>\u00e1llatgondoz\u00f3k-asszisztensek r\u00e9sz\u00e9re<\/strong><\/em> 2026. szeptember 17-\u00e9n szakmai napot szervez az \u00c1llatorvostudom\u00e1nyi Egyetem, amely teljes\u00edthet\u0151 szem\u00e9lyese vagy online. <strong>R\u00e9szletek az <em>\u00c9ves tov\u00e1bbk\u00e9pz\u00e9s<\/em> oldalon<\/strong>!<\/li>\n<\/ol>\n<h4><span style=\"font-size: 18pt;color: #ff0000\"><strong>K\u00cdS\u00c9RLETI \u00c1LLATOK &#8211; \u00c1LLATK\u00cdS\u00c9RLETEK KURZUS<\/strong><\/span><\/h4>\n<p><img decoding=\"async\" class=\"alignright\" style=\"text-align: justify\" src=\"https:\/\/semmelweis.hu\/allatjoleti-bizottsag\/files\/2022\/01\/EGEREK.jpg\" \/><\/p>\n<p style=\"text-align: center\">2026. okt\u00f3ber 26. &#8211; november 17.<\/p>\n<p style=\"text-align: justify\">&#8222;A&#8221; szint elm\u00e9leti r\u00e9sz: 2026. okt\u00f3ber 26-28.<\/p>\n<p>&#8222;A&#8221; szint \u00f3rarend\u00a0<\/p>\n<p>&#8222;B&#8221; szint elm\u00e9leti r\u00e9sz: 2026. okt\u00f3ber 26. &#8211; november 4.<\/p>\n<p>&#8222;B&#8221; szint \u00f3rarend\u00a0<\/p>\n<p>Gyakorlatok: 2026. november 5-6.; 9-10.; 16-17. (sz\u00fcks\u00e9g eset\u00e9n t\u00f6bb gyakorlati id\u0151pont meghirdet\u00e9se k\u00e9s\u0151bb)<\/p>\n<p>Mindenki sz\u00e1m\u00e1ra 2 napos gyakorlati blokk k\u00f6telez\u0151.<\/p>\n<p style=\"text-align: justify\"><a href=\"https:\/\/semmelweis.hu\/allatjoleti-bizottsag\/files\/2026\/05\/jelentkezesi-lap-magyar-2026-1.doc\"><strong>Jelentkez\u00e9si lap<\/strong><\/a><strong>\u00a0<\/strong><\/p>\n<p>Jelentkez\u00e9si hat\u00e1rid\u0151: 2026. okt\u00f3ber 15.<\/p>\n<p>A <strong>Semmelweis Egyetem PhD hallgat\u00f3i<\/strong> a Neptun rendszeren kereszt\u00fcl regisztr\u00e1lhatnak, NE k\u00fcdjenek k\u00fcl\u00f6n jelentkez\u00e9si lapot. Az <strong>MD-PhD hallgat\u00f3k<\/strong> szint\u00e9n a Neptun rendszerben regisztr\u00e1lnak, a &#8222;B&#8221; szint\u0171 kurzus elv\u00e1r\u00e1sait kell teljes\u00edteni\u00fck!<\/p>\n<p><span style=\"color: #ff0000\">&#8222;B&#8221; szintre csak az jelentkezhet, aki mesterk\u00e9pz\u00e9snek megfelel\u0151 diplom\u00e1val rendelkezik agr\u00e1r, orvosi, gy\u00f3gyszer\u00e9sz, \u00e1llatorvosi, \u00e9l\u0151 term\u00e9szettudom\u00e1nyi, biol\u00f3giai ir\u00e1nyults\u00e1g\u00fa m\u0171szaki \u00e9s t\u00e1rsadalomtudom\u00e1nyi, pszichol\u00f3giai valamint sport k\u00e9pz\u00e9si ter\u00fcletr\u0151l, valamint az ezen ter\u00fcletekhez tartoz\u00f3 tan\u00e1ri diplom\u00e1k is elfogadhat\u00f3k. (40\/2013. (II. 14.) Korm\u00e1nyrendelet) Ennek igazol\u00e1s\u00e1ra a jelentkez\u00e9si lap mell\u00e9 k\u00e9rj\u00fck csatolni a diploma f\u00e9nym\u00e1solat\u00e1t!<\/span><\/p>\n<p>Kapcsolat: mab@semmelweis.hu<\/p>\n<div class=\"keretes w-100\">\n<p><strong style=\"background-color: #ffffff;font-size: 1rem\">A KURZUS MAGYAR NYELV\u0170 V\u00c1LTOZAT\u00c1T AZ \u00c1LLATK\u00cdS\u00c9RLETI TUDOM\u00c1NYOS \u00a0ETIKAI TAN\u00c1CS HIVATALOSAN ELISMERTE 2022. janu\u00e1r 26-n.\u00a0<\/strong><\/p>\n<\/div>\n<p style=\"text-align: left\"><a href=\"https:\/\/semmelweis.hu\/allatjoleti-bizottsag\/files\/2022\/01\/ATET_elismerohatarozat_SE-A_2021.pdf\">Hat\u00e1rozat a &#8222;K\u00eds\u00e9rleti \u00e1llatok &#8211; \u00e1llatk\u00eds\u00e9rletek&#8221; A szint\u0171 kurzus elismer\u00e9s\u00e9r\u0151l (2022.)<\/a><\/p>\n<p style=\"text-align: left\"><a href=\"https:\/\/semmelweis.hu\/allatjoleti-bizottsag\/files\/2022\/01\/ATET_elismerohatarozat_SE-B_2021.pdf\">Hat\u00e1rozat a &#8222;K\u00eds\u00e9rleti \u00e1llatok &#8211; \u00e1llatk\u00eds\u00e9rletek&#8221; B szint\u0171 kurzus elismer\u00e9s\u00e9r\u0151l (2022.)<\/a><\/p>\n<p>&nbsp;<\/p>\n<h4><span style=\"font-size: 18pt;color: #ff0000\"><strong>EXPERIMENTAL ANIMALS &#8211; ANIMAL EXPERIMENTS course\u00a0 \u00a0 \u00a0\u00a0<\/strong><\/span><\/h4>\n<p><img decoding=\"async\" class=\"alignright\" src=\"https:\/\/semmelweis.hu\/allatjoleti-bizottsag\/files\/2022\/01\/EGEREK.jpg\" \/><\/p>\n<p style=\"text-align: center\">Next English course will be in 2027<\/p>\n<p>Level &#8216;A&#8217; theoretical part<\/p>\n<p><span style=\"color: #ff00ff\">SCHEDULE A<\/span><\/p>\n<p>Level &#8216;B&#8217; theoretical part<\/p>\n<p><span style=\"color: #ff00ff\">SCHEDULE B<\/span><\/p>\n<p>A 2-day practical block is mandatory for everyone. (in person)<\/p>\n<p>Practices<\/p>\n<p><span style=\"color: #ff00ff\">Application form\u00a0<\/span><\/p>\n<p>Application deadline:\u00a0<\/p>\n<p>PhD students at Semmelweis University can register via the Neptun system; please DO NOT send an application form separately.<\/p>\n<p><span style=\"color: #ff0000\">Only graduates with a master&#8217;s degree in agriculture, medicine, pharmacy, veterinary medicine, life sciences, biology, engineering, social sciences, psychology, and sport, and teacher&#8217;s diplomas in these fields are eligible for level B. Please enclose a copy of your diploma with your application form to prove this.<\/span><\/p>\n<p>Connection: mab@semmelweis.hu<\/p>\n<p style=\"text-align: left\"><strong>&#8216;ACCREDITATION&#8217; DECISION FOR THE ENGLISH COURSE IN 2021<\/strong><\/p>\n<p style=\"text-align: left\"><strong>AZ ANGOL NYELV\u0170 KURZUR\u00d3L SZ\u00d3L\u00d3 ELISMER\u0150 HAT\u00c1ROZAT 2021-BEN<\/strong><\/p>\n<p style=\"text-align: left\"><a href=\"https:\/\/semmelweis.hu\/allatjoleti-bizottsag\/files\/2021\/10\/\u00c1TET_elismer\u0151hat\u00e1rozat_SE_angol-A_2021.pdf\">Hat\u00e1rozat az &#8216;Experimental animals &#8211; animal experiments&#8217; &#8222;A&#8221; szint\u0171 kurzus elismer\u00e9s\u00e9r\u0151l (2021)<\/a><\/p>\n<p style=\"text-align: left\"><a href=\"https:\/\/semmelweis.hu\/allatjoleti-bizottsag\/files\/2021\/10\/\u00c1TET_elismer\u0151hat\u00e1rozat_SE_angol-B_2021.pdf\">Hat\u00e1rozat az &#8216;Experimental animals &#8211; animal experiments&#8217; &#8222;B&#8221; szint\u0171 kurzus elismer\u00e9s\u00e9r\u0151l (2021)<\/a><\/p>\n<p>&nbsp;<\/p>\n<p><strong><span style=\"color: #ff0000;font-size: 18pt\">Labor\u00e1llat-gondoz\u00f3 k\u00e9pz\u00e9s az \u00c1llatorvostudom\u00e1nyi Egyetemen a Semmelweis M\u00c1B k\u00f6zrem\u0171k\u00f6d\u00e9s\u00e9vel<\/span><\/strong><\/p>\n<p><a href=\"https:\/\/semmelweis.hu\/allatjoleti-bizottsag\/files\/2024\/09\/Laborallat-gondozo-hirdetes-A4-240726.pdf\">Hirdet\u00e9s innen let\u00f6lthet\u0151<\/a><\/p>\n<p><span style=\"color: #ff0000;font-size: 18pt\"><strong>\u00c1llatk\u00eds\u00e9rleti technikus k\u00e9pz\u00e9s az \u00c1llatorvostudom\u00e1nyi Egyetemen a Semmelweis M\u00c1B k\u00f6zrem\u0171k\u00f6d\u00e9s\u00e9vel<\/strong><\/span><\/p>\n<p><a href=\"https:\/\/semmelweis.hu\/allatjoleti-bizottsag\/files\/2024\/09\/Allatkiserleti-technikus-hirdetes-A4-240726.pdf\">Hirdet\u00e9s innen let\u00f6lthet\u0151<\/a><\/p>\n","protected":false},"excerpt":{"rendered":"<p>Az oldal tartalma\/Contents: K\u00eds\u00e9rleti \u00e1llatok &#8211; \u00e1llatk\u00eds\u00e9rletek magyar nyelv\u0171 kurzus 2026. Experimental animals &#8211; animal experiments English course 2026 Labor\u00e1llat-gondoz\u00f3 k\u00e9pz\u00e9s az \u00c1llatorvostudom\u00e1nyi Egyetemen a Semmelweis Egyetem M\u00c1B k\u00f6zrem\u0171k\u00f6d\u00e9s\u00e9vel \u00c1llatk\u00eds\u00e9rleti technikus k\u00e9pz\u00e9s az \u00c1llatorvostudom\u00e1nyi Egyetemen a Semmelweis Egyetem M\u00c1B k\u00f6zrem\u0171k\u00f6d\u00e9s\u00e9vel Az \u00e1llatgondoz\u00f3k-asszisztensek r\u00e9sz\u00e9re 2026. szeptember 17-\u00e9n szakmai napot szervez az \u00c1llatorvostudom\u00e1nyi Egyetem, amely teljes\u00edthet\u0151 szem\u00e9lyese &hellip;<\/p>\n","protected":false},"author":12,"featured_media":0,"parent":0,"menu_order":0,"comment_status":"closed","ping_status":"closed","template":"","meta":{"_acf_changed":false,"footnotes":""},"categories":[],"tags":[],"class_list":["post-11","page","type-page","status-publish","hentry"],"acf":[],"_links":{"self":[{"href":"https:\/\/semmelweis.hu\/allatjoleti-bizottsag\/wp-json\/wp\/v2\/pages\/11","targetHints":{"allow":["GET"]}}],"collection":[{"href":"https:\/\/semmelweis.hu\/allatjoleti-bizottsag\/wp-json\/wp\/v2\/pages"}],"about":[{"href":"https:\/\/semmelweis.hu\/allatjoleti-bizottsag\/wp-json\/wp\/v2\/types\/page"}],"author":[{"embeddable":true,"href":"https:\/\/semmelweis.hu\/allatjoleti-bizottsag\/wp-json\/wp\/v2\/users\/12"}],"replies":[{"embeddable":true,"href":"https:\/\/semmelweis.hu\/allatjoleti-bizottsag\/wp-json\/wp\/v2\/comments?post=11"}],"version-history":[{"count":13,"href":"https:\/\/semmelweis.hu\/allatjoleti-bizottsag\/wp-json\/wp\/v2\/pages\/11\/revisions"}],"predecessor-version":[{"id":1155,"href":"https:\/\/semmelweis.hu\/allatjoleti-bizottsag\/wp-json\/wp\/v2\/pages\/11\/revisions\/1155"}],"wp:attachment":[{"href":"https:\/\/semmelweis.hu\/allatjoleti-bizottsag\/wp-json\/wp\/v2\/media?parent=11"}],"wp:term":[{"taxonomy":"category","embeddable":true,"href":"https:\/\/semmelweis.hu\/allatjoleti-bizottsag\/wp-json\/wp\/v2\/categories?post=11"},{"taxonomy":"post_tag","embeddable":true,"href":"https:\/\/semmelweis.hu\/allatjoleti-bizottsag\/wp-json\/wp\/v2\/tags?post=11"}],"curies":[{"name":"wp","href":"https:\/\/api.w.org\/{rel}","templated":true}]}}