{"id":537,"date":"2022-11-07T14:10:08","date_gmt":"2022-11-07T13:10:08","guid":{"rendered":"https:\/\/semmelweis.hu\/alkalmazottitanacs\/?page_id=537"},"modified":"2022-11-07T14:14:12","modified_gmt":"2022-11-07T13:14:12","slug":"alkalmazotti-tanacs-valasztas-eredmenye","status":"publish","type":"page","link":"https:\/\/semmelweis.hu\/alkalmazottitanacs\/at-valasztas-2021\/alkalmazotti-tanacs-valasztas-eredmenye\/","title":{"rendered":"Alkalmazotti Tan\u00e1cs V\u00e1laszt\u00e1s Eredm\u00e9nye"},"content":{"rendered":"<p><strong>Tisztelt Semmelweis Polg\u00e1r!<\/strong><\/p>\n<p>A V\u00e1laszt\u00e1si Bizotts\u00e1g nev\u00e9ben \u00f6r\u00f6mmel \u00e9rtes\u00edtj\u00fck \u00d6n\u00f6ket, hogy a 2021. november 29-\u00e9n indult els\u0151 Alkalmazotti Tan\u00e1cs \u00e9s Munkav\u00e9delmi K\u00e9pvisel\u0151 v\u00e1laszt\u00e1s \u00e9rv\u00e9nyesen \u00e9s eredm\u00e9nyesen lez\u00e1rult.<\/p>\n<p>Az Alkalmazotti Tan\u00e1cs v\u00e1laszt\u00e1son a munkav\u00e1llal\u00f3k 52,79 sz\u00e1zal\u00e9ka vett r\u00e9szt, a h\u00fasz jel\u00f6lt k\u00f6z\u00fcl mindenki el\u00e9rte a tags\u00e1ghoz, vagy p\u00f3ttags\u00e1ghoz sz\u00fcks\u00e9ges harminc-, illetve h\u00fasz sz\u00e1zal\u00e9knyi szavazatot. A munkav\u00e9delmi k\u00e9pvisel\u0151 v\u00e1laszt\u00e1s is eredm\u00e9nyesen z\u00e1rult, egyetem\u00fcnk\u00f6n 15 f\u0151 munkav\u00e9delmi k\u00e9pvisel\u0151 fog dolgozni.<\/p>\n<p>A V\u00e1laszt\u00e1si Bizotts\u00e1g k\u00f6sz\u00f6netet mond mindazon munkat\u00e1rsaknak, akik napi feladataik ell\u00e1t\u00e1sa mellett akt\u00edvan seg\u00edtett\u00e9k a v\u00e1laszt\u00e1sok sikeres lebonyol\u00edt\u00e1s\u00e1t!<\/p>\n<p>Az Alkalmazotti Tan\u00e1cs tagok \u00e9s munkav\u00e9delmi k\u00e9pvisel\u0151k az egyetem minden munkav\u00e1llal\u00f3j\u00e1t k\u00e9pviselik az egyetemi f\u00f3rumokon, munk\u00e1jukhoz a V\u00e1laszt\u00e1si Bizotts\u00e1g sok sikert k\u00edv\u00e1n! \u00a0<\/p>\n<p>A V\u00e1laszt\u00e1si Bizotts\u00e1g nev\u00e9ben k\u00f6sz\u00f6nettel:<\/p>\n<p><strong>Feket\u00e9n\u00e9 dr. Szab\u00f3 \u00c9va<br \/>\n<\/strong>Strat\u00e9giai \u00e9s Fejleszt\u00e9si Rektorhelyettes<br \/>\nSemmelweis Egyetem<\/p>\n<p>&nbsp;<\/p>\n<h4><strong>AZ ALKALMAZOTTI TAN\u00c1CS TAGJAI:<\/strong><\/h4>\n<table style=\"width: 62.844%\" width=\"626\">\n<tbody>\n<tr>\n<td style=\"width: 7.53205%\" width=\"47\">\n<p>&nbsp;<\/p>\n<\/td>\n<td style=\"width: 92.4679%\" width=\"579\"><strong>N\u00e9v<\/strong><\/td>\n<\/tr>\n<tr>\n<td style=\"width: 7.53205%\" width=\"47\">\n<p>1.<\/p>\n<\/td>\n<td style=\"width: 92.4679%\" width=\"579\">\n<p>dr. Weltner J\u00e1nos, Seb\u00e9szeti, Transzplant\u00e1ci\u00f3s \u00e9s Gasztr\u00f3enterol\u00f3giai Klinika<\/p>\n<\/td>\n<\/tr>\n<tr>\n<td style=\"width: 7.53205%\" width=\"47\">\n<p>2.<\/p>\n<\/td>\n<td style=\"width: 92.4679%\" width=\"579\">\n<p>dr. Berki Zolt\u00e1n Ambrus, Orsz\u00e1gos Orvos \u00e9s Gy\u00f3gyszer\u00e9sz Z\u00e1r\u00f3vizsga Bizotts\u00e1g Koordin\u00e1ci\u00f3s Iroda<\/p>\n<\/td>\n<\/tr>\n<tr>\n<td style=\"width: 7.53205%\" width=\"47\">\n<p>3.<\/p>\n<\/td>\n<td style=\"width: 92.4679%\" width=\"579\">\n<p>Mester Bianka, Klinikai K\u00f6zpont, Korh\u00e1zhigi\u00e9n\u00e9s Oszt\u00e1ly<\/p>\n<\/td>\n<\/tr>\n<tr>\n<td style=\"width: 7.53205%\" width=\"47\">\n<p>4.<\/p>\n<\/td>\n<td style=\"width: 92.4679%\" width=\"579\">\n<p>T\u00f3thn\u00e9 K\u00f3nya Korn\u00e9lia, II. Sz. Gyermekgy\u00f3gy\u00e1szati Klinika<\/p>\n<\/td>\n<\/tr>\n<tr>\n<td style=\"width: 7.53205%\" width=\"47\">\n<p>5.<\/p>\n<\/td>\n<td style=\"width: 92.4679%\" width=\"579\">\n<p>Arany Zolt\u00e1nn\u00e9, Belgy\u00f3gy\u00e1szati \u00e9s Onkol\u00f3giai Klinika<\/p>\n<\/td>\n<\/tr>\n<tr>\n<td style=\"width: 7.53205%\" width=\"47\">\n<p>6.<\/p>\n<\/td>\n<td style=\"width: 92.4679%\" width=\"579\">\n<p>dr. Szirmai \u00c1gnes, F\u00fcl-orr-g\u00e9g\u00e9szeti \u00e9s Fej-Nyakseb\u00e9szeti Klinika<\/p>\n<\/td>\n<\/tr>\n<tr>\n<td style=\"width: 7.53205%\" width=\"47\">\n<p>7.<\/p>\n<\/td>\n<td style=\"width: 92.4679%\" width=\"579\">\n<p>dr. Szili Bal\u00e1zs, Belgy\u00f3gy\u00e1szati \u00e9s Onkol\u00f3giai Klinika<\/p>\n<\/td>\n<\/tr>\n<tr>\n<td style=\"width: 7.53205%\" width=\"47\">\n<p>8.<\/p>\n<\/td>\n<td style=\"width: 92.4679%\" width=\"579\">\n<p>dr. Kiss S\u00e1ndor, Ortop\u00e9diai Klinika<\/p>\n<\/td>\n<\/tr>\n<tr>\n<td style=\"width: 7.53205%\" width=\"47\">\n<p>9.<\/p>\n<\/td>\n<td style=\"width: 92.4679%\" width=\"579\">\n<p>T\u00f3dorn\u00e9 Bogn\u00e1r Krisztina, Urol\u00f3giai Klinika<\/p>\n<\/td>\n<\/tr>\n<tr>\n<td style=\"width: 7.53205%\" width=\"47\">\n<p>10.<\/p>\n<\/td>\n<td style=\"width: 92.4679%\" width=\"579\">\n<p>dr. P\u00e1pai Tibor, ETK, \u00c1pol\u00e1stan Tansz\u00e9k<\/p>\n<\/td>\n<\/tr>\n<tr>\n<td style=\"width: 7.53205%\" width=\"47\">\n<p>11.<\/p>\n<\/td>\n<td style=\"width: 92.4679%\" width=\"579\">\n<p>dr. \u00c9l\u0151 G\u00e1bor, Aneszteziol\u00f3giai \u00e9s Intenz\u00edv Ter\u00e1pi\u00e1s Klinika<\/p>\n<\/td>\n<\/tr>\n<tr>\n<td style=\"width: 7.53205%\" width=\"47\">\n<p>12.<\/p>\n<\/td>\n<td style=\"width: 92.4679%\" width=\"579\">\n<p>dr. Lotz G\u00e1bor Istv\u00e1n, II. Sz. Patol\u00f3giai Int\u00e9zet<\/p>\n<\/td>\n<\/tr>\n<tr>\n<td style=\"width: 7.53205%\" width=\"47\">\n<p>13.<\/p>\n<\/td>\n<td style=\"width: 92.4679%\" width=\"579\">\n<p>Valyon Beatrix, Jogi \u00e9s Igazgat\u00e1si F\u0151igazgat\u00f3s\u00e1g<\/p>\n<\/td>\n<\/tr>\n<\/tbody>\n<\/table>\n<h4>\u00a0<\/h4>\n<h4><strong>AZ ALKALMAZOTTI TAN\u00c1CS P\u00d3TTAGJAI:<\/strong><\/h4>\n<table width=\"626\">\n<tbody>\n<tr>\n<td width=\"47\">\n<p>14.<\/p>\n<\/td>\n<td width=\"579\">\n<p>Kov\u00e1csn\u00e9 dr. Balogh Judit, Egyetemi Gy\u00f3gyszert\u00e1r, Gy\u00f3gyszer\u00fcgyi Szervez\u00e9si Int\u00e9zet<\/p>\n<\/td>\n<\/tr>\n<tr>\n<td width=\"47\">\n<p>15.<\/p>\n<\/td>\n<td width=\"579\">\n<p>Horv\u00e1th Bal\u00e1zs, Jogi \u00e9s Igazgat\u00e1si F\u0151igazgat\u00f3s\u00e1g<\/p>\n<\/td>\n<\/tr>\n<tr>\n<td width=\"47\">\n<p>16.<\/p>\n<\/td>\n<td width=\"579\">\n<p>Kov\u00e1cs P\u00e9ter Andr\u00e1s, S\u00fcrg\u0151ss\u00e9gi Orvostani Klinika<\/p>\n<\/td>\n<\/tr>\n<tr>\n<td width=\"47\">\n<p>17.<\/p>\n<\/td>\n<td width=\"579\">\n<p>Brinza Be\u00e1ta, Textiltisztit\u00f3 \u00dczem<\/p>\n<\/td>\n<\/tr>\n<tr>\n<td width=\"47\">\n<p>18.<\/p>\n<\/td>\n<td width=\"579\">\n<p>Horv\u00e1thn\u00e9 Oszwald Erzs\u00e9bet, Anat\u00f3mia, Sz\u00f6vet- \u00e9s Fejl\u0151d\u00e9stani Int\u00e9zet<\/p>\n<\/td>\n<\/tr>\n<tr>\n<td width=\"47\">\n<p>19.<\/p>\n<\/td>\n<td width=\"579\">\n<p>Leszt\u00e1k \u00c9va, \u00d6sszevont Elm\u00e9leti T\u00f6mbigazgat\u00f3s\u00e1g<\/p>\n<\/td>\n<\/tr>\n<tr>\n<td width=\"47\">\n<p>20.<\/p>\n<\/td>\n<td width=\"579\">\n<p>dr. Kastaly-Mike D\u00e1niel, Aneszteziol\u00f3giai \u00e9s Intenz\u00edv Ter\u00e1pi\u00e1s Klinika<\/p>\n<\/td>\n<\/tr>\n<\/tbody>\n<\/table>\n<p>&nbsp;<\/p>\n","protected":false},"excerpt":{"rendered":"<p>Tisztelt Semmelweis Polg\u00e1r! A V\u00e1laszt\u00e1si Bizotts\u00e1g nev\u00e9ben \u00f6r\u00f6mmel \u00e9rtes\u00edtj\u00fck \u00d6n\u00f6ket, hogy a 2021. november 29-\u00e9n indult els\u0151 Alkalmazotti Tan\u00e1cs \u00e9s Munkav\u00e9delmi K\u00e9pvisel\u0151 v\u00e1laszt\u00e1s \u00e9rv\u00e9nyesen \u00e9s eredm\u00e9nyesen lez\u00e1rult. Az Alkalmazotti Tan\u00e1cs v\u00e1laszt\u00e1son a munkav\u00e1llal\u00f3k 52,79 sz\u00e1zal\u00e9ka vett r\u00e9szt, a h\u00fasz jel\u00f6lt k\u00f6z\u00fcl mindenki el\u00e9rte a tags\u00e1ghoz, vagy p\u00f3ttags\u00e1ghoz sz\u00fcks\u00e9ges harminc-, illetve h\u00fasz sz\u00e1zal\u00e9knyi szavazatot. A munkav\u00e9delmi &hellip;<\/p>\n","protected":false},"author":102141,"featured_media":0,"parent":437,"menu_order":3,"comment_status":"closed","ping_status":"closed","template":"","meta":{"_acf_changed":false,"footnotes":""},"categories":[],"tags":[],"class_list":["post-537","page","type-page","status-publish","hentry"],"acf":[],"_links":{"self":[{"href":"https:\/\/semmelweis.hu\/alkalmazottitanacs\/wp-json\/wp\/v2\/pages\/537","targetHints":{"allow":["GET"]}}],"collection":[{"href":"https:\/\/semmelweis.hu\/alkalmazottitanacs\/wp-json\/wp\/v2\/pages"}],"about":[{"href":"https:\/\/semmelweis.hu\/alkalmazottitanacs\/wp-json\/wp\/v2\/types\/page"}],"author":[{"embeddable":true,"href":"https:\/\/semmelweis.hu\/alkalmazottitanacs\/wp-json\/wp\/v2\/users\/102141"}],"replies":[{"embeddable":true,"href":"https:\/\/semmelweis.hu\/alkalmazottitanacs\/wp-json\/wp\/v2\/comments?post=537"}],"version-history":[{"count":4,"href":"https:\/\/semmelweis.hu\/alkalmazottitanacs\/wp-json\/wp\/v2\/pages\/537\/revisions"}],"predecessor-version":[{"id":541,"href":"https:\/\/semmelweis.hu\/alkalmazottitanacs\/wp-json\/wp\/v2\/pages\/537\/revisions\/541"}],"up":[{"embeddable":true,"href":"https:\/\/semmelweis.hu\/alkalmazottitanacs\/wp-json\/wp\/v2\/pages\/437"}],"wp:attachment":[{"href":"https:\/\/semmelweis.hu\/alkalmazottitanacs\/wp-json\/wp\/v2\/media?parent=537"}],"wp:term":[{"taxonomy":"category","embeddable":true,"href":"https:\/\/semmelweis.hu\/alkalmazottitanacs\/wp-json\/wp\/v2\/categories?post=537"},{"taxonomy":"post_tag","embeddable":true,"href":"https:\/\/semmelweis.hu\/alkalmazottitanacs\/wp-json\/wp\/v2\/tags?post=537"}],"curies":[{"name":"wp","href":"https:\/\/api.w.org\/{rel}","templated":true}]}}