{"id":461,"date":"2021-11-03T20:45:18","date_gmt":"2021-11-03T19:45:18","guid":{"rendered":"https:\/\/semmelweis.hu\/alkalmazottitanacs\/?page_id=461"},"modified":"2022-11-07T13:56:57","modified_gmt":"2022-11-07T12:56:57","slug":"alkalmazotti-tanacs-valasztas-jeloltek-nevsora","status":"publish","type":"page","link":"https:\/\/semmelweis.hu\/alkalmazottitanacs\/at-valasztas-2021\/alkalmazotti-tanacs-valasztas-jeloltek-nevsora\/","title":{"rendered":"Alkalmazotti Tan\u00e1cs v\u00e1laszt\u00e1s jel\u00f6ltek n\u00e9vsora"},"content":{"rendered":"<p>A Semmelweis Egyetemen 2021. november 29. \u00e9s december 03. k\u00f6z\u00f6tt tartand\u00f3 Alkalmazotti Tan\u00e1cs v\u00e1laszt\u00e1sra, az okt\u00f3ber 30-i hat\u00e1rid\u0151ig az al\u00e1bbi jel\u00f6ltek jelentkez\u00e9s\u00e9t fogadta el a V\u00e1laszt\u00e1si Bizotts\u00e1g:<\/p>\n<p>1. Arany Zolt\u00e1nn\u00e9, Belgy\u00f3gy\u00e1szati \u00e9s Onkol\u00f3giai Klinika \u2013 S\u00c9SZ jel\u00f6lt<br \/>\n2. dr. Berki Zolt\u00e1n Ambrus, Orsz\u00e1gos Orvos \u00e9s Gy\u00f3gyszer\u00e9sz Z\u00e1r\u00f3vizsga Bizotts\u00e1g Koordin\u00e1ci\u00f3s Iroda &#8211; S\u00c9SZ jel\u00f6lt<br \/>\n3. Brinza Be\u00e1ta, Textiltisztit\u00f3 \u00dczem \u2013 S\u00c9SZ jel\u00f6lt<br \/>\n4. dr. \u00c9l\u0151 G\u00e1bor, AITK \u2013 S\u00c9SZ jel\u00f6lt<br \/>\n5. Horv\u00e1th Bal\u00e1zs, Jogi \u00e9s Igazgat\u00e1si F\u0151igazgat\u00f3s\u00e1g, Jogi Igazgat\u00f3s\u00e1g \u2013 S\u00c9SZ jel\u00f6lt<br \/>\n6. Horv\u00e1thn\u00e9 Oszwald Erzs\u00e9bet, Anat\u00f3mia, Sz\u00f6vet- \u00e9s Fejl\u0151d\u00e9stani Int\u00e9zet \u2013 S\u00c9SZ jel\u00f6lt<br \/>\n7. dr. Kastaly-Mike D\u00e1niel, AITK \u2013 S\u00c9SZ jel\u00f6lt<br \/>\n8. dr. Kiss S\u00e1ndor, Ortop\u00e9diai Klinika \u2013 S\u00c9SZ jel\u00f6lt<br \/>\n9. Kov\u00e1cs P\u00e9ter Andr\u00e1s, S\u00fcrg\u00e9ss\u00e9gi Orvostani Kinika \u2013 S\u00c9SZ jel\u00f6lt<br \/>\n10. Kov\u00e1csn\u00e9 dr. Balogh Judit, Egyetemi Gy\u00f3gyszert\u00e1r, Gy\u00f3gyszer\u00fcgyi Szervez\u00e9si Int\u00e9zet \u2013 S\u00c9SZ jel\u00f6lt<br \/>\n11. Leszt\u00e1k \u00c9va, \u00d6sszevont Elm\u00e9leti T\u00f6mbigazgat\u00f3s\u00e1g \u2013 S\u00c9SZ jel\u00f6lt<br \/>\n12. dr. Lotz G\u00e1bor Istv\u00e1n, II. Sz. Patol\u00f3giai Int\u00e9zet \u2013 S\u00c9SZ jel\u00f6lt<br \/>\n13. Mester Bianka, Klinikai K\u00f6zpont, Korh\u00e1zhigi\u00e9n\u00e9s Oszt\u00e1ly \u2013 S\u00c9SZ jel\u00f6lt<br \/>\n14. dr. P\u00e1pai Tibor, ETK, \u00c1pol\u00e1stan Tansz\u00e9k \u2013 S\u00c9SZ jel\u00f6lt<br \/>\n15. T\u00f3dorn\u00e9 Bogn\u00e1r Krisztina, Urol\u00f3giai Klinika \u2013 S\u00c9SZ jel\u00f6lt<br \/>\n16. T\u00f3thn\u00e9 K\u00f3ny Korn\u00e9lia, II. Sz. Gyermekgy\u00f3gy\u00e1szati Klinika \u2013 S\u00c9SZ jel\u00f6lt<br \/>\n17. dr. Szili Bal\u00e1zs, Belgy\u00f3gy\u00e1szati \u00e9s Onkol\u00f3giai Klinika \u2013 S\u00c9SZ jel\u00f6lt<br \/>\n18. dr. Szirmai \u00c1gnes, F\u00fcl-orr-g\u00e9g\u00e9szeti \u00e9s Fej-Nyakseb\u00e9szeti Klinika \u2013 S\u00c9SZ jel\u00f6lt<br \/>\n19. Valyon Beatrix, Jogi \u00e9s Igazgat\u00e1si F\u0151igazgat\u00f3s\u00e1g \u2013 S\u00c9SZ jel\u00f6lt<br \/>\n20. dr. Weltner J\u00e1nos L\u00e1szl\u00f3, Seb\u00e9szeti, Transzplant\u00e1ci\u00f3s \u00e9s Gasztr\u00f3enterol\u00f3giai Klinika \u2013 S\u00c9SZ jel\u00f6lt<\/p>\n<p>2021. november 03.<\/p>\n","protected":false},"excerpt":{"rendered":"<p>A Semmelweis Egyetemen 2021. november 29. \u00e9s december 03. k\u00f6z\u00f6tt tartand\u00f3 Alkalmazotti Tan\u00e1cs v\u00e1laszt\u00e1sra, az okt\u00f3ber 30-i hat\u00e1rid\u0151ig az al\u00e1bbi jel\u00f6ltek jelentkez\u00e9s\u00e9t fogadta el a V\u00e1laszt\u00e1si Bizotts\u00e1g: 1. Arany Zolt\u00e1nn\u00e9, Belgy\u00f3gy\u00e1szati \u00e9s Onkol\u00f3giai Klinika \u2013 S\u00c9SZ jel\u00f6lt 2. dr. Berki Zolt\u00e1n Ambrus, Orsz\u00e1gos Orvos \u00e9s Gy\u00f3gyszer\u00e9sz Z\u00e1r\u00f3vizsga Bizotts\u00e1g Koordin\u00e1ci\u00f3s Iroda &#8211; S\u00c9SZ jel\u00f6lt 3. Brinza &hellip;<\/p>\n","protected":false},"author":8,"featured_media":0,"parent":437,"menu_order":2,"comment_status":"closed","ping_status":"closed","template":"","meta":{"_acf_changed":false,"footnotes":""},"categories":[],"tags":[],"class_list":["post-461","page","type-page","status-publish","hentry"],"acf":[],"_links":{"self":[{"href":"https:\/\/semmelweis.hu\/alkalmazottitanacs\/wp-json\/wp\/v2\/pages\/461","targetHints":{"allow":["GET"]}}],"collection":[{"href":"https:\/\/semmelweis.hu\/alkalmazottitanacs\/wp-json\/wp\/v2\/pages"}],"about":[{"href":"https:\/\/semmelweis.hu\/alkalmazottitanacs\/wp-json\/wp\/v2\/types\/page"}],"author":[{"embeddable":true,"href":"https:\/\/semmelweis.hu\/alkalmazottitanacs\/wp-json\/wp\/v2\/users\/8"}],"replies":[{"embeddable":true,"href":"https:\/\/semmelweis.hu\/alkalmazottitanacs\/wp-json\/wp\/v2\/comments?post=461"}],"version-history":[{"count":2,"href":"https:\/\/semmelweis.hu\/alkalmazottitanacs\/wp-json\/wp\/v2\/pages\/461\/revisions"}],"predecessor-version":[{"id":468,"href":"https:\/\/semmelweis.hu\/alkalmazottitanacs\/wp-json\/wp\/v2\/pages\/461\/revisions\/468"}],"up":[{"embeddable":true,"href":"https:\/\/semmelweis.hu\/alkalmazottitanacs\/wp-json\/wp\/v2\/pages\/437"}],"wp:attachment":[{"href":"https:\/\/semmelweis.hu\/alkalmazottitanacs\/wp-json\/wp\/v2\/media?parent=461"}],"wp:term":[{"taxonomy":"category","embeddable":true,"href":"https:\/\/semmelweis.hu\/alkalmazottitanacs\/wp-json\/wp\/v2\/categories?post=461"},{"taxonomy":"post_tag","embeddable":true,"href":"https:\/\/semmelweis.hu\/alkalmazottitanacs\/wp-json\/wp\/v2\/tags?post=461"}],"curies":[{"name":"wp","href":"https:\/\/api.w.org\/{rel}","templated":true}]}}