{"id":3675,"date":"2020-11-12T16:34:02","date_gmt":"2020-11-12T15:34:02","guid":{"rendered":"https:\/\/semmelweis.hu\/250\/?page_id=3675"},"modified":"2021-01-29T10:25:10","modified_gmt":"2021-01-29T09:25:10","slug":"asztma-allergia-covid-19-kozpontban-a-tudo-betegsegei-november-26","status":"publish","type":"page","link":"https:\/\/semmelweis.hu\/250\/semmelweis-egeszseg-napok\/asztma-allergia-covid-19-kozpontban-a-tudo-betegsegei-november-26\/","title":{"rendered":"10. Asztma, allergia, COVID-19 &#8211; k\u00f6zpontban a t\u00fcd\u0151 betegs\u00e9gei &#8211; 2020. november 26."},"content":{"rendered":"<p style=\"font-size: 20pt; color: #c8a970;\"><strong>SEMMELWEIS EG\u00c9SZS\u00c9G NAPOK 10.\u00a0<br \/>\n<span style=\"font-size: 16pt;\">ASZTMA, ALLERGIA, COVID-19 &#8211; K\u00d6ZPONTBAN A T\u00dcD\u0150 BETEGS\u00c9GEI<\/span><\/strong><\/p>\n<p><strong>CS\u00dcT\u00d6RT\u00d6K &#8211; 2020. november 26. 16.00 \u2013 19.00<br \/>\nPulmonol\u00f3giai Klinika<br \/>\n<\/strong><\/p>\n<p style=\"text-align: center;\"><span style=\"color: #33cccc;\"><strong><span style=\"color: #ff6600;\">Figyelem, <span style=\"color: #000000;\">a rendezv\u00e9nyt a<\/span> Zoom program <span style=\"color: #000000;\">seg\u00edts\u00e9g\u00e9vel<\/span> online<span style=\"color: #000000;\"> tartjuk meg.<\/span> <br \/>\n<\/span><\/strong><\/span><strong>A r\u00e9szv\u00e9tel ingyenes, de a programokra el\u0151zetes regisztr\u00e1ci\u00f3 sz\u00fcks\u00e9ges. <br \/>\n<span style=\"color: #ff6600;\">A regisztr\u00e1ci\u00f3 november 25-\u00e9n 12.00 \u00f3rakor lez\u00e1rult.<\/span><\/strong><\/p>\n<p style=\"text-align: center;\">\u00a0<em>(A regisztr\u00e1ci\u00f3kor megadott e-mail c\u00edmekre k\u00fcldik vissza a szervez\u0151k az el\u0151ad\u00e1sok \u00e9s konzult\u00e1ci\u00f3k el\u00e9rhet\u0151s\u00e9g\u00e9t.)<\/em><\/p>\n<div class=\"exp-col-content-holder\"><a class=\"expand-cnt-link\" href=\"#\">B\u0151vebben a Zoom haszn\u00e1lat\u00e1r\u00f3l<\/a><\/p>\n<div class=\"hidden-content\">\n<p><strong>MEGH\u00cdV\u00c1S ELFOGAD\u00c1SA<\/strong><\/p>\n<ol>\n<li>Az el\u0151ad\u00f3t\u00f3l a rendezv\u00e9nyt megel\u0151z\u0151en \u00e9rkezik egy email, melyben megtal\u00e1lhat\u00f3 a Zoom megbesz\u00e9l\u00e9s link-je, valamint a megbesz\u00e9l\u00e9s azonos\u00edt\u00f3sz\u00e1ma (ut\u00f3bbira csak speci\u00e1lis esetben, egyes oper\u00e1ci\u00f3s rendszereken vagy telefonos haszn\u00e1lat eset\u00e9n van sz\u00fcks\u00e9g).<\/li>\n<li>A linkre kattintva automatikusan elindul a csatlakoz\u00e1s, de az els\u0151 esetben egy seg\u00e9dprogram let\u00f6lt\u00e9s\u00e9re, majd telep\u00edt\u00e9s\u00e9re is sz\u00fcks\u00e9g lehet, mely rendk\u00edv\u00fcl egyszer\u0171en (a vide\u00f3ban l\u00e1that\u00f3 m\u00f3don) megoldhat\u00f3. \u00c9rdemes <a href=\"https:\/\/zoom.us\/download#client_4meeting\" target=\"_blank\" rel=\"noopener noreferrer\"><strong>let\u00f6lteni a Zoom szoftvert a sz\u00e1m\u00edt\u00f3g\u00e9p\u00fcnkre<\/strong><\/a>, mert k\u00f6nnyebben lehet haszn\u00e1lni, mint a b\u00f6ng\u00e9sz\u0151s v\u00e1ltozatot.<\/li>\n<li>Ezt k\u00f6vet\u0151en meg kell adni a jogosults\u00e1gokat a Zoom rendszer sz\u00e1m\u00e1ra (kamera, mikrofon) \u00e9s ezut\u00e1n m\u00e1ris csatlakozik az \u00e9rtekezlethez a megh\u00edvott szem\u00e9ly.<\/li>\n<\/ol>\n<p>Amennyiben \u00d6n megh\u00edv\u00e1st kapott egy Zoom-megbesz\u00e9l\u00e9sre, \u00fagy <strong>a mell\u00e9kelt vide\u00f3ban l\u00e1that\u00f3 m\u00f3don<\/strong> tud csatlakozni, \u00d6nnek semmilyen regisztr\u00e1ci\u00f3ra nincs sz\u00fcks\u00e9ge.<\/p>\n<div style=\"width: 753px;\" class=\"wp-video\"><!--[if lt IE 9]><script>document.createElement('video');<\/script><![endif]-->\n<video class=\"wp-video-shortcode\" id=\"video-3675-1\" width=\"753\" height=\"424\" preload=\"metadata\" controls=\"controls\"><source type=\"video\/mp4\" src=\"https:\/\/semmelweis.hu\/oktatasmodszertan\/files\/2020\/03\/CSATLAKOZ\u00c1S-ZOOM-tal\u00e1lkoz\u00f3hoz.mp4?_=1\" \/><a href=\"https:\/\/semmelweis.hu\/oktatasmodszertan\/files\/2020\/03\/CSATLAKOZ\u00c1S-ZOOM-tal\u00e1lkoz\u00f3hoz.mp4\">https:\/\/semmelweis.hu\/oktatasmodszertan\/files\/2020\/03\/CSATLAKOZ\u00c1S-ZOOM-tal\u00e1lkoz\u00f3hoz.mp4<\/a><\/video><\/div>\n<p>&nbsp;<\/p>\n<\/div>\n<\/div>\n<p style=\"font-size: 20pt; color: #c8a970; padding: 20px 0px 8px 0px;\"><strong>PROGRAMOK 16.00 \u00e9s 20.00 K\u00d6Z\u00d6TT <\/strong><strong>ID\u0150RENDBEN:<\/strong><\/p>\n<table style=\"width: 100%;\">\n<thead>\n<tr style=\"text-align: center;\">\n<td style=\"width: 10%;\"><strong>Kezd\u00e9s<\/strong><\/td>\n<td style=\"width: 90%;\"><strong>Program c\u00edme<\/strong><\/td>\n<\/tr>\n<\/thead>\n<tbody>\n<tr>\n<td style=\"vertical-align: top; width: 10%;\">16:00 &#8211; 16:20<\/td>\n<td style=\"width: 90%;\">\n<p><strong>Alternat\u00edv doh\u00e1nyterm\u00e9kek \u00e9s a t\u00fcd\u0151<\/strong> <em>(dr. Dombai Brigitta )<\/em><br \/>\n<strong>el\u0151ad\u00e1s \u00e9s konzult\u00e1ci\u00f3<\/strong> (14 \u00e9ves kort\u00f3l) \u2013 max. 300 f\u0151<\/p>\n<p>Cigaretta, v\u00edzipipa, e-cigi, iQOS&#8230; Mi a k\u00fcl\u00f6nbs\u00e9g? Van-e a doh\u00e1nyz\u00e1snak kev\u00e9sb\u00e9 k\u00e1ros alternat\u00edv\u00e1ja? Miben k\u00fcl\u00f6nb\u00f6znek az \u00e9getett, hev\u00edtett \u00e9s f\u00fcstmentes doh\u00e1nyterm\u00e9kek? A fenti k\u00e9rd\u00e9sek mellett a k\u00fcl\u00f6nb\u00f6z\u0151 doh\u00e1nyterm\u00e9kek t\u00fcd\u0151re gyakorolt hat\u00e1sair\u00f3l, valamint a leszok\u00e1s k\u00e9rd\u00e9seir\u0151l is sz\u00f3 lesz az el\u0151ad\u00e1sban. A doh\u00e1nyz\u00e1s t\u00e9m\u00e1ja &#8211; annak valamilyen aspektusa &#8211; mindny\u00e1junkat \u00e9rint.<\/p>\n<\/td>\n<\/tr>\n<tr>\n<td style=\"vertical-align: top; width: 10%;\">16:20 &#8211; 16:40<\/td>\n<td style=\"width: 90%;\">\n<p><strong>A t\u00fcd\u0151r\u00e1k \u00faj kezel\u00e9si lehet\u0151s\u00e9gei<\/strong> <em>(Prof. dr. Losonczy Gy\u00f6rgy )<\/em><br \/>\n<strong>el\u0151ad\u00e1s \u00e9s konzult\u00e1ci\u00f3<\/strong> (14 \u00e9ves kort\u00f3l) \u2013 max. 300 f\u0151<\/p>\n<p>A t\u00fcd\u0151r\u00e1k korai st\u00e1diumban m\u0171t\u00e9ttel vagy \u00fagynevezett irradi\u00e1ci\u00f3val m\u00e9g gy\u00f3gy\u00edthat\u00f3, de a nem m\u0171thet\u0151 betegek kezel\u00e9s\u00e9ben a 2000-es \u00e9vek elej\u00e9ig nem maradt m\u00e1s v\u00e1laszt\u00e1s, mint a kemoter\u00e1pia. Az ut\u00f3bbi 15-20 \u00e9vben rohamosan n\u0151 azok ar\u00e1nya, akik c\u00e9lzott, vagy immunol\u00f3giai t\u00e1mad\u00e1spont\u00fa kezel\u00e9sben r\u00e9szes\u00fclhetnek. \u00cdgy hosszabb lett a progresszi\u00f3mentes \u00e9s a teljes t\u00fal\u00e9l\u00e9s, illetve kevesebb a nemk\u00edv\u00e1natos mell\u00e9khat\u00e1s. Az el\u0151ad\u00e1s a c\u00e9lzott \u00e9s az immun-ellen\u0151rz\u0151pont g\u00e1tl\u00f3 ter\u00e1pi\u00e1k molekul\u00e1ris patol\u00f3giai alapjair\u00f3l \u00e9s klinikai hat\u00e1soss\u00e1g\u00e1r\u00f3l sz\u00f3l.<\/p>\n<\/td>\n<\/tr>\n<tr>\n<td style=\"vertical-align: top; width: 10%;\">16:40 &#8211; 17:00<\/td>\n<td style=\"width: 90%;\">\n<p><strong>El\u0151rehaladott daganatos betegs\u00e9g &#8211; Hogyan szeretn\u00e9k a daganatos betegek, ha seg\u00edten\u00e9nk nekik?<\/strong> <em>(dr.\u00a0G\u0151bel Orsolya )<\/em><br \/>\n<strong>el\u0151ad\u00e1s \u00e9s konzult\u00e1ci\u00f3<\/strong> (14 \u00e9ves kort\u00f3l) \u2013 max. 300 f\u0151<\/p>\n<p>Amikor m\u00e9g csak v\u00e1rjuk a diagn\u00f3zist, m\u00e1r akkor felbolydul benn\u00fcnk minden. Amikor megkapjuk a diagn\u00f3zist, akkor felbolydul k\u00f6r\u00fcl\u00f6tt\u00fcnk is minden. M\u00e1s lesz hirtelen fontos, \u00e9s nagy tettekkel vagy \u00e9ppen nagy elkeseredetts\u00e9ggel kezdj\u00fck meg a harcot. \u00c1talakulhat a csal\u00e1d, megv\u00e1ltozhatnak a kapcsolatok. J\u00f3, ha a k\u00fczdelemben van seg\u00edts\u00e9g, ha valakire t\u00e1maszkodhatunk, ha valaki er\u0151sebb, mint mi, \u00e9s ha van valaki, aki a v\u00e9gs\u0151kig egy\u00fctt hordozza vel\u00fcnk a rem\u00e9nyt. Mit \u00e9s hogyan tudunk seg\u00edteni azoknak a betegeknek, akik a legnehezebb id\u0151ben vel\u00fcnk vannak? Hogyan szeretn\u00e9k \u0150k, ha seg\u00edten\u00e9nk nekik? Ezekre a k\u00e9rd\u00e9sekre keresi az el\u0151ad\u00f3 a v\u00e1laszokat a r\u00e9sztvev\u0151kkel k\u00f6z\u00f6sen.<\/p>\n<\/td>\n<\/tr>\n<tr>\n<td style=\"vertical-align: top; width: 10%;\">17:00 &#8211; 17:20<\/td>\n<td style=\"width: 90%;\">\n<p><strong>Allergi\u00e1k: kutya-macska-h\u00e1zipor \u00e9s egy\u00e9b k\u00e1rtev\u0151k<\/strong>\u00a0<em>(dr. Erd\u00e9lyi Tam\u00e1s)<\/em><br \/>\n<strong>el\u0151ad\u00e1s \u00e9s konzult\u00e1ci\u00f3<\/strong> (14 \u00e9ves kort\u00f3l) \u2013 max. 300 f\u0151<\/p>\n<p>A k\u00f6rnyezet\u00fcnkben \u00e9l\u0151 \u00e1llatok hozz\u00e1j\u00e1rulnak az allergi\u00e1s rhinoconjunctivitis \u00e9s az allergi\u00e1s asztma kialakul\u00e1s\u00e1hoz. A kutya-, macskasz\u0151r \u00e9s a h\u00e1ziporban \u00e9l\u0151 poratk\u00e1k vil\u00e1gszerte milli\u00f3k eset\u00e9ben v\u00e1ltanak ki allergi\u00e1s t\u00fcneteket. Sok k\u00e9rd\u00e9s mer\u00fcl fel ilyenkor benn\u00fcnk. Mi \u00e1llhat ezen t\u00fcnetek kialakul\u00e1s\u00e1nak h\u00e1tter\u00e9ben, ki \u00e9s mikor v\u00e1lhat allergi\u00e1ss\u00e1, k\u00e9pesek vagyunk-e ezt befoly\u00e1solni? Okozhatnak-e allergi\u00e1s megbeteged\u00e9st olyan k\u00e1rtev\u0151k mint a cs\u00f3t\u00e1ny \u00e9s a hangya, vagy az ut\u00f3bbi \u00e9vekben haz\u00e1nkban megjelent invaz\u00edv poloskafajok?<\/p>\n<\/td>\n<\/tr>\n<tr>\n<td style=\"vertical-align: top; width: 10%;\">17:20 &#8211; 17:40<\/td>\n<td style=\"width: 90%;\">\n<p><strong>Asztm\u00e1s vagyok? Jellegzetes t\u00fcnetek \u00e9s a kivizsg\u00e1l\u00e1s l\u00e9p\u00e9sei<\/strong> <em>(Prof. dr. Tam\u00e1si Lilla )<\/em><br \/>\n<strong>el\u0151ad\u00e1s \u00e9s konzult\u00e1ci\u00f3<\/strong> (14 \u00e9ves kort\u00f3l) \u2013 max. 300 f\u0151<\/p>\n<p>Az asztma diagn\u00f3zist a t\u00fcd\u0151gy\u00f3gy\u00e1sz szakorvos a jellemz\u0151 panaszok eset\u00e9n elv\u00e9gzett l\u00e9gz\u00e9sfunkci\u00f3s vizsg\u00e1latok alapj\u00e1n \u00e1ll\u00edthatja fel. A betegs\u00e9g \u00f6sszef\u00fcgghet valamilyen allergiz\u00e1l\u00f3 t\u00e9nyez\u0151vel (pl. parlagf\u0171, \u00e1llati sz\u0151r\u00f6k, stb.), de allergia n\u00e9lk\u00fcl is el\u0151fordulhat. Melyek a jellegzetes t\u00fcnetek, f\u00e1jdalmas-e a kivizsg\u00e1l\u00e1s, mi ennek pontos menete? &#8211; mindez kider\u00fcl az el\u0151ad\u00e1sb\u00f3l.<\/p>\n<\/td>\n<\/tr>\n<tr>\n<td style=\"vertical-align: top; width: 10%;\">17:40 &#8211; 18:00<\/td>\n<td style=\"width: 90%;\">\n<p><strong>Inhal\u00e1ci\u00f3s ter\u00e1pi\u00e1k: Mit inhal\u00e1ljunk?<\/strong> <em>(dr. Boh\u00e1cs Anik\u00f3 )<\/em><br \/>\n<strong>el\u0151ad\u00e1s \u00e9s konzult\u00e1ci\u00f3<\/strong> (14 \u00e9ves kort\u00f3l) \u2013 max. 300 f\u0151<\/p>\n<p>Az obstrukt\u00edv t\u00fcd\u0151betegs\u00e9gekben (asthma, COPD) az inhal\u00e1ci\u00f3s ter\u00e1pi\u00e1k, teh\u00e1t a bel\u00e9gz\u00e9ssel k\u00f6zvetlen\u00fcl a l\u00e9gutakba juttatott gy\u00f3gyszerek jelentik a kezel\u00e9sek alapj\u00e1t. Sokkal kevesebb mell\u00e9khat\u00e1ssal rendelkeznek \u00e9s kisebb d\u00f3zisban alkalmazhat\u00f3ak, mintha tablett\u00e1ban sz\u00e1jon \u00e1t alkalmazn\u00e1nk ezeket. Bizonyos betegs\u00e9gekben antibiotikumokat, k\u00f6ptet\u0151ket is lehet inhal\u00e1ci\u00f3ban alkalmazni. Irrit\u00e1l\u00f3 hat\u00e1s\u00fa k\u00e9sz\u00edtm\u00e9nyek bel\u00e9gz\u00e9se azonban k\u00e1ros lehet a l\u00e9gutakra, \u00edgy \u00e9rdemes szakemberrel egyeztetni. Mit szabad \u00e9s mit nem szabad inhal\u00e1lni? &#8211; erre a k\u00e9rd\u00e9sre is v\u00e1laszt kaphatnak az el\u0151ad\u00e1s r\u00e9sztvev\u0151i.<\/p>\n<\/td>\n<\/tr>\n<tr>\n<td style=\"vertical-align: top; width: 10%;\">18:00 &#8211; 18:20<\/td>\n<td style=\"width: 90%;\">\n<p><strong>COVID: t\u00fcnetek \u00e9s otthoni kezel\u00e9s<\/strong> <em>(Prof. dr. M\u00fcller Veronika )<\/em><br \/>\n<strong>el\u0151ad\u00e1s \u00e9s konzult\u00e1ci\u00f3<\/strong> (14 \u00e9ves kort\u00f3l) \u2013 max. 300 f\u0151<\/p>\n<p>2020 egy k\u00fcl\u00f6nleges \u00e9v, melyet tavasz \u00f3ta a SARS-CoV2 v\u00edrus okozta COVID-19 betegs\u00e9g hat\u00e1roz meg. Ebben az \u00e9vezredben most el\u0151sz\u00f6r tapasztalhatunk meg egy vil\u00e1gj\u00e1rv\u00e1nyt, mely ism\u00e9telten a fert\u0151z\u0151 betegs\u00e9gekre ir\u00e1ny\u00edtja a figyelmet. Az el\u0151ad\u00e1sban az \u00faj t\u00edpus\u00fa coronav\u00edrus t\u00fcd\u0151kre kifejtett hat\u00e1sair\u00f3l, a betegs\u00e9g mellett megjelen\u0151 t\u00fcd\u0151gyullad\u00e1s jellemz\u0151ir\u0151l, illetve megbeteged\u00e9s eset\u00e9n az otthoni gy\u00f3gyul\u00e1st el\u0151seg\u00edt\u0151 kezel\u00e9si lehet\u0151s\u00e9gekr\u0151l hallhatnak \u00f6sszefoglal\u00f3t az \u00e9rdekl\u0151d\u0151k.<\/p>\n<p><strong>A program betelt.<\/strong><\/p>\n<\/td>\n<\/tr>\n<tr>\n<td style=\"vertical-align: top; width: 10%;\">18:20 &#8211; 18:40<\/td>\n<td style=\"width: 90%;\">\n<p><strong>Olt\u00e1sok \u00e9s bakt\u00e9rium kivonatok a l\u00e9g\u00fati fert\u0151z\u00e9sek megel\u0151z\u00e9s\u00e9ben<\/strong> <em>(dr. B\u00fcdi Lilla)<\/em><br \/>\n<strong>el\u0151ad\u00e1s \u00e9s konzult\u00e1ci\u00f3<\/strong> (14 \u00e9ves kort\u00f3l) \u2013 max. 300 f\u0151<\/p>\n<p>Napjainkban a legt\u00f6bb sz\u00f3 az \u00faj t\u00edpus\u00fa koronav\u00edrus (SARS-Cov-2) \u00e1ltal okzott fert\u0151z\u00e9sr\u0151l esik. Nem szabad azonban megfeledkezn\u00fcnk a t\u00f6bbi l\u00e9g\u00fati beteg\u00e9gr\u0151l sem, hiszen az influenza szezon ugyan\u00fagy bek\u00f6sz\u00f6nt \u00e9s a \u201ehagyom\u00e1nyos\u201d leg\u00fati k\u00f3rokoz\u00f3k is jelen vannak, vil\u00e1gj\u00e1rv\u00e1ny ide vagy oda. Sokan teszik fel a k\u00e9rd\u00e9st: mit tehet\u00fcnk, hogyan v\u00e9dekezz\u00fcnk? Elker\u00fclhet\u0151ek-e a fert\u0151z\u0151 betegs\u00e9gek? A r\u00f6vid \u00f6sszefoglal\u00f3ban a v\u00e9d\u0151olt\u00e1sok \u00e9s bakteri\u00e1lis kivonatok szerep\u00e9r\u0151l, fontoss\u00e1g\u00e1r\u00f3l lesz sz\u00f3.<\/p>\n<\/td>\n<\/tr>\n<tr>\n<td style=\"vertical-align: top; width: 10%;\">18:40 &#8211; 19:00<\/td>\n<td style=\"width: 90%;\">\n<p><strong>Terhel\u00e9sre fulladok \u2013 T\u00fcd\u0151 vagy sz\u00edvbeteg vagyok?<\/strong> <em>(dr. Cs\u00f3sza Gy\u00f6rgyi)<\/em><br \/>\n<strong>el\u0151ad\u00e1s \u00e9s konzult\u00e1ci\u00f3<\/strong> (14 \u00e9ves kort\u00f3l) \u2013 max. 300 f\u0151<\/p>\n<p>A terhel\u00e9sre jelentkez\u0151 fullad\u00e1s nem minden esetben betegs\u00e9g k\u00f6vetkezm\u00e9nye. Oka lehet s\u00falyos edzetlens\u00e9g, jelent\u0151s t\u00fals\u00faly is, de amennyiben s\u00falyos, vagy hosszabb ideig fenn\u00e1ll\u00f3 panaszt okoz, kivizsg\u00e1l\u00e1st ig\u00e9nyel. Betegs\u00e9gek eset\u00e9n az alapvet\u0151 elt\u00e9r\u00e9s a v\u00e9r oxig\u00e9n szintj\u00e9nek cs\u00f6kken\u00e9se \u00e9s\/vagy a sz\u00f6vetek oxig\u00e9n ell\u00e1totts\u00e1g\u00e1nak k\u00e1rosod\u00e1sa. A h\u00e1tt\u00e9rben \u00e1llhat t\u00fcd\u0151betegs\u00e9g, amely k\u00f6vetkezt\u00e9ben cs\u00f6kken a szervezetbe jut\u00f3 oxig\u00e9n mennyis\u00e9ge, de \u00e1llhat sz\u00edvbetegs\u00e9g is, amely miatt a rossz kering\u00e9s nem tudja az oxig\u00e9nt tartalmaz\u00f3 v\u00e9rt a sz\u00f6vetekhez juttatni. A kialakult \u00e1llapot h\u00e1tter\u00e9nek tiszt\u00e1z\u00e1sa gyakran nem egyszer\u0171, hiszen az esetek jelent\u0151s r\u00e9sz\u00e9ben ezek a k\u00f3rk\u00e9pek egy\u00fcttesen \u00e1llnak fenn. El\u0151fordulhat az is, hogy egy\u00e9b ritka betegs\u00e9g \u00e1ll a h\u00e1tt\u00e9rben, mint p\u00e9ld\u00e1ul a pulmon\u00e1lis hypertonia, amely szint\u00e9n a kering\u00e9si- \u00e9s l\u00e9gz\u0151rendszert egyar\u00e1nt \u00e9rint\u0151 betegs\u00e9g. Ezen k\u00f3rfolyamatok tiszt\u00e1z\u00e1sa id\u0151nk\u00e9nt komplex kivizsg\u00e1l\u00e1st ig\u00e9nyel.<\/p>\n<\/td>\n<\/tr>\n<\/tbody>\n<\/table>\n<p><em>A szervez\u0151k a programv\u00e1ltoz\u00e1s jog\u00e1t fenntartj\u00e1k. <\/em><\/p>\n","protected":false},"excerpt":{"rendered":"<p>SEMMELWEIS EG\u00c9SZS\u00c9G NAPOK 10.\u00a0 ASZTMA, ALLERGIA, COVID-19 &#8211; K\u00d6ZPONTBAN A T\u00dcD\u0150 BETEGS\u00c9GEI CS\u00dcT\u00d6RT\u00d6K &#8211; 2020. november 26. 16.00 \u2013 19.00 Pulmonol\u00f3giai Klinika Figyelem, a rendezv\u00e9nyt a Zoom program seg\u00edts\u00e9g\u00e9vel online tartjuk meg. A r\u00e9szv\u00e9tel ingyenes, de a programokra el\u0151zetes regisztr\u00e1ci\u00f3 sz\u00fcks\u00e9ges. A regisztr\u00e1ci\u00f3 november 25-\u00e9n 12.00 \u00f3rakor lez\u00e1rult. \u00a0(A regisztr\u00e1ci\u00f3kor megadott e-mail c\u00edmekre k\u00fcldik vissza &hellip;<\/p>\n","protected":false},"author":12,"featured_media":0,"parent":179,"menu_order":6,"comment_status":"closed","ping_status":"closed","template":"","meta":{"_acf_changed":false,"footnotes":""},"categories":[],"tags":[],"class_list":["post-3675","page","type-page","status-publish","hentry"],"acf":[],"_links":{"self":[{"href":"https:\/\/semmelweis.hu\/250\/wp-json\/wp\/v2\/pages\/3675","targetHints":{"allow":["GET"]}}],"collection":[{"href":"https:\/\/semmelweis.hu\/250\/wp-json\/wp\/v2\/pages"}],"about":[{"href":"https:\/\/semmelweis.hu\/250\/wp-json\/wp\/v2\/types\/page"}],"author":[{"embeddable":true,"href":"https:\/\/semmelweis.hu\/250\/wp-json\/wp\/v2\/users\/12"}],"replies":[{"embeddable":true,"href":"https:\/\/semmelweis.hu\/250\/wp-json\/wp\/v2\/comments?post=3675"}],"version-history":[{"count":10,"href":"https:\/\/semmelweis.hu\/250\/wp-json\/wp\/v2\/pages\/3675\/revisions"}],"predecessor-version":[{"id":3720,"href":"https:\/\/semmelweis.hu\/250\/wp-json\/wp\/v2\/pages\/3675\/revisions\/3720"}],"up":[{"embeddable":true,"href":"https:\/\/semmelweis.hu\/250\/wp-json\/wp\/v2\/pages\/179"}],"wp:attachment":[{"href":"https:\/\/semmelweis.hu\/250\/wp-json\/wp\/v2\/media?parent=3675"}],"wp:term":[{"taxonomy":"category","embeddable":true,"href":"https:\/\/semmelweis.hu\/250\/wp-json\/wp\/v2\/categories?post=3675"},{"taxonomy":"post_tag","embeddable":true,"href":"https:\/\/semmelweis.hu\/250\/wp-json\/wp\/v2\/tags?post=3675"}],"curies":[{"name":"wp","href":"https:\/\/api.w.org\/{rel}","templated":true}]}}